{"id":39,"date":"2021-03-19T08:22:34","date_gmt":"2021-03-19T11:22:34","guid":{"rendered":"http:\/\/192.168.10.125\/cipolletti\/cdcipolletti\/wp\/?page_id=39"},"modified":"2021-03-22T09:48:44","modified_gmt":"2021-03-22T12:48:44","slug":"constitucion-de-rio-negro","status":"publish","type":"page","link":"https:\/\/www.cdcipolletti.gob.ar\/?page_id=39","title":{"rendered":"Constituci\u00f3n de R\u00edo Negro"},"content":{"rendered":"<table width=\"98%\" align=\"center\" cellpadding=\"0\" cellspacing=\"0\" >\n<tr>\n<td  valign=\"top\" >\n<div align=\"left\">\n<p class=\"titulopag\"><a name=\"ini\"><\/a> CONSTITUCI&Oacute;N DE LA PROVINCIA DE R&Iacute;O NEGRO<\/p>\n<\/p>\n<\/div>\n<div align=\"center\">\n<p align=\"left\"><a href=\"#m001\">PREAMBULO<\/a><\/p>\n<\/p>\n<\/div>\n<p><a href=\"#m002\">DECLARACIONES GENERALES &#8211; DERECHOS &#8211; GARANTIAS<\/a><\/p>\n<p><a href=\"#m002\">Y RESPONSABILIDADES (Primera parte)<\/a><\/p>\n<p><a href=\"#m003\">DECLARACIONES GENERALES (Secci\u00f3n primera)<\/a><\/p>\n<p><a href=\"#m004\">DECLARACIONES DE FE REPUBLICANA (Cap. I)<\/a><\/p>\n<p><a href=\"#m005\">SISTEMA DE GOBIERNO<\/a><\/p>\n<p><a href=\"#m006\">SOBERANIA POPULAR<\/a><\/p>\n<p><a href=\"#m007\">SUPRESION DE TITULOS<\/a><\/p>\n<p><a href=\"#m008\">PUBLICIDAD<\/a><\/p>\n<p><a href=\"#m009\">JURAMENTO- Manifestaci\u00f3n de bienes<\/a><\/p>\n<p><a href=\"#m010\">ENSE\u00d1ANZA DE LA CONSTITUCION<\/a><\/p>\n<p><a href=\"#m011\">VIGENCIA DE LA CONSTITUCION<\/a><\/p>\n<p><a href=\"#m012\">EL ESTADO PROVINCIAL (Cap. II)<\/a><\/p>\n<p><a href=\"#m013\">NOMBRE<\/a><\/p>\n<p><a href=\"#m014\">LIMITES<\/a><\/p>\n<p><a href=\"#m015\">REGION PATAGONICA<\/a><\/p>\n<p><a href=\"#m016\">CAPITAL DE LA PROVINCIA &#8211; Descentralizaci\u00f3n<\/a><\/p>\n<p><a href=\"#m017\">CLAUSULA FEDERAL<\/a><\/p>\n<p><a href=\"#m018\">INTERVENCION FEDERAL<\/a><\/p>\n<p><a href=\"#m019\">DERECHOS,GARANTIAS Y RESPONSABILIDADES(Secci\u00f3n Segunda)<\/a><\/p>\n<p><a href=\"#m020\">DISPOSICIONES GENERALES (Cap\u00edtulo I)<\/a><\/p>\n<p><a href=\"#m021\">OPERATIVIDAD<\/a><\/p>\n<p><a href=\"#m022\">REGLAMENTACION &#8211; Facultades impl\u00edcitas<\/a><\/p>\n<p><a href=\"#m023\">DERECHOS PERSONALES (Cap\u00edtulo II)<\/a><\/p>\n<p><a href=\"#m024\">DIGNIDAD HUMANA<\/a><\/p>\n<p><a href=\"#m025\">LIBERTAD PERSONAL &#8211; Causales de detenci\u00f3n<\/a><\/p>\n<p><a href=\"#m026\">CONDICIONES DE DETENCION<\/a><\/p>\n<p><a href=\"#m027\">APLICACION DE LA LEY PENAL<\/a><\/p>\n<p><a href=\"#m028\">DERECHO A LA PRIVACIDAD<\/a><\/p>\n<p><a href=\"#m029\">INVIOLABILIDAD DEL DOMICILIO Y DOC.PRIV<\/a><\/p>\n<p><a href=\"#m030\">DERECHO DE DEFENSA<\/a><\/p>\n<p><a href=\"#m031\">SISTEMA CARCELARIO<\/a><\/p>\n<p><a href=\"#m032\">DERECHO DE ASOCIACION POLITICA<\/a><\/p>\n<p><a href=\"#m033\">TITULARIDAD DE LAS BANCAS<\/a><\/p>\n<p><a href=\"#m034\">DERECHO DE INFORMACION Y EXPRESION<\/a><\/p>\n<p><a href=\"#m035\">DERECHO DE REPLICA<\/a><\/p>\n<p><a href=\"#m036\">LIBERTAD DE CULTO<\/a><\/p>\n<p><a href=\"#m037\">PROPIEDAD E INICIATIVA PRIVADAS<\/a><\/p>\n<p><a href=\"#m038\">DEFENSA DEL CONSUMIDOR<\/a><\/p>\n<p><a href=\"#m039\">DERECHOS SOCIALES (Cap\u00edtulo III)<\/a><\/p>\n<p><a href=\"#m040\">PROTECCION A LA FAMILIA<\/a><\/p>\n<p><a href=\"#m041\">IGUALDAD DE DERECHOS<\/a><\/p>\n<p><a href=\"#m042\">AMPARO A LA NI\u00d1EZ<\/a><\/p>\n<p><a href=\"#m043\">FORMACION DE LA JUVENTUD<\/a><\/p>\n<p><a href=\"#m044\">DERECHOS DE LA TERCERA EDAD<\/a><\/p>\n<p><a href=\"#m045\">DISCAPACITADOS &#8211; Excepcionales<\/a><\/p>\n<p><a href=\"#m046\">BENEFICIOS IMPOSITIVOS<\/a><\/p>\n<p><a href=\"#m047\">ACTIVIDADES SOCIALES<\/a><\/p>\n<p><a href=\"#m048\">TRABAJO<\/a><\/p>\n<p><a href=\"#m049\">DERECHOS DEL TRABAJADOR<\/a><\/p>\n<p><a href=\"#m050\">DERECHOS GREMIALES<\/a><\/p>\n<p><a href=\"#m051\">DERECHOS DE LOS INDIGENAS<\/a><\/p>\n<p><a href=\"#m052\">GARANTIAS PROCESALES ESPECIFICAS (Cap. IV)<\/a><\/p>\n<p><a href=\"#m053\">AMPARO &#8211; H\u00e1beas Corpus<\/a><\/p>\n<p><a href=\"#m054\">MANDAMIENTO DE EJECUCION<\/a><\/p>\n<p><a href=\"#m055\">MANDAMIENTO DE PROHIBICION<\/a><\/p>\n<p><a href=\"#m056\">RESPONSABILIDADES (Cap\u00edtulo V)<\/a><\/p>\n<p><a href=\"#m057\">DEBERES<\/a><\/p>\n<p><a href=\"#m058\">POLITICAS ESPECIALES DEL ESTADO (Segunda Parte)<\/a><\/p>\n<p><a href=\"#m059\">POLITICA ADMINISTRATIVA (Secci\u00f3n primera)<\/a><\/p>\n<p><a href=\"#m060\">PRINCIPIOS<\/a><\/p>\n<p><a href=\"#m061\">ESTATUTO<\/a><\/p>\n<p><a href=\"#m062\">CARRERA ADMINISTRATIVA<\/a><\/p>\n<p><a href=\"#m063\">INHABILIDADES<\/a><\/p>\n<p><a href=\"#m064\">INGRESO &#8211; Estabilidad<\/a><\/p>\n<p><a href=\"#m065\">CAPACITACION &#8211; Participaci\u00f3n<\/a><\/p>\n<p><a href=\"#m066\">REMOCION<\/a><\/p>\n<p><a href=\"#m067\">RESPONSABILIDADES DE LOS AGENTES<\/a><\/p>\n<p><a href=\"#m068\">RESPONSABILIDADES DE LA PCIA. Y MUNICIP.<\/a><\/p>\n<p><a href=\"#m069\">ACCION VINDICATORIA<\/a><\/p>\n<p><a href=\"#m070\">CITACION A JUICIO<\/a><\/p>\n<p><a href=\"#m071\">POLITICA PREVISIONAL (Secci\u00f3n segunda)<\/a><\/p>\n<p><a href=\"#m072\">PREVISION<\/a><\/p>\n<p><a href=\"#m073\">SALUD<\/a><\/p>\n<p><a href=\"#m074\">POLITICAS CULTURAL Y EDUCATIVA (Secci\u00f3n tercera)<\/a><\/p>\n<p><a href=\"#m075\">CULTURA Y EDUCACION<\/a><\/p>\n<p><a href=\"#m076\">CULTURA<\/a><\/p>\n<p><a href=\"#m077\">EDUCACION &#8211; Finalidad<\/a><\/p>\n<p><a href=\"#m078\">POLITICA EDUCATIVA<\/a><\/p>\n<p><a href=\"#m079\">PRESUPUESTO<\/a><\/p>\n<p><a href=\"#m080\">GOBIERNO DE LA EDUCACION<\/a><\/p>\n<p><a href=\"#m081\">UNIVERSIDADES<\/a><\/p>\n<p><a href=\"#m082\">POLITICA CIENTIFICA Y TECNOLOGICA (Secc. cuarta)<\/a><\/p>\n<p><a href=\"#m083\">INVESTIGACION CIENTIFICA<\/a><\/p>\n<p><a href=\"#m084\">DESARROLLO TECNOLOGICO<\/a><\/p>\n<p><a href=\"#m085\">SISTEMA PROVINCIAL DE CIENCIA Y TECNOLOG.<\/a><\/p>\n<p><a href=\"#m086\">POLITICA DE RECURSOS NATURALES (Secci\u00f3n quinta)<\/a><\/p>\n<p><a href=\"#m087\">DOMINIO<\/a><\/p>\n<p><a href=\"#m088\">REGIMEN DE AGUAS<\/a><\/p>\n<p><a href=\"#m089\">RECURSOS ICTICOLAS<\/a><\/p>\n<p><a href=\"#m090\">ACCESO Y DEFENSA DE LAS RIBERAS<\/a><\/p>\n<p><a href=\"#m091\">ORDENAMIENTO TERRITORIAL<\/a><\/p>\n<p><a href=\"#m092\">REGIMEN DE TIERRAS<\/a><\/p>\n<p><a href=\"#m093\">BOSQUES<\/a><\/p>\n<p><a href=\"#m094\">PARQUES<\/a><\/p>\n<p><a href=\"#m095\">RECURSOS MINEROS<\/a><\/p>\n<p><a href=\"#m096\">HIDROCARBUROS Y MINERALES NUCLEARES<\/a><\/p>\n<p><a href=\"#m097\">RECURSOS ENERGETICOS<\/a><\/p>\n<p><a href=\"#m098\">PARTICIPACION EN EMPRESAS NACIONALES<\/a><\/p>\n<p><a href=\"#m099\">POLITICA DE COMUNICACION SOCIAL (Secci\u00f3n sexta)<\/a><\/p>\n<p><a href=\"#m100\">ESPECTRO DE FRECUENCIA<\/a><\/p>\n<p><a href=\"#m101\">RADIODIFUSION Y TELEVISION<\/a><\/p>\n<p><a href=\"#m102\">POLITICA ECOLOGICA (Secci\u00f3n s\u00e9ptima)<\/a><\/p>\n<p><a href=\"#m103\">DEFENSA DEL MEDIO AMBIENTE<\/a><\/p>\n<p><a href=\"#m104\">CUSTODIA DE LOS ECOSISTEMAS NATURALES<\/a><\/p>\n<p><a href=\"#m105\">POLITICA ECONOMICA (Secci\u00f3n octava)<\/a><\/p>\n<p><a href=\"#m106\">PRINCIPIOS<\/a><\/p>\n<p><a href=\"#m107\">FACULTADES COMPARTIDAS<\/a><\/p>\n<p><a href=\"#m108\">SERVICIOS PROVINCIALES<\/a><\/p>\n<p><a href=\"#m109\">SUJECION AL PLANEAMIENTO<\/a><\/p>\n<p><a href=\"#m110\">PROPIEDAD &#8211; Expropiaci\u00f3n<\/a><\/p>\n<p><a href=\"#m111\">DEFENSA DE LA PRODUCCION<\/a><\/p>\n<p><a href=\"#m112\">CREDITO<\/a><\/p>\n<p><a href=\"#m113\">POLITICA FINANCIERA (Secci\u00f3n novena)<\/a><\/p>\n<p><a href=\"#m114\">TESORO PROVINCIAL<\/a><\/p>\n<p><a href=\"#m115\">REGIMEN TRIBUTARIO<\/a><\/p>\n<p><a href=\"#m116\">EMPRESTITOS<\/a><\/p>\n<p><a href=\"#m117\">IMPUESTOS PARA GASTOS DETERMINADOS<\/a><\/p>\n<p><a href=\"#m118\">ATRIBUCIONES IMPOSITIVAS<\/a><\/p>\n<p><a href=\"#m119\">CONTRATOS Y LICITACIONES<\/a><\/p>\n<p><a href=\"#m120\">PRESUPUESTO<\/a><\/p>\n<p><a href=\"#m120\">POLITICAS DE COOPERATIV. Y MUTUALISMO(Secc.d\u00e9cima)<\/a><\/p>\n<p><a href=\"#m122\">OBJETIVOS<\/a><\/p>\n<p><a href=\"#m123\">LIBERTAD DE ASOCIAC.COOPERATIVA-Represent.<\/a><\/p>\n<p><a href=\"#m124\">COOPERATIVAS<\/a><\/p>\n<p><a href=\"#m125\">EDUCACION COOPERATIVA<\/a><\/p>\n<p><a href=\"#m126\">POLITICAS DE PLANIF.Y REGIONALIZAC.(Secc.und\u00e9cima)<\/a><\/p>\n<p><a href=\"#m127\">CONSEJO DE PLANIFICACION<\/a><\/p>\n<p><a href=\"#m128\">FUNCIONES<\/a><\/p>\n<p><a href=\"#m129\">INTEGRACION<\/a><\/p>\n<p><a href=\"#m130\">REGIONES<\/a><\/p>\n<p><a href=\"#m131\">REGIONALIZACION DE LA ADMINISTRACION<\/a><\/p>\n<p><a href=\"#m131\">PUBLICA PROVINCIAL<\/a><\/p>\n<p><a href=\"#m132\">CONSEJOS REGIONALES<\/a><\/p>\n<p><a href=\"#m133\">FUNCIONES<\/a><\/p>\n<p><a href=\"#m134\">ENTES DE DESARROLLO<\/a><\/p>\n<p><a href=\"#m135\">ORGANIZACION DEL ESTADO (Tercera parte)<\/a><\/p>\n<p><a href=\"#m136\">PODER CONSTITUYENTE (Secci\u00f3n primera)<\/a><\/p>\n<p><a href=\"#m137\">NECESIDAD DE LA REFORMA<\/a><\/p>\n<p><a href=\"#m138\">INTEGRACION<\/a><\/p>\n<p><a href=\"#m139\">REQUISITOS &#8211; Inmunidades<\/a><\/p>\n<p><a href=\"#m140\">INHABILIDADES &#8211; Incompatibilidades<\/a><\/p>\n<p><a href=\"#m141\">PROCLAMACION &#8211; Primera reuni\u00f3n<\/a><\/p>\n<p><a href=\"#m142\">ATRIBUCIONES<\/a><\/p>\n<p><a href=\"#m143\">PLAZOS &#8211; Sanci\u00f3n<\/a><\/p>\n<p><a href=\"#m144\">COLABORACION &#8211; Informaci\u00f3n<\/a><\/p>\n<p><a href=\"#m145\">ENMIENDA &#8211; r\u00e9ndum<\/a><\/p>\n<p><a href=\"#m146\">REGIMEN ELECTORAL (Secci\u00f3n segunda)<\/a><\/p>\n<p><a href=\"#m147\">SUFRAGIO<\/a><\/p>\n<p><a href=\"#m148\">LEY ELECTORAL<\/a><\/p>\n<p><a href=\"#m149\">PODER LEGISLATIVO (Secci\u00f3n tercera)<\/a><\/p>\n<p><a href=\"#m150\">DISPOSICIONES GENERALES (Cap\u00edtulo I)<\/a><\/p>\n<p><a href=\"#m151\">DENOMINACION &#8211; Sede<\/a><\/p>\n<p><a href=\"#m152\">INTEGRACION<\/a><\/p>\n<p><a href=\"#m153\">CONDICIONES DE ELEGIBILIDAD<\/a><\/p>\n<p><a href=\"#m154\">DURACION &#8211; Renovaci\u00f3n &#8211; Reemplazo<\/a><\/p>\n<p><a href=\"#m155\">INHABILIDADES<\/a><\/p>\n<p><a href=\"#m156\">INCOMPATIBILIDADES<\/a><\/p>\n<p><a href=\"#m157\">INMUNIDADES<\/a><\/p>\n<p><a href=\"#m158\">DESAFUERO<\/a><\/p>\n<p><a href=\"#m159\">DIETA<\/a><\/p>\n<p><a href=\"#m160\">AUTORIDADES (Cap\u00edtulo II)<\/a><\/p>\n<p><a href=\"#m161\">PRESIDENTE<\/a><\/p>\n<p><a href=\"#m162\">VICEPRESIDENTES &#8211; Comisiones<\/a><\/p>\n<p><a href=\"#m163\">COMISION PERMANENTE<\/a><\/p>\n<p><a href=\"#m164\">SESIONES (Cap\u00edtulo III)<\/a><\/p>\n<p><a href=\"#m165\">ORDINARIAS<\/a><\/p>\n<p><a href=\"#m166\">EXTRAORDINARIAS<\/a><\/p>\n<p><a href=\"#m167\">QUORUM<\/a><\/p>\n<p><a href=\"#m168\">MAYORIA<\/a><\/p>\n<p><a href=\"#m169\">CARACTER DE LAS SESIONES<\/a><\/p>\n<p><a href=\"#m170\">ATRIBUCIONES DE LA LEGISLATURA (Cap\u00edtulo IV)<\/a><\/p>\n<p><a href=\"#m171\">DE LAS LEYES: FORMACION Y SANCION (Cap\u00edtulo V)<\/a><\/p>\n<p><a href=\"#m172\">INICIATIVA<\/a><\/p>\n<p><a href=\"#m173\">APROBACION<\/a><\/p>\n<p><a href=\"#m174\">SANCION<\/a><\/p>\n<p><a href=\"#m175\">EXCEPCIONES<\/a><\/p>\n<p><a href=\"#m176\">PROMULGACION &#8211; Veto<\/a><\/p>\n<p><a href=\"#m177\">INSISTENCIA<\/a><\/p>\n<p><a href=\"#m178\">PROMULGACION PARCIAL<\/a><\/p>\n<p><a href=\"#m179\">FORMULA<\/a><\/p>\n<p><a href=\"#m180\">OBLIGATORIEDAD<\/a><\/p>\n<p><a href=\"#m181\">REVOCATORIA<\/a><\/p>\n<p><a href=\"#m182\">JUICIO POLITICO (Cap\u00edtulo VI)<\/a><\/p>\n<p><a href=\"#m183\">FUNCIONARIOS INCLUIDOS<\/a><\/p>\n<p><a href=\"#m184\">DENUNCIA<\/a><\/p>\n<p><a href=\"#m185\">COMPOSICION<\/a><\/p>\n<p><a href=\"#m186\">SALA ACUSADORA<\/a><\/p>\n<p><a href=\"#m187\">PROCEDIMIENTO<\/a><\/p>\n<p><a href=\"#m188\">SUSPENSION<\/a><\/p>\n<p><a href=\"#m189\">COMISION ACUSADORA<\/a><\/p>\n<p><a href=\"#m190\">PROCEDIMIENTO<\/a><\/p>\n<p><a href=\"#m191\">GARANTIA DE DEFENSA<\/a><\/p>\n<p><a href=\"#m192\">VOTACION<\/a><\/p>\n<p><a href=\"#m193\">FALLO<\/a><\/p>\n<p><a href=\"#m194\">ORGANOS DE CONTROL EXTERNO (Cap\u00edtulo VII)<\/a><\/p>\n<p><a href=\"#m195\">TRIBUNAL DE CUENTAS &#8211; Integraci\u00f3n<\/a><\/p>\n<p><a href=\"#m196\">REQUISITOS<\/a><\/p>\n<p><a href=\"#m197\">ATRIBUCIONES<\/a><\/p>\n<p><a href=\"#m198\">FISCAL DE INVESTIGACIONES ADMINIST.-Func.<\/a><\/p>\n<p><a href=\"#m199\">REQUISITOS<\/a><\/p>\n<p><a href=\"#m200\">DISPOSICIONES COMUNES<\/a><\/p>\n<p><a href=\"#m201\">DEFENSOR DEL PUEBLO<\/a><\/p>\n<p><a href=\"#m202\">REQUISITOS -Condic.-Durac.-Informe anual<\/a><\/p>\n<p><a href=\"#m203\">REGLAMENTACION<\/a><\/p>\n<p><a href=\"#m204\">PODER EJECUTIVO (Secci\u00f3n cuarta)<\/a><\/p>\n<p><a href=\"#m205\">DISPOSICIONES GENERALES (Cap\u00edtulo I)<\/a><\/p>\n<p><a href=\"#m206\">GOBERNADOR Y VICEGOBERNADOR<\/a><\/p>\n<p><a href=\"#m207\">CONDICIONES DE ELEGIBILIDAD<\/a><\/p>\n<p><a href=\"#m208\">INHABILIDADES<\/a><\/p>\n<p><a href=\"#m209\">ELECCION<\/a><\/p>\n<p><a href=\"#m210\">DURACION DEL MANDATO<\/a><\/p>\n<p><a href=\"#m211\">REELECCION<\/a><\/p>\n<p><a href=\"#m212\">JURAMENTO<\/a><\/p>\n<p><a href=\"#m213\">INMUNIDADES<\/a><\/p>\n<p><a href=\"#m214\">AUSENCIAS<\/a><\/p>\n<p><a href=\"#m215\">EMOLUMENTOS -Incompatibilidades<\/a><\/p>\n<p><a href=\"#m216\">ACEFALIA<\/a><\/p>\n<p><a href=\"#m217\">ATRIBUCIONES (Cap\u00edtulo II)<\/a><\/p>\n<p><a href=\"#m218\">DEL GOBERNADOR<\/a><\/p>\n<p><a href=\"#m219\">DEL VICEGOBERNADOR<\/a><\/p>\n<p><a href=\"#m220\">MINISTROS (Cap\u00edtulo III)<\/a><\/p>\n<p><a href=\"#m221\">FUNCIONES<\/a><\/p>\n<p><a href=\"#m222\">REQUISITOS -Inmunidades<\/a><\/p>\n<p><a href=\"#m223\">RESPONSABILIDAD<\/a><\/p>\n<p><a href=\"#m224\">FACULTADES<\/a><\/p>\n<p><a href=\"#m225\">SUPLENCIA<\/a><\/p>\n<p><a href=\"#m226\">PROHIBICION<\/a><\/p>\n<p><a href=\"#m227\">REMUNERACION<\/a><\/p>\n<p><a href=\"#m228\">ORGANOS DE CONTROL INTERNO (Cap\u00edtulo IV)<\/a><\/p>\n<p><a href=\"#m229\">FISCALIA DE ESTADO-Funciones<\/a><\/p>\n<p><a href=\"#m230\">CONTADURIA GENERAL &#8211; Funciones<\/a><\/p>\n<p><a href=\"#m231\">REQUISITOS<\/a><\/p>\n<p><a href=\"#m232\">DESIGNACION &#8211; Duraci\u00f3n &#8211; Remoci\u00f3n<\/a><\/p>\n<p><a href=\"#m233\">COMISION DE TRANSACCIONES JUDICIALES -Func.<\/a><\/p>\n<p><a href=\"#m234\">REGLAMENTACION<\/a><\/p>\n<p><a href=\"#m235\">PODER JUDICIAL (Secci\u00f3n quinta)<\/a><\/p>\n<p><a href=\"#m236\">DISPOSICIONES GENERALES (Cap\u00edtulo I)<\/a><\/p>\n<p><a href=\"#m237\">UNIDAD DE JURISDICCION<\/a><\/p>\n<p><a href=\"#m238\">COMPOSICION<\/a><\/p>\n<p><a href=\"#m239\">INHABILIDADES<\/a><\/p>\n<p><a href=\"#m240\">INHAMOVILIDAD E INMUNIDADES<\/a><\/p>\n<p><a href=\"#m241\">DEBERES<\/a><\/p>\n<p><a href=\"#m242\">PROHIBICIONES<\/a><\/p>\n<p><a href=\"#m243\">SUPERIOR TRIBUNAL DE JUSTICIA (Cap\u00edtulo II)<\/a><\/p>\n<p><a href=\"#m244\">INTEGRACION<\/a><\/p>\n<p><a href=\"#m245\">REQUISITOS<\/a><\/p>\n<p><a href=\"#m246\">DESIGNACION<\/a><\/p>\n<p><a href=\"#m247\">DESTITUCION<\/a><\/p>\n<p><a href=\"#m248\">ATRIBUCIONES<\/a><\/p>\n<p><a href=\"#m249\">COMPETENCIA<\/a><\/p>\n<p><a href=\"#m250\">ABROGACION<\/a><\/p>\n<p><a href=\"#m251\">TRIBUNALES DE GRADO (Cap\u00edtulo III)<\/a><\/p>\n<p><a href=\"#m252\">ORGANIZACION Y COMPETENCIA<\/a><\/p>\n<p><a href=\"#m253\">REQUISITOS<\/a><\/p>\n<p><a href=\"#m254\">DESIGNACION -Remoci\u00f3n<\/a><\/p>\n<p><a href=\"#m255\">JUSTICIA ESPECIAL LETRADA<\/a><\/p>\n<p><a href=\"#m256\">JUSTICIA ELECTORAL<\/a><\/p>\n<p><a href=\"#m257\">JUSTICIA DE PAZ<\/a><\/p>\n<p><a href=\"#m258\">MINISTERIO PUBLICO (Cap\u00edtulo IV)<\/a><\/p>\n<p><a href=\"#m259\">ORGANIZACION<\/a><\/p>\n<p><a href=\"#m260\">REQUISITOS<\/a><\/p>\n<p><a href=\"#m261\">DESIGNACION Y REMOCION<\/a><\/p>\n<p><a href=\"#m262\">FUNCIONES<\/a><\/p>\n<p><a href=\"#m263\">ASISTENCIA<\/a><\/p>\n<p><a href=\"#m264\">CONSEJO DE LA MAGISTRATURA (Cap\u00edtulo V)<\/a><\/p>\n<p><a href=\"#m265\">COMPOSICION -Funcionamiento<\/a><\/p>\n<p><a href=\"#m266\">ELECCION DE LOS MIEMBROS<\/a><\/p>\n<p><a href=\"#m267\">FUNCIONES<\/a><\/p>\n<p><a href=\"#m268\">IMPERIO DE FALLOS &#8211; POLICIA JUDICIAL(Cap. VI)<\/a><\/p>\n<p><a href=\"#m269\">AUTARQUIA PRESUPUESTARIA (Cap\u00edtulo VII)<\/a><\/p>\n<p><a href=\"#m270\">PODER MUNICIPAL (Secci\u00f3n sexta)<\/a><\/p>\n<p><a href=\"#m271\">REGIMEN MUNICIPAL (Cap\u00edtulo I)<\/a><\/p>\n<p><a href=\"#m272\">AUTONOMIA<\/a><\/p>\n<p><a href=\"#m273\">MUNICIPIOS<\/a><\/p>\n<p><a href=\"#m274\">LIMITES -Ejidos colindantes<\/a><\/p>\n<p><a href=\"#m275\">CARTA ORGANICA<\/a><\/p>\n<p><a href=\"#m276\">ATRIBUCIONES<\/a><\/p>\n<p><a href=\"#m277\">TESORO MUNICIPAL<\/a><\/p>\n<p><a href=\"#m278\">COPARTICIPACION &#8211; Ley Convenio<\/a><\/p>\n<p><a href=\"#m279\">MUNICIPIOS SIN CARTA ORGANICA (Cap\u00edtulo II)<\/a><\/p>\n<p><a href=\"#m280\">REGIMEN LEGAL<\/a><\/p>\n<p><a href=\"#m281\">GOBIERNO MUNICIPAL<\/a><\/p>\n<p><a href=\"#m282\">REQUISITOS -Inhabilidades<\/a><\/p>\n<p><a href=\"#m283\">INMUNIDADES<\/a><\/p>\n<p><a href=\"#m284\">TRIBUNAL DE CUENTAS<\/a><\/p>\n<p><a href=\"#m285\">REGISTROS ELECTORALES &#8211; Extranjeros<\/a><\/p>\n<p><a href=\"#m286\"class=\"vinculo\">DERECHOS DE LOS ELECTORES<\/a><\/p>\n<p><a href=\"#m287\"class=\"vinculo\">JUNTAS ELECTORALES &#8211; Atribuciones<\/a><\/p>\n<p><a href=\"#m288\"class=\"vinculo\">JUNTAS VECINALES<\/a><\/p>\n<p><a href=\"#m289\"class=\"vinculo\">COMUNAS (Cap\u00edtulo III)<\/a><\/p>\n<p><a href=\"#m290\"class=\"vinculo\">NORMAS COMPLEMENTARIAS<\/a><\/p>\n<p><a href=\"#m290\"class=\"vinculo\">DISPOSICIONES COMUNES<\/a><\/p>\n<p><a href=\"#m291\"class=\"vinculo\">NORMAS DE INTERPRETACION<\/a><\/p>\n<p><a href=\"#m292\"class=\"vinculo\">REIVINDICACIONES PROVINCIALES<\/a><\/p>\n<p><a href=\"#m293\"class=\"vinculo\">DISPOSICIONES TRANSITORIAS<\/a><\/p>\n<p><a href=\"#m293\"class=\"vinculo\">CORRESPONDIENTES AL ART. 11<\/a><\/p>\n<p><a href=\"#m294\"class=\"vinculo\">DISPOSICIONES TRANSITORIAS<\/a><\/p>\n<p><a href=\"#m294\"class=\"vinculo\">CORRESPONDIENTES AL PODER JUDICIAL<\/a><\/p>\n<p><a href=\"#m295\"class=\"vinculo\">DISPOSICIONES COMPLEMENTARIAS Y TRANSITOR<\/a>.<\/p>\n<p><a href=\"#m295\"class=\"vinculo\">DEL REGIMEN MUNICIPAL<\/a><\/p>\n<p><a href=\"#m296\"class=\"vinculo\">PLAZOS LEGISLATIVOS<\/a><\/p>\n<p><a href=\"#m297\"class=\"vinculo\">NORMAS FINALES<\/a><\/p>\n<p>&nbsp;<\/p>\n<p>&nbsp;<\/p>\n<\/td>\n<\/tr>\n<tr>\n<td class=\"texto\">\n<p class=\"texto\"><font size=\"4\" face=\"Arial\"><strong>CONVENCION CONSTITUYENTE<\/strong><\/p>\n<p class=\"texto\"><a name=\"m001\"><\/a><strong>PREAMBULO<\/strong><\/p>\n<\/td>\n<\/tr>\n<tr>\n<td align=\"justify\" class=\"texto\">\n<p>Los representantes del Pueblo de la Provincia de R\u00edo Negro, reunidos en Convenci\u00f3n Constituyente, ratificando su indisoluble pertenencia a la Naci\u00f3n Argentina y como parte integrante de la Patagonia, con el objeto de garantizar el ejercicio universal de los Derechos Humanos sin discriminaciones, en un marco de \u00e9tica solidaria, para afianzar el goce de la libertad y la justicia social, consolidar las instituciones republicanas reafirmando el objetivo de construir un nuevo federalismo de concertaci\u00f3n, consagrar un ordenamiento pluralista y participativo donde se desarrollen todas las potencias del individuo y las asociaciones democr\u00e1ticas que se da la sociedad, proteger la salud, asegurar la educaci\u00f3n permanente, dignificar el trabajo, promover la iniciativa privada y la funci\u00f3n social de la propiedad, preservar los recursos naturales y el medio ambiente, descentralizar el Estado haciendo socialmente eficiente su funci\u00f3n, fortalecer la autonom\u00eda municipal y el equilibrio regional, lograr la vigencia del bien com\u00fan y la paz bajo la protecci\u00f3n de Dios, ordenamos, decretamos y establecemos esta Constituci\u00f3n para la Provincia de R\u00edo Negro.-<\/p>\n<p align=\"right\"><a href=\"#ini\"><img loading=\"lazy\" src=\"\/imagenes\/flecha_subir.gif\" width=\"15\" height=\"16\" border=\"0\"><\/a><\/p>\n<p><strong>PRIMERA PARTE<\/strong><\/p>\n<p><a name=\"m002\"><\/a><strong>DECLARACIONES GENERALES &#8211; DERECHOS &#8211; GARANTIAS Y RESPONSABILIDADES<\/strong><\/p>\n<p>SECCION PRIMERA<\/p>\n<p><a name=\"m003\"><\/a><strong>DECLARACIONES GENERALES<\/strong><\/p>\n<p>CAPITULO I<\/p>\n<p><a name=\"m004\"><\/a><strong>DECLARACIONES DE FE REPUBLICANA<\/strong><\/p>\n<p><a name=\"m005\"><\/a><strong>SISTEMA DE GOBIERNO<\/strong><\/p>\n<p><strong>Art\u00edculo 1.-<\/strong> La Provincia de R\u00edo Negro, en ejercicio de su autonom\u00eda y como parte integrante de la Naci\u00f3n Argentina, se dicta su Constituci\u00f3n y organiza sus instituciones bajo el sistema republicano y democr\u00e1tico de gobierno, seg\u00fan los principios, derechos, deberes y garant\u00edas consignados en la Constituci\u00f3n Nacional.<\/p>\n<p align=\"left\"><a name=\"m006\"><\/a><strong>SOBERANIA POPULAR<\/strong><\/p>\n<p><strong>Art\u00edculo 2.-<\/strong> El poder emana del Pueblo, quien delibera y gobierna por medio de sus representantes y autoridades legalmente constitu\u00eddas, con excepci\u00f3n de los casos del refer\u00e9ndum, consulta, iniciativa y revocatoria populares.<\/p>\n<p>A toda persona con derecho a voto le asiste el derecho a iniciativa ante los cuerpos colegiados para la presentaci\u00f3n de proyectos.<\/p>\n<p align=\"left\"><a name=\"m007\"><\/a><strong>SUPRESION DE TITULOS<\/strong><\/p>\n<p><strong>Art\u00edculo 3.-<\/strong> Quedan suprimidos los t\u00edtulos honor\u00edficos a los funcionarios, cualquiera sea su investidura.<\/p>\n<p><a name=\"m008\"><\/a><strong>PUBLICIDAD<\/strong><\/p>\n<p><strong>Art\u00edculo 4.-<\/strong> Todos los actos de gobierno son p\u00fablicos.<\/p>\n<p>Son publicados \u00edntegramente los que se relacionancon la renta y los bienes pertenecientes al gobierno provincial y municipal.<\/p>\n<p align=\"left\"><a name=\"m009\"><\/a><strong>JURAMENTO &#8211; MANIFESTACION DE BIENES<\/strong><\/p>\n<p><strong>Art\u00edculo 5.-<\/strong> Los magistrados y funcionarios, electivos o no, incluso los pertenecientes a las intervenciones federales, est\u00e1n obligados en el acto de su incorporaci\u00f3n, a prestar juramento de desempe\u00f1ar debidamente el cargo y de obraren todo de conformidad a lo prescripto por esta Constituci\u00f3n.<\/p>\n<p>Las personas mencionadas en el p\u00e1rrafo anterior est\u00e1n obligadas a manifestar sus bienes al ingreso, bajo apercibimiento de no recibir emolumento y de cesar en el cargo; y al egreso, de negarle beneficio previsional. La manifestaci\u00f3n de bienes comprende tambi\u00e9n la del c\u00f3nyuge y personas a su cargo, conforme la reglamentaci\u00f3n.<\/p>\n<p><a name=\"m010\"><\/a><strong>ENSE\u00d1ANZA DE LA CONSTITUCION<\/strong><\/p>\n<p><strong>Art\u00edculo 6.- <\/strong>El estudio de la Constituci\u00f3n ser\u00e1 materia obligatoria en todos los niveles de la educaci\u00f3n oficial de la Provincia, exaltando su esp\u00edritu y normativa.<\/p>\n<p><a name=\"m011\"><\/a><strong>VIGENCIA DE LA CONSTITUCION<\/strong><\/p>\n<p><strong>Art\u00edculo 7.- <\/strong>En ning\u00fan caso y por ning\u00fan motivo el Pueblo y las autoridades de la Provincia pueden suspender elcumplimiento de esta Constituci\u00f3n, ni la de la Naci\u00f3n o la efectividad de las garant\u00edas establecidas en ambas.<\/p>\n<p>Es deber de los habitantes de la Provincia defender la efectiva vigencia del orden constitucional y de sus autoridades leg\u00edtimas. Carece de validez jur\u00eddica cualquier disposici\u00f3n adoptada por imposici\u00f3n de fuerza armada.<\/p>\n<p>A los efectos penales y formales, los fueros, inmunidades y prerrogativas procesales de los funcionarios electos se consideran vigentes hasta la finalizaci\u00f3n de sus per\u00edodos, conforme a esta Constituci\u00f3n, cuando fueren destitu\u00eddos por actos o hechos no previstos por la misma. Son insanablemente nulas las condenas penales que se hubieren dictado o se dictaren en contravenci\u00f3n a esta norma.<\/p>\n<p>Las personas que ejercieren funciones de responsabilidad o asesoramiento pol\u00edtico en los poderes de la Naci\u00f3n, de las provincias o de los municipios, en gobiernos no constitucionales, quedan inhabilitados a perpetuidad para ocupar cargos p\u00fablicos, en la provincia o en sus municipios. A los fines previsionales, no se computar\u00e1 el tiempo de sus servicios ni los aportes que por tal concepto hubieren realizado.<\/p>\n<p align=\"right\"><a href=\"#ini\"><img loading=\"lazy\" src=\"\/imagenes\/flecha_subir.gif\" width=\"15\" height=\"16\" border=\"0\"><\/a><\/p>\n<p>CAPITULO II<\/p>\n<p><a name=\"m012\"><\/a><strong>EL ESTADO PROVINCIAL<\/strong><\/p>\n<p><a name=\"m013\"><\/a><strong>NOMBRE<\/strong><\/p>\n<p><strong>Art\u00edculo 8.-<\/strong> Las denominaciones adoptadas sucesivamente desde 1884 para el ex-Territorio Nacional, a saber: &quot;DE RIO NEGRO&quot; o &quot;DEL RIO NEGRO&quot;, son nombres oficiales indistintos para la designaci\u00f3n de la Provincia.<\/p>\n<p align=\"right\"><a href=\"#ini\"><img loading=\"lazy\" src=\"\/imagenes\/flecha_subir.gif\" width=\"15\" height=\"16\" border=\"0\"><\/a><\/p>\n<p><a name=\"m014\"><\/a><strong>LIMITES<\/strong><\/p>\n<p><strong>Art\u00edculo 9.- <\/strong>Los l\u00edmites del territorio de la Provincia son los hist\u00f3ricos fijados por la Ley Nacional No 1.532, ratificados por la Ley Nacional No 14.408, abarcando adem\u00e1s el subsuelo, el Mar Argentino adyacente y su lecho, y el espacio a\u00e9reo correspondiente.<\/p>\n<p>Su modificaci\u00f3n requiere los votos favorables de los cuatro quintos del total de los miembros de la Legislatura.<\/p>\n<p align=\"right\"><a href=\"#ini\"><img loading=\"lazy\" src=\"\/imagenes\/flecha_subir.gif\" width=\"15\" height=\"16\" border=\"0\"><\/a><\/p>\n<p><a name=\"m015\"><\/a><strong>REGION PATAGONICA<\/strong><\/p>\n<p><strong>Art\u00edculo 10.-<\/strong> La Provincia de R\u00edo Negro declara su pertenencia a la regi\u00f3n patag\u00f3nica. El gobierno coordina e integra prioritariamente sus pol\u00edticas y planes con las provincias y autoridades nacionales con asiento al sur de los r\u00edos Barrancas y Colorado.<\/p>\n<p align=\"right\"><a href=\"#ini\"><img loading=\"lazy\" src=\"\/imagenes\/flecha_subir.gif\" width=\"15\" height=\"16\" border=\"0\"><\/a><\/p>\n<p><a name=\"m016\"><\/a><strong>CAPITAL DE LA PROVINCIA &#8211; DESCENTRALIZACION<\/strong><\/p>\n<p><strong>Art\u00edculo 11.-<\/strong> La ciudad de Viedma es la capital de la Provincia. Es el asiento de las autoridades provinciales, conforme a esta Constituci\u00f3n.<\/p>\n<p>Deja de ser capital cuando se efectivice el traslado de las autoridades nacionales al nuevo Distrito Federal.<\/p>\n<p>El gobierno promueve la modernizaci\u00f3n, la descentralizaci\u00f3n administrativa y la planificaci\u00f3n del desarrollo, contemplando las caracter\u00edsticas culturales, hist\u00f3ricas y socioecon\u00f3micas de las diferentes regiones internas, fortaleciendo el protagonismo de los municipios.<\/p>\n<p align=\"right\"><a href=\"#ini\"><img loading=\"lazy\" src=\"\/imagenes\/flecha_subir.gif\" width=\"15\" height=\"16\" border=\"0\"><\/a><\/p>\n<p><a name=\"m017\"><\/a><strong>CLAUSULA FEDERAL<\/strong><\/p>\n<p><strong>Art\u00edculo 12.-<\/strong> El gobierno provincial:<\/p>\n<p><strong>1<\/strong>. Ejerce los derechos y competencia no delegados expresamente al gobierno federal.<\/p>\n<p><strong>2<\/strong>. Promueve un federalismo de concertaci\u00f3n con el gobierno federal y entre las provincias, con la finalidad de satisfacer intereses comunes y participar en organismos de consulta y decisi\u00f3n, as\u00ed como establecer relaciones intergubernamentales e interjurisdiccionales, mediante tratados y convenios.<\/p>\n<p><strong>3<\/strong>. Ejerce, en los lugares transferidos por cualquier t\u00edtulo al gobierno federal, las potestades provinciales que no obstaculicen el cumplimiento de los objetivos de utilidad nacional.<\/p>\n<p><strong>4<\/strong>. Concerta con el gobierno federal reg\u00edmenes de coparticipaci\u00f3n impositiva, promoci\u00f3n econ\u00f3mica y descentralizaci\u00f3n del sis tema previsional.<\/p>\n<p><strong>5<\/strong>. Gestiona la desconcentraci\u00f3n y descentralizaci\u00f3n de la administraci\u00f3n federal.<\/p>\n<p><strong>6<\/strong>. Realiza gestiones y celebra acuerdos en el orden internacional para satisfacer sus intereses, sin perjuicio de las facultades del gobierno federal.<\/p>\n<p><strong>7<\/strong>. Acuerda su participaci\u00f3n en \u00f3rganos que ejercen poderes concurrentes o reg\u00edmenes concertados y en las empresas interjusrisdiccionales o del Estado Nacional que exploten recursos en su territorio.<\/p>\n<p><strong>8<\/strong>. Se reserva el derecho de solicitar la celebraci\u00f3n de un nuevo pacto federal, por no haber intervenido en el Tratado del 31 de enero de 1831, ni en la sanci\u00f3n de la Constituci\u00f3n Nacional.<\/p>\n<p align=\"right\"><a href=\"#ini\"><img loading=\"lazy\" src=\"\/imagenes\/flecha_subir.gif\" width=\"15\" height=\"16\" border=\"0\"><\/a><\/p>\n<p><a name=\"m018\"><\/a><strong>INTERVENCION FEDERAL<\/strong><\/p>\n<p><strong>Art\u00edculo 13.-<\/strong> Las funciones de las intervenciones federales son exclusivamente administrativas, con excepci\u00f3n de las que derivan del estado de necesidad.<\/p>\n<p>Los actos administrativos que realizan las intervenciones son v\u00e1lidos solamente cuando est\u00e1n conformes con esta Constituci\u00f3n y las leyes que en su consecuencia se dicten. La<\/p>\n<p>nulidad emergente puede ser declarada a instancia de parte.<\/p>\n<p>Los funcionarios y empleados designados por la intervenci\u00f3n federal quedan en comisi\u00f3n el d\u00eda en que \u00e9sta cesa en sus funciones.<\/p>\n<p align=\"right\"><a href=\"#ini\"><img loading=\"lazy\" src=\"\/imagenes\/flecha_subir.gif\" width=\"15\" height=\"16\" border=\"0\"><\/a><\/p>\n<p>SECCION SEGUNDA<\/p>\n<p><a name=\"m019\"><\/a><strong>DERECHOS, GARANTIAS Y RESPONSABILIDADES<\/strong><\/p>\n<p>CAPITULO I<\/p>\n<p><a name=\"m020\"><\/a><strong>DISPOSICIONES GENERALES<\/strong><\/p>\n<p><a name=\"m021\"><\/a><strong>OPERATIVIDAD<\/strong><\/p>\n<p><strong>Art\u00edculo 14.-<\/strong> Los derechos y garant\u00edas establecidos expresa o impl\u00edcitamente en esta Constituci\u00f3n tienen plena operatividad sin que su ejercicio pueda ser menoscabado por ausencia o insuficiencia de reglamentaci\u00f3n. El Estado asegura la efectividad de los mismos, primordialmente los vinculados con las necesidades vitales del hombre. Tiende a eliminar los obst\u00e1culos sociales, pol\u00edticos, culturales y econ\u00f3micos, permitiendo igualdad de posibilidades.<\/p>\n<p align=\"right\"><a href=\"#ini\"><img loading=\"lazy\" src=\"\/imagenes\/flecha_subir.gif\" width=\"15\" height=\"16\" border=\"0\"><\/a><\/p>\n<p><a name=\"m022\"><\/a><strong>REGLAMENTACION &#8211; FACULTADES IMPLICITAS<\/strong><\/p>\n<p><strong>Art\u00edculo 15.-<\/strong> Las declaraciones, derechos y garant\u00edas que enumera esta Constituci\u00f3n, no podr\u00e1n ser alterados por las leyes que reglamenten su ejercicio, ni ser\u00e1n entendidos como negaci\u00f3n de otros derechos y garant\u00edas no enumerados, pero que nacen del principio de la soberan\u00eda del pueblo y de la forma republicana de gobierno.<\/p>\n<p align=\"right\"><a href=\"#ini\"><img loading=\"lazy\" src=\"\/imagenes\/flecha_subir.gif\" width=\"15\" height=\"16\" border=\"0\"><\/a><\/p>\n<p>CAPITULO II<\/p>\n<p><a name=\"m023\"><\/a><strong>DERECHOS PERSONALES<\/strong><\/p>\n<p><a name=\"m024\"><\/a><strong>DIGNIDAD HUMANA<\/strong><\/p>\n<p><strong>Art\u00edculo 16.- <\/strong>Se reconoce el derecho a la vida y dignidad humana. Nadie puede ser sometido a tortura ni a tratos crueles, degradantes o inhumanos. Los agentes p\u00fablicos que los ordenen, induzcan, permitan, consientan o no los denuncien, son exonerados si se demuestra la culpabilidad administrativa, sin perjuicio de las penas que por ley correspondan.<\/p>\n<p align=\"right\"><a href=\"#ini\"><img loading=\"lazy\" src=\"\/imagenes\/flecha_subir.gif\" width=\"15\" height=\"16\" border=\"0\"><\/a><\/p>\n<p><a name=\"m025\"><\/a><strong>LIBERTAD PERSONAL &#8211; CAUSALES DE DETENCION<\/strong><\/p>\n<p><strong>Art\u00edculo 17.-<\/strong> Ninguna persona puede ser detenida sin que preceda, al menos, una indagaci\u00f3n sumaria, que produzca semiplena prueba o indicio grave de la comisi\u00f3n de un delito, salvo el caso de ser sorprendido in fraganti, en que puede ser aprehendida por cualquier persona que deber\u00e1 conducirla inmediatamente a presencia de un juez o autoridad competente.<\/p>\n<p align=\"right\"><a href=\"#ini\"><img loading=\"lazy\" src=\"\/imagenes\/flecha_subir.gif\" width=\"15\" height=\"16\" border=\"0\"><\/a><\/p>\n<p><a name=\"m026\"><\/a><strong>CONDICIONES DE DETENCION<\/strong><\/p>\n<p><strong>Art\u00edculo 18.-<\/strong> Ninguna detenci\u00f3n puede prolongarse m\u00e1s de veinticuatro horas sin darse aviso al juez competente, poniendo al detenido a su disposici\u00f3n.<\/p>\n<p>Ninguna detenci\u00f3n o arresto se har\u00e1 en c\u00e1rcel p\u00fablica destinada a los condenados, sino en otro local que se asignar\u00e1 a este objeto. Las mujeres y menores ser\u00e1n alojados en<\/p>\n<p>establecimientos especiales.<\/p>\n<p>Los menores tienen como m\u00ednimo iguales garant\u00edas procesales que las acordadas a los mayores de edad por esta Constituci\u00f3n y las leyes que la reglamentan.<\/p>\n<p align=\"right\"><a href=\"#ini\"><img loading=\"lazy\" src=\"\/imagenes\/flecha_subir.gif\" width=\"15\" height=\"16\" border=\"0\"><\/a><\/p>\n<p><a name=\"m027\"><\/a><strong>APLICACION DE LA LEY PENAL<\/strong><\/p>\n<p><strong>Art\u00edculo 19.-<\/strong> S\u00f3lo pueden aplicarse con efecto retroactivo las leyes penales m\u00e1s favorables al imputado. No pueden reabrirse causas conclu\u00eddas en materia criminal, excepto cuando se tuviere prueba de la inocencia del condenado. Si dela revisi\u00f3n de una causa penal resulta su inocencia, la Provincia indemniza los da\u00f1os materiales y morales causados, si hubiere culpa.<\/p>\n<p align=\"right\"><a href=\"#ini\"><img loading=\"lazy\" src=\"\/imagenes\/flecha_subir.gif\" width=\"15\" height=\"16\" border=\"0\"><\/a><\/p>\n<p><a name=\"m028\"><\/a><strong>DERECHO A LA PRIVACIDAD<\/strong><\/p>\n<p><strong>Art\u00edculo 20.- <\/strong>La ley asegura la intimidad de las personas. El uso de la informaci\u00f3n de toda \u00edndole o categor\u00eda, almacenada, procesada o distribu\u00edda a trav\u00e9s de cualquier medio f\u00edsico o electr\u00f3nico, debe respetar el honor, la privacidad y el goce completo de los derechos. La ley reglamenta su utilizaci\u00f3n de acuerdo a los principios de justificaci\u00f3n social, limitaci\u00f3n de la recolecci\u00f3n de datos, calidad, especificaci\u00f3n del prop\u00f3sito, confidencialidad, salvaguarda de la seguridad, apertura de registros, limitaci\u00f3n en el tiempo y control p\u00fablico. Asegura el acceso de las personas afectadas a la informaci\u00f3n para su rectificaci\u00f3n, actualizaci\u00f3n o cancelaci\u00f3n cuando no fuera razonable su mantenimiento.<\/p>\n<p align=\"right\"><a href=\"#ini\"><img loading=\"lazy\" src=\"\/imagenes\/flecha_subir.gif\" width=\"15\" height=\"16\" border=\"0\"><\/a><\/p>\n<p><a name=\"m029\"><\/a><strong>INVIOLABILIDAD DEL DOMICILIO Y DOCUMENTOS PRIVADOS<\/strong><\/p>\n<p><strong>Art\u00edculo 21.-<\/strong> El domicilio, los papeles y registros de datos privados, la correspondencia epistolar y las comunicaciones de cualquier \u00edndole son inviolables y s\u00f3lo pueden ser allanados, intervenidos, interceptados o registrados en virtud de orden escrita de juez competente y siempre que mediare semiplena prueba o indicio grave de la existencia de hecho punible.<\/p>\n<p>El allanamiento de domicilio en horas de la noche es excepcional. S\u00f3lo puede disponerse por motivo fundado y realizarse con la presencia del juez, salvo imposibilidad justificada, en cuyo caso delegar\u00e1 la diligencia en otro funcionario judicial.<\/p>\n<p>Toda prueba obtenida en violaci\u00f3n a lo aqu\u00ed dispuesto queda invalidada como tal.<\/p>\n<p align=\"right\"><a href=\"#ini\"><img loading=\"lazy\" src=\"\/imagenes\/flecha_subir.gif\" width=\"15\" height=\"16\" border=\"0\"><\/a><\/p>\n<p><a name=\"m030\"><\/a><strong>DERECHO DE DEFENSA<\/strong><\/p>\n<p><strong>Art\u00edculo 22.- <\/strong>Es inviolable la defensa de la persona y de los derechos en todo procedimiento judicial o administrativo.<\/p>\n<p>La ley asegura la defensa de todo indigente en cualquier jurisdicci\u00f3n o fuero.<\/p>\n<p>Los defensores no pueden ser molestados, ni allanados sus domicilios o locales profesionales con motivo de su defensa.<\/p>\n<p>Ning\u00fan habitante puede ser sacado de sus jueces naturales.<\/p>\n<p>Es inocente toda persona mientras no se declare su culpabilidad conforme a la ley y en proceso p\u00fablico, con todas las garant\u00edas necesarias para su defensa.<\/p>\n<p>En causa penal nadie est\u00e1 obligado a declarar contra s\u00ed mismo, ni se impone obligaci\u00f3n de declarar al c\u00f3nyuge, ascendientes, descendientes o colaterales en segundo grado del<\/p>\n<p>acusado.<\/p>\n<p>Las declaraciones del imputado no son usadas en su contra, salvo que sean prestadas en presencia del juez de la causa y de su defensor.<\/p>\n<p>Ning\u00fan detenido debe estar incomunicado m\u00e1s de 48 horas. Se le notifica la causa de la detenci\u00f3n dentro de las primeras 12 horas, entreg\u00e1ndosele copia de la resoluci\u00f3n fechada y firmada. Tiene derecho a dar aviso de su situaci\u00f3n a quien estime conveniente, siendo obligaci\u00f3n de la autoridad proveer los medios necesarios para ello en forma inmediata.<\/p>\n<p>Las autoridades proporcionan antecedentes penales o judiciales s\u00f3lo en los casos y con las limitaciones previstas en la ley.<\/p>\n<p align=\"right\"><a href=\"#ini\"><img loading=\"lazy\" src=\"\/imagenes\/flecha_subir.gif\" width=\"15\" height=\"16\" border=\"0\"><\/a><\/p>\n<p><a name=\"m031\"><\/a><strong>SISTEMA CARCELARIO<\/strong><\/p>\n<p><strong>Art\u00edculo 23.- <\/strong>La Provincia promueve la creaci\u00f3n del sistema penitenciario provincial. Las c\u00e1rceles tienen por objeto la seguridad p\u00fablica y no la mortificaci\u00f3n de los internados; son sanas y limpias y constituyen centros de ense\u00f1anza, readaptaci\u00f3n y trabajo. La reglamentaci\u00f3n permite visitas privadas con el fin de no alterar el mundo afectivo y familiar, y ayudar a la recuperaci\u00f3n integral del detenido. Todo rigor innecesario hace responsables a quienes lo autorizan, aplican, consienten o no lo denuncian.<\/p>\n<p align=\"right\"><a href=\"#ini\"><img loading=\"lazy\" src=\"\/imagenes\/flecha_subir.gif\" width=\"15\" height=\"16\" border=\"0\"><\/a><\/p>\n<p><a name=\"m032\"><\/a><strong>DERECHO DE ASOCIACION POLITICA<\/strong><\/p>\n<p><strong>Art\u00edculo 24.-<\/strong> Todas las personas en condiciones de votar tienen el derecho de asociarse libremente en partidos pol\u00edticos, los que ajustan su accionar a las normas contenidas en esta Constituci\u00f3n y a las leyes que se dicten en su consecuencia.<\/p>\n<p>Los partidos pol\u00edticos expresan el pluralismo ideol\u00f3gico concurriendo a la formaci\u00f3n y manifestaci\u00f3n de la voluntad popular. Son los principales medios para la participaci\u00f3n y representaci\u00f3n pol\u00edtica del Pueblo rionegrino. Se reconoce y asegura su existencia. Son las \u00fanicas organizaciones que pueden nominar candidaturas para cargos que se proveen mediante elecci\u00f3n popular. Tienen libre acceso a los medios de comunicaci\u00f3n a efectos de orientar a la opini\u00f3n p\u00fablica y contribuir a la formaci\u00f3n de su voluntad.<\/p>\n<p>Su funcionamiento y organizaci\u00f3n interna responden a principios democr\u00e1ticos. Deben dar cuenta p\u00fablicamente de la procedencia de sus recursos y de la administraci\u00f3n de sus finanzas, con las modalidades que la ley determina.<\/p>\n<p>El Estado presta apoyo econ\u00f3mico para la formaci\u00f3n y capacitaci\u00f3n de sus afiliados, teniendo en cuenta su caudal electoral de acuerdo a lo que dispone la ley.<\/p>\n<p align=\"right\"><a href=\"#ini\"><img loading=\"lazy\" src=\"\/imagenes\/flecha_subir.gif\" width=\"15\" height=\"16\" border=\"0\"><\/a><\/p>\n<p><a name=\"m033\"><\/a><strong>TITULARIDAD DE LAS BANCAS<\/strong><\/p>\n<p><strong>Art\u00edculo 25.- <\/strong>Las bancas de toda representaci\u00f3n pol\u00edtica legislativa, provincial o municipal, pertenecen a los partidos pol\u00edticos que las nominaron, conforme la ley que lo reglamente.<\/p>\n<p>A solicitud del \u00f3rgano deliberativo m\u00e1ximo partidario provincial se podr\u00e1 requerir la revocaci\u00f3n del mandato de un representante y su sustituci\u00f3n por el suplente correspondiente ante la justicia electoral, la que har\u00e1 lugar al pedido cuando se invocare y probare una violaci\u00f3n ostensible y grave de la plataforma electoral.<\/p>\n<p align=\"right\"><a href=\"#ini\"><img loading=\"lazy\" src=\"\/imagenes\/flecha_subir.gif\" width=\"15\" height=\"16\" border=\"0\"><\/a><\/p>\n<p><a name=\"m034\"><\/a><strong>DERECHO DE INFORMACION Y EXPRESION<\/strong><\/p>\n<p><strong>Art\u00edculo 26.-<\/strong> Es inviolable el derecho que toda persona tiene de expresar libremente sus ideas y opiniones, y de difundirlas por cualquier medio, sin censura de ninguna clase. Nadie puede restringir la libre expresi\u00f3n y difusi\u00f3n de ideas, ni trabar, impedir ni suspender por motivo alguno el funcionamiento de los talleres tipogr\u00e1ficos, difusores radiales y dem\u00e1s medios id\u00f3neos para la emisi\u00f3n y propagaci\u00f3n del pensamiento, ni decomisar sus maquinarias o enseres, ni clausurar sus locales, salvo en casos de violaci\u00f3n de las normas de polic\u00eda laboral, higiene y seguridad, requiri\u00e9ndose al efecto orden judicial.<\/p>\n<p>Aquel que abusare de este derecho s\u00f3lo ser\u00e1 responsable de los delitos comunes en que incurriere a su amparo y de las lesiones que causare a quienes resultaren afectados. Se admite la prueba como descargo de la conducta oficial de los funcionarios y empleados p\u00fablicos.<\/p>\n<p>Los delitos cometidos por cualquiera de esos medios nunca se reputar\u00e1n flagrantes.<\/p>\n<p>Todos los habitantes de la Provincia gozan del derecho del libre acceso a las fuentes p\u00fablicas de informaci\u00f3n.<\/p>\n<p>No podr\u00e1 dictarse ley ni disposici\u00f3n que exija en el director o editor, otras condiciones que el pleno goce de su capacidad civil, ni que establezca impuestos a los ejemplares de los diarios, peri\u00f3dicos, libros, folletos o revistas.<\/p>\n<p align=\"right\"><a href=\"#ini\"><img loading=\"lazy\" src=\"\/imagenes\/flecha_subir.gif\" width=\"15\" height=\"16\" border=\"0\"><\/a><\/p>\n<p><a name=\"m035\"><\/a><strong>DERECHO DE REPLICA<\/strong><\/p>\n<p><strong>Art\u00edculo 27.-<\/strong> Ante informaciones agraviantes o inexactas vertidas a trav\u00e9s de cualquier medio de difusi\u00f3n, la persona o entidad afectada tiene derecho a rectificaci\u00f3n o respuesta gratuita, conforme lo reglamenta la ley, la que asegura sumariedad e inmediatez en el tr\u00e1mite.<\/p>\n<p align=\"right\"><a href=\"#ini\"><img loading=\"lazy\" src=\"\/imagenes\/flecha_subir.gif\" width=\"15\" height=\"16\" border=\"0\"><\/a><\/p>\n<p><a name=\"m036\"><\/a><strong>LIBERTAD DE CULTO<\/strong><\/p>\n<p><strong>Art\u00edculo 28.-<\/strong> Todos los habitantes de la Provincia tienen la libertad de profesar, p\u00fablica o privadamente, su religi\u00f3n. La Provincia no dicta ley que restrinja o proteja culto alguno a\u00fan cuando reconoce la tradici\u00f3n cultural de la fe cat\u00f3lica apost\u00f3lica romana.<\/p>\n<p>Nadie est\u00e1 obligado a declarar la religi\u00f3n que profesa.<\/p>\n<p align=\"right\"><a href=\"#ini\"><img loading=\"lazy\" src=\"\/imagenes\/flecha_subir.gif\" width=\"15\" height=\"16\" border=\"0\"><\/a><\/p>\n<p><a name=\"m037\"><\/a><strong>PROPIEDAD E INICIATIVA PRIVADAS<\/strong><\/p>\n<p><strong>Art\u00edculo 29.- <\/strong>El Estado garantiza la propiedad y la iniciativa privadas y toda actividad econ\u00f3mica l\u00edcita y las armoniza con los derechos individuales, sociales y de la comunidad.<\/p>\n<p align=\"right\"><a href=\"#ini\"><img loading=\"lazy\" src=\"\/imagenes\/flecha_subir.gif\" width=\"15\" height=\"16\" border=\"0\"><\/a><\/p>\n<p><a name=\"m038\"><\/a><strong>DEFENSA DEL CONSUMIDOR<\/strong><\/p>\n<p><strong>Art\u00edculo 30.-<\/strong> El Estado reconoce a los consumidores el derecho a organizarse en defensa de sus leg\u00edtimos intereses. Promueve la correcta informaci\u00f3n y educaci\u00f3n de aquellos, protegi\u00e9ndolos contra todo acto de deslealtad comercial; vela por la salubridad y calidad de los productos que se expenden.<\/p>\n<p align=\"right\"><a href=\"#ini\"><img loading=\"lazy\" src=\"\/imagenes\/flecha_subir.gif\" width=\"15\" height=\"16\" border=\"0\"><\/a><\/p>\n<p>CAPITULO III<\/p>\n<p><a name=\"m039\"><\/a><strong>DERECHOS SOCIALES<\/strong><\/p>\n<p><a name=\"m040\"><\/a><strong>PROTECCION A LA FAMILIA<\/strong><\/p>\n<p><strong>Art\u00edculo 31.-<\/strong> El Estado protege a la familia, como c\u00e9lula base de la sociedad, establecida, organizada y proyectada a trav\u00e9s del afecto, facilitando su constituci\u00f3n y el logro de sus fines culturales, sociales y econ\u00f3micos.<\/p>\n<p>Los padres tienen el derecho y la obligaci\u00f3n de cuidar y de educar a sus hijos.<\/p>\n<p>El bien de familia, cuyo r\u00e9gimen es determinado por ley, y los elementos necesarios para el trabajo, son inembargables.<\/p>\n<p align=\"right\"><a href=\"#ini\"><img loading=\"lazy\" src=\"\/imagenes\/flecha_subir.gif\" width=\"15\" height=\"16\" border=\"0\"><\/a><\/p>\n<p><a name=\"m041\"><\/a><strong>IGUALDAD DE DERECHOS<\/strong><\/p>\n<p><strong>Art\u00edculo 32.-<\/strong> El Estado afianza la igualdad de derechos entre la mujer y el var\u00f3n en los aspectos culturales, pol\u00edticos, econ\u00f3micos y sociales, para lograr juntos una participaci\u00f3n real en la organizaci\u00f3n y conducci\u00f3n de la comunidad.<\/p>\n<p align=\"right\"><a href=\"#ini\"><img loading=\"lazy\" src=\"\/imagenes\/flecha_subir.gif\" width=\"15\" height=\"16\" border=\"0\"><\/a><\/p>\n<p><a name=\"m042\"><\/a><strong>AMPARO A LA NI\u00d1EZ<\/strong><\/p>\n<p><strong>Art\u00edculo 33.-<\/strong> Los ni\u00f1os tienen derecho a la protecci\u00f3n y formaci\u00f3n integral por cuenta y cargo de su familia; merecen trato especial y respeto a su identidad, previniendo y penando el Estado cualquier forma de mortificaci\u00f3n o explotaci\u00f3n.<\/p>\n<p>En caso de desamparo, corresponde al Estado proveer dicha protecci\u00f3n, en hogares con personal especializado, sin perjuicio de la obligaci\u00f3n de subrogarse en el ejercicio de las acciones para demandar a los familiares obligados los aportes correspondientes.<\/p>\n<p>Reciben por los medios de comunicaci\u00f3n mensajes pac\u00edficos y orientados a su formaci\u00f3n en base a los valores de la argentinidad, solidaridad y amistad.<\/p>\n<p align=\"right\"><a href=\"#ini\"><img loading=\"lazy\" src=\"\/imagenes\/flecha_subir.gif\" width=\"15\" height=\"16\" border=\"0\"><\/a><\/p>\n<p><a name=\"m043\"><\/a><strong>FORMACION DE LA JUVENTUD<\/strong><\/p>\n<p><strong>Art\u00edculo 34.- <\/strong>El Estado procura la formaci\u00f3n integral y democr\u00e1tica de la juventud; promueve su creatividad y participaci\u00f3n en las actividades culturales, sociales y pol\u00edticas.<\/p>\n<p><a name=\"m044\"><\/a><strong>DERECHOS DE LA TERCERA EDAD<\/strong><\/p>\n<p><strong>Art\u00edculo 35.-<\/strong> Las personas de la tercera edad, por su experiencia y sabidur\u00eda contin\u00faan aportando al progreso de la comunidad. Se les garantiza el derecho a trabajar y a gozar del esparcimiento, tranquilidad y respeto de sus semejantes. Tienen derecho a su protecci\u00f3n integral por cuenta y cargo de su familia. En caso de desamparo, corresponde al Estado proveer dicha protecci\u00f3n, sin perjuicio de la obligaci\u00f3n de subrogarse en el ejercicio de las acciones para demandar de los familiares obligados los aportes correspondientes.<\/p>\n<p align=\"right\"><a href=\"#ini\"><img loading=\"lazy\" src=\"\/imagenes\/flecha_subir.gif\" width=\"15\" height=\"16\" border=\"0\"><\/a><\/p>\n<p><a name=\"m045\"><\/a><strong>DISCAPACITADOS &#8211; EXCEPCIONALES<\/strong><\/p>\n<p><strong>Art\u00edculo 36.-<\/strong> El Estado protege integralmente a toda persona discapacitada, garantizando su asistencia, rehabilitaci\u00f3n, educaci\u00f3n, capacitaci\u00f3n e inserci\u00f3n en la vida social.<\/p>\n<p>Implementa pol\u00edticas de prevenci\u00f3n y procura que la sociedad tome conciencia y adopte actitudes solidarias.<\/p>\n<p>Las construcciones p\u00fablicas prev\u00e9n el desplazamiento normal de los discapacitados.<\/p>\n<p>El Estado promueve a las personas excepcionales y facilita su educaci\u00f3n especial.<\/p>\n<p align=\"right\"><a href=\"#ini\"><img loading=\"lazy\" src=\"\/imagenes\/flecha_subir.gif\" width=\"15\" height=\"16\" border=\"0\"><\/a><\/p>\n<p><a name=\"m046\"><\/a><strong>BENEFICIOS IMPOSITIVOS<\/strong><\/p>\n<p><strong>Art\u00edculo 37.-<\/strong> Todo habitante mayor de 65 a\u00f1os o incapacitado para el trabajo, con ingresos m\u00ednimos derivados de la jubilaci\u00f3n, retiro, o pensi\u00f3n y patrimonio que no exceda el m\u00e1ximo que determina la ley, puede supeditar el pago de contribuciones extraordinarias, provinciales o municipales que gravan el inmueble que posee, hasta que mejore de fortuna u opere la transmisi\u00f3n del bien por cualquier t\u00edtulo.<\/p>\n<p>Por igual per\u00edodo queda exento del pago de los impuestos, tasas y contribuciones ordinarias provinciales o municipales, vinculadas con el inmueble que habita.<\/p>\n<p align=\"right\"><a href=\"#ini\"><img loading=\"lazy\" src=\"\/imagenes\/flecha_subir.gif\" width=\"15\" height=\"16\" border=\"0\"><\/a><\/p>\n<p><a name=\"m047\"><\/a><strong>ACTIVIDADES SOCIALES<\/strong><\/p>\n<p><strong>Art\u00edculo 38.-<\/strong> Se promueven las actividades sociales que complementan el bienestar del hombre y su familia para la correcta utilizaci\u00f3n del tiempo libre, respetando las caracter\u00edsticas propias del medio.<\/p>\n<p>El Estado fomenta especialmente el deporte aficionado, la recreaci\u00f3n, la cultura y el turismo.<\/p>\n<p align=\"right\"><a href=\"#ini\"><img loading=\"lazy\" src=\"\/imagenes\/flecha_subir.gif\" width=\"15\" height=\"16\" border=\"0\"><\/a><\/p>\n<p><a name=\"m048\"><\/a><strong>TRABAJO<\/strong><\/p>\n<p><strong>Art\u00edculo 39.- <\/strong>El trabajo es un derecho y un deber social; es el medio leg\u00edtimo e indispensable para satisfacer las necesidades espirituales y materiales de la persona y de la comunidad. R\u00edo Negro es una Provincia fundada en el trabajo.<\/p>\n<p align=\"right\"><a href=\"#ini\"><img loading=\"lazy\" src=\"\/imagenes\/flecha_subir.gif\" width=\"15\" height=\"16\" border=\"0\"><\/a><\/p>\n<p><a name=\"m049\"><\/a><strong>DERECHOS DEL TRABAJADOR<\/strong><\/p>\n<p><strong>Art\u00edculo 40.- <\/strong>Son derechos del trabajador, conforme a las leyes que reglamenten su ejercicio:<\/p>\n<p><strong>1. <\/strong>A trabajar en condiciones dignas y a percibir una retribuci\u00f3n justa.<\/p>\n<p><strong>2.<\/strong> A igual remuneraci\u00f3n por igual tarea y a retribuciones complementarias por razones objetivas, motivadas en las caracter\u00edsticas del trabajo y del medio en que se presta.<\/p>\n<p><strong>3. <\/strong>A la capacitaci\u00f3n t\u00e9cnica y profesional.<\/p>\n<p><strong>4.<\/strong> A un lugar de trabajo higi\u00e9nico y seguro. La Provincia dispone de un organismo de higiene, seguridad y medicina del trabajo, con conducci\u00f3n especializada.<\/p>\n<p><strong>5.<\/strong> Al bienestar, a la seguridad social y al mejoramiento econ\u00f3mico.<\/p>\n<p><strong>6.<\/strong> A la huelga y la defensa de los intereses profesionales.<\/p>\n<p><strong>7<\/strong>. A una jornada limitada de trabajo que no exceda las posibilidades normales del esfuerzo; al descanso semanal y vacaciones peri\u00f3dicas pagas.<\/p>\n<p><strong>8.<\/strong> A una vivienda digna, procurando el Estado el acceso a la tierra, al t\u00edtulo de propiedad correspondiente y a la documentaci\u00f3n t\u00e9cnica tipo para la construcci\u00f3n, conforme lo determina la ley.<\/p>\n<p><strong>9.<\/strong> A la obtenci\u00f3n de una jubilaci\u00f3n justa, no menor del ochenta y dos por ciento del ingreso total del sueldo del trabajador activo, sujeto a aporte.<\/p>\n<p><strong>10. <\/strong>A la participaci\u00f3n en las ganancias de las empresas, con control de su producci\u00f3n, cogesti\u00f3n o autogesti\u00f3n en la producci\u00f3n.<\/p>\n<p><strong>11. <\/strong>A estar representado en los organismos que administran fondos provenientes de aportes previsionales, sociales y de otra \u00edndole.<\/p>\n<p><strong>12<\/strong>. A la asistencia material de quienes se encuentran temporal e involuntariamente en situaci\u00f3n de desempleo.<\/p>\n<p><strong>13.<\/strong> A la gratuidad en las actuaciones administrativas y judiciales y a la asistencia legal por parte del Estado en el \u00e1mbito laboral. En caso de duda en la soluci\u00f3n de un conflicto de trabajo se resuelve a favor del dependiente.<\/p>\n<p align=\"right\"><a href=\"#ini\"><img loading=\"lazy\" src=\"\/imagenes\/flecha_subir.gif\" width=\"15\" height=\"16\" border=\"0\"><\/a><\/p>\n<p><a name=\"m050\"><\/a><strong>DERECHOS GREMIALES<\/strong><\/p>\n<p><strong>Art\u00edculo 41.-<\/strong> En defensa de sus intereses profesionales, se garantiza a los trabajadores el derecho a asociarse en sindicatos independientes, que deben darse una organizaci\u00f3n pluralista, con gesti\u00f3n democr\u00e1tica y elecci\u00f3n peri\u00f3dica de las autoridades por votaci\u00f3n secreta de sus afiliados.<\/p>\n<p>Los sindicatos aseguran el goce efectivo de los derechos de los trabajadores y realizan propuestas pol\u00edticas, econ\u00f3micas y sociales a los distintos organismos del Estado.<\/p>\n<p>El Estado garantiza a los sindicatos los derechosde:<\/p>\n<p><strong>1<\/strong>. Ser reconocidos por la simple inscripci\u00f3n en un registro especial.<\/p>\n<p><strong>2<\/strong>. Concertar convenios colectivos de trabajo.<\/p>\n<p><strong>3<\/strong>. Ejercitar plenamente y sin trabas la gesti\u00f3n de sus dirigentes, con estabilidad en sus empleos, licencia gremial e indemnizaciones especiales.<\/p>\n<p><strong>4<\/strong>. Declarar la huelga en defensa de los intereses de los trabajadores.<\/p>\n<p><strong>5.<\/strong> Actuar gratuitamente en los expedientes judiciales.<\/p>\n<p align=\"right\"><a href=\"#ini\"><img loading=\"lazy\" src=\"\/imagenes\/flecha_subir.gif\" width=\"15\" height=\"16\" border=\"0\"><\/a><\/p>\n<p><a name=\"m051\"><\/a><strong>DERECHOS DE LOS INDIGENAS<\/strong><\/p>\n<p><strong>Art\u00edculo 42.- <\/strong>El Estado reconoce al ind\u00edgena rionegrino como signo testimonial y de continuidad de la cultura aborigen preexistente, contributiva de la identidad e idiosincrasia provincial. Establece las normas que afianzan su efectiva incorporaci\u00f3n a la vida regional y nacional, y le garantiza el ejercicio de la igualdad en los derechos y deberes. Asegura el disfrute, desarrollo y transmisi\u00f3n de su cultura, promueve la propiedad inmediata de la tierra que posee, los beneficios de la solidaridad social y econ\u00f3mica para el desarrollo individual y de su comunidad, y respeta el derecho que le asiste a organizarse.<\/p>\n<p align=\"right\"><a href=\"#ini\"><img loading=\"lazy\" src=\"\/imagenes\/flecha_subir.gif\" width=\"15\" height=\"16\" border=\"0\"><\/a><\/p>\n<p>CAPITULO IV<\/p>\n<p><a name=\"m052\"><\/a><strong>GARANTIAS PROCESALES ESPECIFICAS<\/strong><\/p>\n<p><a name=\"m053\"><\/a><strong>AMPARO &#8211; HABEAS CORPUS<\/strong><\/p>\n<p><strong>Art\u00edculo 43.-<\/strong> Todos los derechos y libertades humanas, reconocidos expresa o impl\u00edcitamente por esta Constituci\u00f3n, est\u00e1n protegidos por la acci\u00f3n de amparo que puede promover el restringido por s\u00ed o por terceros en su nombre, sin necesidad de mandato, vali\u00e9ndose de cualquier medio de comunicaci\u00f3n y a cualquier hora, ante el juez letrado inmediato, sin distinci\u00f3n de fueros o instancias y aunque forme parte de un tribunal colegiado, a fin de que se ordene su inmediata libertad, se los someta al juez competente, se le acuerde la garant\u00eda negada o el ejercicio de sus derechos individuales o colectivos.<\/p>\n<p>El juez del amparo ejerce su potestad jurisdiccional sobre todo otro poder o autoridad p\u00fablica y la acci\u00f3n puede instaurarse sin formalidad procesal alguna. Tanto la acci\u00f3n de amparo como el h\u00e1beas corpus, se resuelven por el juez previo informe requerido a la autoridad o particular que suprimi\u00f3, restringi\u00f3 o amenaz\u00f3 libertades. Para el caso de h\u00e1beas corpus, hace comparecer al detenido y al autor de la afectaci\u00f3n dentro de las veinticuatro horas, debiendo resolver en definitiva dentro de las cuarenta y ocho horas de haberse planteado. Dispone asimismo, las medidas correspondientes para quien expidi\u00f3 la orden o ejecut\u00f3 el acto.<\/p>\n<p>Cuando un juez tuviere conocimiento de que alguna persona se hallare arbitrariamente detenida o restringida en sus derechos, puede expedir de oficio el mandamiento de h\u00e1beas corpus o de amparo.<\/p>\n<p align=\"right\"><a href=\"#ini\"><img loading=\"lazy\" src=\"\/imagenes\/flecha_subir.gif\" width=\"15\" height=\"16\" border=\"0\"><\/a><\/p>\n<p><a name=\"m054\"><\/a><strong>MANDAMIENTO DE EJECUCION<\/strong><\/p>\n<p><strong>Art\u00edculo 44.-<\/strong> Para el caso de que esta Constituci\u00f3n, una ley, decreto, ordenanza o resoluci\u00f3n, imponga a un funcionario o ente p\u00fablico administrativo un deber concreto, toda persona cuyo derecho resultare afectado por su incumplimiento, puede demandar ante la justicia competente la ejecuci\u00f3n inmediata de los actos que el funcionario o ente p\u00fablico administrativo hubiere rehusado cumplir. El juez, previa comprobaci\u00f3n sumaria de los hechos denunciados, libra un mandamiento y exige el cumplimiento inmediato del deber omitido.<\/p>\n<p align=\"right\"><a href=\"#ini\"><img loading=\"lazy\" src=\"\/imagenes\/flecha_subir.gif\" width=\"15\" height=\"16\" border=\"0\"><\/a><\/p>\n<p><a name=\"m055\"><\/a><strong>MANDAMIENTO DE PROHIBICION<\/strong><\/p>\n<p><strong>Art\u00edculo 45.-<\/strong> Si un funcionario o ente p\u00fablico administrativo ejecutare actos prohibidos por esta Constituci\u00f3n, una ley, decreto, ordenanza o resoluci\u00f3n, la persona afectada podr\u00e1 obtener por v\u00eda y procedimiento establecidos en el art\u00edculo anterior, un mandamiento judicial prohibitivo que se librar\u00e1 al funcionario o ente p\u00fablico del caso.<\/p>\n<p align=\"right\"><a href=\"#ini\"><img loading=\"lazy\" src=\"\/imagenes\/flecha_subir.gif\" width=\"15\" height=\"16\" border=\"0\"><\/a><\/p>\n<p>CAPITULO V<\/p>\n<p><a name=\"m056\"><\/a><strong>RESPONSABILIDADES<\/strong><\/p>\n<p><a name=\"m057\"><\/a><strong>DEBERES<\/strong><\/p>\n<p><strong>Art\u00edculo 46.-<\/strong> Es deber de todo habitante:<\/p>\n<p>&#8211; Honrar a la Patria, a la Provincia y sus s\u00edmbolos; armarse de acuerdo a la forma y procedimiento que determinen las leyes para su defensa.<\/p>\n<p>&#8211; Resguardar los intereses y el patrimonio cultural y material de la Naci\u00f3n y de la Provincia.<\/p>\n<p>&#8211; Cumplir y hacer cumplir la Constituci\u00f3n Nacional, la Constituci\u00f3n Provincial y dem\u00e1s normas que en consecuencia se dicten.<\/p>\n<p>&#8211; Cumplir los deberes sociales.<\/p>\n<p>&#8211; Contribuir a los gastos que demanda la organizaci\u00f3n social y pol\u00edtica del Estado.<\/p>\n<p>&#8211; Prestar servicios civiles en caso que las leyes, por razones de solidaridad social, as\u00ed lo determinen.<\/p>\n<p>&#8211; Formarse y educarse en la medida de su vocaci\u00f3n y de acuerdo a las necesidades sociales.<\/p>\n<p>&#8211; Evitar la contaminaci\u00f3n ambiental y participar en la defensa ecol\u00f3gica.<\/p>\n<p>&#8211; Participar en la vida pol\u00edtica y social de la comunidad.<\/p>\n<p>&#8211; Trabajar y actuar solidariamente.<\/p>\n<p align=\"right\"><a href=\"#ini\"><img loading=\"lazy\" src=\"\/imagenes\/flecha_subir.gif\" width=\"15\" height=\"16\" border=\"0\"><\/a><\/p>\n<p>SEGUNDA PARTE<\/p>\n<p><a name=\"m058\"><\/a><strong>POLITICAS ESPECIALES DEL ESTADO<\/strong><\/p>\n<p>SECCION PRIMERA<\/p>\n<p><a name=\"m059\"><\/a><strong>POLITICA ADMINISTRATIVA<\/strong><\/p>\n<p><a name=\"m060\"><\/a><strong>PRINCIPIOS<\/strong><\/p>\n<p><strong>Art\u00edculo 47.- <\/strong>La administraci\u00f3n p\u00fablica provincial y en lo pertinente la municipal, est\u00e1n regidas por los principios de eficiencia, austeridad, centralizaci\u00f3n normativa, descentralizaci\u00f3n, desconcentraci\u00f3n, imparcialidad, equidad, igualdad y publicidad de las normas o actos.<\/p>\n<p>Su actuaci\u00f3n est\u00e1 sujeta a la determinaci\u00f3n oficiosa de la verdad, con celeridad y econom\u00eda, sencillez en el tr\u00e1mite, plazos breves, participaci\u00f3n y procedimiento p\u00fablico e informal para los administrados.<\/p>\n<p align=\"right\"><a href=\"#ini\"><img loading=\"lazy\" src=\"\/imagenes\/flecha_subir.gif\" width=\"15\" height=\"16\" border=\"0\"><\/a><\/p>\n<p><a name=\"m061\"><\/a><strong>ESTATUTO<\/strong><\/p>\n<p><strong>Art\u00edculo 48.-<\/strong> La Legislaci\u00f3n tiende a establecer un estatuto \u00fanico para la administraci\u00f3n p\u00fablica provincial, en base a los principios establecidos en esta Constituci\u00f3n, orientado a equiparar situaciones similares.<\/p>\n<p align=\"right\"><a href=\"#ini\"><img loading=\"lazy\" src=\"\/imagenes\/flecha_subir.gif\" width=\"15\" height=\"16\" border=\"0\"><\/a><\/p>\n<p><a name=\"m062\"><\/a><strong>CARRERA ADMINISTRATIVA<\/strong><\/p>\n<p><strong>Art\u00edculo 49.-<\/strong> Se establece la carrera administrativa para los agentes p\u00fablicos. La ley determina su extensi\u00f3n y excepciones. Por igual funci\u00f3n corresponde igual remuneraci\u00f3n, otorg\u00e1ndose la garant\u00eda del sumario con intervenci\u00f3n del afectado para su sanci\u00f3n o remoci\u00f3n.<\/p>\n<p align=\"right\"><a href=\"#ini\"><img loading=\"lazy\" src=\"\/imagenes\/flecha_subir.gif\" width=\"15\" height=\"16\" border=\"0\"><\/a><\/p>\n<p><a name=\"m063\"><\/a><strong>INHABILIDADES<\/strong><\/p>\n<p><strong>Art\u00edculo 50.-<\/strong> Los agentes p\u00fablicos condenados por delitos contra la administraci\u00f3n, o por delitos electorales, quedan inhabilitados a perpetuidad para ingresar a la administraci\u00f3n provincial o municipal y no pueden desempe\u00f1ar cargos electivos.<\/p>\n<p align=\"right\"><a href=\"#ini\"><img loading=\"lazy\" src=\"\/imagenes\/flecha_subir.gif\" width=\"15\" height=\"16\" border=\"0\"><\/a><\/p>\n<p><a name=\"m064\"><\/a><strong>INGRESO &#8211; ESTABILIDAD<\/strong><\/p>\n<p><strong>Art\u00edculo 51.-<\/strong> La idoneidad y eficiencia son condiciones para el ingreso, ascenso y permanencia de los agentes p\u00fablicos. A esos efectos, la ley instrumenta el r\u00e9gimen de concursos de oposici\u00f3n y antecedentes. Se asegura la estabilidad e independencia en el desempe\u00f1o del cargo, prohibi\u00e9ndose cualquier tipo de discriminaci\u00f3n pol\u00edtica, social y religiosa.<\/p>\n<p align=\"right\"><a href=\"#ini\"><img loading=\"lazy\" src=\"\/imagenes\/flecha_subir.gif\" width=\"15\" height=\"16\" border=\"0\"><\/a><\/p>\n<p><a name=\"m065\"><\/a><strong>CAPACITACION &#8211; PARTICIPACION<\/strong><\/p>\n<p><strong>Art\u00edculo 52.-<\/strong> Se promueve la capacitaci\u00f3n de los agentes p\u00fablicos, as\u00ed como la participaci\u00f3n de los mismos en la formulaci\u00f3n y ejecuci\u00f3n de pol\u00edticas tendientes al mejoramiento de la administraci\u00f3n, en la forma y casos que establece la ley.<\/p>\n<p align=\"right\"><a href=\"#ini\"><img loading=\"lazy\" src=\"\/imagenes\/flecha_subir.gif\" width=\"15\" height=\"16\" border=\"0\"><\/a><\/p>\n<p><a name=\"m066\"><\/a><strong>REMOCION<\/strong><\/p>\n<p><strong>Art\u00edculo 53.-<\/strong> Los agentes p\u00fablicos designados en violaci\u00f3n a las disposiciones de esta Constituci\u00f3n pueden ser removidos en cualquier tiempo sin derecho a reclamo alguno.<\/p>\n<p><a name=\"m067\"><\/a><strong>RESPONSABILIDADES DE LOS AGENTES<\/strong><\/p>\n<p><strong>Art\u00edculo 54.- <\/strong>Los agentes p\u00fablicos son personalmente responsables de los da\u00f1os causados por extralimitaci\u00f3n o cumplimiento irregular de sus funciones.<\/p>\n<p align=\"right\"><a href=\"#ini\"><img loading=\"lazy\" src=\"\/imagenes\/flecha_subir.gif\" width=\"15\" height=\"16\" border=\"0\"><\/a><\/p>\n<p><a name=\"m068\"><\/a><strong>RESPONSABILIDADES DE LA PROVINCIA Y MUNICIPIOS<\/strong><\/p>\n<p><strong>Art\u00edculo 55.-<\/strong> La Provincia y los municipios son responsables por s\u00ed y por los actos de sus agentes realizados con motivo o en ejercicio de sus funciones. Son demandados sin necesidad de autorizaci\u00f3n previa. Sus rentas y los bienes destinados al funcionamiento no son embargables a menos que el gobierno provincial o municipal no hubiera arbitrado los medios para efectivizar el pago en el ejercicio inmediato a la fecha en que la sentencia quedare firme.<\/p>\n<p>Son inembargables los bienes destinados a la asistencia social, salud y educaci\u00f3n.<\/p>\n<p>En ning\u00fan caso los embargos trabados podr\u00e1n superar el veinte por ciento de las rentas anuales.<\/p>\n<p align=\"right\"><a href=\"#ini\"><img loading=\"lazy\" src=\"\/imagenes\/flecha_subir.gif\" width=\"15\" height=\"16\" border=\"0\"><\/a><\/p>\n<p><a name=\"m069\"><\/a><strong>ACCION VINDICATORIA<\/strong><\/p>\n<p><strong>Art\u00edculo 56.-<\/strong> Todo agente p\u00fablico a quien se le imputa delito cometido en el desempe\u00f1o de sus funciones, est\u00e1 obligado a acusar para vindicarse, en un plazo no mayor de seis meses del conocimiento de la imputaci\u00f3n, bajo pena de destituci\u00f3n. A tal efecto gozar\u00e1 del beneficio del proceso gratuito.<\/p>\n<p align=\"right\"><a href=\"#ini\"><img loading=\"lazy\" src=\"\/imagenes\/flecha_subir.gif\" width=\"15\" height=\"16\" border=\"0\"><\/a><\/p>\n<p><a name=\"m070\"><\/a><strong>CITACION A JUICIO<\/strong><\/p>\n<p><strong>Art\u00edculo 57.-<\/strong> La Provincia o sus municipios, demandados por hechos de sus agentes, deben recabar la citaci\u00f3n a juicio de estos \u00faltimos para integrar la relaci\u00f3n procesal, a efectos de determinar las responsabilidades establecidas en el Art. 54o de esta Constituci\u00f3n. El representante legal que no cumpliere con tal obligaci\u00f3n es responsable de los perjuicios causados por la omisi\u00f3n, adem\u00e1s de las restantes sanciones que le pudieren corresponder.<\/p>\n<p align=\"right\"><a href=\"#ini\"><img loading=\"lazy\" src=\"\/imagenes\/flecha_subir.gif\" width=\"15\" height=\"16\" border=\"0\"><\/a><\/p>\n<p>SECCION SEGUNDA<\/p>\n<p><a name=\"m071\"><\/a><strong>POLITICA PREVISIONAL<\/strong><\/p>\n<p><a name=\"m072\"><\/a><strong>PREVISION<\/strong><\/p>\n<p><strong>Art\u00edculo 58.- <\/strong>La ley organiza un r\u00e9gimen previsional \u00fanico para todos los agentes p\u00fablicos, fundado en la solidaridad, equidad e inexistencia de privilegios que importen desigualdades que no respondan a causas generales, objetivas y razonables, debiendo existir equivalencia entre los aportes realizados y el haber jubilatorio.<\/p>\n<p>Se tiene en cuenta la edad, antiguedad y naturaleza de los servicios prestados y los aportes realizados; as\u00ed como las caracter\u00edsticas de las distintas zonas de la Provincia.<\/p>\n<p>El haber jubilatorio m\u00ednimo no puede ser inferior al salario m\u00ednimo establecido para los agentes de la administraci\u00f3n.<\/p>\n<p align=\"right\"><a href=\"#ini\"><img loading=\"lazy\" src=\"\/imagenes\/flecha_subir.gif\" width=\"15\" height=\"16\" border=\"0\"><\/a><\/p>\n<p><a name=\"m073\"><\/a><strong>SALUD<\/strong><\/p>\n<p><strong>Art\u00edculo 59.-<\/strong> La salud es un derecho esencial y un bien social que hace a la dignidad humana. Los habitantes de la Provincia tienen derecho a un completo bienestar psicof\u00edsico y espiritual, debiendo cuidar su salud y asistirse en caso de enfermedad.<\/p>\n<p>El sistema de salud se basa en la universalidad de la cobertura, con acciones integrales de promoci\u00f3n, prevenci\u00f3n, recuperaci\u00f3n y rehabilitaci\u00f3n. Incluye el control de los riesgos biol\u00f3gicos y socioambientales de todas las personas desde su concepci\u00f3n, para prevenir la posibilidad de enfermedad o muerte por causa que se pueda evitar.<\/p>\n<p>Mediante unidad de conducci\u00f3n, el Estado Provincial garantiza la salud a trav\u00e9s de un sistema integrador establecido por la ley con participaci\u00f3n de los sectores interesados en la soluci\u00f3n de la problem\u00e1tica de la salud.<\/p>\n<p>Organiza y fiscaliza a los prestadores de la salud, asegurando el acceso, en todo el territorio provincial, al uso igualitario, solidario y oportuno de los m\u00e1s adecuados m\u00e9todos y recursos de prevenci\u00f3n, diagn\u00f3stico y terap\u00e9utica.<\/p>\n<p>La ley organiza consejos hospitalarios con participaci\u00f3n de la comunidad.<\/p>\n<p>Los medicamentos son considerados como bien social b\u00e1sico y fundamental. La autoridad p\u00fablica implementa un vademecum y las medidas que aseguren su acceso a todos los habitantes.<\/p>\n<p align=\"right\"><a href=\"#ini\"><img loading=\"lazy\" src=\"\/imagenes\/flecha_subir.gif\" width=\"15\" height=\"16\" border=\"0\"><\/a><\/p>\n<p>SECCION TERCERA<\/p>\n<p><a name=\"m074\"><\/a><strong>POLITICAS CULTURAL Y EDUCATIVA<\/strong><\/p>\n<p><a name=\"m075\"><\/a><strong>CULTURA Y EDUCACION<\/strong><\/p>\n<p><strong>Art\u00edculo 60.-<\/strong> La cultura y la educaci\u00f3n son derechos esenciales de todo habitante y obligaciones irrenunciables del Estado.<\/p>\n<p><a name=\"m076\"><\/a><strong>CULTURA<\/strong><\/p>\n<p><strong>Art\u00edculo 61.-<\/strong> El Estado garantiza a todos los habitantes el acceso a la pr\u00e1ctica, difusi\u00f3n y desarrollo de la cultura, eliminando en su creaci\u00f3n toda forma de discriminaci\u00f3n.<\/p>\n<p>Promueve y protege las manifestaciones culturales, personales o colectivas y aquellas que afirman la identidad provincial, regional, nacional y latinoamericana.<\/p>\n<p>Preserva el acervo hist\u00f3rico, arqueol\u00f3gico, documental, art\u00edstico, paisaj\u00edstico, las costumbres, la lengua y todo patrimonio de bienes y valores del Pueblo, que constituyen su cultura.<\/p>\n<p align=\"right\"><a href=\"#ini\"><img loading=\"lazy\" src=\"\/imagenes\/flecha_subir.gif\" width=\"15\" height=\"16\" border=\"0\"><\/a><\/p>\n<p><a name=\"m077\"><\/a><strong>EDUCACION &#8211; FINALIDAD<\/strong><\/p>\n<p><strong>Art\u00edculo 62.- <\/strong>La educaci\u00f3n es un instrumento eficiente para la liberaci\u00f3n, la democracia y el inalienable respeto por los derechos y obligaciones del hombre.<\/p>\n<p>Es un derecho de la persona, de la familia y de la sociedad, a la que asiste el Estado como funci\u00f3n social prioritaria, primordial e irrenunciable, para lograr una sociedad justa, participativa y solidaria.<\/p>\n<p align=\"right\"><a href=\"#ini\"><img loading=\"lazy\" src=\"\/imagenes\/flecha_subir.gif\" width=\"15\" height=\"16\" border=\"0\"><\/a><\/p>\n<p><a name=\"m078\"><\/a><strong>POLITICA EDUCATIVA<\/strong><\/p>\n<p><strong>Art\u00edculo 63.-<\/strong> La pol\u00edtica educativa provincial se basa en los siguientes principios:<\/p>\n<p>1. El Estado establece la educaci\u00f3n obligatoria desde el nivel inicial hasta el ciclo b\u00e1sico del nivel medio y dem\u00e1s niveles que en lo sucesivo se establezca por ley; fija la pol\u00edtica del sector y supervisa su cumplimiento.<\/p>\n<p>2. Asegura el car\u00e1cter com\u00fan, \u00fanico, gratuito, integral, cient\u00edfico, humanista, no dogm\u00e1tico y accesible a todas las personas.<\/p>\n<p>3. Promueve contenidos y m\u00e9todos actualizados de educaci\u00f3n, cuidando que contemple la creatividad, integraci\u00f3n de conocimientos y habilidades; la \u00e9tica como principio fundamental inspirado en el esp\u00edritu de comunidad democr\u00e1ticamente organizada en un sentimiento de solidaridad universal.<\/p>\n<p>4. Garantiza la libertad de c\u00e1tedra.<\/p>\n<p>5. Los padres tienen el derecho de elegir la educaci\u00f3n de sus hijos.<\/p>\n<p>6. En las escuelas privadas la ense\u00f1anza es libre, pero debe sujetarse a las leyes y reglamentos escolares en cuanto al m\u00ednimo de ense\u00f1anza y r\u00e9gimen de funcionamiento. No se reconocen oficialmente m\u00e1s t\u00edtulos y diplomas de estudios que los avalados por el Estado Nacional o Provincial. La ley reglamenta la cooperaci\u00f3n econ\u00f3mica del Estado s\u00f3lo en aquellas escuelas p\u00fablicas de gesti\u00f3n privada, gratuitas, que cumplan una funci\u00f3n social, no discriminatoria y dem\u00e1s requisitos que se fijen.<\/p>\n<p>7. Genera y promueve acciones para la educaci\u00f3n permanente, la erradicaci\u00f3n del analfabetismo y la creaci\u00f3n cultural; la capacitaci\u00f3n laboral o formaci\u00f3n profesional seg\u00fan necesidades regionales o provinciales.<\/p>\n<p>8. Asegura la atenci\u00f3n a la educaci\u00f3n especial.<\/p>\n<p>9. Garantiza los requerimientos del sistema educativo en cuanto a la formaci\u00f3n, actualizaci\u00f3n e investigaci\u00f3n del educando y del educador.<\/p>\n<p>10. Los medios de comunicaci\u00f3n social colaboran con las tareas de la educaci\u00f3n y adaptan su actividad a las necesidades de la educaci\u00f3n com\u00fan.<\/p>\n<p>11. Facilita a los econ\u00f3micamente necesitados el acceso a todos los grados de ense\u00f1anza de modo que se hallen condicionados exclusivamente por la aptitud y la vocaci\u00f3n.<\/p>\n<p align=\"right\"><a href=\"#ini\"><img loading=\"lazy\" src=\"\/imagenes\/flecha_subir.gif\" width=\"15\" height=\"16\" border=\"0\"><\/a><\/p>\n<p><a name=\"m079\"><\/a><strong>PRESUPUESTO<\/strong><\/p>\n<p><strong>Art\u00edculo 64.- <\/strong>El Estado asigna en la ley de presupuesto un fondo propio para educaci\u00f3n no menor de un tercio de las rentas generales, sin perjuicio de los dem\u00e1s recursos que se le otorguen.<\/p>\n<p align=\"right\"><a href=\"#ini\"><img loading=\"lazy\" src=\"\/imagenes\/flecha_subir.gif\" width=\"15\" height=\"16\" border=\"0\"><\/a><\/p>\n<p><a name=\"m080\"><\/a><strong>GOBIERNO DE LA EDUCACION<\/strong><\/p>\n<p><strong>Art\u00edculo 65.- <\/strong>Las pol\u00edticas educativas de la Provincia son formuladas con la intervenci\u00f3n de un Consejo Provincial de Educaci\u00f3n, el que tendr\u00e1 participaci\u00f3n necesaria en la determinaci\u00f3n de los planes y programas educativos, orientaci\u00f3n t\u00e9cnica, coordinaci\u00f3n de la ense\u00f1anza, y los dem\u00e1s aspectos del gobierno de la educaci\u00f3n que establezca la ley. Es integrado por representantes de docentes en actividad, consejos escolares y representantes del Poder Ejecutivo, con car\u00e1cter aut\u00e1rquico, y en las formas y con los atributos que fija la ley.<\/p>\n<p>La administraci\u00f3n local y el gobierno inmediato de las escuelas en cuanto no afecten a la parte t\u00e9cnica, est\u00e1 a cargo de consejos escolares electivos que funcionan en cada una de las localidades, los que se integran con vecinos, alumnos y docentes que residen en el lugar.<\/p>\n<p align=\"right\"><a href=\"#ini\"><img loading=\"lazy\" src=\"\/imagenes\/flecha_subir.gif\" width=\"15\" height=\"16\" border=\"0\"><\/a><\/p>\n<p><a name=\"m081\"><\/a><strong>UNIVERSIDADES<\/strong><\/p>\n<p><strong>Art\u00edculo 66.-<\/strong> La Provincia fija las pol\u00edticas de adhesi\u00f3n, colaboraci\u00f3n e interdependencia con las universidades nacionales atendiendo a las necesidades tecnol\u00f3gicas, econ\u00f3micas y culturales de la comunidad rionegrina.<\/p>\n<p align=\"right\"><a href=\"#ini\"><img loading=\"lazy\" src=\"\/imagenes\/flecha_subir.gif\" width=\"15\" height=\"16\" border=\"0\"><\/a><\/p>\n<p>SECCION CUARTA<\/p>\n<p><a name=\"m082\"><\/a><strong>POLITICA CIENTIFICA Y TECNOLOGICA<\/strong><\/p>\n<p><a name=\"m083\"><\/a><strong>INVESTIGACION CIENTIFICA<\/strong><\/p>\n<p><strong>Art\u00edculo 67.-<\/strong> El Estado protege, orienta y fomenta la investigaci\u00f3n cient\u00edfica, con libertad acad\u00e9mica, y su preservaci\u00f3n y difusi\u00f3n; es instrumento para comprender la realidad natural y social, y satisfacer las necesidades espirituales y materiales del hombre, contribuyendo al desarrollo provincial, regional y nacional.<\/p>\n<p align=\"right\"><a href=\"#ini\"><img loading=\"lazy\" src=\"\/imagenes\/flecha_subir.gif\" width=\"15\" height=\"16\" border=\"0\"><\/a><\/p>\n<p><a name=\"m084\"><\/a><strong>DESARROLLO TECNOLOGICO<\/strong><\/p>\n<p><strong>Art\u00edculo 68.-<\/strong> Se promueve el desarrollo de tecnolog\u00edas apropiadas de innovaci\u00f3n y de avanzada, que apoyen el desarrollo econ\u00f3mico y social provincial y su intercambio con la Naci\u00f3n y Latinoam\u00e9rica.<\/p>\n<p>Fomenta la cooperaci\u00f3n entre las instituciones de investigaci\u00f3n cient\u00edfica, de desarrollo tecnol\u00f3gico y de empresas productivas, p\u00fablicas y privadas, evitando la dispersi\u00f3n y duplicaci\u00f3n de esfuerzos.<\/p>\n<p align=\"right\"><a href=\"#ini\"><img loading=\"lazy\" src=\"\/imagenes\/flecha_subir.gif\" width=\"15\" height=\"16\" border=\"0\"><\/a><\/p>\n<p><a name=\"m085\"><\/a><strong>SISTEMA PROVINCIAL DE CIENCIA Y TECNOLOGIA<\/strong><\/p>\n<p><strong>Art\u00edculo 69.-<\/strong> Todas las personas tienen derecho a acceder a los beneficios de la ciencia y de la tecnolog\u00eda.<\/p>\n<p>La Provincia estimula la difusi\u00f3n y utilizaci\u00f3n del conocimiento cient\u00edfico y tecnol\u00f3gico en todos los \u00e1mbitos de la sociedad; organiza el sistema provincial de ciencia y tecnolog\u00eda con participaci\u00f3n de cient\u00edficos, tecn\u00f3logos, instituciones y empresas del sector; concerta con la Naci\u00f3n su participaci\u00f3n en los planes federales.<\/p>\n<p>El presupuesto provincial asigna recursos espec\u00edficos debiendo la Legislatura analizar los avances producidos.<\/p>\n<p align=\"right\"><a href=\"#ini\"><img loading=\"lazy\" src=\"\/imagenes\/flecha_subir.gif\" width=\"15\" height=\"16\" border=\"0\"><\/a><\/p>\n<p>SECCION QUINTA<\/p>\n<p><a name=\"m086\"><\/a><strong>POLITICA DE RECURSOS NATURALES<\/strong><\/p>\n<p><a name=\"m087\"><\/a><strong>DOMINIO<\/strong><\/p>\n<p><strong>Art\u00edculo 70.-<\/strong> La Provincia tiene la propiedad originaria de los recursos naturales existentes en el territorio, su subsuelo, espacio a\u00e9reo y mar adyacente a sus costas, y la ejercita con las particularidades que establece para cada uno. La ley preserva su conservaci\u00f3n y aprovechamiento racional e integral, por s\u00ed o mediante acuerdo con la Naci\u00f3n, con otras provincias o con terceros, prentemente en la zona de origen. La Naci\u00f3n no puede disponer de los recursos naturales de la Provincia, sin previo acuerdo mediante leyes convenio que, contemplen el uso racional del mismo, las necesidades locales y la preservaci\u00f3n del recurso y de la ecolog\u00eda.<\/p>\n<p align=\"right\"><a href=\"#ini\"><img loading=\"lazy\" src=\"\/imagenes\/flecha_subir.gif\" width=\"15\" height=\"16\" border=\"0\"><\/a><\/p>\n<p><a name=\"m088\"><\/a><strong>REGIMEN DE AGUAS<\/strong><\/p>\n<p><strong>Art\u00edculo 71.-<\/strong> Son de dominio del Estado las aguas p\u00fablicas ubicadas en su jursidicci\u00f3n, que tengan o adquieran aptitud para satisfacer usos de inter\u00e9s general. El uso y goce de \u00e9stas debe ser otorgado por autoridad competente. El c\u00f3digo de aguas regla el gobierno, administraci\u00f3n, manejo unificado e integral del recurso, la participaci\u00f3n directa de los interesados y el fomento de aquellos emprendimientos y actividades calificados como inter\u00e9s social.<\/p>\n<p>La Provincia concerta con las restantes jurisdicciones el uso y aprovechamiento de las cuencas h\u00eddricas comunes.<\/p>\n<p align=\"right\"><a href=\"#ini\"><img loading=\"lazy\" src=\"\/imagenes\/flecha_subir.gif\" width=\"15\" height=\"16\" border=\"0\"><img loading=\"lazy\" src=\"\/imagenes\/flecha_subir.gif\" width=\"15\" height=\"16\" border=\"0\"><\/a><\/p>\n<p><a name=\"m089\"><\/a><strong>RECURSOS ICTICOLAS<\/strong><\/p>\n<p><strong>Art\u00edculo 72.-<\/strong> La Provincia preserva, regula y promueve sus recursos ict\u00edcolas y la investigaci\u00f3n cient\u00edfica, dentro de las \u00e1reas mar\u00edtimas de jurisdicci\u00f3n provincial y de los dem\u00e1s cursos o espejos de agua; fomenta la actividad pesquera y los puertos provinciales.<\/p>\n<p>En la jurisdicci\u00f3n mar\u00edtima complementa sus acciones con la Naci\u00f3n.<\/p>\n<p align=\"right\"><a href=\"#ini\"><img loading=\"lazy\" src=\"\/imagenes\/flecha_subir.gif\" width=\"15\" height=\"16\" border=\"0\"><\/a><\/p>\n<p><a name=\"m090\"><\/a><strong>ACCESO Y DEFENSA DE LAS RIBERAS<\/strong><\/p>\n<p><strong>Art\u00edculo 73.- <\/strong>Se asegura el libre acceso con fines recreativos a las riberas, costas de los r\u00edos, mares y espejos de agua de dominio p\u00fablico.<\/p>\n<p>El Estado regula las obras necesarias para la defensa de costas y construcci\u00f3n de v\u00edas de circulaci\u00f3n por las riberas.<\/p>\n<p align=\"right\"><a href=\"#ini\"><img loading=\"lazy\" src=\"\/imagenes\/flecha_subir.gif\" width=\"15\" height=\"16\" border=\"0\"><\/a><\/p>\n<p><a name=\"m091\"><\/a><strong>ORDENAMIENTO TERRITORIAL<\/strong><\/p>\n<p><strong>Art\u00edculo 74.- <\/strong>La Provincia con los municipios ordena el uso del suelo y regula el desarrollo urbano y rural, mediante las siguientes pautas:<\/p>\n<p>1. La utilizaci\u00f3n del suelo debe ser compatible con las necesidades generales de la comunidad.<\/p>\n<p>2. La ocupaci\u00f3n del territorio debe ajustarse a proyectos que respondan a los objetivos, pol\u00edticas y estrategias de la planificaci\u00f3n democr\u00e1tica y participativa de la comunidad, en el marco de la integraci\u00f3n regional y patag\u00f3nica.<\/p>\n<p>3. Las funciones fundamentales que deben cumplir las \u00e1reas urbanas para una mejor calidad de vida determinan la intensidad del uso y ocupaci\u00f3n del suelo, distribuci\u00f3n de la edificaci\u00f3n, reglamentaci\u00f3n de la subdivisi\u00f3n y determinaci\u00f3n de las \u00e1reas libres.<\/p>\n<p>4. El cumplimiento de los fines sociales de la actividad urban\u00edstica mediante la intervenci\u00f3n en el mercado de tierras y la captaci\u00f3n del incremento del valor originado por planes u obras del Estado.<\/p>\n<p align=\"right\"><a href=\"#ini\"><img loading=\"lazy\" src=\"\/imagenes\/flecha_subir.gif\" width=\"15\" height=\"16\" border=\"0\"><\/a><\/p>\n<p><a name=\"m092\"><\/a><strong>REGIMEN DE TIERRAS<\/strong><\/p>\n<p><strong>Art\u00edculo 75.-<\/strong> La Provincia considera la tierra como instrumento de producci\u00f3n que debe estar en manos de quien la trabaja, evitando la especulaci\u00f3n, el desarraigo y la concentraci\u00f3n de la propiedad.<\/p>\n<p>Es leg\u00edtima la propiedad privada del suelo y constituye un derecho para todos los habitantes acceder a ella.<\/p>\n<p>Propende a mantener la unidad productiva \u00f3ptima, la ejecuci\u00f3n de planes de colonizaci\u00f3n, el asentamiento de familias campesinas, con apoyo crediticio y t\u00e9cnico, y de fomento.<\/p>\n<p>La ley establece las condiciones de su manejo como recurso renovable, desalienta la explotaci\u00f3n irracional, as\u00ed como la especulaci\u00f3n en su tenencia libre de mejoras, a trav\u00e9s de impuestos generales.<\/p>\n<p>En materia agraria la Provincia expropia los latifundios inexplotados o explotados irracionalmente y las tierras sin derecho a aguas que con motivo de obras que realice el Estado puedan beneficiarse.<\/p>\n<p align=\"right\"><a href=\"#ini\"><img loading=\"lazy\" src=\"\/imagenes\/flecha_subir.gif\" width=\"15\" height=\"16\" border=\"0\"><\/a><\/p>\n<p><a name=\"m093\"><\/a><strong>BOSQUES<\/strong><\/p>\n<p><strong>Art\u00edculo 76.-<\/strong> El Estado promueve el aprovechamiento racional de los bosques, resguardando la supervivencia, conservaci\u00f3n, mejoramiento de las especies y reposici\u00f3n de aquellas de mayor inter\u00e9s, a trav\u00e9s de la forestaci\u00f3n y reforestaci\u00f3n.<\/p>\n<p>Para alcanzar tales fines, ejerce las facultades inherentes al poder de polic\u00eda.<\/p>\n<p align=\"right\"><a href=\"#ini\"><img loading=\"lazy\" src=\"\/imagenes\/flecha_subir.gif\" width=\"15\" height=\"16\" border=\"0\"><\/a><\/p>\n<p><a name=\"m094\"><\/a><strong>PARQUES<\/strong><\/p>\n<p><strong>Art\u00edculo 77.-<\/strong> La Provincia declara zonas de reserva y zonas intangibles. Reivindica el derecho a participar en forma igualitaria con la Naci\u00f3n en la administraci\u00f3n y aprovechamiento de los parques. En las zonas de reserva promueve por s\u00ed el poblamiento y desarrollo econ\u00f3mico.<\/p>\n<p>Otras \u00e1reas de inter\u00e9s ecol\u00f3gico pueden ser asimismo declaradas parques provinciales.<\/p>\n<p align=\"right\"><a href=\"#ini\"><img loading=\"lazy\" src=\"\/imagenes\/flecha_subir.gif\" width=\"15\" height=\"16\" border=\"0\"><\/a><\/p>\n<p><a name=\"m095\"><\/a><strong>RECURSOS MINEROS<\/strong><\/p>\n<p><strong>Art\u00edculo 78.-<\/strong> Los yacimientos y minas son propiedad de la Provincia. Esta fomenta la prospecci\u00f3n, exploraci\u00f3n, explotaci\u00f3n e industrializaci\u00f3n en la regi\u00f3n de origen. La ley regula estos objetivos, el registro, otorgamiento de concesiones, ejercicio del poder de polic\u00eda y el r\u00e9gimen de caducidades para el caso de minas abandonadas, inactivas o de ficientemente explotadas.<\/p>\n<p align=\"right\"><a href=\"#ini\"><img loading=\"lazy\" src=\"\/imagenes\/flecha_subir.gif\" width=\"15\" height=\"16\" border=\"0\"><\/a><\/p>\n<p><a name=\"m096\"><\/a><strong>HIDROCARBUROS Y MINERALES NUCLEARES<\/strong><\/p>\n<p><strong>Art\u00edculo 79.<\/strong>&#8211; Los yacimientos de gas, petr\u00f3leo y de minerales nucleares existentes en el territorio provincial y en la plataforma mar\u00edtima, son bienes del dominio p\u00fablico provincial. Su explotaci\u00f3n se otorga por ley, por convenio con la Naci\u00f3n. La Provincia interviene en los planes de exploraci\u00f3n o explotaci\u00f3n preservando el recurso, aplicando un precio diferencial para los hidrocarburos cuando \u00e9stos son extra\u00eddos en forma irracional, y asegurando inversiones sustitutivas en las \u00e1reas afectadas, para el sostenimiento de la actividad econ\u00f3mica. La ley fija los porcentajes de los productos extra\u00eddos que necesariamente deber\u00e1n ser industrializados en su territorio. La Provincia toma los recaudos necesarios para controlar las cantidades de petr\u00f3leo y gas que se extraen.<\/p>\n<p align=\"right\"><a href=\"#ini\"><img loading=\"lazy\" src=\"\/imagenes\/flecha_subir.gif\" width=\"15\" height=\"16\" border=\"0\"><\/a><\/p>\n<p><a name=\"m097\"><\/a><strong>RECURSOS ENERGETICOS<\/strong><\/p>\n<p><strong>Art\u00edculo 80.-<\/strong> La Provincia organiza los servicios de distribuci\u00f3n de energ\u00eda el\u00e9ctrica y de gas pudiendo convenir con la Naci\u00f3n la prestaci\u00f3n por parte de \u00e9sta. Otorga las concesiones de explotaci\u00f3n y dispone las formas de participaci\u00f3n de municipios, cooperativas y usuarios; ejerce la polic\u00eda de los servicios; asegura el suministro de estos servicios a todos los habitantes y su utilizaci\u00f3n como forma de promoci\u00f3n econ\u00f3mica y social.<\/p>\n<p>La Provincia reclama a las empresas explotadoras la indemnizaci\u00f3n de los da\u00f1os y la reparaci\u00f3n de los perjuicios que ocasionan las obras hidroel\u00e9ctricas.<\/p>\n<p align=\"right\"><a href=\"#ini\"><img loading=\"lazy\" src=\"\/imagenes\/flecha_subir.gif\" width=\"15\" height=\"16\" border=\"0\"><\/a><\/p>\n<p><a name=\"m098\"><\/a><strong>PARTICIPACION EN EMPRESAS NACIONALES<\/strong><\/p>\n<p><strong>Art\u00edculo 81.-<\/strong> Cuando el aprovechamiento de los recursos natura les fuere realizado por empresas del Estado Nacional, las mismas deben dar participaci\u00f3n a la Provincia en la administraci\u00f3n, direcci\u00f3n y control de dichas empresas.<\/p>\n<p align=\"right\"><a href=\"#ini\"><img loading=\"lazy\" src=\"\/imagenes\/flecha_subir.gif\" width=\"15\" height=\"16\" border=\"0\"><\/a><\/p>\n<p>SECCION SEXTA<\/p>\n<p><a name=\"m099\"><\/a><strong>POLITICA DE COMUNICACION SOCIAL<\/strong><\/p>\n<p><a name=\"m100\"><\/a><strong>ESPECTRO DE FRECUENCIA<\/strong><\/p>\n<p><strong>Art\u00edculo 82.-<\/strong> El espectro de frecuencia es un recurso natural de dominio p\u00fablico. La Provincia, en uso de su autonom\u00eda, reserva su derecho de legislar en materia de radiodifusi\u00f3n y televisi\u00f3n, decide sobre sus modelos de comunicaci\u00f3n para la afirmaci\u00f3n de la integraci\u00f3n y autonom\u00eda provincial y promueve especialmente la instalaci\u00f3n de emisoras en zona de frontera.<\/p>\n<p>La ley asegura el desarrollo, planificaci\u00f3n, coordinaci\u00f3n, investigaci\u00f3n, administraci\u00f3n y financiamiento de la comunicaci\u00f3n social.<\/p>\n<p align=\"right\"><a href=\"#ini\"><img loading=\"lazy\" src=\"\/imagenes\/flecha_subir.gif\" width=\"15\" height=\"16\" border=\"0\"><\/a><\/p>\n<p><a name=\"m101\"><\/a><strong>RADIODIFUSION Y TELEVISION<\/strong><\/p>\n<p><strong>Art\u00edculo 83.- <\/strong>La radiodifusi\u00f3n y televisi\u00f3n constituyen un servicio p\u00fablico orientado al desarrollo integral de la Provincia y sus habitantes, el crecimiento de sus regiones, la conformaci\u00f3n de su identidad cultural y el pleno ejercicio del derecho de informaci\u00f3n.<\/p>\n<p>El Estado garantiza el derecho de las audiencias a expresar org\u00e1nicamente su opini\u00f3n y a participar en la formulaci\u00f3n de pol\u00edticas p\u00fablicas sobre comunicaci\u00f3n social.<\/p>\n<p>Se proh\u00edbe el monopolio y el oligopolio estatal o privado, sobre los medios de comunicaci\u00f3n en el \u00e1mbito provincial y se promueve la instalaci\u00f3n de emisoras a cargo de organizaciones sociales sin fines de lucro que persigan objetivos de inter\u00e9s p\u00fablico.<\/p>\n<p align=\"right\"><a href=\"#ini\"><img loading=\"lazy\" src=\"\/imagenes\/flecha_subir.gif\" width=\"15\" height=\"16\" border=\"0\"><\/a><\/p>\n<p>SECCION SEPTIMA<\/p>\n<p><a name=\"m102\"><\/a><strong>POLITICA ECOLOGICA<\/strong><\/p>\n<p><a name=\"m103\"><\/a><strong>DEFENSA DEL MEDIO AMBIENTE<\/strong><\/p>\n<p><strong>Art\u00edculo 84.-<\/strong> Todos los habitantes tienen el derecho a gozar de un medio ambiente sano, libre de factores nocivos para la salud, y el deber de preservarlo y defenderlo.<\/p>\n<p>Con este fin, el Estado:<\/p>\n<p>1. Previene y controla la contaminaci\u00f3n del aire, agua y suelo, manteniendo el equilibrio ecol\u00f3gico.<\/p>\n<p>2. Conserva la flora, fauna y el patrimonio paisaj\u00edstico.<\/p>\n<p>3. Protege la subsistencia de las especies aut\u00f3ctonas; legisla sobre el comercio, introducci\u00f3n y liberaci\u00f3n de especies ex\u00f3ticas que puedan poner en peligro la producci\u00f3n agropecuaria o los ecosistemas naturales.<\/p>\n<p>4. Para grandes emprendimientos que potencialmente puedan alterar el ambiente, exige estudios previos del impacto ambiental.<\/p>\n<p>5. Reglamenta la producci\u00f3n, liberaci\u00f3n y ampliaci\u00f3n de los productos de la biotecnolog\u00eda, ingenier\u00eda nuclear y agroqu\u00edmica, y de los productos nocivos, para asegurar su uso racional.<\/p>\n<p>6. Establece programas de difusi\u00f3n y educaci\u00f3n ambiental en todos los niveles de ense\u00f1anza.<\/p>\n<p>7. Gestiona convenios con las provincias y con la Naci\u00f3n para asegurar el cumplimiento de los principios enumerados.<\/p>\n<p align=\"right\"><a href=\"#ini\"><img loading=\"lazy\" src=\"\/imagenes\/flecha_subir.gif\" width=\"15\" height=\"16\" border=\"0\"><\/a><\/p>\n<p><a name=\"m104\"><\/a><strong>CUSTODIA DE LOS ECOSISTEMAS NATURALES<\/strong><\/p>\n<p><strong>Art\u00edculo 85.-<\/strong> La custodia del medio ambiente est\u00e1 a cargo de un organismo con poder de polic\u00eda, dependiente del Poder Ejecutivo, con las atribuciones que le fija la ley.<\/p>\n<p>Los habitantes est\u00e1n legitimados para accionar ante las autoridades en defensa de los intereses ecol\u00f3gicos reconocidos en esta Constituci\u00f3n.<\/p>\n<p align=\"right\"><a href=\"#ini\"><img loading=\"lazy\" src=\"\/imagenes\/flecha_subir.gif\" width=\"15\" height=\"16\" border=\"0\"><\/a><\/p>\n<p>SECCION OCTAVA<\/p>\n<p><a name=\"m105\"><\/a><strong>POLITICA ECONOMICA<\/strong><\/p>\n<p><a name=\"m106\"><\/a><strong>PRINCIPIOS<\/strong><\/p>\n<p><strong>Art\u00edculo 86.- <\/strong>La econom\u00eda est\u00e1 al servicio del hombre y debe satisfacer sus necesidades materiales y espirituales. El capital cumple una funci\u00f3n social. Su principal objeto es el desarrollo de la Naci\u00f3n, de la Regi\u00f3n y de la Provincia y sus diversas formas de utilizaci\u00f3n no pueden contrariar el bien com\u00fan.<\/p>\n<p>La ley desalienta la usura, la especulaci\u00f3n y todas aquellas formas econ\u00f3micas que tiendan a dominar los mercados, eliminar la competencia o aumentar arbitrariamente las ganancias.<\/p>\n<p>Los beneficios del crecimiento son distribu\u00eddos equitativa y solidariamente. Los empresarios, los trabajadores y el Estado son responsables de la eficiencia, productividad y progreso de los factores econ\u00f3micos que participan en el proceso productivo.<\/p>\n<p align=\"right\"><a href=\"#ini\"><img loading=\"lazy\" src=\"\/imagenes\/flecha_subir.gif\" width=\"15\" height=\"16\" border=\"0\"><\/a><\/p>\n<p><a name=\"m107\"><\/a><strong>FACULTADES COMPARTIDAS<\/strong><\/p>\n<p><strong>Art\u00edculo 87.-<\/strong> La Provincia reivindica del Estado Nacional los poderes necesarios para regir su econom\u00eda, participaci\u00f3n igualitaria en la ejecuci\u00f3n de las pol\u00edticas sectoriales nacionales de inter\u00e9s provincial y en los organismos de aplicaci\u00f3n de las mismas. Dicta leyes que preservan las caracter\u00edsticas propias de la producci\u00f3n, industrializaci\u00f3n y comercializaci\u00f3n de los productos rionegrinos. Convendr\u00e1 con el gobierno nacional, asesorado por los sectores interesados, las condiciones de aplicaci\u00f3n de las leyes nacionales que regulan las actividades productivas.<\/p>\n<p align=\"right\"><a href=\"#ini\"><img loading=\"lazy\" src=\"\/imagenes\/flecha_subir.gif\" width=\"15\" height=\"16\" border=\"0\"><\/a><\/p>\n<p><a name=\"m108\"><\/a><strong>SERVICIOS PROVINCIALES<\/strong><\/p>\n<p><strong>Art\u00edculo 88.-<\/strong> La prestaci\u00f3n de servicios tarifados que realiza la Provincia asume forma empresaria con participaci\u00f3n mayoritaria y auditor\u00eda estatal. Su desenvolvimiento se ajusta a pautas de rentabilidad, buen servicio, eficiencia y publicidad de sus actos, sin perjuicio de las actividades de fomento que deba realizar. Est\u00e1n sujetos al pago de impuestos, tasas y contribuciones.<\/p>\n<p>La ley fija el r\u00e9gimen laboral aplicable a cada servicio.<\/p>\n<p align=\"right\"><a href=\"#ini\"><img loading=\"lazy\" src=\"\/imagenes\/flecha_subir.gif\" width=\"15\" height=\"16\" border=\"0\"><\/a><\/p>\n<p><a name=\"m109\"><\/a><strong>SUJECION AL PLANEAMIENTO<\/strong><\/p>\n<p><strong>Art\u00edculo 89.- <\/strong>Los entes que explotan servicios p\u00fablicos est\u00e1n sujetos a planes generales y sectoriales de laProvincia.<\/p>\n<p>Formulan programas y suscriben acuerdos que proponen al Poder Ejecutivo y que son aprobados por la Legislatura.<\/p>\n<p align=\"right\"><a href=\"#ini\"><img loading=\"lazy\" src=\"\/imagenes\/flecha_subir.gif\" width=\"15\" height=\"16\" border=\"0\"><\/a><\/p>\n<p><a name=\"m110\"><\/a><strong>PROPIEDAD &#8211; EXPROPIACION<\/strong><\/p>\n<p><strong>Art\u00edculo 90.-<\/strong> La propiedad y la actividad privadas tienen una funci\u00f3n social; est\u00e1n sometidas a las leyes que se dicten.<\/p>\n<p>La expropiaci\u00f3n por causa de utilidad p\u00fablica debe ser calificada por ley, previa y justamente indemnizada.<\/p>\n<p align=\"right\"><a href=\"#ini\"><img loading=\"lazy\" src=\"\/imagenes\/flecha_subir.gif\" width=\"15\" height=\"16\" border=\"0\"><\/a><\/p>\n<p><a name=\"m111\"><\/a><strong>DEFENSA DE LA PRODUCCION<\/strong><\/p>\n<p><strong>Art\u00edculo 91.-<\/strong> El Estado defiende la producci\u00f3n b\u00e1sica y riquezas naturales contra la acci\u00f3n del privilegio econ\u00f3mico y promueve su industrializaci\u00f3n y comercializaci\u00f3n, procurando su diversificaci\u00f3n e instalaci\u00f3n en los lugares de origen.<\/p>\n<p>Sanciona leyes de fomento para la radicaci\u00f3n de nuevos capitales y pobladores.<\/p>\n<p>Se declara de inter\u00e9s provincial la actividad exportadora de los productos b\u00e1sicos de la econom\u00eda rionegrina, determin\u00e1ndose como objetivos el logro de una adecuada rentabilidad en la colocaci\u00f3n de estos productos, el ordenamiento del proceso y una equitativa distribuci\u00f3n de los resultados entre los sectores intervinientes, los que se procurar\u00e1n a trav\u00e9s de la unificaci\u00f3n de la exportaci\u00f3n.<\/p>\n<p>Se asegura la participaci\u00f3n de los interesados en la planificaci\u00f3n e implementaci\u00f3n de las pol\u00edticas provinciales en la materia.<\/p>\n<p align=\"right\"><a href=\"#ini\"><img loading=\"lazy\" src=\"\/imagenes\/flecha_subir.gif\" width=\"15\" height=\"16\" border=\"0\"><\/a><\/p>\n<p><a name=\"m112\"><\/a><strong>CREDITO<\/strong><\/p>\n<p><strong>Art\u00edculo 92.-<\/strong> Es obligaci\u00f3n de los poderes p\u00fablicos orientar el cr\u00e9dito hacia tareas productivas impidiendo la especulaci\u00f3n.<\/p>\n<p>El banco provincial es instrumento oficial de la pol\u00edtica financiera del gobierno, caja obligada y agente financiero de los entes p\u00fablicos provinciales, y municipales, mientras \u00e9stos no posean sus propios bancos.<\/p>\n<p>Ejecuta la pol\u00edtica crediticia de la Provincia y canaliza el ahorro orientado a la producci\u00f3n.<\/p>\n<p>La Provincia fija las condiciones de instalaci\u00f3n de entidades financieras p\u00fablicas y privadas en su territorio, y ejercita sobre \u00e9stas y las ya instaladas el poder de polic\u00eda.<\/p>\n<p align=\"right\"><a href=\"#ini\"><img loading=\"lazy\" src=\"\/imagenes\/flecha_subir.gif\" width=\"15\" height=\"16\" border=\"0\"><\/a><\/p>\n<p>SECCION NOVENA<\/p>\n<p><a name=\"m113\"><\/a><strong>POLITICA FINANCIERA<\/strong><\/p>\n<p><a name=\"m114\"><\/a><strong>TESORO PROVINCIAL<\/strong><\/p>\n<p><strong>Art\u00edculo 93.-<\/strong> El gobierno de la Provincia provee a los gastos de su administraci\u00f3n con los fondos del tesoro provincial.<\/p>\n<p>Este se forma con el producto y fruto de sus bienes; con los beneficios de la actividad econ\u00f3mica que desarrolla y de los servicios que presta; con los recursos provenientes de los impuestos permanentes y transitorios; con la participaci\u00f3n que le corresponde por impuestos fijados por la Naci\u00f3n, con la cual celebra acuerdos para su establecimiento y percepci\u00f3n; y con las operaciones de cr\u00e9dito que realiza.<\/p>\n<p>Las regal\u00edas constituyen fondos especiales que deben ser progresivamente utilizados para obras espec\u00edficas del sector y para generar actividades sustitutivas del recurso.<\/p>\n<p align=\"right\"><a href=\"#ini\"><img loading=\"lazy\" src=\"\/imagenes\/flecha_subir.gif\" width=\"15\" height=\"16\" border=\"0\"><\/a><\/p>\n<p><a name=\"m115\"><\/a><strong>REGIMEN TRIBUTARIO<\/strong><\/p>\n<p><strong>Art\u00edculo 94.-<\/strong> La igualdad, proporcionalidad, no confiscatoriedad y progresividad constituyen la base del impuesto y de las cargas p\u00fablicas. Se establecen inspirados en prop\u00f3sitos de justicia y necesidad social. Se puede eximir el patrimonio y la renta m\u00ednima individual y familiar, y dem\u00e1s casos previstos por esta Constituci\u00f3n.<\/p>\n<p>Se grava prentemente la renta, los art\u00edculos suntuarios y el mayor valor del suelo libre de mejoras, el ausentismo y las ganancias especulativas. Se procura desgravar los art\u00edculos de primera necesidad, las actividades socialmente \u00fatiles, las culturales y las nuevas industrias; \u00e9stas \u00faltimas por per\u00edodos determinados en la forma que establece la ley.<\/p>\n<p align=\"right\"><a href=\"#ini\"><img loading=\"lazy\" src=\"\/imagenes\/flecha_subir.gif\" width=\"15\" height=\"16\" border=\"0\"><\/a><\/p>\n<p><a name=\"m116\"><\/a><strong>EMPRESTITOS<\/strong><\/p>\n<p><strong>Art\u00edculo 95.-<\/strong> No podr\u00e1 autorizarse empr\u00e9stito alguno sobre el cr\u00e9dito general de la Provincia, ni emisi\u00f3n de fondos p\u00fablicos, sino por ley sancionada con los dos tercios de votos de los miembros de la Legislatura.<\/p>\n<p>Toda ley que sanciona empr\u00e9stitos debe especificar los recursos con que deba afrontar el servicio de la deuda y su amortizaci\u00f3n, los que en ning\u00fan caso podr\u00e1n exceder del veinticinco por ciento de la renta ordinaria anual de la Provincia. No pueden aplicarse los recursos que se obtengan de empr\u00e9stitos sino a los fines determinados, que debe especificarse en la ley que los autoriza, bajo responsabilidad de la autoridad que los invierta o destine a otros objetos. El uso del cr\u00e9dito en las formas establecidas puede autorizarse \u00fanicamente cuando sea destinado a la ejecuci\u00f3n de obras p\u00fablicas, para hacer efectiva la reforma agraria o para atender gastos originados por cat\u00e1strofes, calamidades p\u00fablicas y otras necesidades excepcionales e impostergables del Estado, calificadas por ley, sin poder aplicarse en ning\u00fan caso a enjugar d\u00e9ficit de administraci\u00f3n.<\/p>\n<p align=\"right\"><a href=\"#ini\"><img loading=\"lazy\" src=\"\/imagenes\/flecha_subir.gif\" width=\"15\" height=\"16\" border=\"0\"><\/a><\/p>\n<p><a name=\"m117\"><\/a><strong>IMPUESTOS PARA GASTOS DETERMINADOS<\/strong><\/p>\n<p><strong>Art\u00edculo 96.- <\/strong>Los fondos provenientes de los impuestos destina dos especialmente a cubrir gastos determinados o amortizar operaciones de cr\u00e9dito, se aplican exclusivamente al objeto previsto y su recaudaci\u00f3n cesa cuando este quede cumplido, salvo nueva autorizaci\u00f3n legal.<\/p>\n<p align=\"right\"><a href=\"#ini\"><img loading=\"lazy\" src=\"\/imagenes\/flecha_subir.gif\" width=\"15\" height=\"16\" border=\"0\"><\/a><\/p>\n<p><a name=\"m118\"><\/a><strong>ATRIBUCIONES IMPOSITIVAS<\/strong><\/p>\n<p><strong>Art\u00edculo 97.-<\/strong> Los organismos descentralizados pueden ser facul tados para el cobro de los impuestos y contribuciones que les pertenezcan o en los que tengan participaci\u00f3n, en la forma y bajo las responsabilidades que la ley establezca.<\/p>\n<p align=\"right\"><a href=\"#ini\"><img loading=\"lazy\" src=\"\/imagenes\/flecha_subir.gif\" width=\"15\" height=\"16\" border=\"0\"><\/a><\/p>\n<p><a name=\"m119\"><\/a><strong>CONTRATOS Y LICITACIONES<\/strong><\/p>\n<p><strong>Art\u00edculo 98.-<\/strong> Toda enajenaci\u00f3n de bienes provinciales, compra, obra p\u00fablica o concesi\u00f3n de servicios p\u00fablicos, se hace por licitaci\u00f3n p\u00fablica o privada bajo pena de nulidad y sin perjuicio de las responsabilidades consiguientes. Por ley se establecen las excepciones a este principio.<\/p>\n<p>Puede prescindirse de la licitaci\u00f3n p\u00fablica o privada cuando el Estado resuelva realizar las obras por administraci\u00f3n o por intermedio de empresas cooperativas, sociedades mixtas o de otro tipo, de las cuales forma parte, y por los organismos intermunicipales o interprovinciales que se formaren al mismo efecto, para beneficiar al desarrollo y a la econom\u00eda regional.<\/p>\n<p>Se da prioridad de contrataci\u00f3n con el Estado a las personas f\u00edsicas o jur\u00eddicas radicadas en la Provincia, seg\u00fan el r\u00e9gimen que establece la ley.<\/p>\n<p align=\"right\"><a href=\"#ini\"><img loading=\"lazy\" src=\"\/imagenes\/flecha_subir.gif\" width=\"15\" height=\"16\" border=\"0\"><\/a><\/p>\n<p><a name=\"m120\"><\/a><strong>PRESUPUESTO<\/strong><\/p>\n<p><strong>Art\u00edculo 99.-<\/strong> Todo gasto de la administraci\u00f3n debe ajustarse a la ley de presupuesto.<\/p>\n<p>Las leyes especiales que dispongan o autoricen gastos, deben indicar el recurso corespondiente. Estos gastosy recursos son inclu\u00eddos en la primera ley de presupuesto que se apruebe, bajo sanci\u00f3n de caducidad.<\/p>\n<p align=\"right\"><a href=\"#ini\"><img loading=\"lazy\" src=\"\/imagenes\/flecha_subir.gif\" width=\"15\" height=\"16\" border=\"0\"><\/a><\/p>\n<p>SECCION DECIMA<\/p>\n<p><a name=\"m121\"><\/a><strong>POLITICAS DE COOPERATIVISMO Y MUTUALISMO<\/strong><\/p>\n<p><a name=\"m122\"><\/a><strong>OBJETIVOS<\/strong><\/p>\n<p><strong>Art\u00edculo 100.- <\/strong>El Estado reconoce la funci\u00f3n econ\u00f3mica y social del mutualismo y de la cooperaci\u00f3n libre, en especial de las cooperativas de producci\u00f3n y las que son fuente de trabajo y ocupaci\u00f3n.<\/p>\n<p>Implementa las pol\u00edticas destinadas a la difusi\u00f3n del pensamiento mutualista y cooperativista; la organizaci\u00f3n, el apoyo t\u00e9cnico y financiero; la comercializaci\u00f3n y distribuci\u00f3n de sus productos o servicios.<\/p>\n<p>La ley organiza el registro, ejercicio del poder de polic\u00eda, caracteres, finalidades y controles.<\/p>\n<p align=\"right\"><a href=\"#ini\"><img loading=\"lazy\" src=\"\/imagenes\/flecha_subir.gif\" width=\"15\" height=\"16\" border=\"0\"><\/a><\/p>\n<p><a name=\"m123\"><\/a><strong>LIBERTAD DE ASOCIACION COOPERATIVA -REPRESENTACION<\/strong><\/p>\n<p><strong>Art\u00edculo 101.- <\/strong>La Provincia promueve y asegura a todos sus habitantes la asociaci\u00f3n cooperativa con caracter\u00edsticas de libre acceso, adhesi\u00f3n voluntaria, organizaci\u00f3n democr\u00e1tica y solidaria. Las cooperativas deben cubrir necesidades comunes, propender al bienestar general y brindar servicios sin fines de lucro. El cooperativismo cuenta con representaci\u00f3n en la forma en que lo determine la ley en toda aquella actividad p\u00fablica donde tenga presencia activa.<\/p>\n<p align=\"right\"><a href=\"#ini\"><img loading=\"lazy\" src=\"\/imagenes\/flecha_subir.gif\" width=\"15\" height=\"16\" border=\"0\"><\/a><\/p>\n<p><a name=\"m124\"><\/a><strong>COOPERATIVAS<\/strong><\/p>\n<p><strong>Art\u00edculo 102.-<\/strong> Son cooperativas las instituciones privadas de servicios constitu\u00eddas con arreglo a la legislaci\u00f3n espec\u00edfica. Los actos de las cooperativas y sucursales con asiento en la Provincia, que den cumplimiento a los principios de libre asociaci\u00f3n y participaci\u00f3n de los asociados locales en las decisiones y controles de ellas, no son objeto de imposici\u00f3n a los efectos de los tributos provinciales.<\/p>\n<p>El gobierno provincial y los municipios dan prencia en el otorgamiento de permisos a las cooperativas integradas por la comunidad respectiva, o la mayor parte de ella, para la prestaci\u00f3n de los servicios p\u00fablicos de los que es usuaria. Asimismo dan prioridad a las cooperativas de producci\u00f3n y trabajo en sus licitaciones y contratos, ante igualdad de ofrecimientos.<\/p>\n<p align=\"right\"><a href=\"#ini\"><img loading=\"lazy\" src=\"\/imagenes\/flecha_subir.gif\" width=\"15\" height=\"16\" border=\"0\"><\/a><\/p>\n<p><a name=\"m125\"><\/a><strong>EDUCACION COOPERATIVA<\/strong><\/p>\n<p><strong>Art\u00edculo 103.- <\/strong>La Provincia incorpora dentro del curr\u00edculo oficial y en los distintos niveles de ense\u00f1anza, la educaci\u00f3n cooperativa, a trav\u00e9s de acciones conjuntas de las autoridades educativas, los representantes del sector cooperativo y el \u00f3rgano competente en la materia.<\/p>\n<p>Impulsa la pr\u00e1ctica del cooperativismo escolar.<\/p>\n<p align=\"right\"><a href=\"#ini\"><img loading=\"lazy\" src=\"\/imagenes\/flecha_subir.gif\" width=\"15\" height=\"16\" border=\"0\"><\/a><\/p>\n<p>SECCION UNDECIMA<\/p>\n<p><a name=\"m126\"><\/a><strong>POLITICAS DE PLANIFICACION Y REGIONALIZACION<\/strong><\/p>\n<p><a name=\"m127\"><\/a><strong>CONSEJO DE PLANIFICACION<\/strong><\/p>\n<p><a name=\"m128\"><\/a><strong>FUNCIONES<\/strong><\/p>\n<p><strong>Art\u00edculo 104.- <\/strong>La acci\u00f3n de gobierno, en cuanto a la promoci\u00f3n econ\u00f3mica y realizaci\u00f3n de la obra p\u00fablica, responde a una planificaci\u00f3n integral que contempla todas las relaciones de interdependencia de los factores locales, regionales y nacionales. Esta planificaci\u00f3n es dirigida y permanentemente actualizada por el Consejo de Planificaci\u00f3n; es imperativa para el sector p\u00fablico e indicativa para el sector privado.<\/p>\n<p align=\"right\"><a href=\"#ini\"><img loading=\"lazy\" src=\"\/imagenes\/flecha_subir.gif\" width=\"15\" height=\"16\" border=\"0\"><\/a><\/p>\n<p><a name=\"m129\"><\/a><strong>INTEGRACION<\/strong><\/p>\n<p><strong>Art\u00edculo 105.- <\/strong>El Consejo de Planificaci\u00f3n se integra con t\u00e9cnicos especialistas. Una ley especial fija su estructura, debiendo estar representada la actividad econ\u00f3mica y el trabajo. Los miembros del Consejo son designados por el Poder Ejecutivo con acuerdo de la Legislatura y s\u00f3lo son removidos por causales que fija la ley.<\/p>\n<p align=\"right\"><a href=\"#ini\"><img loading=\"lazy\" src=\"\/imagenes\/flecha_subir.gif\" width=\"15\" height=\"16\" border=\"0\"><\/a><\/p>\n<p><a name=\"m130\"><\/a><strong>REGIONES<\/strong><\/p>\n<p><strong>Art\u00edculo 106.-<\/strong> El territorio provincial se organiza en regiones. Se constituyen en base a los municipios, atendiendo a caracter\u00edsticas de afinidad hist\u00f3rica, social, geogr\u00e1fica, econ\u00f3mica, cultural e idiosincrasia de la poblaci\u00f3n.<\/p>\n<p>La ley fija sus l\u00edmites, recursos, estructura org\u00e1nica y funcionamiento.<\/p>\n<p align=\"right\"><a href=\"#ini\"><img loading=\"lazy\" src=\"\/imagenes\/flecha_subir.gif\" width=\"15\" height=\"16\" border=\"0\"><\/a><\/p>\n<p><a name=\"m131\"><\/a><strong>REGIONALIZACION DE LA ADMINISTRACION PUBLICA PROVINCIAL<\/strong><\/p>\n<p><strong>Art\u00edculo 107.-<\/strong> El Estado dispone la coincidencia de las circunscripciones administrativas de la Provincia con las regiones, y que \u00e9stas sean asiento de las delegaciones de los organismos que presten servicios a los habitantes, agrupados en centros administrativos provinciales localizados en una o m\u00e1s ciudades de las mismas.<\/p>\n<p align=\"right\"><a href=\"#ini\"><img loading=\"lazy\" src=\"\/imagenes\/flecha_subir.gif\" width=\"15\" height=\"16\" border=\"0\"><\/a><\/p>\n<p><a name=\"m132\"><\/a><strong>CONSEJOS REGIONALES<\/strong><\/p>\n<p>Art\u00edculo 108.- En cada regi\u00f3n se establece un Consejo Regional, presidido por un delegado del Poder Ejecutivo e integrado por representantes de los organismos provinciales con delegaciones en la misma, de los municipios que la integran, de los partidos pol\u00edticos de la regi\u00f3n con representaci\u00f3n legislativa y de entidades sectoriales, especialmente de las asociaciones de trabajadores y empresarios.<\/p>\n<p align=\"right\"><a href=\"#ini\"><img loading=\"lazy\" src=\"\/imagenes\/flecha_subir.gif\" width=\"15\" height=\"16\" border=\"0\"><\/a><\/p>\n<p><a name=\"m133\"><\/a><strong>FUNCIONES<\/strong><\/p>\n<p><strong>Art\u00edculo 109.-<\/strong> Los Consejos Regionales, conforme lo reglamenta la ley:<\/p>\n<p>1. Armonizan el planeamiento y desarrollo de la regi\u00f3n, elevando sus dict\u00e1menes al Consejo Provincial de Planificaci\u00f3n.<\/p>\n<p>2. Asesoran a los Poderes P\u00fablicos sobre los proyectos que afecten a la regi\u00f3n.<\/p>\n<p>3. Ejercitan iniciativas propias.<\/p>\n<p>4. Coordinan el accionar de los distintos \u00f3rdenes de las administraciones en su jurisdicci\u00f3n.<\/p>\n<p>El Poder Ejecutivo puede delegarles funciones.<\/p>\n<p align=\"right\"><a href=\"#ini\"><img loading=\"lazy\" src=\"\/imagenes\/flecha_subir.gif\" width=\"15\" height=\"16\" border=\"0\"><\/a><\/p>\n<p><a name=\"m134\"><\/a><strong>ENTES DE DESARROLLO<\/strong><\/p>\n<p><strong>Art\u00edculo 110.-<\/strong> Se crean los entes de desarrollo de la L\u00ednea Sur y de la zona de General Conesa, en funci\u00f3n del objetivo de igualar el progreso social, cultural y econ\u00f3mico de todas las regiones de la Provincia para su definitiva integraci\u00f3n. Concentran las acciones provinciales de promoci\u00f3n de la econom\u00eda, industrializaci\u00f3n de los productos regionales, defensa de la producci\u00f3n y otras acciones de fomento, con las funciones de planificaci\u00f3n y ejecuci\u00f3n que se les encomiendan; y las coordinan con los organismos competentes del Estado.<\/p>\n<p>Tienen car\u00e1cter aut\u00e1rquico, recursos propios y su conducci\u00f3n se integra con representantes regionales.<\/p>\n<p align=\"right\"><a href=\"#ini\"><img loading=\"lazy\" src=\"\/imagenes\/flecha_subir.gif\" width=\"15\" height=\"16\" border=\"0\"><\/a><\/p>\n<p>TERCERA PARTE<\/p>\n<p><a name=\"m135\"><\/a><strong>ORGANIZACION DEL ESTADO<\/strong><\/p>\n<p>SECCION PRIMERA<\/p>\n<p><a name=\"m136\"><\/a><strong>PODER CONSTITUYENTE<\/strong><\/p>\n<p><a name=\"m137\"><\/a><strong>NECESIDAD DE LA REFORMA<\/strong><\/p>\n<p><strong>Art\u00edculo 111.-<\/strong> Esta Constituci\u00f3n puede reformarse en todo o en cualquiera de sus partes. La necesidad de la reforma se declara por la Legislatura, con el voto favorable de las dos terceras partes del total de sus miembros y se lleva a cabo por una Convenci\u00f3n convocada al efecto.<\/p>\n<p>Dicha declaraci\u00f3n determina:<\/p>\n<p>1. Si la reforma es total o parcial y, en este caso, los art\u00edculos o temas que se consideran necesarios reformar.<\/p>\n<p>2. La fecha en que debe llevarse a cabo el acto comicial para la elecci\u00f3n de los convencionales, que no ser\u00e1 antes de los ciento ochenta d\u00edas de la fecha de la declaraci\u00f3n ni coincidir\u00e1 con elecci\u00f3n alguna.<\/p>\n<p>3. La partida presupuestaria provisoria necesaria para sufragar los gastos que su ejecuci\u00f3n demandar\u00e1.<\/p>\n<p>4. El lugar de la primera reuni\u00f3n.-<\/p>\n<p align=\"right\"><a href=\"#ini\"><img loading=\"lazy\" src=\"\/imagenes\/flecha_subir.gif\" width=\"15\" height=\"16\" border=\"0\"><\/a><\/p>\n<p><a name=\"m138\"><\/a><strong>INTEGRACION<\/strong><\/p>\n<p><strong>Art\u00edculo 112.-<\/strong> La Convenci\u00f3n se compone de un n\u00famero de miembros igual al de la Legislatura, al tiempo de declararse la necesidad de la reforma.<\/p>\n<p>Los convencionales se eligen por igual sistema que los legisladores.<\/p>\n<p align=\"right\"><a href=\"#ini\"><img loading=\"lazy\" src=\"\/imagenes\/flecha_subir.gif\" width=\"15\" height=\"16\" border=\"0\"><\/a><\/p>\n<p><a name=\"m139\"><\/a><strong>REQUISITOS &#8211; IMUNIDADES<\/strong><\/p>\n<p><strong>Art\u00edculo 113.-<\/strong> Para ser convencional se requieren las mismas calidades exigidas para el cargo de legislador y los electos tienen iguales inmunidades.<\/p>\n<p align=\"right\"><a href=\"#ini\"><img loading=\"lazy\" src=\"\/imagenes\/flecha_subir.gif\" width=\"15\" height=\"16\" border=\"0\"><\/a><\/p>\n<p><a name=\"m140\"><\/a><strong>INHABILIDADES &#8211; INCOMPATIBILIDADES<\/strong><\/p>\n<p><strong>Art\u00edculo 114.- <\/strong>Ser legislador y las inhabilidades establecidas para este cargo, rigen para ser convencional.<\/p>\n<p>La funci\u00f3n de convencional es incompatible con el ejercicio simult\u00e1neo de otro cargo, empleo p\u00fablico nacional, provincial o municipal, electivo o no.<\/p>\n<p align=\"right\"><a href=\"#ini\"><img loading=\"lazy\" src=\"\/imagenes\/flecha_subir.gif\" width=\"15\" height=\"16\" border=\"0\"><\/a><\/p>\n<p><a name=\"m141\"><\/a><strong>PROCLAMACION &#8211; PRIMERA REUNION<\/strong><\/p>\n<p><strong>Art\u00edculo 115.-<\/strong> La proclamaci\u00f3n de los convencionales electos se realiza dentro de los noventa d\u00edas del acto eleccionario.<\/p>\n<p>La primera reuni\u00f3n de la Convenci\u00f3n se efect\u00faa dentro de los treinta d\u00edas de proclamados.<\/p>\n<p align=\"right\"><a href=\"#ini\"><img loading=\"lazy\" src=\"\/imagenes\/flecha_subir.gif\" width=\"15\" height=\"16\" border=\"0\"><\/a><\/p>\n<p><a name=\"m142\"><\/a><strong>ATRIBUCIONES<\/strong><\/p>\n<p><strong>Art\u00edculo 116.-<\/strong> La Convenci\u00f3n fija la sede de sus reuniones, dicta su propio reglamento, nombra su personal, confecciona su presupuesto, aprueba sus inversiones y ejercita las dem\u00e1s facultades propias a su funci\u00f3n.<\/p>\n<p align=\"right\"><a href=\"#ini\"><img loading=\"lazy\" src=\"\/imagenes\/flecha_subir.gif\" width=\"15\" height=\"16\" border=\"0\"><\/a><\/p>\n<p><a name=\"m143\"><\/a><strong>PLAZOS &#8211; SANCION<\/strong><\/p>\n<p><strong>Art\u00edculo 117.-<\/strong> La reforma total de la Constituci\u00f3n debe ser sancionada dentro de los doscientos cuarenta d\u00edas y la parcial dentro de los ciento cincuenta d\u00edas; ambos plazos a contar desde la fecha de la primera reuni\u00f3n.<\/p>\n<p>La Convenci\u00f3n puede prorrogar el plazo por un tiempo igual a la mitad del t\u00e9rmino establecido para cada caso con el voto de las dos terceras partes de sus miembros.<\/p>\n<p>La Convenci\u00f3n se limita a tratar y resolver los puntos previstos en la convocatoria, pero no est\u00e1 obligada a hacer la reforma si no lo cree conveniente.<\/p>\n<p align=\"right\"><a href=\"#ini\"><img loading=\"lazy\" src=\"\/imagenes\/flecha_subir.gif\" width=\"15\" height=\"16\" border=\"0\"><\/a><\/p>\n<p><a name=\"m144\"><\/a><strong>COLABORACION &#8211; INFORMACION<\/strong><\/p>\n<p><strong>Art\u00edculo 118.-<\/strong> Toda autoridad, agente p\u00fablico, entidades aut\u00e1rquicas o sociedades del Estado deben prestar la colaboraci\u00f3n e informaci\u00f3n que la Convenci\u00f3n solicite.<\/p>\n<p align=\"right\"><a href=\"#ini\"><img loading=\"lazy\" src=\"\/imagenes\/flecha_subir.gif\" width=\"15\" height=\"16\" border=\"0\"><\/a><\/p>\n<p><a name=\"m145\"><\/a><strong>ENMIENDA &#8211; RENDUM<\/strong><\/p>\n<p><strong>Art\u00edculo 119.-<\/strong> La enmienda o reforma de un art\u00edculo y sus concordantes puede ser sancionada por el voto de los dos tercios de los miembros de la Legislatura; queda incorporado al texto constitucional si es ratificado por el voto de la mayor\u00eda del Pueblo, que es convocado al efecto o en oportunidad de la primera elecci\u00f3n provincial que se realice.<\/p>\n<p>Para que el rendum se considere v\u00e1lido, se requiere que los votos emitidos superen el cincuenta por ciento de los electores inscriptos en los padrones electorales que correspondan a la Provincia en dicha elecci\u00f3n.<\/p>\n<p>Reformas o enmiendas de esta naturaleza no pueden llevarse a cabo sino con intervalo de dos a\u00f1os. Este sistema no es de aplicaci\u00f3n a las prescripciones de la Primera Parte de esta Constituci\u00f3n ni a la presente Secci\u00f3n.<\/p>\n<p align=\"right\"><a href=\"#ini\"><img loading=\"lazy\" src=\"\/imagenes\/flecha_subir.gif\" width=\"15\" height=\"16\" border=\"0\"><\/a><\/p>\n<p>SECCION SEGUNDA<\/p>\n<p><a name=\"m146\"><\/a><strong>REGIMEN ELECTORAL<\/strong><\/p>\n<p><a name=\"m147\"><\/a><strong>SUFRAGIO<\/strong><\/p>\n<p><strong>Art\u00edculo 120.-<\/strong> El sufragio es un derecho y un deber que corresponde a todo ciudadano domiciliado en la Provincia y a los extranjeros, en los casos que esta Constituci\u00f3n determina.<\/p>\n<p>El sufragio es universal, secreto y obligatorio.<\/p>\n<p>La representaci\u00f3n pol\u00edtica tiene por base la poblaci\u00f3n y su distribuci\u00f3n territorial.<\/p>\n<p align=\"right\"><a href=\"#ini\"><img loading=\"lazy\" src=\"\/imagenes\/flecha_subir.gif\" width=\"15\" height=\"16\" border=\"0\"><\/a><\/p>\n<p><a name=\"m148\"><\/a><strong>LEY ELECTORAL<\/strong><\/p>\n<p><strong>Art\u00edculo 121.-<\/strong> La Legislatura sanciona la ley electoral que garantiza la representaci\u00f3n de las minor\u00edas a trav\u00e9s del sistema proporcional. La lista de candidatos para los cuerpos colegiados consigna suplentes. El reemplazo se hace de acuerdo al orden de lista comenzando por los candidatos titulares no incorporados.<\/p>\n<p align=\"right\"><a href=\"#ini\"><img loading=\"lazy\" src=\"\/imagenes\/flecha_subir.gif\" width=\"15\" height=\"16\" border=\"0\"><\/a><\/p>\n<p>SECCION TERCERA<\/p>\n<p><a name=\"m149\"><\/a><strong>PODER LEGISLATIVO<\/strong><\/p>\n<p>CAPITULO I<\/p>\n<p><a name=\"m150\"><\/a><strong>DISPOSICIONES GENERALES<\/strong><\/p>\n<p><a name=\"m151\"><\/a><strong>DENOMINACION &#8211; SEDE<\/strong><\/p>\n<p><strong>Art\u00edculo 122.- <\/strong>El Poder Legislativo es ejercido por una C\u00e1mara denominada &quot;Legislatura&quot; con asiento en la ciudad Capital de la Provincia.<\/p>\n<p align=\"right\"><a href=\"#ini\"><img loading=\"lazy\" src=\"\/imagenes\/flecha_subir.gif\" width=\"15\" height=\"16\" border=\"0\"><\/a><\/p>\n<p><a name=\"m152\"><\/a><strong>INTEGRACION<\/strong><\/p>\n<p><strong>Art\u00edculo 123.-<\/strong> La Legislatura se integra por no menos de treinta y seis y un m\u00e1ximo de cuarenta y seis legisladores elegidos directamente por el Pueblo, asegurando representaci\u00f3n regional con un n\u00famero fijo e igualitario de legisladores por circuito electoral; y representaci\u00f3n poblacional tomando a la Provincia como distrito \u00fanico, con un legislador por cada veintidos mil o fracci\u00f3n no menor de once mil habitantes.<\/p>\n<p>Se asegura representaci\u00f3n a las minor\u00edas.<\/p>\n<p align=\"right\"><a href=\"#ini\"><img loading=\"lazy\" src=\"\/imagenes\/flecha_subir.gif\" width=\"15\" height=\"16\" border=\"0\"><\/a><\/p>\n<p><a name=\"m153\"><\/a><strong>CONDICIONES DE ELEGIBILIDAD<\/strong><\/p>\n<p><strong>Art\u00edculo 124.-<\/strong> Para ser legislador se requiere:<\/p>\n<p>1. Haber cumplido veinticinco a\u00f1os de edad.<\/p>\n<p>2. Ser argentino con cinco a\u00f1os de ejercicio de la ciudadan\u00eda.<\/p>\n<p>3. Tener cinco a\u00f1os de residencia en la Provincia inmediata anterior a la elecci\u00f3n.<\/p>\n<p>4. Ser elector en el circuito por el que se postula.<\/p>\n<p align=\"right\"><a href=\"#ini\"><img loading=\"lazy\" src=\"\/imagenes\/flecha_subir.gif\" width=\"15\" height=\"16\" border=\"0\"><\/a><\/p>\n<p><a name=\"m154\"><\/a><strong>DURACION &#8211; RENOVACION &#8211; REEMPLAZO<\/strong><\/p>\n<p><strong>Art\u00edculo 125.-<\/strong> Los legisladores duran cuatro a\u00f1os en la funci\u00f3n y son reelegibles. La Legislatura se renueva totalmente al cumplirse dicho t\u00e9rmino.<\/p>\n<p align=\"right\"><a href=\"#ini\"><img loading=\"lazy\" src=\"\/imagenes\/flecha_subir.gif\" width=\"15\" height=\"16\" border=\"0\"><\/a><\/p>\n<p><a name=\"m155\"><\/a><strong>INHABILIDADES<\/strong><\/p>\n<p><strong>Art\u00edculo 126.<\/strong>&#8211; No pueden ser elegidos legisladores:<\/p>\n<p>1. Los militares, salvo despu\u00e9s de cinco a\u00f1os del retiro; y los eclesi\u00e1sticos regulares.<\/p>\n<p>2. Los destitu\u00eddos de cargo p\u00fablico por juicio pol\u00edtico o por el Consejo de la Magistratura; los exclu\u00eddos de la Legislatura por resoluci\u00f3n de la misma; los exonerados, por causa que le es imputable, de la administraci\u00f3n p\u00fablica nacional, provincial o municipal.<\/p>\n<p>3. Los incursos en causales previstas en esta Constituci\u00f3n y los condenados por delitos dolosos mientras subsistan los efectos jur\u00eddicos de la condena a la fecha del acto eleccionario.<\/p>\n<p>4. Los fallidos no rehabilitados hasta la fecha del acto eleccionario.<\/p>\n<p>5. Los ministros del Poder Ejecutivo.<\/p>\n<p align=\"right\"><a href=\"#ini\"><img loading=\"lazy\" src=\"\/imagenes\/flecha_subir.gif\" width=\"15\" height=\"16\" border=\"0\"><\/a><\/p>\n<p><a name=\"m156\"><\/a><strong>INCOMPATIBILIDADES<\/strong><\/p>\n<p><strong>Art\u00edculo 127.-<\/strong> Es incompatible el cargo de legislador con:<\/p>\n<p>1. El ejercicio de profesi\u00f3n o empleo, con excepci\u00f3n de la docencia e investigaci\u00f3n seg\u00fan la reglamentaci\u00f3n.<\/p>\n<p>2. El de director, administrador, gerente, propietario o mandatario, por s\u00ed o asociado, de empresas privadas que celebran contratos de suministros, obras o concesiones con los gobiernos nacional, provincial, municipal o comunal.<\/p>\n<p>Los agentes p\u00fablicos y de la actividad privada tienen licencia sin goce de haberes desde su incorporaci\u00f3n a la Legislatura y se les reserva el cargo hasta el cese de su mandato.<\/p>\n<p align=\"right\"><a href=\"#ini\"><img loading=\"lazy\" src=\"\/imagenes\/flecha_subir.gif\" width=\"15\" height=\"16\" border=\"0\"><\/a><\/p>\n<p><a name=\"m157\"><\/a><strong>INMUNIDADES<\/strong><\/p>\n<p><strong>Art\u00edculo 128.<\/strong>&#8211; El legislador, desde su elecci\u00f3n, no puede ser acusado, interrogado judicialmente ni molestado por las opiniones que emite en el desempe\u00f1o de su mandato, ni es detenido, salvo el caso de ser sorprendido in fraganti en la ejecuci\u00f3n de delito doloso reprimido con pena m\u00e1xima superior a los tres a\u00f1os de prisi\u00f3n.<\/p>\n<p align=\"right\"><a href=\"#ini\"><img loading=\"lazy\" src=\"\/imagenes\/flecha_subir.gif\" width=\"15\" height=\"16\" border=\"0\"><\/a><\/p>\n<p><a name=\"m158\"><\/a><strong>DESAFUERO<\/strong><\/p>\n<p><strong>Art\u00edculo 129.-<\/strong> A pedido de juez competente, la Legislatura puede, previo examen del sumario en sesi\u00f3n p\u00fablica, suspender con dos tercios de votos en su funci\u00f3n al legislador y ponerlo a disposici\u00f3n para su juzgamiento.<\/p>\n<p>Si la Legislatura niega el allanamiento del fuero, no se vuelve ante ella con la misma solicitud. Si accede y pasan seis meses sin que el legislador hubiese sido condenado, \u00e9ste recobra sus inmunidades y vuelve al ejercicio de la funci\u00f3n con s\u00f3lo hacer constar las fechas.<\/p>\n<p align=\"right\"><a href=\"#ini\"><img loading=\"lazy\" src=\"\/imagenes\/flecha_subir.gif\" width=\"15\" height=\"16\" border=\"0\"><\/a><\/p>\n<p><a name=\"m159\"><\/a><strong>DIETA<\/strong><\/p>\n<p><strong>Art\u00edculo 130.-<\/strong> El legislador percibe la remuneraci\u00f3n que la ley determina, que no puede ser alterada en su valor econ\u00f3mico durante el per\u00edodo de su mandato.<\/p>\n<p>CAPITULO II<\/p>\n<p><a name=\"m160\"><\/a><strong>AUTORIDADES<\/strong><\/p>\n<p><a name=\"m161\"><\/a><strong>PRESIDENTE<\/strong><\/p>\n<p><strong>Art\u00edculo 131.-<\/strong> El vicegobernador es el presidente nato de la Legislatura y tiene voto s\u00f3lo en caso de empate.<\/p>\n<p align=\"right\"><a href=\"#ini\"><img loading=\"lazy\" src=\"\/imagenes\/flecha_subir.gif\" width=\"15\" height=\"16\" border=\"0\"><\/a><\/p>\n<p><a name=\"m162\"><\/a><strong>VICEPRESIDENTES &#8211; COMISIONES<\/strong><\/p>\n<p><strong>Art\u00edculo 132.-<\/strong> En la primera sesi\u00f3n anual la Legislatura designa por mayor\u00eda absoluta un vicepresidente primero y un vicepresidente segundo; tienen voto en todos los casos. De igual manera designa sus comisiones.<\/p>\n<p align=\"right\"><a href=\"#ini\"><img loading=\"lazy\" src=\"\/imagenes\/flecha_subir.gif\" width=\"15\" height=\"16\" border=\"0\"><\/a><\/p>\n<p><a name=\"m163\"><\/a><strong>COMISION PERMANENTE<\/strong><\/p>\n<p><strong>Art\u00edculo 133.- <\/strong>Antes de entrar en receso, la Legislatura designa de su seno, una comisi\u00f3n permanente cuyas funciones son: continuar con la actividad administrativa, promover la convocatoria de la C\u00e1mara siempre que fuere necesario y preparar la apertura del per\u00edodo de sesiones ordinarias.<\/p>\n<p align=\"right\"><a href=\"#ini\"><img loading=\"lazy\" src=\"\/imagenes\/flecha_subir.gif\" width=\"15\" height=\"16\" border=\"0\"><\/a><\/p>\n<p>CAPITULO III<\/p>\n<p><a name=\"m164\"><\/a><strong>SESIONES<\/strong><\/p>\n<p><a name=\"m165\"><\/a><strong>ORDINARIAS<\/strong><\/p>\n<p><strong>Art\u00edculo 134.-<\/strong> La Legislatura funciona en sesiones ordinarias, sin ning\u00fan requisito de apertura o de clausura, desde el 1o de marzo hasta el 30 de noviembre de cada a\u00f1o; puede prorrogarlas, con comunicaci\u00f3n a los dem\u00e1s poderes indicando su t\u00e9rmino.<\/p>\n<p>Puede sesionar fuera del lugar de su sede pero en el territorio de la Provincia. La resoluci\u00f3n es tomada por mayor\u00eda absoluta de sus miembros.<\/p>\n<p align=\"right\"><a href=\"#ini\"><img loading=\"lazy\" src=\"\/imagenes\/flecha_subir.gif\" width=\"15\" height=\"16\" border=\"0\"><\/a><\/p>\n<p><a name=\"m166\"><\/a><strong>EXTRAORDINARIAS<\/strong><\/p>\n<p><strong>Art\u00edculo 135.-<\/strong> La Legislatura es convocada a sesiones extraordinarias por el Poder Ejecutivo o por propia resoluci\u00f3n. El presidente la convoca en caso de petici\u00f3n escrita firmada por la cuarta parte de sus miembros, cuando un grave o urgente asunto lo requiera. La Legislatura s\u00f3lo trata el o los asuntos que motivan la convocatoria.<\/p>\n<p>Si el presidente deniega o retarda por m\u00e1s de diez d\u00edas la convocatoria pedida por la cuarta parte de los miembros, \u00e9stos pueden hacer la convocatoria directamente.<\/p>\n<p align=\"right\"><a href=\"#ini\"><img loading=\"lazy\" src=\"\/imagenes\/flecha_subir.gif\" width=\"15\" height=\"16\" border=\"0\"><\/a><\/p>\n<p><a name=\"m167\"><\/a><strong>QUORUM<\/strong><\/p>\n<p><strong>Art\u00edculo 136.-<\/strong> La Legislatura sesiona con la mayor\u00eda absoluta de sus miembros. Si fracasa una sesi\u00f3n por falta de quorum, puede sesionar con la tercera parte de sus integrantes; este quorum es v\u00e1lido s\u00f3lo con citaci\u00f3n especial hecha con anticipaci\u00f3n de cinco d\u00edas y con menci\u00f3n expresa de los asuntos a tratar.<\/p>\n<p>Se except\u00faan los casos en que por esta Constituci\u00f3n se exige quorum especial.<\/p>\n<p>La Legislatura puede reunirse con menor n\u00famero de miembros al solo efecto de acordar las medidas necesarias para compeler a los inasistentes y aplicar penas de multa o suspensi\u00f3n.<\/p>\n<p align=\"right\"><a href=\"#ini\"><img loading=\"lazy\" src=\"\/imagenes\/flecha_subir.gif\" width=\"15\" height=\"16\" border=\"0\"><\/a><\/p>\n<p><a name=\"m168\"><\/a><strong>MAYORIA<\/strong><\/p>\n<p><strong>Art\u00edculo 137.- <\/strong>Cuando esta Constituci\u00f3n dispone que la mayor\u00eda requerida es sobre los miembros de la Legislatura, se entiende que lo es sobre la totalidad de los integrantes de la misma y, en los dem\u00e1s casos, sobre los presentes.<\/p>\n<p align=\"right\"><a href=\"#ini\"><img loading=\"lazy\" src=\"\/imagenes\/flecha_subir.gif\" width=\"15\" height=\"16\" border=\"0\"><\/a><\/p>\n<p><a name=\"m169\"><\/a><strong>CARACTER DE LAS SESIONES<\/strong><\/p>\n<p><strong>Art\u00edculo 138.-<\/strong> Las sesiones de la Legislatura son p\u00fablicas salvo cuando la naturaleza de los asuntos a considerar exija lo contrario, lo que se determina por mayor\u00eda de votos.<\/p>\n<p align=\"right\"><a href=\"#ini\"><img loading=\"lazy\" src=\"\/imagenes\/flecha_subir.gif\" width=\"15\" height=\"16\" border=\"0\"><\/a><\/p>\n<p>CAPITULO IV<\/p>\n<p><a name=\"m170\"><\/a><strong>ATRIBUCIONES DE LA LEGISLATURA<\/strong><\/p>\n<p><strong>Art\u00edculo 139.-<\/strong> La Legislatura tiene las siguientes facultades y deberes:<\/p>\n<p>1. Se da su propio reglamento que no puede ser modificado sobre tablas ni en el mismo d\u00eda.<\/p>\n<p>2. Por desorden de conducta en el ejercicio de sus funciones, corrige a sus miembros con dos tercios de votos, y los excluye de su seno con los cuatro quintos de votos; por inhabilidad f\u00edsica o ps\u00edquica sobreviniente, los remueve concuatro quintos de votos; sobre las renuncias decide por simple mayor\u00eda. Aplica la p\u00e9rdida autom\u00e1tica y proporcional de la dieta, en caso de ausencia injustificada a las sesiones.<\/p>\n<p>3. Nombra de su seno comisiones investigadoras sobre hechos determinados que sean de inter\u00e9s p\u00fablico, con las atribuciones que expresamente le otorga el cuerpo relacionadas directamente con los fines de la investigaci\u00f3n.<\/p>\n<p>4. Llama al recinto a los ministros con la cuarta parte de los votos, para pedirles las explicaciones e informes que estime conveniente, cit\u00e1ndolos por lo menos con tres d\u00edas de anticipaci\u00f3n, salvo caso de urgencia, comunic\u00e1ndoles el motivo de la citaci\u00f3n y los puntos sobre los cuales deber\u00e1n informar; est\u00e1n obligados a concurrir y a suministrar los informes.<\/p>\n<p>5. Requiere a los Poderes Judicial o Ejecutivo, a reparticiones aut\u00e1rquicas y a sociedades o particulares que exploten concesiones de servicios p\u00fablicos, los informes que considere necesarios conforme lo reglamente.<\/p>\n<p>6. Toma juramento al gobernador y al vicegobernador, autoriza o deniega las licencias que solicite cuando la ausencia fuera superior a diez d\u00edas.<\/p>\n<p>7. Designa los senadores nacionales.<\/p>\n<p>8. Establece anualmente el presupuesto de gastos y c\u00e1lculo de recursos, y aprueba o impugna las cuentas de inversi\u00f3n. En caso que el Poder Ejecutivo no remita el proyecto de ley de presupuesto dentro de los dos meses de iniciado el per\u00edodo ordinario de sesiones, la Legislatura considera el vigente y efect\u00faa las modificaciones que estime necesarias. La falta de sanci\u00f3n del proyecto en lo que resta del a\u00f1o, autoriza al Poder Ejecutivo a aplicar el vigente como ley de presupuesto para el a\u00f1o pr\u00f3ximo. La cantidad de cargos y el monto de sueldos proyectados por el Poder Ejecutivo en la ley de presupuesto, no pueden ser aumentados en \u00e9sta y dichos incrementos s\u00f3lo se hacen por medio de proyectos de ley que siguen el tr\u00e1mite ordinario.<\/p>\n<p>9. Acuerda subsidios del tesoro provincial a las municipalidades y a las comunas cuyas rentas no alcancen, seg\u00fan sus presupuestos, a cubrir sus gastos ordinarios.<\/p>\n<p>10. Considera el pago de la deuda interna y externa de la Provincia.<\/p>\n<p>11. Acuerda amnist\u00edas.<\/p>\n<p>12. Autoriza la cesi\u00f3n de tierras de la Provincia para objetos de utilidad p\u00fablica nacional, provincial, municipal o comunal, con los dos tercios de los votos presentes.<\/p>\n<p>13. Sanciona la ley general de educaci\u00f3n, de funciones y atribuciones del Consejo Provincial de Educaci\u00f3n.<\/p>\n<p>14. Dicta los c\u00f3digos: electoral, de procedimientos judiciales, administrativo y minero, de faltas, rural, bromatol\u00f3gico, alimentario, de aguas y leyes org\u00e1nicas de los Poderes Judicial, Ejecutivo y Municipal, registro civil, contabilidad, bosques y vial. Los c\u00f3digos de procedimientos judiciales deben ajustarse a los principios b\u00e1sicos de la oralidad y publicidad, y garantizan el recurso ordinario de apelaci\u00f3n cuando la sentencia definitiva no fuera dictada por un \u00f3rgano jurisdiccional colegiado. En materia criminal rige el sistema de la libre convicci\u00f3n y los recursos extraordinarios no pueden ser limitados por el tipo de delito y naturaleza o monto de la pena.<\/p>\n<p>15. Dicta las leyes impositivas, que rigen en tanto no las derogue o modifique por otra ley especial.<\/p>\n<p>16. Establece la divisi\u00f3n administrativa y pol\u00edtica; s\u00f3lo podr\u00e1 modificarse esta \u00faltima con el voto de los dos tercios de los miembros presentes.<\/p>\n<p>17. Sanciona las leyes necesarias y convenientes para la efectivizaci\u00f3n de todas las facultades, poderes, derechos y obligaciones que por esta Constituci\u00f3n correspondan a la Provincia, sin otra limitaci\u00f3n que la que resulte de la presente Constituci\u00f3n o de la Nacional. Todas las leyes deben ajustarse necesariamente a la orientaci\u00f3n y los principios contenidos en esta Constituci\u00f3n quedando absolutamente prohibido sancionar leyes que importen privilegios. La facultad legislativa, rida a todos los poderes no delegados al gobierno de la Naci\u00f3n, se ejercita sin otras limitaciones de materia y de persona que las anteriormente previstas, teniendo los incisos de este art\u00edculo un car\u00e1cter exclusivamente enunciativo.-<\/p>\n<p align=\"right\"><a href=\"#ini\"><img loading=\"lazy\" src=\"\/imagenes\/flecha_subir.gif\" width=\"15\" height=\"16\" border=\"0\"><\/a><\/p>\n<p>18. Ejerce las dem\u00e1s atribuciones previstas en esta Constituci\u00f3n.<\/p>\n<p>CAPITULO V<\/p>\n<p><a name=\"m171\"><\/a><strong>DE LAS LEYES: FORMACION Y SANCION<\/strong><\/p>\n<p><a name=\"m172\"><\/a><strong>INICIATIVA<\/strong><\/p>\n<p><strong>Art\u00edculo 140.- <\/strong>Toda ley tiene origen en la Legislatura por proyectos de sus miembros y de quienes esta Constituci\u00f3n acuerda iniciativa parlamentaria.<\/p>\n<p align=\"right\"><a href=\"#ini\"><img loading=\"lazy\" src=\"\/imagenes\/flecha_subir.gif\" width=\"15\" height=\"16\" border=\"0\"><\/a><\/p>\n<p><a name=\"m173\"><\/a><strong>APROBACION<\/strong><\/p>\n<p><strong>Art\u00edculo 141.-<\/strong> Todo proyecto es aprobado por mayor\u00eda absoluta o especial, seg\u00fan el caso, por votaciones en general y en particular de cada uno de los art\u00edculos.<\/p>\n<p>Una vez aprobado, se difunde a la poblaci\u00f3n de la Provincia por los medios de comunicaci\u00f3n a los efectos de conocer la opini\u00f3n popular, conforme al reglamento.<\/p>\n<p align=\"right\"><a href=\"#ini\"><img loading=\"lazy\" src=\"\/imagenes\/flecha_subir.gif\" width=\"15\" height=\"16\" border=\"0\"><\/a><\/p>\n<p><a name=\"m174\"><\/a><strong>SANCION<\/strong><\/p>\n<p><strong>Art\u00edculo 142.- <\/strong>Transcurridos quince d\u00edas desde la aprobaci\u00f3n se someter\u00e1 a nueva votaci\u00f3n en general y en particular; si obtiene la mayor\u00eda requerida queda sancionada como ley.<\/p>\n<p align=\"right\"><a href=\"#ini\"><img loading=\"lazy\" src=\"\/imagenes\/flecha_subir.gif\" width=\"15\" height=\"16\" border=\"0\"><\/a><\/p>\n<p><a name=\"m175\"><\/a><strong>EXCEPCIONES<\/strong><\/p>\n<p><strong>Art\u00edculo 143.-<\/strong> Se excluyen del tr\u00e1mite prescripto:<\/p>\n<p>1. Los proyectos que ratifican los convenios suscriptos por el Poder Ejecutivo y el proyecto de ley de presupuesto.<\/p>\n<p>2. Los proyectos que remita el Poder Ejecutivo, previo acuerdo general de ministros, con car\u00e1cter de urgencia. Estas excepciones se sancionan en una \u00fanica vuelta.<\/p>\n<p align=\"right\"><a href=\"#ini\"><img loading=\"lazy\" src=\"\/imagenes\/flecha_subir.gif\" width=\"15\" height=\"16\" border=\"0\"><\/a><\/p>\n<p><a name=\"m176\"><\/a><strong>PROMULGACION &#8211; VETO<\/strong><\/p>\n<p><strong>Art\u00edculo 144.-<\/strong> Sancionado un proyecto de ley por la Legislatura, se remite al Poder Ejecutivo para que lo promulgue y publique, o lo vete en todo o en parte dentro del t\u00e9rmino de diez d\u00edas de su recibo. Vencido el plazo y no vetado el proyecto, si el Poder Ejecutivo no hubiera efectuado su publicaci\u00f3n, lo hace la Legislatura.-<\/p>\n<p align=\"right\"><a href=\"#ini\"><img loading=\"lazy\" src=\"\/imagenes\/flecha_subir.gif\" width=\"15\" height=\"16\" border=\"0\"><\/a><\/p>\n<p><a name=\"m177\"><\/a><strong>INSISTENCIA<\/strong><\/p>\n<p><strong>Art\u00edculo 145.-<\/strong> Desechado en todo o en parte un proyecto de ley por el Poder Ejecutivo, vuelve con sus objeciones a la Legislatura y si \u00e9sta insiste en su sanci\u00f3n con los dos tercios de votos, es ley y pasa al Poder Ejecutivo para su promulgaci\u00f3n y publicaci\u00f3n en la forma dispuesta en el art\u00edculo anterior. No reuni\u00e9ndose los dos tercios para su insistencia ni mayor\u00eda para aceptar las modificaciones propuestas por el Poder Ejecutivo, no puede repetirse en las sesiones de ese a\u00f1o.-<\/p>\n<p align=\"right\"><a href=\"#ini\"><img loading=\"lazy\" src=\"\/imagenes\/flecha_subir.gif\" width=\"15\" height=\"16\" border=\"0\"><\/a><\/p>\n<p><a name=\"m178\"><\/a><strong>PROMULGACION PARCIAL<\/strong><\/p>\n<p><strong>Art\u00edculo 146.-<\/strong> Vetado en parte un proyecto por el Poder Ejecutivo no podr\u00e1 \u00e9ste promulgar la parte no vetada, excepto respecto a la ley de presupuesto que cuando fuere vetada s\u00f3lo ser\u00e1 reconsiderada en la parte observada, quedando en vigencia lo restante.<\/p>\n<p align=\"right\"><a href=\"#ini\"><img loading=\"lazy\" src=\"\/imagenes\/flecha_subir.gif\" width=\"15\" height=\"16\" border=\"0\"><\/a><\/p>\n<p><a name=\"m179\"><\/a><strong>FORMULA<\/strong><\/p>\n<p><strong>Art\u00edculo 147.-<\/strong> En la sanci\u00f3n de las leyes se usar\u00e1 esta f\u00f3rmula: &quot;La Legislatura de la Provincia de R\u00edo Negro sanciona con fuerza de ley&quot;.-<\/p>\n<p align=\"right\"><a href=\"#ini\"><img loading=\"lazy\" src=\"\/imagenes\/flecha_subir.gif\" width=\"15\" height=\"16\" border=\"0\"><\/a><\/p>\n<p><a name=\"m180\"><\/a><strong>OBLIGATORIEDAD<\/strong><\/p>\n<p><strong>Art\u00edculo 148.-<\/strong> Las leyes son obligatorias despu\u00e9s de su publicaci\u00f3n y desde el d\u00eda que en ellas se determina.<\/p>\n<p>Si no designan tiempo, las leyes son obligatorias ocho d\u00edas despu\u00e9s de su publicaci\u00f3n.-<\/p>\n<p align=\"right\"><a href=\"#ini\"><img loading=\"lazy\" src=\"\/imagenes\/flecha_subir.gif\" width=\"15\" height=\"16\" border=\"0\"><\/a><\/p>\n<p><a name=\"m181\"><\/a><strong>REVOCATORIA<\/strong><\/p>\n<p><strong>Art\u00edculo 149.- <\/strong>Todo habitante de la Provincia puede peticionar la revocatoria de una ley a partir de su promulgaci\u00f3n.<\/p>\n<p>La ley determina el funcionamiento del registro de adhesiones, los plazos y el r\u00e9ndum obligatorio.<\/p>\n<p align=\"right\"><a href=\"#ini\"><img loading=\"lazy\" src=\"\/imagenes\/flecha_subir.gif\" width=\"15\" height=\"16\" border=\"0\"><\/a><\/p>\n<p>CAPITULO VI<\/p>\n<p><a name=\"m182\"><\/a><strong>JUICIO POLITICO<\/strong><\/p>\n<p><a name=\"m183\"><\/a><strong>FUNCIONARIOS INCLUIDOS<\/strong><\/p>\n<p><strong>Art\u00edculo 150.-<\/strong> El gobernador, el vicegobernador, y sus reemplazantes legales cuando ejerzan el Poder Ejecutivo, los ministros, los magistrados del Superior Tribunal y los dem\u00e1s funcionarios que establezca esta Constituci\u00f3n y las leyes est\u00e1n sujetos a juicio pol\u00edtico. Pueden ser denunciados ante la Legislatura por incapacidad f\u00edsica o mental sobreviniente, por delitos en el desempe\u00f1o de sus funciones, por delitos comunes o por falta de cumplimiento de los deberes a su cargo.<\/p>\n<p align=\"right\"><a href=\"#ini\"><img loading=\"lazy\" src=\"\/imagenes\/flecha_subir.gif\" width=\"15\" height=\"16\" border=\"0\"><\/a><\/p>\n<p><a name=\"m184\"><\/a><strong>DENUNCIA<\/strong><\/p>\n<p><strong>Art\u00edculo 151.-<\/strong> Cualquier miembro de la Legislatura o habitante de la Provincia puede denunciar ante la sala acusadora el delito, falta o incapacidad a efectos de que se promueva juicio.<\/p>\n<p align=\"right\"><a href=\"#ini\"><img loading=\"lazy\" src=\"\/imagenes\/flecha_subir.gif\" width=\"15\" height=\"16\" border=\"0\"><\/a><\/p>\n<p><a name=\"m185\"><\/a><strong>COMPOSICION<\/strong><\/p>\n<p><strong>Art\u00edculo 152.-<\/strong> La Legislatura en su primera sesi\u00f3n ordinaria, se divide en dos salas por sorteo proporcional en cada una de ellas, de acuerdo a la integraci\u00f3n pol\u00edtica de la misma, para la tramitaci\u00f3n del juicio pol\u00edtico. La primera tiene a su cargo la acusaci\u00f3n y la segunda el juzgamiento. La sala acusadora es presidida por un legislador elegido de su seno y la juzgadora por el presidente del Superior Tribunal de Justicia y si \u00e9ste fuera el enjuiciado o estuviera impedido, por el sustituto o reemplazante legal.<\/p>\n<p align=\"right\"><a href=\"#ini\"><img loading=\"lazy\" src=\"\/imagenes\/flecha_subir.gif\" width=\"15\" height=\"16\" border=\"0\"><\/a><\/p>\n<p><a name=\"m186\"><\/a><strong>SALA ACUSADORA<\/strong><\/p>\n<p><strong>Art\u00edculo 153.-<\/strong> La sala acusadora nombra en la misma sesi\u00f3n una comisi\u00f3n acusadora, no pudiendo facultar al presidente para que la designe. Tiene por objeto investigar la verdad de los hechos en que se funde la acusaci\u00f3n; tiene para ese efecto las m\u00e1s amplias facultades.<\/p>\n<p align=\"right\"><a href=\"#ini\"><img loading=\"lazy\" src=\"\/imagenes\/flecha_subir.gif\" width=\"15\" height=\"16\" border=\"0\"><\/a><\/p>\n<p><a name=\"m187\"><\/a><strong>PROCEDIMIENTO<\/strong><\/p>\n<p><strong>Art\u00edculo 154.-<\/strong> La comisi\u00f3n termina sus diligencias en el perentorio t\u00e9rmino de cuarenta d\u00edas y presenta dictamen a la sala acusadora, la que s\u00f3lo puede aceptarlo por el voto de las dos terceras partes de sus miembros presentes.<\/p>\n<p align=\"right\"><a href=\"#ini\"><img loading=\"lazy\" src=\"\/imagenes\/flecha_subir.gif\" width=\"15\" height=\"16\" border=\"0\"><\/a><\/p>\n<p><a name=\"m188\"><\/a><strong>SUSPENSION<\/strong><\/p>\n<p><strong>Art\u00edculo 155.-<\/strong> Desde el momento en que la sala acusadora acepta la denuncia, el acusado queda suspendido en el ejercicio de sus funciones, sin goce de sueldo.<\/p>\n<p><a name=\"m189\"><\/a><strong>COMISION ACUSADORA<\/strong><\/p>\n<p><strong>Art\u00edculo 156.-<\/strong> Admitida la acusaci\u00f3n por la sala acusadora, \u00e9sta nombra una comisi\u00f3n de tres integrantes para que la sostenga ante la segunda sala que se constituye en tribunal de sentencia, previo juramento de sus miembros.<\/p>\n<p align=\"right\"><a href=\"#ini\"><img loading=\"lazy\" src=\"\/imagenes\/flecha_subir.gif\" width=\"15\" height=\"16\" border=\"0\"><\/a><\/p>\n<p><a name=\"m190\"><\/a><strong>PROCEDIMIENTO<\/strong><\/p>\n<p><strong>Art\u00edculo 157.-<\/strong> Entablada la acusaci\u00f3n por la sala acusadora, el tribunal de sentencia procede a conocer la causa, que falla antes de treinta d\u00edas. Si vencido ese t\u00e9rmino no hubiese fallado, el acusado vuelve al ejercicio de sus funciones.<\/p>\n<p align=\"right\"><a href=\"#ini\"><img loading=\"lazy\" src=\"\/imagenes\/flecha_subir.gif\" width=\"15\" height=\"16\" border=\"0\"><\/a><\/p>\n<p><a name=\"m191\"><\/a><strong>GARANTIA DE DEFENSA<\/strong><\/p>\n<p><strong>Art\u00edculo 158.- <\/strong>La ley establece el procedimiento, garantizando la defensa y el descargo del acusado.<\/p>\n<p>Todas las garant\u00edas y derechos reconocidos por esta Constituci\u00f3n y la Nacional, para los juicios de naturaleza penal, son de aplicaci\u00f3n obligatoria y pueden invocarse por los interesados durante el proceso. La ley no puede retacear el derecho del denunciante mediante impuesto, fianza, cauciones u otros grav\u00e1menes o requisitos no previstos por esta Constituci\u00f3n.<\/p>\n<p align=\"right\"><a href=\"#ini\"><img loading=\"lazy\" src=\"\/imagenes\/flecha_subir.gif\" width=\"15\" height=\"16\" border=\"0\"><\/a><\/p>\n<p><a name=\"m192\"><\/a><strong>VOTACION<\/strong><\/p>\n<p><strong>Art\u00edculo 159.- <\/strong>Ning\u00fan acusado puede ser declarado culpable sino por el voto de los dos tercios de la totalidad de los miembros del tribunal de sentencia. La votaci\u00f3n es nominal.<\/p>\n<p align=\"right\"><a href=\"#ini\"><img loading=\"lazy\" src=\"\/imagenes\/flecha_subir.gif\" width=\"15\" height=\"16\" border=\"0\"><\/a><\/p>\n<p><a name=\"m193\"><\/a><strong>FALLO<\/strong><\/p>\n<p><strong>Art\u00edculo 160.- <\/strong>El fallo no tiene m\u00e1s efecto que destituir al acusado y a\u00fan inhabilitarlo para ejercer cargos p\u00fablicos por tiempo determinado, quedando siempre sujeto a juicio, conforme a las leyes, ante los tribunales ordinarios.<\/p>\n<p align=\"right\"><a href=\"#ini\"><img loading=\"lazy\" src=\"\/imagenes\/flecha_subir.gif\" width=\"15\" height=\"16\" border=\"0\"><\/a><\/p>\n<p>CAPITULO VII<\/p>\n<p><a name=\"m194\"><\/a><strong>ORGANOS DE CONTROL EXTERNO<\/strong><\/p>\n<p><a name=\"m195\"><\/a><strong>TRIBUNAL DE CUENTAS &#8211; INTEGRACION<\/strong><\/p>\n<p><strong>Art\u00edculo 161.- <\/strong>El Tribunal de Cuentas es \u00f3rgano de contralor externo con autonom\u00eda funcional e integrado por tres miembros.<\/p>\n<p align=\"right\"><a href=\"#ini\"><img loading=\"lazy\" src=\"\/imagenes\/flecha_subir.gif\" width=\"15\" height=\"16\" border=\"0\"><\/a><\/p>\n<p><a name=\"m196\"><\/a><strong>REQUISITOS<\/strong><\/p>\n<p><strong>Art\u00edculo 162.- <\/strong>Para ser miembro del Tribunal de Cuentas se requieren iguales exigencias que para ser legislador y, adem\u00e1s, t\u00edtulo de abogado o graduado en ciencias econ\u00f3micas, debiendo acreditar diez a\u00f1os de ejercicio de la profesi\u00f3n.<\/p>\n<p align=\"right\"><a href=\"#ini\"><img loading=\"lazy\" src=\"\/imagenes\/flecha_subir.gif\" width=\"15\" height=\"16\" border=\"0\"><\/a><\/p>\n<p><a name=\"m197\"><\/a><strong>ATRIBUCIONES<\/strong><\/p>\n<p><strong>Art\u00edculo 163.-<\/strong> El Tribunal de Cuentas tiene las siguientes facultades y deberes:<\/p>\n<p>1. Controla la legitimidad de lo ingresado e invertido en funci\u00f3n del presupuesto por la administraci\u00f3n centralizada y descentralizada, empresas del Estado, sociedades con par ticipaci\u00f3n estatal, beneficiarios de aportes provinciales, como as\u00ed tambi\u00e9n los municipios que lo soliciten.<\/p>\n<p>2. Vigila el cumplimiento de las disposiciones legales y procedimientos administrativos; inspecciona las oficinas p\u00fablicas que administran fondos, tomando las medidas necesarias para prevenir irregularidades; promueve juicio de cuentas y juicio de responsabilidad a funcionarios y empleados, a\u00fan despu\u00e9s de cesar en sus cargos y a todos sus efectos, por extralimitaci\u00f3n o cumplimiento irregular, en la forma que establezca la ley; de resultar necesaria la promoci\u00f3n de investigaciones, da traslado al Fiscal de Investigaciones Administrativas.<\/p>\n<p>3. Dictamina sobre las cuentas de inversi\u00f3n del presupuesto que el Poder Ejecutivo presenta a la Legislatura para su aprobaci\u00f3n.<\/p>\n<p>4. Provee a la designaci\u00f3n de los \u00f3rganos de fiscalizaci\u00f3n interna y externa de las empresas, sociedades, entidades crediticias, entes y organismos aut\u00e1rquicos del Estado.<\/p>\n<p>5. Informa anualmente a la Legislatura sobre los resultados del control que realiza y emite opini\u00f3n sobre los procedimientos administrativos en uso, sin perjuicio de los informes que puede elevar en cualquier momento por graves incumplimientos o irregularidades.<\/p>\n<p>6. Elabora y eleva su proyecto de presupuesto anual; designa y remueve su personal.<\/p>\n<p align=\"right\"><a href=\"#ini\"><img loading=\"lazy\" src=\"\/imagenes\/flecha_subir.gif\" width=\"15\" height=\"16\" border=\"0\"><\/a><\/p>\n<p><a name=\"m198\"><\/a><strong>FISCAL DE INVESTIGACIONES ADMINISTRATIVAS &#8211; FUNCIONES<\/strong><\/p>\n<p><strong>Art\u00edculo 164.-<\/strong> Corresponde al Fiscal de Investigaciones Adminis trativas la promoci\u00f3n de las investigaciones de las conductas administrativas de los funcionarios y agentes de la administraci\u00f3n p\u00fablica, de los entes descentralizados, aut\u00e1rquicos, de las empresas y sociedades del Estado o controlados por \u00e9l.<\/p>\n<p align=\"right\"><a href=\"#ini\"><img loading=\"lazy\" src=\"\/imagenes\/flecha_subir.gif\" width=\"15\" height=\"16\" border=\"0\"><\/a><\/p>\n<p><a name=\"m199\"><\/a><strong>REQUISITOS<\/strong><\/p>\n<p><strong>Art\u00edculo 165.-<\/strong> Para ser designado Fiscal de Investigaciones Administrativas se requieren las mismas exigencias que para ser miembro del Superior Tribunal de Justicia, teniendo iguales derechos, incompatibilidades e inmunidades.<\/p>\n<p align=\"right\"><a href=\"#ini\"><img loading=\"lazy\" src=\"\/imagenes\/flecha_subir.gif\" width=\"15\" height=\"16\" border=\"0\"><\/a><\/p>\n<p><a name=\"m200\"><\/a><strong>DISPOSICIONES COMUNES<\/strong><\/p>\n<p><strong>Art\u00edculo 166.- <\/strong>Los miembros del Tribunal de Cuentas y el Fiscal de Investigaciones Administrativas son designados por la Legislatura a propuesta del Poder Ejecutivo. Duran seis a\u00f1os en las funciones y pueden ser redesignados. Se remueven por las causales y procedimientos del juicio pol\u00edtico.<\/p>\n<p align=\"right\"><a href=\"#ini\"><img loading=\"lazy\" src=\"\/imagenes\/flecha_subir.gif\" width=\"15\" height=\"16\" border=\"0\"><\/a><\/p>\n<p><a name=\"m201\"><\/a><strong>DEFENSOR DEL PUEBLO<\/strong><\/p>\n<p><strong>Art\u00edculo 167.-<\/strong> Corresponde al Defensor del Pueblo la defensa de los derechos individuales y colectivos frente a los actos, hechos u omisiones de la administraci\u00f3n p\u00fablica provincial. Supervisa la eficacia en la prestaci\u00f3n de los servicios p\u00fablicos. De advertir infracciones o delitos en materia administrativa, da intervenci\u00f3n al Fiscal de Investigaciones Administrativas. Sus funciones son reglamentadas por ley y su actuaci\u00f3n se funda en los principios de informalismo, gratuidad, impulsi\u00f3n de oficio, sumariedad y accesibilidad.<\/p>\n<p align=\"right\"><a href=\"#ini\"><img loading=\"lazy\" src=\"\/imagenes\/flecha_subir.gif\" width=\"15\" height=\"16\" border=\"0\"><\/a><\/p>\n<p><a name=\"m202\"><\/a><strong>REQUISITOS &#8211; CONDICIONES &#8211; DURACION &#8211; INFORME ANUAL<\/strong><\/p>\n<p><strong>Art\u00edculo 168.-<\/strong> Debe tener los mismos requisitos que para ser legislador; le comprenden sus mismas inhabilidades, incompatibilidades e inmunidades y no puede ser removido sino por las causales y el procedimiento establecido para el juicio pol\u00edtico. Es designado por la Legislatura con el voto de los dos tercios de sus miembros.<\/p>\n<p>Dura cinco a\u00f1os en la funci\u00f3n y puede ser redesignado.<\/p>\n<p>Est\u00e1 obligado a rendir un informe anual a la Legislatura antes de la finalizaci\u00f3n de cada per\u00edodo ordinario de sesiones, el que es tratado en sesi\u00f3n especial; puede elevar informes extraordinarios cuando lo estime necesario.<\/p>\n<p align=\"right\"><a href=\"#ini\"><img loading=\"lazy\" src=\"\/imagenes\/flecha_subir.gif\" width=\"15\" height=\"16\" border=\"0\"><\/a><\/p>\n<p><a name=\"m203\"><\/a><strong>REGLAMENTACION<\/strong><\/p>\n<p><strong>Art\u00edculo 169.-<\/strong> La ley establece la organizaci\u00f3n, funciones, competencia, procedimientos y situaci\u00f3n institucional del Tribunal de Cuentas, Fiscal\u00eda de Investigaciones Administrativas y Defensor del Pueblo.<\/p>\n<p align=\"right\"><a href=\"#ini\"><img loading=\"lazy\" src=\"\/imagenes\/flecha_subir.gif\" width=\"15\" height=\"16\" border=\"0\"><\/a><\/p>\n<p>SECCION CUARTA<\/p>\n<p><a name=\"m204\"><\/a><strong>PODER EJECUTIVO<\/strong><\/p>\n<p>CAPITULO I<\/p>\n<p><a name=\"m205\"><\/a><strong>DISPOSICIONES GENERALES<\/strong><\/p>\n<p><a name=\"m206\"><\/a><strong>GOBERNADOR Y VICEGOBERNADOR<\/strong><\/p>\n<p><strong>Art\u00edculo 170.-<\/strong> El Poder Ejecutivo de la Provincia es ejercido por un ciudadano con el t\u00edtulo de gobernador. Su reemplazante legal es el vicegobernador, elegido al mismo tiempo y por igual per\u00edodo.<\/p>\n<p align=\"right\"><a href=\"#ini\"><img loading=\"lazy\" src=\"\/imagenes\/flecha_subir.gif\" width=\"15\" height=\"16\" border=\"0\"><\/a><\/p>\n<p><a name=\"m207\"><\/a><strong>CONDICIONES DE ELEGIBILIDAD<\/strong><\/p>\n<p><strong>Art\u00edculo 171.- <\/strong>Para ser elegido gobernador o vicegobernador se requiere:<\/p>\n<p>1. Haber cumplido treinta a\u00f1os de edad.<\/p>\n<p>2. Ser argentino, con cinco a\u00f1os de ciudadan\u00eda en ejercicio.<\/p>\n<p>3. Tener diez a\u00f1os de residencia en la Provincia con cinco a\u00f1os inmediatos anteriores a la elecci\u00f3n.<\/p>\n<p align=\"right\"><a href=\"#ini\"><img loading=\"lazy\" src=\"\/imagenes\/flecha_subir.gif\" width=\"15\" height=\"16\" border=\"0\"><\/a><\/p>\n<p><a name=\"m208\"><\/a><strong>INHABILIDADES<\/strong><\/p>\n<p><strong>Art\u00edculo 172.- <\/strong>No pueden ser elegidos gobernador o vicegobernador:<\/p>\n<p>1. Los c\u00f3nyuges y parientes hasta el segundo grado de consanguinidad o afinidad del gobernador o vicegobernador, en el mismo per\u00edodo o en el siguiente al mandato ejercido.<\/p>\n<p>2. Las dem\u00e1s inhabilidades previstas para el legislador.<\/p>\n<p align=\"right\"><a href=\"#ini\"><img loading=\"lazy\" src=\"\/imagenes\/flecha_subir.gif\" width=\"15\" height=\"16\" border=\"0\"><\/a><\/p>\n<p><a name=\"m209\"><\/a><strong>ELECCION<\/strong><\/p>\n<p><strong>Art\u00edculo 173.- <\/strong>El gobernador y el vicegobernador son elegidos directamente por el Pueblo a simple pluralidad de sufragios, constituyendo la Provincia a ese efecto un solo distrito electoral.<\/p>\n<p>En caso de empate decide la Legislatura.<\/p>\n<p align=\"right\"><a href=\"#ini\"><img loading=\"lazy\" src=\"\/imagenes\/flecha_subir.gif\" width=\"15\" height=\"16\" border=\"0\"><\/a><\/p>\n<p><a name=\"m210\"><\/a><strong>DURACION DEL MANDATO<\/strong><\/p>\n<p><strong>Art\u00edculo 174.-<\/strong> El gobernador y el vicegobernador duran cuatro a\u00f1os en el ejercicio de sus funciones y cesan en ellas el mismo d\u00eda en que expira el per\u00edodo, sin que pueda prorrogarse el t\u00e9rmino por evento alguno ni tampoco completarse cuando haya sido interrumpido por cualquier causa.<\/p>\n<p align=\"right\"><a href=\"#ini\"><img loading=\"lazy\" src=\"\/imagenes\/flecha_subir.gif\" width=\"15\" height=\"16\" border=\"0\"><\/a><\/p>\n<p><a name=\"m211\"><\/a><strong>REELECCION<\/strong><\/p>\n<p><strong>Art\u00edculo 175.-<\/strong> El gobernador y el vicegobernador pueden ser reelectos o sucederse rec\u00edprocamente por un nuevo per\u00edodo y por una sola vez.<\/p>\n<p>Si han sido reelectos o se han sucedido rec\u00edprocamente, no pueden ser elegidos para ninguno de ambos cargos sino con un per\u00edodo de intervalo.<\/p>\n<p align=\"right\"><a href=\"#ini\"><img loading=\"lazy\" src=\"\/imagenes\/flecha_subir.gif\" width=\"15\" height=\"16\" border=\"0\"><\/a><\/p>\n<p><a name=\"m212\"><\/a><strong>JURAMENTO<\/strong><\/p>\n<p><strong>Art\u00edculo 176.- <\/strong>Al tomar posesi\u00f3n del cargo, el gobernador y el vicegobernador prestan juramento ante la Legislatura, en sesi\u00f3n especial. En su defecto, lo hacen ante el Superior Tribunal de Justicia.<\/p>\n<p align=\"right\"><a href=\"#ini\"><img loading=\"lazy\" src=\"\/imagenes\/flecha_subir.gif\" width=\"15\" height=\"16\" border=\"0\"><\/a><\/p>\n<p><a name=\"m213\"><\/a><strong>INMUNIDADES<\/strong><\/p>\n<p><strong>Art\u00edculo 177.-<\/strong> El gobernador y el vicegobernador, desde el d\u00eda de su elecci\u00f3n hasta el de su cese, gozan de las mismas inmunidades que los legisladores.<\/p>\n<p><a name=\"m214\"><\/a><strong>AUSENCIAS<\/strong><\/p>\n<p><strong>Art\u00edculo 178.-<\/strong> El gobernador y el vicegobernador no pueden ausentarse del territorio provincial por m\u00e1s de diez d\u00edas sin autorizaci\u00f3n de la Legislatura. Si \u00e9sta estuviere en receso se le dar\u00e1 cuenta oportunamente.<\/p>\n<p>El gobernador y el vicegobernador no pueden ausentarse simult\u00e1neamente del territorio provincial.<\/p>\n<p align=\"right\"><a href=\"#ini\"><img loading=\"lazy\" src=\"\/imagenes\/flecha_subir.gif\" width=\"15\" height=\"16\" border=\"0\"><\/a><\/p>\n<p><a name=\"m215\"><\/a><strong>EMOLUMENTOS &#8211; INCOMPATIBILIDADES<\/strong><\/p>\n<p><strong>Art\u00edculo 179.-<\/strong> El gobernador y el vicegobernador perciben la retribuci\u00f3n que la ley determina, que no puede ser alterada en su valor econ\u00f3mico durante el per\u00edodo de sus mandatos.<\/p>\n<p>No pueden ejercer otro empleo ni percibir otro emolumento, salvo las rentas propias.<\/p>\n<p align=\"right\"><a href=\"#ini\"><img loading=\"lazy\" src=\"\/imagenes\/flecha_subir.gif\" width=\"15\" height=\"16\" border=\"0\"><\/a><\/p>\n<p><a name=\"m216\"><\/a><strong>ACEFALIA<\/strong><\/p>\n<p><strong>Art\u00edculo 180.-<\/strong> La acefal\u00eda se resuelve con sujeci\u00f3n a las siguientes reglas:<\/p>\n<p>1. El vicegobernador reemplaza al gobernador en caso de ausencia o inhabilidad temporaria y hasta que cesa la misma.<\/p>\n<p>2. En caso de fallecimiento, destituci\u00f3n, renuncia o inhabilidad definitiva del gobernador, antes o despu\u00e9s de su asunci\u00f3n, lo reemplaza el vicegobernador hasta el t\u00e9rmino del mandato.<\/p>\n<p>3. Si la inhabilidad o causa temporal afectare simult\u00e1neamente al gobernador y al vicegobernador en ejercicio, se hace cargo del Poder Ejecutivo, hasta el cese de la inhabilidad o causa motivante, el vicepresidente primero o, en su defecto, el vicepresidente segundo de la Legislatura.<\/p>\n<p>4. En caso de fallecimiento, destituci\u00f3n, renuncia o inhabilidad definitiva del gobernador y del vicegobernador y faltando m\u00e1s de dos a\u00f1os para completar el per\u00edodo, se convoca a elecciones dentro de los sesenta d\u00edas, lapso en que se aplica el inciso anterior. El Superior Tribunal de Justicia suple la omisi\u00f3n de la convocatoria.<\/p>\n<p>5. En el caso del inciso anterior, si faltare menos de dos a\u00f1os para completar el per\u00edodo, la elecci\u00f3n la hace la Legislatura de su seno, por mayor\u00eda absoluta de votos en la primera votaci\u00f3n y por simple mayor\u00eda en la segunda.<\/p>\n<p>6. En caso de fallecimiento, destituci\u00f3n, renuncia o inhabilidad definitiva del vicegobernador, lo designa la Legislatura, a propuesta del Poder Ejecutivo y en la forma prevista en el inciso anterior.<\/p>\n<p>7. Si el d\u00eda en que debe cesar el gobernador saliente no estuviere proclamado el nuevo, el presidente del Superior Tribunal de Justicia desempe\u00f1a el cargo mientras dura esa situaci\u00f3n, con las funciones limitadas que tiene el interventor federal en esta Constituci\u00f3n.<\/p>\n<p align=\"right\"><a href=\"#ini\"><img loading=\"lazy\" src=\"\/imagenes\/flecha_subir.gif\" width=\"15\" height=\"16\" border=\"0\"><\/a><\/p>\n<p>CAPITULO II<\/p>\n<p><a name=\"m217\"><\/a><strong>ATRIBUCIONES<\/strong><\/p>\n<p><a name=\"m218\"><\/a><strong>DEL GOBERNADOR<\/strong><\/p>\n<p><strong>Art\u00edculo 181.-<\/strong> El gobernador tiene las siguientes facultades y deberes:<\/p>\n<p>1. Ejerce la representaci\u00f3n oficial de la Provincia y es el jefe de la administraci\u00f3n provincial. Ejecuta las leyes.<\/p>\n<p>2. Nombra y remueve por s\u00ed y sin refrendo a los ministros.<\/p>\n<p>3. Nombra y remueve a los agentes p\u00fablicos para los cuales esta Constituci\u00f3n o las leyes respectivas no establecen otra forma de nombramiento o remoci\u00f3n.<\/p>\n<p>4. Indulta o conmuta penas por delitos sujetos a la jurisdicci\u00f3n provincial, previo informe favorable del tribunal correspondiente. No ejerce esta atribuci\u00f3n cuando se trate de delitos electorales o delitos cometidos por agentes p\u00fablicos en ocasi\u00f3n de sus funciones.<\/p>\n<p>5. Expide las instrucciones, decretos y reglamentos necesarios para poner en ejercicio las leyes, no pudiendo alterar su esp\u00edritu con excepciones reglamentarias.<\/p>\n<p>6. Puede dictar decretos sobre materias de competencia legislativa en casos de necesidad y urgencia, o de amenaza grave e inminente al funcionamiento regular de los poderes p\u00fablicos, en acuerdo general de ministros, previa consulta al fiscal de estado y al presidente de la Legislatura. Informa a la Provincia mediante mensaje p\u00fablico. Debe remitir el decreto a la Legislatura dentro de los cinco d\u00edas de dictado, convocando simult\u00e1neamente a sesiones extraordinarias si estuviere en receso, bajo apercibimiento de perder su eficacia en forma autom\u00e1tica. Transcurridos noventa d\u00edas desde su recepci\u00f3n por la Legislatura, sin haber sido aprobado o rechazado, el decreto de necesidad y urgencia queda convertido en ley.<\/p>\n<p>7. Conoce y resuelve los recursos administrativos que se deduzcan contra sus propios actos, los de sus inferiores jer\u00e1rquicos y entes aut\u00e1rquicos provinciales, siendo sus decisiones recurribles ante la justicia.<\/p>\n<p>8. Concurre a la formaci\u00f3n de las leyes y ejerce el derecho de iniciativa; participa en la discusi\u00f3n por s\u00ed o por medio de sus ministros; las veta, promulga y publica con arreglo a esta Constituci\u00f3n.<\/p>\n<p>9. Concurre a la apertura de las sesiones ordinarias de la Legislatura; da cuenta del estado de la administraci\u00f3n y recomienda las medidas que juzgue necesarias y convenientes.<\/p>\n<p>10. Convoca a la Legislatura a sesiones extraordinarias o dispone la pr\u00f3rroga de las ordinarias cuando graves problemas lo requieran.<\/p>\n<p>11. Presenta el proyecto de ley de presupuesto general de la Provincia y el plan de recursos, en los dos \u00faltimos meses de sesiones ordinarias de la Legislatura.<\/p>\n<p>12. Da cuenta a la Legislatura del uso del presupuesto del \u00faltimo ejercicio en los dos primeros meses de las sesiones ordinarias.<\/p>\n<p>13. Celebra y firma tratados o convenios internacionales, con la Naci\u00f3n y con las dem\u00e1s Provincias; da previo conocimiento sobre sus pautas y requiere su posterior ratificaci\u00f3n de la Legislatura.<\/p>\n<p>14. Celebra y firma por s\u00ed iguales tratados o convenios en asuntos de su exclusiva competencia, dando conocimiento posterior a la Legislatura.<\/p>\n<p>15. Tiene la iniciativa exclusiva para la sanci\u00f3n de leyes de creaci\u00f3n de entes aut\u00e1rquicos y empresas del Estado; dispone la participaci\u00f3n en sociedades del Estado Nacional, interprovinciales o mixtas, con acuerdo de la Legislatura.<\/p>\n<p>16. Recauda las rentas provinciales; dispone su inversi\u00f3n de acuerdo a las leyes y publica trimestralmente el estado de tesorer\u00eda.<\/p>\n<p>17. Ejerce el poder de polic\u00eda de la Provincia; adopta las medidas conducentes para conservar la seguridad y el orden; asegura el auxilio de la fuerza p\u00fablica cuando sea solicitada por los tribunales de justicia, autoridades y funcionarios que por esta Constituci\u00f3n y las leyes est\u00e9n autorizados para recabarla, debiendo el requerimiento ser presentado directamente a la autoridad policial del lugar.<\/p>\n<p>18. Convoca a elecciones, consultas, rendum o revocatorias populares, sin que por ning\u00fan motivo pueda diferirlas.<\/p>\n<p>19. Informa p\u00fablica y permanentemente sobre los actos de gobierno a trav\u00e9s de los medios de comunicaci\u00f3n masiva, sin discriminaci\u00f3n ideol\u00f3gica entre ellos. La informaci\u00f3n debe ser veraz y objetiva.<\/p>\n<p>20. Y dem\u00e1s atribuciones y deberes que le acuerda esta Constituci\u00f3n.<\/p>\n<p align=\"right\"><a href=\"#ini\"><img loading=\"lazy\" src=\"\/imagenes\/flecha_subir.gif\" width=\"15\" height=\"16\" border=\"0\"><\/a><\/p>\n<p><a name=\"m219\"><\/a><strong>DEL VICEGOBERNADOR<\/strong><\/p>\n<p><strong>Art\u00edculo 182.<\/strong>&#8211; El vicegobernador tiene las siguientes facultades y deberes:<\/p>\n<p>1. Reemplaza al gobernador conforme a esta Constituci\u00f3n.<\/p>\n<p>2. Preside la Legislatura, con voto en caso de empate.<\/p>\n<p>3. Es colaborador directo del gobernador. Puede asistir a los acuerdos de ministros y suscribir los decretos que se elaboren en los mismos.<\/p>\n<p>4. Es el nexo institucional entre los Poderes Ejecutivo y Legislativo.<\/p>\n<p align=\"right\"><a href=\"#ini\"><img loading=\"lazy\" src=\"\/imagenes\/flecha_subir.gif\" width=\"15\" height=\"16\" border=\"0\"><\/a><\/p>\n<p>CAPITULO III<\/p>\n<p><a name=\"m220\"><\/a><strong>MINISTROS<\/strong><\/p>\n<p><a name=\"m221\"><\/a><strong>FUNCIONES<\/strong><\/p>\n<p><strong>Art\u00edculo 183.- <\/strong>El despacho de los asuntos de la Provincia est\u00e1 a cargo de ministros que refrendan y legalizan con sus firmas los actos del gobernador, sin la cual carecen devalidez.<\/p>\n<p>Una ley especial fija su n\u00famero, ramas y funciones.<\/p>\n<p align=\"right\"><a href=\"#ini\"><img loading=\"lazy\" src=\"\/imagenes\/flecha_subir.gif\" width=\"15\" height=\"16\" border=\"0\"><\/a><\/p>\n<p><a name=\"m222\"><\/a><strong>REQUISITOS &#8211; INMUNIDADES<\/strong><\/p>\n<p><strong>Art\u00edculo 184.-<\/strong> Para ser ministro se requieren las mismas condiciones exigidas que para ser legislador. Tiene las mismas inhabilidades que \u00e9ste.<\/p>\n<p>No pueden ser designados los c\u00f3nyuges ni los parientes dentro del segundo grado de consanguinidad o afinidad de quien ejerce la funci\u00f3n de gobernador o vicegobernador.<\/p>\n<p>Los ministros tienen las mismas inmunidades que los legisladores.<\/p>\n<p align=\"right\"><a href=\"#ini\"><img loading=\"lazy\" src=\"\/imagenes\/flecha_subir.gif\" width=\"15\" height=\"16\" border=\"0\"><\/a><\/p>\n<p><a name=\"m223\"><\/a><strong>RESPONSABILIDAD<\/strong><\/p>\n<p><strong>Art\u00edculo 185.- <\/strong>Cada ministro es solidariamente responsable de los actos que legaliza y de los que acuerda con sus pares.<\/p>\n<p><a name=\"m224\"><\/a><strong>FACULTADES<\/strong><\/p>\n<p><strong>Art\u00edculo 186.- <\/strong>Los ministros toman por s\u00ed todas las resoluciones que la ley les autoriza de acuerdo con su competencia y dictan las providencias de tr\u00e1mite.<\/p>\n<p>Pueden participar en las sesiones de la Legislatura y tienen la obligaci\u00f3n de informar ante ella, cuando les fuera requerido. En los casos de las sesiones secretas, juicio pol\u00edtico, adopci\u00f3n de medidas contra un legislador o disciplinarias respecto a terceras personas, s\u00f3lo participan previa resoluci\u00f3n de la Legislatura.<\/p>\n<p align=\"right\"><a href=\"#ini\"><img loading=\"lazy\" src=\"\/imagenes\/flecha_subir.gif\" width=\"15\" height=\"16\" border=\"0\"><\/a><\/p>\n<p><a name=\"m225\"><\/a><strong>SUPLENCIA<\/strong><\/p>\n<p><strong>Art\u00edculo 187.- <\/strong>En caso de licencia o de impedimento de alguno de los ministros, el gobernador encarga a otro el despacho correspondiente a su cartera por un per\u00edodo no mayor de sesenta d\u00edas y hasta que aquel se reintegre a sus funciones o se designe un nuevo titular.<\/p>\n<p align=\"right\"><a href=\"#ini\"><img loading=\"lazy\" src=\"\/imagenes\/flecha_subir.gif\" width=\"15\" height=\"16\" border=\"0\"><\/a><\/p>\n<p><a name=\"m226\"><\/a><strong>PROHIBICION<\/strong><\/p>\n<p><strong>Art\u00edculo 188.<\/strong>&#8211; Los ministros no pueden aceptar candidaturas a cargos municipales, provinciales o nacionales.<\/p>\n<p><a name=\"m227\"><\/a><strong>REMUNERACION<\/strong><\/p>\n<p><strong>Art\u00edculo 189.-<\/strong> Los ministros perciben por sus servicios un sueldo establecido por ley, que no puede ser alterado en su valor econ\u00f3mico durante el ejercicio de su funci\u00f3n.<\/p>\n<p align=\"right\"><a href=\"#ini\"><img loading=\"lazy\" src=\"\/imagenes\/flecha_subir.gif\" width=\"15\" height=\"16\" border=\"0\"><\/a><\/p>\n<p>CAPITULO IV<\/p>\n<p><a name=\"m228\"><\/a><strong>ORGANOS DE CONTROL INTERNO<\/strong><\/p>\n<p><a name=\"m229\"><\/a><strong>FISCALIA DE ESTADO &#8211; FUNCIONES<\/strong><\/p>\n<p><strong>Art\u00edculo 190.- <\/strong>Corresponde a la Fiscal\u00eda de Estado el control de legalidad de los actos administrativos del Estado y la defensa de su patrimonio. Es parte necesaria y leg\u00edtima en todo proceso en los que se controviertan intereses de la Provincia y en los que \u00e9sta act\u00fae de cualquier forma.<\/p>\n<p align=\"right\"><a href=\"#ini\"><img loading=\"lazy\" src=\"\/imagenes\/flecha_subir.gif\" width=\"15\" height=\"16\" border=\"0\"><\/a><\/p>\n<p><a name=\"m230\"><\/a><strong>CONTADURIA GENERAL &#8211; FUNCIONES<\/strong><\/p>\n<p><strong>Art\u00edculo 191.-<\/strong> Corresponde a la Contadur\u00eda General el registro y control interno de la hacienda p\u00fablica. Autoriza los pagos con arreglo a la ley de presupuesto y leyes especiales, puede delegar \u00e9sta atribuci\u00f3n en los casos que la ley establece.<\/p>\n<p>Los Poderes Legislativo y Judicial y las entidades aut\u00e1rquicas tienen sus propias contadur\u00edas que mantienen relaci\u00f3n funcional directa con la Contadur\u00eda General.<\/p>\n<p align=\"right\"><a href=\"#ini\"><img loading=\"lazy\" src=\"\/imagenes\/flecha_subir.gif\" width=\"15\" height=\"16\" border=\"0\"><\/a><\/p>\n<p><a name=\"m231\"><\/a><strong>REQUISITOS<\/strong><\/p>\n<p><strong>Art\u00edculo 192.-<\/strong> Para ser fiscal de estado se requieren las mismas condiciones que las exigidas para ser miembro del Superior Tribunal de Justicia; tiene iguales inhabilidades, derechos, incompatibilidades e inmunidades.<\/p>\n<p>Para ser contador general se requiere ser argentino, tener treinta a\u00f1os de edad y t\u00edtulo de contador p\u00fablico nacional, debiendo acreditar diez a\u00f1os de ejercicio profesional; es incompatible con cualquier otra actividad p\u00fablica o privada.<\/p>\n<p align=\"right\"><a href=\"#ini\"><img loading=\"lazy\" src=\"\/imagenes\/flecha_subir.gif\" width=\"15\" height=\"16\" border=\"0\"><\/a><\/p>\n<p><a name=\"m232\"><\/a><strong>DESIGNACION &#8211; DURACION &#8211; REMOCION<\/strong><\/p>\n<p><strong>Art\u00edculo 193.- <\/strong>El fiscal de estado y el contador general son designados por el Poder Ejecutivo con acuerdo de la Legislatura.<\/p>\n<p>Duran en sus funciones el mismo per\u00edodo constitucional que el gobernador y pueden ser redesignados. Son removidos por las causales y procedimientos del juicio pol\u00edtico.<\/p>\n<p align=\"right\"><a href=\"#ini\"><img loading=\"lazy\" src=\"\/imagenes\/flecha_subir.gif\" width=\"15\" height=\"16\" border=\"0\"><\/a><\/p>\n<p><a name=\"m233\"><\/a><strong>COMISION DE TRANSACCIONES JUDICIALES &#8211; FUNCIONES<\/strong><\/p>\n<p><strong>Art\u00edculo 194.- <\/strong>Corresponde a la Comisi\u00f3n de Transacciones Judiciales dictaminar sobre toda propuesta de transacci\u00f3n que sea recibida, o promovida por los \u00f3rganos que ejercen la representaci\u00f3n del Estado provincial, a causa de juicios que revistan trascendencia econ\u00f3mica, social o pol\u00edtica, teniendo en cuenta la conveniencia patrimonial y de conformidad con los principios \u00e9ticos propios de la actividad del Estado.<\/p>\n<p align=\"right\"><a href=\"#ini\"><img loading=\"lazy\" src=\"\/imagenes\/flecha_subir.gif\" width=\"15\" height=\"16\" border=\"0\"><\/a><\/p>\n<p><a name=\"m234\"><\/a><strong>REGLAMENTACION<\/strong><\/p>\n<p><strong>Art\u00edculo 195.<\/strong>&#8211; La ley establece la organizaci\u00f3n, funciones, competencia y procedimientos de la Fiscal\u00eda de Estado, Contadur\u00eda General y Comisi\u00f3n de Transacciones Judiciales.<\/p>\n<p align=\"right\"><a href=\"#ini\"><img loading=\"lazy\" src=\"\/imagenes\/flecha_subir.gif\" width=\"15\" height=\"16\" border=\"0\"><\/a><\/p>\n<p>SECCION QUINTA<\/p>\n<p><a name=\"m235\"><\/a><strong>PODER JUDICIAL<\/strong><\/p>\n<p>CAPITULO I<\/p>\n<p><a name=\"m236\"><\/a><strong>DISPOSICIONES GENERALES<\/strong><\/p>\n<p><a name=\"m237\"><\/a><strong>UNIDAD DE JURISDICCION<\/strong><\/p>\n<p><strong>Art\u00edculo 196.- <\/strong>Corresponde al Poder Judicial el ejercicio exclusivo de la funci\u00f3n judicial. Tiene el conocimiento y la decisi\u00f3n de las causas que se le someten.<\/p>\n<p>A pedido de parte o de oficio, verifica la constitucionalidad de las normas que aplica.<\/p>\n<p>En ning\u00fan caso el Poder Ejecutivo ni el Poder Legislativo ejercen dichas funciones ni se arrogan el conocimiento de las causas pendientes o restablecen las fenecidas.<\/p>\n<p align=\"right\"><a href=\"#ini\"><img loading=\"lazy\" src=\"\/imagenes\/flecha_subir.gif\" width=\"15\" height=\"16\" border=\"0\"><\/a><\/p>\n<p><a name=\"m238\"><\/a><strong>COMPOSICION<\/strong><\/p>\n<p><strong>Art\u00edculo 197.-<\/strong> El Poder Judicial de la Provincia es ejercido por un Superior Tribunal, dem\u00e1s tribunales y jurados que establece la ley, la que tambi\u00e9n determina su n\u00famero, composici\u00f3n, sede, competencia, modos de integraci\u00f3n y reemplazos.<\/p>\n<p align=\"right\"><a href=\"#ini\"><img loading=\"lazy\" src=\"\/imagenes\/flecha_subir.gif\" width=\"15\" height=\"16\" border=\"0\"><\/a><\/p>\n<p><a name=\"m239\"><\/a><strong>INHABILIDADES<\/strong><\/p>\n<p><strong>Art\u00edculo 198.-<\/strong> No pueden ser designados:<\/p>\n<p>1. Los militares, salvo despu\u00e9s de cinco a\u00f1os de su retiro y los eclesi\u00e1sticos regulares.<\/p>\n<p>2. Los destitu\u00eddos de cargo p\u00fablico por juicio pol\u00edtico o por el Consejo de la Magistratura; los exclu\u00eddos de la Legislatura por resoluci\u00f3n de la misma; los exonerados por causa que le es imputable, de la administraci\u00f3n p\u00fablica nacional, provincial o municipal.<\/p>\n<p>3. Los incursos en causas previstas en esta Constituci\u00f3n y los condenados por delitos dolosos mientras subsistan los efectos jur\u00eddicos de la condena a la fecha de la designaci\u00f3n.<\/p>\n<p>4. Los fallidos no rehabilitados hasta la fecha de la designaci\u00f3n.<\/p>\n<p align=\"right\"><a href=\"#ini\"><img loading=\"lazy\" src=\"\/imagenes\/flecha_subir.gif\" width=\"15\" height=\"16\" border=\"0\"><\/a><\/p>\n<p><a name=\"m240\"><\/a>I<strong>NAMOVILIDAD E INMUNIDADES<\/strong><\/p>\n<p><strong>Art\u00edculo 199.<\/strong>&#8211; Los magistrados y funcionarios judiciales son inamovibles, en consecuencia:<\/p>\n<p>1. S\u00f3lo son sancionados, o destitu\u00eddos por:<\/p>\n<p>a. Mal desempe\u00f1o de la funci\u00f3n.<\/p>\n<p>b. Graves desarreglos de conducta.<\/p>\n<p>c. Comisi\u00f3n de delito.<\/p>\n<p>d. Violaci\u00f3n a las prohibiciones establecidos en esta Constituci\u00f3n o incumplimiento de los deberes fijados en ella o en su reglamentaci\u00f3n.<\/p>\n<p>2. Son removidos previa declaraci\u00f3n de ineptitud f\u00edsica o ps\u00edquica sobreviniente.<\/p>\n<p>3. No son trasladados ni ascendidos sin su previo consenti miento expreso.<\/p>\n<p>4. No es disminu\u00edda la remuneraci\u00f3n mensual con que son retribu\u00eddos, la que deber\u00e1 mantener su valor econ\u00f3mico pero sujeta a los aportes previsionales y a los impuestos y contribuciones generales.<\/p>\n<p>Tienen las mismas inmunidades de arresto y sometimiento a juicio que los legisladores.<\/p>\n<p align=\"right\"><a href=\"#ini\"><img loading=\"lazy\" src=\"\/imagenes\/flecha_subir.gif\" width=\"15\" height=\"16\" border=\"0\"><\/a><\/p>\n<p><a name=\"m241\"><\/a><strong>DEBERES<\/strong><\/p>\n<p><strong>Art\u00edculo 200.-<\/strong> Son deberes de los magistrados y funcionarios judiciales, sin perjuicio de otros que la reglamentaci\u00f3n establezca, resolver las causas en los plazos fijados por las leyes procesales, con fundamentaci\u00f3n razonada y legal.<\/p>\n<p align=\"right\"><a href=\"#ini\"><img loading=\"lazy\" src=\"\/imagenes\/flecha_subir.gif\" width=\"15\" height=\"16\" border=\"0\"><\/a><\/p>\n<p><a name=\"m242\"><\/a><strong>PROHIBICIONES<\/strong><\/p>\n<p><strong>Art\u00edculo 201.-<\/strong> Es prohibido a los magistrados y funcionarios judiciales:<\/p>\n<p>1. Realizar actos que comprometan la imparcialidad de sus funciones.<\/p>\n<p>2. Participar en pol\u00edtica partidaria.<\/p>\n<p>3. Ejercer profesi\u00f3n o empleo, con excepci\u00f3n de la docencia o investigaci\u00f3n seg\u00fan la reglamentaci\u00f3n.<\/p>\n<p align=\"right\"><a href=\"#ini\"><img loading=\"lazy\" src=\"\/imagenes\/flecha_subir.gif\" width=\"15\" height=\"16\" border=\"0\"><\/a><\/p>\n<p>CAPITULO II<\/p>\n<p><a name=\"m243\"><\/a><strong>SUPERIOR TRIBUNAL DE JUSTICIA<\/strong><\/p>\n<p><a name=\"m244\"><\/a><strong>INTEGRACION<\/strong><\/p>\n<p><strong>Art\u00edculo 202.-<\/strong> El Superior Tribunal de Justicia se compone de un n\u00famero impar que no es inferior a tres ni superior a cinco miembros. Podr\u00e1 aumentarse su n\u00famero o dividirse en salas por ley que requerir\u00e1 el voto favorable de los dos tercios del total de los integrantes de la Legislatura.<\/p>\n<p>Elige anualmente entre sus miembros un presidente.<\/p>\n<p align=\"right\"><a href=\"#ini\"><img loading=\"lazy\" src=\"\/imagenes\/flecha_subir.gif\" width=\"15\" height=\"16\" border=\"0\"><\/a><\/p>\n<p><a name=\"m245\"><\/a><strong>REQUISITOS<\/strong><\/p>\n<p><strong>Art\u00edculo 203.- <\/strong>Para ser miembro del Superior Tribunal de Justicia se requiere:<\/p>\n<p>1. Haber cumplido treinta a\u00f1os de edad.<\/p>\n<p>2. Ser argentino con diez a\u00f1os de ejercicio de la ciudadan\u00eda.<\/p>\n<p>3. Tener diez a\u00f1os de ejercicio de la abogac\u00eda, de la magistratura judicial o del ministerio p\u00fablico.<\/p>\n<p>4. Tener dos a\u00f1os de residencia en la Provincia inmediatos anteriores a la designaci\u00f3n.<\/p>\n<p align=\"right\"><a href=\"#ini\"><img loading=\"lazy\" src=\"\/imagenes\/flecha_subir.gif\" width=\"15\" height=\"16\" border=\"0\"><\/a><\/p>\n<p><a name=\"m246\"><\/a><strong>DESIGNACION<\/strong><\/p>\n<p><strong>Art\u00edculo 204.-<\/strong> Los miembros del Superior Tribunal de Justicia son designados por un Consejo integrado por el gobernador de la Provincia, tres representantes de los abogados por cada circunscripci\u00f3n judicial, electos de igual forma y por igual per\u00edodo que los representantes del Consejo de la Magistratura e igual n\u00famero total de legisladores, con representaci\u00f3n minoritaria, conforme lo determina la Legislatura. Los candidatos son propuestos tanto por el gobernador como por un veinticinco por ciento, por lo menos, del total de los miembros del Consejo.<\/p>\n<p>El gobernador convoca al Consejo y lo preside, con doble voto en caso de empate. La asistencia es carga p\u00fablica. La decisi\u00f3n se adopta por simple mayor\u00eda y es cumplimentada por el Poder Ejecutivo.<\/p>\n<p>Tambi\u00e9n compete al Consejo expedirse sobre la renuncia de los integrantes del Superior Tribunal de Justicia.<\/p>\n<p>La ley reglamenta la organizaci\u00f3n y funcionamiento del Consejo.<\/p>\n<p align=\"right\"><a href=\"#ini\"><img loading=\"lazy\" src=\"\/imagenes\/flecha_subir.gif\" width=\"15\" height=\"16\" border=\"0\"><\/a><\/p>\n<p><a name=\"m247\"><\/a><strong>DESTITUCION<\/strong><\/p>\n<p><strong>Art\u00edculo 205.-<\/strong> Los miembros del Superior Tribunal de Justicia son destitu\u00eddos por las causales previstas en el Cap\u00edtulo Primero y con las formas dispuestas para el juicio pol\u00edtico.<\/p>\n<p align=\"right\"><a href=\"#ini\"><img loading=\"lazy\" src=\"\/imagenes\/flecha_subir.gif\" width=\"15\" height=\"16\" border=\"0\"><\/a><\/p>\n<p><a name=\"m248\"><\/a><strong>ATRIBUCIONES<\/strong><\/p>\n<p><strong>Art\u00edculo 206.-<\/strong> El Superior Tribunal de Justicia tiene las si guientes facultades y deberes:<\/p>\n<p>1. Representa al Poder Judicial y dicta el reglamento interno atendiendo a los principios de celeridad, eficiencia y descentralizaci\u00f3n.<\/p>\n<p>2. Ejerce la superintendencia de la administraci\u00f3n de justicia, sin perjuicio de la intervenci\u00f3n del ministerio p\u00fablico y de la delegaci\u00f3n que establezca respecto de los tribunales inferiores de cada circunscripci\u00f3n.<\/p>\n<p>3. Designa los miembros que lo representan en los cuerpos previstos en esta Constituci\u00f3n y en las leyes.<\/p>\n<p>4. Ejerce el derecho de iniciativa en materia judicial, pudiendo designar un miembro para que concurra al seno de las comisiones legislativas para fundamentar los proyectos y brindar informes.<\/p>\n<p>5. Informa anualmente al Poder Legislativo sobre la actividad de los tribunales.<\/p>\n<p>6. Inspecciona peri\u00f3dicamente los tribunales y supervisa con los dem\u00e1s jueces las c\u00e1rceles provinciales.<\/p>\n<p>7. Impone a magistrados y funcionarios sanciones de prevenci\u00f3n o apercibimiento, con resguardo del derecho de defensa. Cuando considera que la falta probada puede requerir una sanci\u00f3n mayor, remite lo actuado al Consejo de la Magistratura.<\/p>\n<p>8. Crea el instituto para la formaci\u00f3n y perfeccionamiento de magistrados y funcionarios judiciales, con reglamentaci\u00f3n de funcionamiento.<\/p>\n<p align=\"right\"><a href=\"#ini\"><img loading=\"lazy\" src=\"\/imagenes\/flecha_subir.gif\" width=\"15\" height=\"16\" border=\"0\"><\/a><\/p>\n<p><a name=\"m249\"><\/a><strong>COMPETENCIA<\/strong><\/p>\n<p><strong>Art\u00edculo 207.- <\/strong>El Superior Tribunal de Justicia tiene, en lo jurisdiccional, las siguientes atribuciones:<\/p>\n<p>1. Ejerce la jurisdicci\u00f3n originaria y de apelaci\u00f3n para conocer y resolver acerca de la constitucionalidad o inconstitucionalidad de las normas que estatuyan sobre materias regidas por esta Constituci\u00f3n y que se controviertan por parte interesada. En la v\u00eda originaria podr\u00e1 promoverse la acci\u00f3n sin lesi\u00f3n actual.<\/p>\n<p>2. Ejerce jurisdicci\u00f3n originaria y exclusiva en los siguientes casos:<\/p>\n<p>a. En las causas que le fueran sometidas sobre competencia y facultades entre poderes p\u00fablicos o entre tribunales inferiores, salvo que \u00e9stos tengan otro superior com\u00fan.<\/p>\n<p>b. En los conflictos de poderes de los municipios, entre distintos municipios o entre \u00e9stos con autoridades de la Provincia.<\/p>\n<p>c. En los recursos de revisi\u00f3n.<\/p>\n<p>d. En las acciones por incumplimiento en el dictado de una norma que impone un deber concreto al Estado Provincial o a los municipios, la demanda puede ser ejercida -exenta de cargos fiscales- por quien se sienta afectado en su derecho individual o colectivo. El Superior Tribunal de Justicia fija el plazo para que se subsane la omisi\u00f3n. En el supuesto de incumplimiento, integra el orden normativo resolviendo el caso con efecto limitado al mismo y, de no ser posible, determina el monto del resarcimiento a cargo del Estado conforme al perjuicio indemnizable que se acredite.<\/p>\n<p>3. Ejerce jurisdicci\u00f3n como tribunal de \u00faltima instancia en los recursos que se deduzcan contra los fallos de los dem\u00e1s tribunales inferiores, acordados en las leyes de procedimiento.<\/p>\n<p align=\"right\"><a href=\"#ini\"><img loading=\"lazy\" src=\"\/imagenes\/flecha_subir.gif\" width=\"15\" height=\"16\" border=\"0\"><\/a><\/p>\n<p><a name=\"m250\"><\/a><strong>ABROGACION<\/strong><\/p>\n<p><strong>Art\u00edculo 208.-<\/strong> Cuando el Superior Tribunal de Justicia, en juicio contencioso, declara por unanimidad y por tercera vez la inconstitucionalidad de un precepto materia de litigio contenido en una norma provincial o municipal puede, en resoluci\u00f3n expresa dictada por separado, declarar abrogada la vigencia de la norma inconstitucional que deja de ser obligatoria a partir de su publicaci\u00f3n oficial.<\/p>\n<p>Si la regla en cuesti\u00f3n fuere una ley, el Superior Tribunal de Justicia debe dirigirse a la Legislatura a fin de que proceda a eliminar su oposici\u00f3n con la norma superior. Se produce la derogaci\u00f3n autom\u00e1tica de no adoptarse aquella decisi\u00f3n en el t\u00e9rmino de seis meses de recibida la comunicaci\u00f3n del Superior Tribunal de Justicia quien ordena la publicaci\u00f3n del fallo.<\/p>\n<p align=\"right\"><a href=\"#ini\"><img loading=\"lazy\" src=\"\/imagenes\/flecha_subir.gif\" width=\"15\" height=\"16\" border=\"0\"><\/a><\/p>\n<p>CAPITULO III<\/p>\n<p><a name=\"m251\"><\/a><strong>TRIBUNALES DE GRADO<\/strong><\/p>\n<p><a name=\"m252\"><\/a><strong>ORGANIZACION Y COMPETENCIA<\/strong><\/p>\n<p><strong>Art\u00edculo 209.-<\/strong> La ley determina la organizaci\u00f3n y competencia de las c\u00e1maras, tribunales y juzgados dividiendo a la Provincia en circunscripciones judiciales.<\/p>\n<p>Los jueces del trabajo tienen competencia contencioso-administrativa en materia laboral.<\/p>\n<p align=\"right\"><a href=\"#ini\"><img loading=\"lazy\" src=\"\/imagenes\/flecha_subir.gif\" width=\"15\" height=\"16\" border=\"0\"><\/a><\/p>\n<p><a name=\"m253\"><\/a><strong>REQUISITOS<\/strong><\/p>\n<p><strong>Art\u00edculo 210.-<\/strong> Para ser juez se requiere:<\/p>\n<p>1. Haber cumplido treinta a\u00f1os de edad.<\/p>\n<p>2. Ser argentino con cinco a\u00f1os de ejercicio de la ciudadan\u00eda.<\/p>\n<p>3. Tener dos a\u00f1os de residencia en la Provincia, inmediatos anteriores a la designaci\u00f3n.<\/p>\n<p>4. Tener, cuando menos, cinco a\u00f1os de ejercicio como abogado, magistrado o funcionario judicial.<\/p>\n<p>En la Justicia Especial Letrada, si no hubiere postulantes con los requisitos se\u00f1alados, la ley fija las condiciones para acceder al cargo.<\/p>\n<p align=\"right\"><a href=\"#ini\"><img loading=\"lazy\" src=\"\/imagenes\/flecha_subir.gif\" width=\"15\" height=\"16\" border=\"0\"><\/a><\/p>\n<p><a name=\"m254\"><\/a><strong>DESIGNACION &#8211; REMOCION<\/strong><\/p>\n<p><strong>Art\u00edculo 211.- <\/strong>Los jueces son designados y destitu\u00eddos por el Consejo de la Magistratura. La decisi\u00f3n es cumplimentada por el Superior Tribunal de Justicia.<\/p>\n<p align=\"right\"><a href=\"#ini\"><img loading=\"lazy\" src=\"\/imagenes\/flecha_subir.gif\" width=\"15\" height=\"16\" border=\"0\"><\/a><\/p>\n<p><a name=\"m255\"><\/a><strong>JUSTICIA ESPECIAL LETRADA<\/strong><\/p>\n<p><strong>Art\u00edculo 212-<\/strong> La Justicia Especial Letrada se organiza bajo un sistema descentralizado, con competencia para la atenci\u00f3n de asuntos de menor cuant\u00eda en lo Civil, Comercial y Laboral, y dem\u00e1s cuestiones que la ley asigna.<\/p>\n<p align=\"right\"><a href=\"#ini\"><img loading=\"lazy\" src=\"\/imagenes\/flecha_subir.gif\" width=\"15\" height=\"16\" border=\"0\"><\/a><\/p>\n<p><a name=\"m256\"><\/a><strong>JUSTICIA ELECTORAL<\/strong><\/p>\n<p><strong>Art\u00edculo 213.- <\/strong>La Justicia Electoral tiene la estructura, competencia y atribuciones que la ley establece y entre otras, las siguientes:<\/p>\n<p>1. Confecciona los padrones electorales.<\/p>\n<p>2. Oficializa las candidaturas y boletas que se utilizan en los comicios, decidiendo en caso de impugnaci\u00f3n si concurren en los candidatos y electos los requisitos legales.<\/p>\n<p>3. Designa los miembros de las mesas receptoras de votos y dispone lo necesario a la organizaci\u00f3n y funcionamiento de los comicios.<\/p>\n<p>4. Practica los escrutinios definitivos, en acto p\u00fablico.<\/p>\n<p>5. Proclama a los electos y determina los suplentes.<\/p>\n<p>6. Juzga la validez de las elecciones.<\/p>\n<p align=\"right\"><a href=\"#ini\"><img loading=\"lazy\" src=\"\/imagenes\/flecha_subir.gif\" width=\"15\" height=\"16\" border=\"0\"><\/a><\/p>\n<p><a name=\"m257\"><\/a><strong>JUSTICIA DE PAZ<\/strong><\/p>\n<p><strong>Art\u00edculo 214.-<\/strong> En los municipios y comunas se organizan Juzgados de Paz para la soluci\u00f3n de cuestiones menores o vecinales, contravenciones y faltas provinciales que sustancian con procedimiento verbal, sumar\u00edsimo, gratuito y de caracter\u00edsticas arbitrales.<\/p>\n<p>Hasta tanto los municipios y comunas no instrumenten \u00f3rganos espec\u00edficos, los jueces de paz conocen tambi\u00e9n en materia de contravenciones o faltas comunales.<\/p>\n<p>La ley determina las calidades requeridas para el nombramiento de los jueces de paz as\u00ed como el sistema de designaciones y destituciones, superintendencia y r\u00e9gimen disciplinario.<\/p>\n<p align=\"right\"><a href=\"#ini\"><img loading=\"lazy\" src=\"\/imagenes\/flecha_subir.gif\" width=\"15\" height=\"16\" border=\"0\"><\/a><\/p>\n<p>CAPITULO IV<\/p>\n<p><a name=\"m258\"><\/a><strong>MINISTERIO PUBLICO<\/strong><\/p>\n<p><a name=\"m259\"><\/a><strong>ORGANIZACION<\/strong><\/p>\n<p><strong>Art\u00edculo 215.- <\/strong>El ministerio p\u00fablico forma parte del Poder Judicial, con autonom\u00eda funcional. Est\u00e1 integrado por un Procurador General y por los dem\u00e1s funcionarios que de \u00e9l<\/p>\n<p>dependen de acuerdo a la ley. Ejerce sus funciones con arreglo a los principios de legalidad, imparcialidad, unidad de actuaci\u00f3n y dependencia jer\u00e1rquica en todo el territorio provincial.<\/p>\n<p>El Procurador General fija las pol\u00edticas de persecuci\u00f3n penal y expide instrucciones generales conforme al p\u00e1rrafo anterior.<\/p>\n<p>Tiene a su cargo la superintendencia del ministerio p\u00fablico.<\/p>\n<p align=\"right\"><a href=\"#ini\"><img loading=\"lazy\" src=\"\/imagenes\/flecha_subir.gif\" width=\"15\" height=\"16\" border=\"0\"><\/a><\/p>\n<p><a name=\"m260\"><\/a><strong>REQUISITOS<\/strong><\/p>\n<p><strong>Art\u00edculo 216.-<\/strong> El Procurador General debe reunir las condiciones exigidas para ser miembro del Superior Tribunal de Justicia.<\/p>\n<p>Los dem\u00e1s funcionarios del ministerio p\u00fablico requieren para ser designados:<\/p>\n<p>1. Haber cumplido veinticinco a\u00f1os de edad.<\/p>\n<p>2. Ser argentino con cinco a\u00f1os de ejercicio de la ciudadan\u00eda.<\/p>\n<p>3. Tener dos a\u00f1os de residencia en la Provincia inmediatos anteriores a la designaci\u00f3n.<\/p>\n<p>4. Tener tres a\u00f1os de ejercicio como abogado, magistrado o funcionario judicial.<\/p>\n<p align=\"right\"><a href=\"#ini\"><img loading=\"lazy\" src=\"\/imagenes\/flecha_subir.gif\" width=\"15\" height=\"16\" border=\"0\"><\/a><\/p>\n<p><a name=\"m261\"><\/a><strong>DESIGNACION Y REMOCION<\/strong><\/p>\n<p><strong>Art\u00edculo 217.-<\/strong> El Procurador General es designado por el Consejo rido en el Art. 204o y destitu\u00eddo por el procedimiento del juicio pol\u00edtico, por las causales establecidas en el Cap\u00edtulo Primero.<\/p>\n<p>Los dem\u00e1s funcionarios del ministerio p\u00fablico son nombrados, sancionados y destitu\u00eddos de acuerdo al Art. 222o, por iguales causales.<\/p>\n<p align=\"right\"><a href=\"#ini\"><img loading=\"lazy\" src=\"\/imagenes\/flecha_subir.gif\" width=\"15\" height=\"16\" border=\"0\"><\/a><\/p>\n<p><a name=\"m262\"><\/a><strong>FUNCIONES<\/strong><\/p>\n<p><strong>Art\u00edculo 218.-<\/strong> El ministerio p\u00fablico tiene las siguientes funciones:<\/p>\n<p>1. Prepara y promueve la acci\u00f3n judicial en defensa del inter\u00e9s p\u00fablico y los derechos de las personas.<\/p>\n<p>2. Promueve y ejercita la acci\u00f3n penal p\u00fablica, sin perjuicio de los derechos que las leyes acuerdan a otros funcionarios y particulares.<\/p>\n<p>3. Asesora, representa y defiende a los menores, incapaces, pobres y ausentes.<\/p>\n<p>4. Custodia la jurisdicci\u00f3n y competencia de los tribunales, la eficiente prestaci\u00f3n del servicio de justicia y procura ante aquellos, la satisfacci\u00f3n del inter\u00e9s social.<\/p>\n<p>5. Las dem\u00e1s funciones que la ley le asigna.<\/p>\n<p align=\"right\"><a href=\"#ini\"><img loading=\"lazy\" src=\"\/imagenes\/flecha_subir.gif\" width=\"15\" height=\"16\" border=\"0\"><\/a><\/p>\n<p><a name=\"m263\"><\/a><strong>ASISTENCIA<\/strong><\/p>\n<p><strong>Art\u00edculo 219.- <\/strong>Los funcionarios del ministerio p\u00fablico visitan regularmente las ciudades, pueblos y parajes alejados, para asistir legalmente a los menores y a las personas necesitadas. La ley instrumenta los medios.<\/p>\n<p align=\"right\"><a href=\"#ini\"><img loading=\"lazy\" src=\"\/imagenes\/flecha_subir.gif\" width=\"15\" height=\"16\" border=\"0\"><\/a><\/p>\n<p>CAPITULO V<\/p>\n<p><a name=\"m264\"><\/a><strong>CONSEJO DE LA MAGISTRATURA<\/strong><\/p>\n<p><a name=\"m265\"><\/a><strong>COMPOSICION &#8211; FUNCIONAMIENTO<\/strong><\/p>\n<p><strong>Art\u00edculo 220.-<\/strong> El Consejo de la Magistratura se integra con el presidente del Superior Tribunal de Justicia, el Procurador General o un presidente de c\u00e1mara o tribunal del fuero o circunscripci\u00f3n judicial que corresponda al asunto en consideraci\u00f3n seg\u00fan lo determina la ley; tres legisladores y tres representantes de los abogados de la circunscripci\u00f3n respectiva. Para elegir jueces especiales letrados, lo integra un presidente de C\u00e1mara Civil.<\/p>\n<p>El Presidente del Superior Tribunal de Justicia convoca al Consejo, lo preside con doble voto en caso de empate. La asistencia es carga p\u00fablica. Las resoluciones se aprueban por mayor\u00eda simple de votos. Las sesiones se realizan en el asiento de la circunscripci\u00f3n judicial interesada.<\/p>\n<p align=\"right\"><a href=\"#ini\"><img loading=\"lazy\" src=\"\/imagenes\/flecha_subir.gif\" width=\"15\" height=\"16\" border=\"0\"><\/a><\/p>\n<p><a name=\"m266\"><\/a><strong>ELECCION DE LOS MIEMBROS<\/strong><\/p>\n<p><strong>Art\u00edculo 221.-<\/strong> Los miembros del Consejo de la Magistratura son elegidos de la siguiente forma:<\/p>\n<p>1. Los legisladores en la forma que determina la Legislatura.<\/p>\n<p>2. Los abogados, mediante elecci\u00f3n \u00fanica, directa, secreta y con representaci\u00f3n de la minor\u00eda, en forma peri\u00f3dica y rotativa, entre los inscriptos y habilitados para el ejercicio de la profesi\u00f3n, con residencia habitual en la circunscripci\u00f3n, bajo el control de la instituci\u00f3n legal profesional de abogados de la circunscripci\u00f3n respectiva, conforme a la reglamentaci\u00f3n legal.<\/p>\n<p align=\"right\"><a href=\"#ini\"><img loading=\"lazy\" src=\"\/imagenes\/flecha_subir.gif\" width=\"15\" height=\"16\" border=\"0\"><\/a><\/p>\n<p><a name=\"m267\"><\/a><strong>FUNCIONES<\/strong><\/p>\n<p><strong>Art\u00edculo 222.-<\/strong> El Consejo de la Magistratura tiene las siguientes funciones:<\/p>\n<p>1. Juzga en instancia \u00fanica y sin recurso, en los concursos para el nombramiento de magistrados y funcionarios judiciales y los designa. La ley fija el procedimiento que favorezca la igualdad de oportunidades y la selecci\u00f3n por idoneidad de los postulantes.<\/p>\n<p>2. Recibe denuncias por las causales ridas en el Cap\u00edtulo Primero de esta Secci\u00f3n, sobre el desempe\u00f1o de magistrados y funcionarios judiciales no pasibles de ser sometidos a juicio pol\u00edtico. Instruye el sumario a trav\u00e9s de uno o m\u00e1s de sus miembros, con garant\u00eda del derecho de defensa, y conforme a la ley que lo reglamente. Puede suspender preventivamente al acusado, por plazo \u00fanico e improrrogable.<\/p>\n<p>3. Aplica sanciones definitivas, con suspensi\u00f3n en el cargo conforme la reglamentaci\u00f3n legal.<\/p>\n<p>4. Declara previo juicio oral y p\u00fablico por el procedimiento que la ley determina, la destituci\u00f3n del acusado y en su caso, la inhabilidad para ejercer cargos p\u00fablicos, sin perjuicio de las penas que puedan corresponderle por la justicia ordinaria.<\/p>\n<p align=\"right\"><a href=\"#ini\"><img loading=\"lazy\" src=\"\/imagenes\/flecha_subir.gif\" width=\"15\" height=\"16\" border=\"0\"><\/a><\/p>\n<p>CAPITULO VI<\/p>\n<p><a name=\"m268\"><\/a><strong>IMPERIO DE SUS FALLOS &#8211; POLICIA JUDICIAL<\/strong><\/p>\n<p><strong>Art\u00edculo 223.- <\/strong>El Poder Judicial dispone de la fuerza p\u00fablica para la ejecuci\u00f3n de sus decisiones. Las autoridades deben prestar inmediata colaboraci\u00f3n a los jueces y funcionarios judiciales.<\/p>\n<p>Organiza la polic\u00eda judicial con capacitaci\u00f3n t\u00e9cnica para la investigaci\u00f3n y participaci\u00f3n en los procedimientos.<\/p>\n<p align=\"right\"><a href=\"#ini\"><img loading=\"lazy\" src=\"\/imagenes\/flecha_subir.gif\" width=\"15\" height=\"16\" border=\"0\"><\/a><\/p>\n<p>CAPITULO VII<\/p>\n<p><a name=\"m269\"><\/a><strong>AUTARQUIA PRESUPUESTARIA<\/strong><\/p>\n<p><strong>Art\u00edculo 224.-<\/strong> El Poder Judicial formula su proyecto de presupuesto y lo env\u00eda a los otros dos Poderes. Dispone directamente de los cr\u00e9ditos del mismo. Fija las retribuciones. Nombra y remueve a sus empleados, conforme a la ley.<\/p>\n<p align=\"right\"><a href=\"#ini\"><img loading=\"lazy\" src=\"\/imagenes\/flecha_subir.gif\" width=\"15\" height=\"16\" border=\"0\"><\/a><\/p>\n<p>SECCION SEXTA<\/p>\n<p><a name=\"m270\"><\/a><strong>PODER MUNICIPAL<\/strong><\/p>\n<p>CAPITULO I<\/p>\n<p><a name=\"m271\"><\/a><strong>REGIMEN MUNICIPAL<\/strong><\/p>\n<p><a name=\"m272\"><\/a><strong>AUTONOMIA<\/strong><\/p>\n<p><strong>Art\u00edculo 225.- <\/strong>Esta Constituci\u00f3n reconoce la existencia del Municipio como una comunidad natural, c\u00e9lula originaria y fundamental de la organizaci\u00f3n pol\u00edtica e institucional de la sociedad fundada en la convivencia. Asegura el r\u00e9gimen municipal basado en su autonom\u00eda pol\u00edtica, administrativa y econ\u00f3mica. Aquellos que dictan su propia Carta Org\u00e1nica municipal gozan adem\u00e1s de autonom\u00eda institucional.<\/p>\n<p>La Provincia no puede vulnerar la autonom\u00eda municipal consagrada en esta Constituci\u00f3n y, en caso de superposici\u00f3n o normativa contradictoria inferior a la Constituci\u00f3n, prevalece la legislaci\u00f3n del Municipio en materia espec\u00edficamente comunal.<\/p>\n<p>Solamente pueden intervenirse por ley en caso de acefal\u00eda total o cuando expresamente lo prevea la Carta Org\u00e1nica. En el supuesto de acefal\u00eda total debe el interventor disponer el llamado a elecciones conforme lo establece la Carta Org\u00e1nica o en su defecto la ley.<\/p>\n<p align=\"right\"><a href=\"#ini\"><img loading=\"lazy\" src=\"\/imagenes\/flecha_subir.gif\" width=\"15\" height=\"16\" border=\"0\"><\/a><\/p>\n<p><a name=\"m273\"><\/a><strong>MUNICIPIOS<\/strong><\/p>\n<p><strong>Art\u00edculo 226.<\/strong>&#8211; Toda poblaci\u00f3n con asentamiento estable de m\u00e1s de dos mil habitantes constituye un Municipio.<\/p>\n<p><a name=\"m274\"><\/a><strong>LIMITES &#8211; EJIDOS COLINDANTES<\/strong><\/p>\n<p><strong>Art\u00edculo 227.- <\/strong>La Legislatura determina los l\u00edmites territoriales de cada Municipio, tendiendo a establecer el sistema de ejidos colindantes sobre la base de la proximidad geogr\u00e1fica y posibilidad efectiva de brindar servicios municipales.<\/p>\n<p>Toda modificaci\u00f3n ulterior de los l\u00edmites se hace por ley con la conformidad otorgada por rendum popular: En caso de anexiones, por los electores de los municipios interesados y en caso de segregaciones, por los electores de la zona que se segregase.<\/p>\n<p align=\"right\"><a href=\"#ini\"><img loading=\"lazy\" src=\"\/imagenes\/flecha_subir.gif\" width=\"15\" height=\"16\" border=\"0\"><\/a><\/p>\n<p><a name=\"m275\"><\/a><strong>CARTA ORGANICA<\/strong><\/p>\n<p><strong>Art\u00edculo 228.<\/strong>&#8211; Los Municipios dictan su Carta Org\u00e1nica para el propio gobierno conforme a esta Constituci\u00f3n, que asegura b\u00e1sicamente:<\/p>\n<p>1. Los principios del r\u00e9gimen representativo y democr\u00e1tico.<\/p>\n<p>2. La elecci\u00f3n directa con representaci\u00f3n proporcional en los cuerpos colegiados.<\/p>\n<p>3. El procedimiento para su reforma.<\/p>\n<p>4. El derecho de consulta, iniciativa, rendum, plebiscito y revocatoria de mandato.<\/p>\n<p>5. Un sistema de contralor de las cuentas p\u00fablicas.<\/p>\n<p>6. La nacionalidad argentina de los miembros del gobierno municipal.<\/p>\n<p>La Carta Org\u00e1nica es dictada por una Convenci\u00f3n Municipal convocada al efecto, compuesta por quince miembros elegidos seg\u00fan el sistema de representaci\u00f3n proporcional.<\/p>\n<p>Para ser convencional, se requieren las mismas calidades que para ser concejal, con id\u00e9nticos derechos y sujeto a iguales incompatibilidades e inhabilidades.<\/p>\n<p align=\"right\"><a href=\"#ini\"><img loading=\"lazy\" src=\"\/imagenes\/flecha_subir.gif\" width=\"15\" height=\"16\" border=\"0\"><\/a><\/p>\n<p><a name=\"m276\"><\/a><strong>ATRIBUCIONES<\/strong><\/p>\n<p><strong>Art\u00edculo 229.-<\/strong> El Municipio tiene las siguientes facultades y deberes:<\/p>\n<p>1. Convoca los comicios para la elecci\u00f3n de sus autoridades.<\/p>\n<p>2. Convoca a consulta, iniciativa, rendum, plebiscito y revocatoria de mandato.<\/p>\n<p>3. Confecciona y aprueba su presupuesto de gastos y c\u00e1lculo de recursos.<\/p>\n<p>4. Designa y remueve a su personal.<\/p>\n<p>5. Declara de utilidad p\u00fablica a los fines de expropiaci\u00f3n, los bienes que considere necesarios, con derecho de iniciativa para gestionar la sanci\u00f3n de la ley.<\/p>\n<p>6. Adquiere, administra, grava y enajena sus bienes conforme a la ley o norma municipal.<\/p>\n<p>7. Contrae empr\u00e9stitos con destino determinado, previa aprobaci\u00f3n con el voto de los dos tercios de los miembros del cuerpo deliberativo. En ning\u00fan caso los servicios de la totalidad de los empr\u00e9stitos pueden afectar m\u00e1s del veinticinco por ciento de los recursos anuales ordinarios.<\/p>\n<p>8. Participa con fines de utilidad com\u00fan en la actividad econ\u00f3mica; crea y promueve empresas p\u00fablicas y mixtas, entes vecinales, cooperativas, consorcios de vecinos y toda forma de integraci\u00f3n de los usuarios en la prestaci\u00f3n de servicios y construcci\u00f3n de obras.<\/p>\n<p>9. Participa activamente en las \u00e1reas de salud, educaci\u00f3n y vivienda; y en los organismos de similar finalidad y otros de inter\u00e9s municipal dentro de su jurisdicci\u00f3n y en los de competencia regional y provincial.<\/p>\n<p>10. Forma los organismos intermunicipales de coordinaci\u00f3n y cooperaci\u00f3n para la realizaci\u00f3n de obras y la prestaci\u00f3n de servicios p\u00fablicos comunes.<\/p>\n<p>11. Elabora planes reguladores o de remodelaci\u00f3n integral que satisfagan las necesidades presentes y las previsiones de su crecimiento.<\/p>\n<p>12. Organiza y reglamenta el uso del suelo de acuerdo a los principios de esta Constituci\u00f3n.<\/p>\n<p>13. Municipaliza los servicios p\u00fablicos locales que estime conveniente.<\/p>\n<p>14. Interviene en el adecuado abastecimiento de la poblaci\u00f3n.<\/p>\n<p>15. Ejerce el poder de polic\u00eda e impone sanciones en materias de su competencia.<\/p>\n<p>16. Ejerce en los lugares transferidos por cualquier t\u00edtulo al gobierno nacional o al provincial, las atribuciones que no obstaculicen el cumplimiento de los objetivos de utilidad nacional o provincial.<\/p>\n<p>17. Las necesarias para poner en ejercicio las enumeradas y las ridas a su propia organizaci\u00f3n y funcionamiento.<\/p>\n<p align=\"right\"><a href=\"#ini\"><img loading=\"lazy\" src=\"\/imagenes\/flecha_subir.gif\" width=\"15\" height=\"16\" border=\"0\"><\/a><\/p>\n<p><a name=\"m277\"><\/a><strong>TESORO MUNICIPAL<\/strong><\/p>\n<p><strong>Art\u00edculo 230.- <\/strong>El tesoro municipal est\u00e1 compuesto por:<\/p>\n<p>1. Los recursos permanentes o transitorios.<\/p>\n<p>2. Los impuestos y dem\u00e1s tributos necesarios para el cumplimiento de los fines y actividades propias. Pueden ser progresivos, abarcar los inmuebles libres de mejora y tener finalidad determinada en los casos previstos por ordenanza especial.<\/p>\n<p>3. Las rentas de sus bienes propios, de la actividad econ\u00f3mica que realice y de los servicios que preste.<\/p>\n<p>4. Lo recaudado en concepto de tasas y contribuciones de mejoras. La al\u00edcuota se determina teniendo en cuenta, entre otros conceptos, el servicio o beneficio recibido, el costo de la obra y el principio de solidaridad.<\/p>\n<p>5. Los cr\u00e9ditos, donaciones, legados y subsidios.<\/p>\n<p>6. Los ingresos percibidos en concepto de coparticipaci\u00f3n.<\/p>\n<p align=\"right\"><a href=\"#ini\"><img loading=\"lazy\" src=\"\/imagenes\/flecha_subir.gif\" width=\"15\" height=\"16\" border=\"0\"><\/a><\/p>\n<p><a name=\"m278\"><\/a><strong>COPARTICIPACION &#8211; LEY CONVENIO<\/strong><\/p>\n<p><strong>Art\u00edculo 231.-<\/strong> La facultad de los municipios de crear y recaudar impuestos es complementaria de la que tiene la Naci\u00f3n sobre las materias que le son propias y las que las leyes establecen para el orden provincial.<\/p>\n<p>La Provincia y los municipios celebran convenios que establecen:<\/p>\n<p>1. Tributos concurrentes.<\/p>\n<p>2. Forma y proporci\u00f3n de coparticipaci\u00f3n y redistribuci\u00f3n de los impuestos directamente percibidos por los municipios.<\/p>\n<p>3. Forma y proporci\u00f3n de coparticipaci\u00f3n de los impuestos nacionales y provinciales e ingreso por regal\u00edas que perciba la Provincia.<\/p>\n<p align=\"right\"><a href=\"#ini\"><img loading=\"lazy\" src=\"\/imagenes\/flecha_subir.gif\" width=\"15\" height=\"16\" border=\"0\"><\/a><\/p>\n<p>CAPITULO II<\/p>\n<p><a name=\"m279\"><\/a><strong>MUNICIPIOS SIN CARTA ORGANICA<\/strong><\/p>\n<p><a name=\"m280\"><\/a><strong>REGIMEN LEGAL<\/strong><\/p>\n<p><strong>Art\u00edculo 232<\/strong>.- Mientras los municipios no dictan su Carta Org\u00e1nica se rigen por las disposiciones del presente Cap\u00edtulo.<\/p>\n<p align=\"right\"><a href=\"#ini\"><img loading=\"lazy\" src=\"\/imagenes\/flecha_subir.gif\" width=\"15\" height=\"16\" border=\"0\"><\/a><\/p>\n<p><a name=\"m281\"><\/a><strong>GOBIERNO MUNICIPAL<\/strong><\/p>\n<p><strong>Art\u00edculo 233.-<\/strong> El gobierno municipal se divide en Poder Legislativo, Ejecutivo y de Contralor en la forma establecida en esta Constituci\u00f3n y la ley que se dicte en su consecuencia:<\/p>\n<p>1. Los Consejos Deliberantes est\u00e1n integrados por un n\u00famero no menor de tres miembros ni mayor de quince, elegidos sobre la base de uno cada dos mil quinientos habitantes. Duran en sus funciones cuatro a\u00f1os y se renuevan por mitades cada dos a\u00f1os. En la primera elecci\u00f3n se sortean los que deban cesar.<\/p>\n<p>2. El Poder Ejecutivo est\u00e1 a cargo de un ciudadano con el t\u00edtulo de intendente. Se lo elige a simple pluralidad de sufragios y en caso de empate se procede a una nueva elecci\u00f3n. Debe tener veinticinco a\u00f1os de edad como m\u00ednimo. Dura cuatro a\u00f1os en sus funciones y puede ser reelegido.<\/p>\n<p>3. El Poder de Contralor lo ejerce un Tribunal de Cuentas, seg\u00fan el Art. 236o.<\/p>\n<p>4. La ley determina las atribuciones y funciones de cada poder.<\/p>\n<p align=\"right\"><a href=\"#ini\"><img loading=\"lazy\" src=\"\/imagenes\/flecha_subir.gif\" width=\"15\" height=\"16\" border=\"0\"><\/a><\/p>\n<p><a name=\"m282\"><\/a><strong>REQUISITOS &#8211; INHABILIDADES<\/strong><\/p>\n<p><strong>Art\u00edculo 234.- <\/strong>Para ser miembro del gobierno municipal se requiere:<\/p>\n<p>1. Ser ciudadano argentino.<\/p>\n<p>2. Haber cumplido veinti\u00fan a\u00f1os de edad.<\/p>\n<p>3. Tener cinco a\u00f1os de residencia en la Provincia.<\/p>\n<p>4. Acreditar dos a\u00f1os de residencia inmediata anterior a la elecci\u00f3n en el ejido municipal.<\/p>\n<p>No pueden ser miembros del gobierno municipal los ciudadanos afectados por las inhabilidades del Art. 126o.<\/p>\n<p align=\"right\"><a href=\"#ini\"><img loading=\"lazy\" src=\"\/imagenes\/flecha_subir.gif\" width=\"15\" height=\"16\" border=\"0\"><\/a><\/p>\n<p><a name=\"m283\"><\/a><strong>INMUNIDADES<\/strong><\/p>\n<p><strong>Art\u00edculo 235.- <\/strong>Los funcionarios municipales elegidos directamente por el Pueblo no pueden ser molestados, acusados ni interrogados judicialmente en causa penal por las opiniones o votos que emitan en el desempe\u00f1o de su mandato, sin perjuicio de las acciones que se inicien conclu\u00eddo \u00e9ste o producido el desafuero, seg\u00fan el procedimiento previsto en la ley.<\/p>\n<p align=\"right\"><a href=\"#ini\"><img loading=\"lazy\" src=\"\/imagenes\/flecha_subir.gif\" width=\"15\" height=\"16\" border=\"0\"><\/a><\/p>\n<p><a name=\"m284\"><\/a><strong>TRIBUNALES DE CUENTAS<\/strong><\/p>\n<p><strong>Art\u00edculo 236.- <\/strong>Los electores del Municipio eligen un Tribunal de Cuentas integrado por tres miembros, que dictamina cada seis meses sobre la correcta administraci\u00f3n de los caudales p\u00fablicos municipales. La elecci\u00f3n se realiza por el sistema de representaci\u00f3n proporcional. Para integrarlo se exigen los mismos requisitos que para ser concejal. Los mandatos duran cuatro a\u00f1os.<\/p>\n<p>Las facultades del Tribunal de Cuentas se determinan por ley.<\/p>\n<p align=\"right\"><a href=\"#ini\"><img loading=\"lazy\" src=\"\/imagenes\/flecha_subir.gif\" width=\"15\" height=\"16\" border=\"0\"><\/a><\/p>\n<p><a name=\"m285\"><\/a><strong>REGISTROS ELECTORALES &#8211; EXTRANJEROS<\/strong><\/p>\n<p><strong>Art\u00edculo 237.-<\/strong> Los registros electorales municipales est\u00e1n formados por:<\/p>\n<p>1. Los ciudadanos domiciliados en el ejido que figuren inscriptos en los padrones provinciales o nacionales.<\/p>\n<p>2. Por los extranjeros mayores de edad que tengan tres a\u00f1os de residencia inmediata ininterrumpida en el municipio y que soliciten su inscripci\u00f3n en el padr\u00f3n respectivo.<\/p>\n<p>El extranjero pierde su calidad de elector en el mismo caso que los ciudadanos nacionales.<\/p>\n<p align=\"right\"><a href=\"#ini\"><img loading=\"lazy\" src=\"\/imagenes\/flecha_subir.gif\" width=\"15\" height=\"16\" border=\"0\"><\/a><\/p>\n<p><a name=\"m286\"><\/a><strong>DERECHOS DE LOS ELECTORES<\/strong><\/p>\n<p><strong>Art\u00edculo 238.-<\/strong> Los electores de los municipios tienen los siguientes derechos:<\/p>\n<p>1. De iniciativa, rendum y revocatoria.<\/p>\n<p>2. Representaci\u00f3n proporcional en los cuerpos colegiados, conforme a los requisitos del Art. 234o.<\/p>\n<p align=\"right\"><a href=\"#ini\"><img loading=\"lazy\" src=\"\/imagenes\/flecha_subir.gif\" width=\"15\" height=\"16\" border=\"0\"><\/a><\/p>\n<p><a name=\"m287\"><\/a><strong>JUNTAS ELECTORALES &#8211; ATRIBUCIONES<\/strong><\/p>\n<p><strong>Art\u00edculo 239.- <\/strong>En cada Municipio se constituye, con antelaci\u00f3n suficiente a cada elecci\u00f3n, una Junta Electoral integrada en la forma que determina la ley y que tiene las siguientes atribuciones:<\/p>\n<p>1. Confecciona los padrones municipales, de extranjeros y de juntas vecinales.<\/p>\n<p>2. Juzga las elecciones municipales, siendo su resoluci\u00f3n apelable ante la justicia electoral.<\/p>\n<p align=\"right\"><a href=\"#ini\"><img loading=\"lazy\" src=\"\/imagenes\/flecha_subir.gif\" width=\"15\" height=\"16\" border=\"0\"><\/a><\/p>\n<p><a name=\"m288\"><\/a><strong>JUNTAS VECINALES<\/strong><\/p>\n<p><strong>Art\u00edculo 240.- <\/strong>Los municipios y comunas reconocen la existencia de las juntas vecinales electivas. Se integran para promover el progreso y desarrollo de las condiciones de vida de los habitantes y sus vecindarios.<\/p>\n<p>Las autoridades de las juntas vecinales tienen derecho a participar con voz en las sesiones de los cuerpos de liberativos \u00fanicamente en los problemas que les incumben en forma directa. Pueden administrar y controlar toda obra o actividad municipal que se realiza en la esfera de sus delimitaciones vecinales, en colaboraci\u00f3n y dependencia con los gobiernos municipales y comunales, de acuerdo a las reglamentaciones.<\/p>\n<p align=\"right\"><a href=\"#ini\"><img loading=\"lazy\" src=\"\/imagenes\/flecha_subir.gif\" width=\"15\" height=\"16\" border=\"0\"><\/a><\/p>\n<p>CAPITULO III<\/p>\n<p><a name=\"m289\"><\/a><strong>COMUNAS<\/strong><\/p>\n<p><strong>Art\u00edculo 241.-<\/strong> Toda poblaci\u00f3n con asentamiento estable de menos de dos mil habitantes constituye una Comuna. La ley determina su organizaci\u00f3n, su competencia material y territorial, asignaci\u00f3n de recursos, r\u00e9gimen electoral y forma representativa de gobierno con elecci\u00f3n directa de sus autoridades.<\/p>\n<p align=\"right\"><a href=\"#ini\"><img loading=\"lazy\" src=\"\/imagenes\/flecha_subir.gif\" width=\"15\" height=\"16\" border=\"0\"><\/a><\/p>\n<p><a name=\"m290\"><\/a><strong>NORMAS COMPLEMENTARIAS<\/strong><\/p>\n<p>DISPOSICIONES COMUNES<\/p>\n<p><strong>Art\u00edculo 1.- <\/strong>Los magistrados, funcionarios y agentes p\u00fablicos deben residir en el territorio de la Provincia.<\/p>\n<p><strong>Art\u00edculo 2.-<\/strong> Queda prohibido acumular, en una persona, dos o m\u00e1s empleos, aunque uno sea provincial y el otro u otros nacionales o municipales, con las excepciones que establece la ley.<\/p>\n<p><strong>Art\u00edculo 3.- <\/strong>En todos los casos en que esta Constituci\u00f3n se refiera a la poblaci\u00f3n a cualquier efecto, \u00e9sta se determina de acuerdo al \u00faltimo censo nacional, provincial o municipal aprobado.<\/p>\n<p align=\"right\"><a href=\"#ini\"><img loading=\"lazy\" src=\"\/imagenes\/flecha_subir.gif\" width=\"15\" height=\"16\" border=\"0\"><\/a><\/p>\n<p><a name=\"m291\"><\/a><strong>NORMAS DE INTERPRETACION<\/strong><\/p>\n<p><strong>Art\u00edculo 4.- <\/strong>Se entiende que la expresi\u00f3n &quot;funcionarios judiciales&quot; corresponde al cargo de secretario de primera instancia en adelante e incluye a los funcionarios del ministerio p\u00fablico.<\/p>\n<p><strong>Art\u00edculo 5.-<\/strong> La expresi\u00f3n &quot;agentes p\u00fablicos&quot; se refiere a los empleados y funcionarios electivos o no de todos los poderes del Estado, los municipios, comunas y dem\u00e1s \u00f3rganos descentralizados.<\/p>\n<p><strong>Art\u00edculo 6.- <\/strong>En todos los casos en que esta Constituci\u00f3n, o las leyes que en su consecuencia se dicten, prevean la residencia en el territorio de la Provincia, regi\u00f3n, distrito o circuito, como requisito para acceder a cargos p\u00fablicos, se entiende que la misma no queda interrumpida por ausencias causadas en virtud de servicios prestados al Municipio, a la Provincia o a la Naci\u00f3n, en sus organismos o en los internacionales de los que la Naci\u00f3n forma parte, o por impedimentos ileg\u00edtimos del goce de los derechos y libertades que establecen la Constituci\u00f3n Nacional y esta Constituci\u00f3n.<\/p>\n<p><strong>Art\u00edculo 7.-<\/strong> La condici\u00f3n de nativo de la Provincia exime en todos los casos del cumplimiento del requisito de residencia, para acceder a los cargos que lo requieran, electivos o no, salvo cuando se exija residencia inmediata anterior.<\/p>\n<p align=\"right\"><a href=\"#ini\"><img loading=\"lazy\" src=\"\/imagenes\/flecha_subir.gif\" width=\"15\" height=\"16\" border=\"0\"><\/a><\/p>\n<p><a name=\"m292\"><\/a><strong>REIVINDICACIONES PROVINCIALES<\/strong><\/p>\n<p><strong>Art\u00edculo 8.-<\/strong> El gobierno provincial reivindicar\u00e1, dentro de los dos a\u00f1os de la sanci\u00f3n de esta Constituci\u00f3n, los l\u00edmites fijados en la misma, los que son la base de los acuerdos interprovinciales y de la interposici\u00f3n de las acciones.<\/p>\n<p>Merecen especial consideraci\u00f3n la reivindicaci\u00f3n, deslinde y amojonamiento de los territorios afectados por la err\u00f3nea traza del meridiano diez grados oeste de Buenos Aires, el paralelo cuarenta y dos grados de latitud sur, el dominio sobre el lago Nahuel Huapi, isla Victoria e islas sobre los cursos de los r\u00edos Colorado, Neuqu\u00e9n y Limay.<\/p>\n<p>La Provincia desconoce expresamente la existencia de la denominada ley de facto No 18.501.<\/p>\n<p><strong>Art\u00edculo 9.-<\/strong> La Provincia reivindicar\u00e1 ante el Congreso de la Naci\u00f3n la derogaci\u00f3n de la ley de facto No 17.574, y la sanci\u00f3n de una nueva ley que restituya al complejo Choc\u00f3n-Cerros Colorados las finalidades de la ley No 16.882, y a la Provincia los derechos que la misma le reconoci\u00f3.<\/p>\n<p align=\"right\"><a href=\"#ini\"><img loading=\"lazy\" src=\"\/imagenes\/flecha_subir.gif\" width=\"15\" height=\"16\" border=\"0\"><\/a><\/p>\n<p><a name=\"m293\"><\/a><strong>DISPOSICIONES TRANSITORIAS CORRESPONDIENTES AL ART. 11\u00ba<\/strong><\/p>\n<p><strong>Art\u00edculo 10.- <\/strong>A los efectos del Art. 11\u00ba de esta Constituci\u00f3n, se realizar\u00e1 el siguiente procedimiento para la relocalizaci\u00f3n de la nueva capital provincial:<\/p>\n<p>1. Los proyectos respectivos ser\u00e1n remitidos al Poder Ejecutivo a los efectos del inciso siguiente.<\/p>\n<p>2. Dentro del t\u00e9rmino de ciento ochenta d\u00edas de sancionada esta Constituci\u00f3n, el Poder Ejecutivo implementar\u00e1 un organismo espec\u00edfico integrado con miembros propuestos por los partidos pol\u00edticos con representaci\u00f3n legislativa en forma proporcional, y con expresi\u00f3n regional de toda la Provincia.<\/p>\n<p>Dicho organismo se crea a los efectos del traslado de la Capital Federal al \u00e1rea cedida por ley No 2.086, con las siguientes atribuciones y sin perjuicio de otras que se le asignen:<\/p>\n<p>a. Propondr\u00e1 la celebraci\u00f3n de acuerdos con el gobierno federal para el financiamiento de la nueva capital provincial, seg\u00fan el Art. 4\u00ba de la ley No 23.512.<\/p>\n<p>b. Determinar\u00e1 el tiempo de la real y efectiva federalizaci\u00f3n del territorio mencionado y la instalaci\u00f3n de los poderes nacionales, de manera de coincidir con la instalaci\u00f3n de los poderes provinciales en la nueva capital.<\/p>\n<p>c. Realizar\u00e1 los estudios y proyectos para localizar la futura capital dentro de cada una de las tres zonas siguientes: Alto Valle incluyendo Valle Azul; L\u00ednea Sur, desde Ing. Jacobacci hasta Sierra Colorada; y Valle Medio. En el Alto Valle deber\u00e1 determinar dos localizaciones como m\u00ednimo.<\/p>\n<p>d. Difundir\u00e1 los estudios y proyectos para conocimiento del Pueblo de la Provincia, por un plazo no menor de sesenta d\u00edas antes de ser convocado al plebiscito.<\/p>\n<p>e. Constru\u00eddo aproximadamente el cincuenta por ciento de los locales e instalaciones ridas en el Art. 5\u00ba de la ley No 23.512, requerir\u00e1 al Poder Ejecutivo la convocatoria a un plebiscito obligatorio. La voluntad popular determinar\u00e1 en \u00e9l, en votaci\u00f3n no coincidente con otro acto eleccionario, la ubicaci\u00f3n de la nueva capital provincial entre las localizaciones determinadas por el organismo.<\/p>\n<p>3. Si alguna de las propuestas presentadas obtuviere mayor\u00eda absoluta en el plebiscito, ser\u00e1 considerada capital a los efectos del inciso 5.<\/p>\n<p>4. Si ninguna obtuviere la mayor\u00eda absoluta, dentro de los treinta d\u00edas del plebiscito anterior deber\u00e1 efectuarse uno nuevo y obligatorio con las dos localizaciones m\u00e1s votadas, resultando elegida la que obtuviera la mayor\u00eda de los votos.<\/p>\n<p>5. Aprobado el plebiscito la Legislatura declarar\u00e1 Capital de la Provincia a la localizaci\u00f3n que haya obtenido la mayor\u00eda, a partir de la federalizaci\u00f3n del nuevo distrito federal, quedando reformado el Art. 11\u00ba de esta Constituci\u00f3n.<\/p>\n<p><strong>Art\u00edculo 11.-<\/strong> Hasta tanto se produzca la plena federalizaci\u00f3n prevista en el Art. 5\u00ba de la ley No 23.512, rigen en el territorio cedido por ley No 2.086 las disposiciones legales actualmente vigentes, esta Constituci\u00f3n y las normas que en su consecuencia se dicten.<\/p>\n<p><strong>Art\u00edculo 12.- <\/strong>La extensi\u00f3n y los l\u00edmites de la Provincia quedan sujetos a la plena federalizaci\u00f3n del territorio cedido por ley No 2.086 y prevista en la ley No 23.512.<\/p>\n<p align=\"right\"><a href=\"#ini\"><img loading=\"lazy\" src=\"\/imagenes\/flecha_subir.gif\" width=\"15\" height=\"16\" border=\"0\"><\/a><\/p>\n<p><a name=\"m294\"><\/a><strong>DISPOSICIONES TRANSITORIAS CORRESPONDIENTES AL<\/strong><\/p>\n<p>PODER JUDICIAL<\/p>\n<p><strong>Art\u00edculo 13.- <\/strong>Los entes y el r\u00e9gimen de designaci\u00f3n y remoci\u00f3n de magistrados y funcionarios judiciales previstos por la anterior Constituci\u00f3n, seguir\u00e1n operando como tales hasta el treinta y uno de diciembre de mil novecientos ochenta y ocho, salvo que antes de esa fecha entren en funcionamiento los organismos que determina esta Constituci\u00f3n.<\/p>\n<p><strong>Art\u00edculo 14.- <\/strong>Hasta que se reglamente por la Legislatura la atribuci\u00f3n de competencia a los tribunales de grado en materia contencioso-administrativa, \u00e9sta ser\u00e1 ejercida por las C\u00e1maras en lo Civil y Comercial de cada circunscripci\u00f3n judicial, con apelaci\u00f3n ordinaria ante el Superior Tribunal de Justicia. Igualmente en materia contencioso-administrativa laboral, tendr\u00e1n competencia exclusiva en instancia \u00fanica las C\u00e1maras del Trabajo de cada circunscripci\u00f3n judicial.<\/p>\n<p>La competencia territorial est\u00e1 sujeta a las disposiciones generales del Art. 209\u00ba de esta Constituci\u00f3n.<\/p>\n<p><strong>Art\u00edculo 15.-<\/strong> Para la localizaci\u00f3n de los juzgados de la Justicia Especial Letrada se atender\u00e1 prioritariamente a los criterios de cobertura general del servicio de justicia, poblaci\u00f3n, distancia, dificultades de las v\u00edas de comunicaci\u00f3n y medios de transporte respecto del asiento de las circunscripciones judiciales.<\/p>\n<p align=\"right\"><a href=\"#ini\"><img loading=\"lazy\" src=\"\/imagenes\/flecha_subir.gif\" width=\"15\" height=\"16\" border=\"0\"><\/a><\/p>\n<p><a name=\"m295\"><\/a><strong>DISPOSICIONES COMPLEMENTARIAS Y TRANSITORIAS DEL<\/strong><\/p>\n<p>REGIMEN MUNICIPAL<\/p>\n<p><strong>Art\u00edculo 16.-<\/strong> Los municipios que a la fecha de la sanci\u00f3n de esta Constituci\u00f3n estuvieren reconocidos como tales, a\u00fan cuando no alcancen el m\u00ednimo de habitantes que \u00e9sta establece, conservar\u00e1n su car\u00e1cter de municipios.<\/p>\n<p><strong>Art\u00edculo 17.- <\/strong>El r\u00e9gimen de gobierno y los mandatos de las actuales autoridades municipales, elegidas conforme a la Constituci\u00f3n anterior, contin\u00faan vigentes hasta el diez de diciembre de mil novecientos ochenta y nueve.<\/p>\n<p><strong>Art\u00edculo 18.- <\/strong>A fin de garantizar el respeto a la voluntad popular en todos los municipios de la Provincia cuando se elijan cuerpos deliberativos, se dispone que a partir de la pr\u00f3xima elecci\u00f3n local de autoridades municipales, se asigne la presidencia de los mismos al concejal de la lista partidaria m\u00e1s votada en dichas elecciones.<\/p>\n<p>La misma disposici\u00f3n se aplica en los cuerpos deliberativos que la ley establezca para las comunas.<\/p>\n<p><strong>Art\u00edculo 19.-<\/strong> Lo preceptuado en esta Constituci\u00f3n con rencia a las autoridades municipales tiene vigencia a partir de la pr\u00f3xima elecci\u00f3n, pero por esa \u00fanica vez todos los mandatos de los candidatos que resultaren electos en 1989 duran dos a\u00f1os. Esta norma alcanza a los municipios que hasta la fecha de convocatoria a comicios no hubieran sancionado su Carta Org\u00e1nica.<\/p>\n<p><strong>Art\u00edculo 20.-<\/strong> En el plazo de un a\u00f1o, a partir de la sanci\u00f3n de la presente Constituci\u00f3n, los municipios podr\u00e1n comenzar a percibir el impuesto inmobiliario coparticipando a la Provincia de acuerdo a la ley-convenio que se dicte sobre la materia de acuerdo a lo establecido en esta Constituci\u00f3n.<\/p>\n<p><strong>Art\u00edculo 21.- <\/strong>El Poder Ejecutivo regularizar\u00e1 la situaci\u00f3n jur\u00eddica del conjunto de las tierras fiscales rurales en un plazo no mayor de seis a\u00f1os a partir de la fecha de sanci\u00f3n de la presente Constituci\u00f3n.<\/p>\n<p>Vencido ese plazo todas las tierras fiscales no regularizadas pasar\u00e1n al dominio del Municipio que correspondan.<\/p>\n<p>Los municipios que no est\u00e9n en condiciones de regularizar la situaci\u00f3n de las tierras fiscales pertenecientes a su ejido, podr\u00e1n firmar convenios con la Provincia a efectos que \u00e9sta contin\u00fae con el tr\u00e1mite correspondiente.<\/p>\n<p>La Provincia otorgar\u00e1 los t\u00edtulos de propiedad de las tierras fiscales que sean solicitadas por los municipios para obras de inter\u00e9s municipal o ampliaci\u00f3n de sus plantas urbanas.<\/p>\n<p>Se priorizar\u00e1 la titularizaci\u00f3n de las tierras ocupadas por los ind\u00edgenas, comunidades o familias que las trabajan, sin perjuicio de las nuevas extensiones que se les asignen.<\/p>\n<p align=\"right\"><a href=\"#ini\"><img loading=\"lazy\" src=\"\/imagenes\/flecha_subir.gif\" width=\"15\" height=\"16\" border=\"0\"><\/a><\/p>\n<p><a name=\"m296\"><\/a><strong>PLAZOS LEGISLATIVOS<\/strong><\/p>\n<p><strong>Art\u00edculo 22.- <\/strong>La Legislatura dicta, en los plazos que en cada caso se indican, las leyes que dispongan:<\/p>\n<p>1. En el t\u00e9rmino de sesenta d\u00edas: la modificaci\u00f3n del actual sistema de acefal\u00eda, adecu\u00e1ndolo a las previsiones de esta Constituci\u00f3n; en ese lapso continuar\u00e1 vigente la normativa actual. Atento a la creaci\u00f3n del cargo de vicegobernador, en el caso que la designaci\u00f3n se efect\u00fae dentro del actual mandato legislativo, la misma se ajustar\u00e1 al procedimiento del inciso 6. y concordantes del Art. 180\u00ba de esta Constituci\u00f3n.<\/p>\n<p>2. En el t\u00e9rmino de seis meses: que las posibilidades normales del esfuerzo de los trabajadores representan para las actuales circunstancias una m\u00e1xima jornada de labor en base a las cuarenta y cuatro horas semanales, sin perjuicio del reconocimiento de horarios inferiores que la legislaci\u00f3n admite para la administraci\u00f3n p\u00fablica.<\/p>\n<p>3. En el plazo de un a\u00f1o:<\/p>\n<p>a. Las normas que ordena dictar esta Constituci\u00f3n en los cap\u00edtulos de r\u00e9gimen municipal y de r\u00e9gimen electoral.<\/p>\n<p>b. El c\u00f3digo de procedimiento minero.<\/p>\n<p>4. En el plazo de dos a\u00f1os:<\/p>\n<p>a. La creaci\u00f3n de los entes de desarrollo de la L\u00ednea Sur y General Conesa. Las sedes de los mismos se establecer\u00e1n en las localidades de Maquinchao y en el Departamento Gral. Conesa, respectivamente. Anualmente se les asignar\u00e1 un presupuesto m\u00ednimo del 2,5% y del 1,25% respectivamente de las rentas generales de la Provincia. Tendr\u00e1n una vigencia m\u00ednima de veinte a\u00f1os.<\/p>\n<p>b. Las normas que pongan en vigencia o reglamenten las funciones del Poder Judicial establecidas en esta Constituci\u00f3n.<\/p>\n<p>c. La normativa del Art. 61\u00ba y concordantes, en cuya elaboraci\u00f3n y tratamiento se deber\u00e1 contar con el asesoramiento de los representantes de expresiones culturales con arraigo popular.<\/p>\n<p>5. En el plazo de tres a\u00f1os: la creaci\u00f3n y funcionamiento de los juzgados de Justicia Especial Letrada en las localidades de El Bols\u00f3n, Catriel, Los Menucos, San Antonio Oeste y Lamarque. Cumplido lo anterior deber\u00e1 procederse a la creaci\u00f3n y puesta en funcionamiento de los juzgados de Justicia Especial Letrada, prioritariamente, en las localidades de General Conesa, Ingeniero Jacobacci, R\u00edo Colorado, y otros que se entiendan necesarios.<\/p>\n<p>6. En el actual mandato legislativo:<\/p>\n<p>a. El r\u00e9gimen previsional.<\/p>\n<p>b. La modificaci\u00f3n del r\u00e9gimen de Fiscal\u00eda de Estado y Contadur\u00eda General; los actuales titulares de esos organismos continuar\u00e1n en funciones hasta la sanci\u00f3n de dichas normas.<\/p>\n<p>c. Las normas org\u00e1nicas del Tribunal de Cuentas, Fiscal\u00eda de Investigaciones Administrativas y Defensor del Pueblo. El Tribunal de Cuentas ejercer\u00e1 las funciones de la Fiscal\u00eda de Investigaciones Administrativas hasta tanto se organice la misma y se designe su titular.<\/p>\n<p>7. En el plazo de cinco a\u00f1os: la obligaci\u00f3n de las empresas p\u00fablicas o privadas y todo otro organismo que, fehacientemente, afecte el medio ambiente, de regularizar su situaci\u00f3n y cumplir con las normas de esta Constituci\u00f3n.<\/p>\n<p>Todos los plazos establecidos se entienden a partir de la sanci\u00f3n de esta Constituci\u00f3n.<\/p>\n<p align=\"right\"><a href=\"#ini\"><img loading=\"lazy\" src=\"\/imagenes\/flecha_subir.gif\" width=\"15\" height=\"16\" border=\"0\"><\/a><\/p>\n<p><a name=\"m297\"><\/a><strong>NORMAS FINALES<\/strong><\/p>\n<p><strong>Art\u00edculo 23.-<\/strong> El presidente de la Convenci\u00f3n Constituyente, con el auxilio del secretario respectivo, est\u00e1 facultado para realizar todos los actos administrativos que reconozcan como origen el funcionamiento y disoluci\u00f3n de esta Convenci\u00f3n.<\/p>\n<p>Los integrantes de la Comisi\u00f3n Redactora y Pre\u00e1mbulo tienen a su cargo el cuidado de la publicaci\u00f3n de esta Constituci\u00f3n en el Bolet\u00edn Oficial y, en su caso, la fe de erratas.<\/p>\n<p><strong>Art\u00edculo 24.-<\/strong> El texto constitucional sancionado por esta Convenci\u00f3n Constituyente reemplaza al hasta ahora vigente.<\/p>\n<p>Esta Constituci\u00f3n regir\u00e1 a partir del d\u00eda cuatro de junio de mil novecientos ochenta y ocho.<\/p>\n<p>Quedan autom\u00e1ticamente derogadas las prescripciones normativas opuestas a esta Constituci\u00f3n.<\/p>\n<p><strong>Art\u00edculo 25.-<\/strong> Esta Convenci\u00f3n queda disuelta a las veinticuatro horas del d\u00eda tres de junio de mil novecientos ochenta y ocho.<\/p>\n<p><strong>Art\u00edculo 26.-<\/strong> Los miembros de esta Convenci\u00f3n juran el cumplimiento de esta Constituci\u00f3n antes de disolver el Cuerpo.<\/p>\n<p>Se invita al Pueblo de la Provincia a jurar su cumplimiento el d\u00eda veinte de junio de mil novecientos ochenta y ocho; antes la juran los Poderes del Estado.<\/p>\n<p>T\u00e9ngase por sancionada y promulgada esta Constituci\u00f3n como Ley fundamental de la Provincia. Reg\u00edstrese, publ\u00edquese y comun\u00edquese a los Poderes Legislativo, Ejecutivo y Judicial, para su cumplimiento. Viedma, 3 de junio de 1988.<\/p>\n<p>Presidente: LUIS OSVALDO ARIAS;<\/p>\n<p>Vicepresidente primero: JOSE MARIA CORDOBA;<\/p>\n<p>Vicepresidente segundo: SANTIAGO NILO HERNANDEZ<\/p>\n<p>&nbsp;<\/p>\n<p>EDMUNDO CRISPOLO AGUILAR; EDGARDO JUAN ALBRIEU; JUAN AGUSTIN ARTURO; NESTOR RUBEN BELMONTE; JORGE OSCAR BERNARDI; EDGARDO ALFONSO BUYAYISQUI; ROSARIO CALA LESINA; HIPOLITO ROBERTO CALDELARI; GRACIELA NELVA CAMPANO; EMILIO EUGENIO CAROSIO; GUSTAVO FEDERICO CASAS; RUBEN LISARDO CRESPO; OSCAR EDMUNDO DE LA CANAL; MIGUEL ALBERTO GONZALEZ; MIGUEL ANGEL IRIGOYEN; GREGORIO CESAR ITURBURU; WLADIMIRO IWANOW; CARLOS ALFREDO LEON; CARLOS ALFREDO LEON; ANTONIO MANZANO; ROBERTO MARIANI; GUSTAVO ADRIAN MARTINEZ; SALVADOR LEON MATUS; MARTA ESTER MAYO; CARLOS OLIVIERI; HORACIO NELLO PAGLIARICCI; RODOLFO OSCAR PONCE DE LEON; ERNESTO OSCAR REYES; RODOLFO LAUREANO RODRIGO; JORGE FRANCISCO SCHIERONI; DANIEL ALEJANDRO SEDE; RICARDO JOSE SOTOMAYOR; MIGUEL ANTONIO SRUR; ENRIQUE ALBERTO URANGA.<\/p>\n<p>&nbsp;<\/p>\n<p>Secretarios<\/p>\n<p>OVIDIO NAZARIO CASTELLO; OSCAR JORGE RODRIGUEZ; HECTOR ABEL<\/p>\n<p>SANCHEZ; RAMON ADEMAR SICARDI; JUAN CARLOS VASSELLATI.<\/p>\n<p>&nbsp;<\/p>\n<p>&nbsp;<\/p>\n<p><b>Informe Final de la Comisi\u00f3n Redactora<\/b><\/p>\n<p>&nbsp;<\/p>\n<p>&nbsp;<\/p>\n<p>Sr. Presidente:<\/p>\n<p>&nbsp;<\/p>\n<p>La Comisi\u00f3n Redactora y Pre\u00e1mbulo tiene el honor de entregar a Ud. el texto completo y definitivo de la Constituci\u00f3n de la Provincia de R\u00edo Negro, sancionado en la ciudad de Viedma el d\u00eda tres de junio de mil novecientos ochenta y ocho.<\/p>\n<p>El presente constituye el Registro Especial previstoen el Art. 95o del Reglamento Interno.<\/p>\n<p>La Reforma Constitucional insertada contiene 241 art\u00edculos en su texto permanente y un \u00faltimo apartado de Normas Complementarias que contiene veintiseis art\u00edculos.<\/p>\n<p>La Comisi\u00f3n Redactora dictamina, por unanimidad, que el texto precedente es el que debe publicarse como versi\u00f3n oficial de la Constituci\u00f3n. Corresponde notificar al Bolet\u00edn Oficial que ordene la publicaci\u00f3n de acuerdo al Art. 23o de las Normas Complementarias y que se autoriza a sus miembros a la correcci\u00f3n final y cuidado de la misma. Cumplido lo cual, se cierra la labor y el presente Registro Especial, le\u00eddo y firmado en su totalidad, en San Carlos de Bariloche a ocho d\u00edas de junio de mil novecientos ochenta y ocho.<\/p>\n<p>&nbsp;<\/p>\n<p>MIGUEL ANTONIO SRUR RUBEN LISARDO CRESPO<\/p>\n<p>Presidente Vicepresidente<\/p>\n<p>&nbsp;<\/p>\n<p>GUSTAVO ADRIAN MARTINEZ<\/p>\n<p>Secretario<\/p>\n<p>&nbsp;<\/p>\n<p>EDMUNDO CRISPOLO AGUILAR JORGE OSCAR BERNARDI<\/p>\n<p>SALVADOR LEON MATUS ERNESTO OSCAR REYES<\/p>\n<p>CARLOS OLIVIERI RODOLFO OSCAR PONCE DE LEON<\/p>\n<p>&nbsp;<\/p>\n<p>&nbsp;<\/p>\n<\/td>\n<\/tr>\n<\/table>\n<p><!--\n\n\n<table width=\"98%\" align=\"center\" cellpadding=\"0\" cellspacing=\"0\" >\n\n\n<tr>\n\n\n<td  valign=\"top\" >\n\n\n<div align=\"left\">\n\n\n<p class=\"titulopag\"><a name=\"ini\"><\/a><br \/>\n        CONSTITUCI&Oacute;N DE LA PROVINCIA DE R&Iacute;O NEGRO<\/p>\n\n\n<\/p>\n\n<\/div>\n\n\n\n\n<div align=\"center\">\n\n\n\n\n<p align=\"left\"><a href=\"#m001\" class=\"vinculo\">PREAMBULO<\/a><\/p>\n\n\n<\/p>\n\n<\/div>\n\n\n\n\n<p><a href=\"#m002\" class=\"vinculo\">DECLARACIONES GENERALES - DERECHOS - GARANTIAS<\/a><\/p>\n\n\n\n\n<p><a href=\"#m002\" class=\"vinculo\">Y RESPONSABILIDADES (Primera parte)<\/a><\/p>\n\n\n\n\n<p><a href=\"#m003\" class=\"vinculo\">DECLARACIONES GENERALES (Secci\u00f3n primera)<\/a><\/p>\n\n\n\n\n<p><a href=\"#m004\" class=\"vinculo\">DECLARACIONES DE FE REPUBLICANA (Cap. I)<\/a><\/p>\n\n\n\n\n<p><a href=\"#m005\" class=\"vinculo\">SISTEMA DE GOBIERNO<\/a><\/p>\n\n\n\n\n<p><a href=\"#m006\" class=\"vinculo\">SOBERANIA POPULAR<\/a><\/p>\n\n\n\n\n<p><a href=\"#m007\" class=\"vinculo\">SUPRESION DE TITULOS<\/a><\/p>\n\n\n\n\n<p><a href=\"#m008\" class=\"vinculo\">PUBLICIDAD<\/a><\/p>\n\n\n\n\n<p><a href=\"#m009\" class=\"vinculo\">JURAMENTO- Manifestaci\u00f3n de bienes<\/a><\/p>\n\n\n\n\n<p><a href=\"#m010\" class=\"vinculo\">ENSE\u00d1ANZA DE LA CONSTITUCION<\/a><\/p>\n\n\n\n\n<p><a href=\"#m011\" class=\"vinculo\">VIGENCIA DE LA CONSTITUCION<\/a><\/p>\n\n\n\n\n<p><a href=\"#m012\" class=\"vinculo\">EL ESTADO PROVINCIAL (Cap. II)<\/a><\/p>\n\n\n\n\n<p><a href=\"#m013\" class=\"vinculo\">NOMBRE<\/a><\/p>\n\n\n\n\n<p><a href=\"#m014\" class=\"vinculo\">LIMITES<\/a><\/p>\n\n\n\n\n<p><a href=\"#m015\" class=\"vinculo\">REGION PATAGONICA<\/a><\/p>\n\n\n\n\n<p><a href=\"#m016\" class=\"vinculo\">CAPITAL DE LA PROVINCIA - Descentralizaci\u00f3n<\/a><\/p>\n\n\n\n\n<p><a href=\"#m017\" class=\"vinculo\">CLAUSULA FEDERAL<\/a><\/p>\n\n\n\n\n<p><a href=\"#m018\" class=\"vinculo\">INTERVENCION FEDERAL<\/a><\/p>\n\n\n\n\n<p><a href=\"#m019\" class=\"vinculo\">DERECHOS,GARANTIAS Y RESPONSABILIDADES(Secci\u00f3n Segunda)<\/a><\/p>\n\n\n\n\n<p><a href=\"#m020\" class=\"vinculo\">DISPOSICIONES GENERALES (Cap\u00edtulo I)<\/a><\/p>\n\n\n\n\n<p><a href=\"#m021\" class=\"vinculo\">OPERATIVIDAD<\/a><\/p>\n\n\n\n\n<p><a href=\"#m022\" class=\"vinculo\">REGLAMENTACION &#8211; Facultades impl\u00edcitas<\/a><\/p>\n\n\n\n\n<p><a href=\"#m023\" class=\"vinculo\">DERECHOS PERSONALES (Cap\u00edtulo II)<\/a><\/p>\n\n\n\n\n<p><a href=\"#m024\" class=\"vinculo\">DIGNIDAD HUMANA<\/a><\/p>\n\n\n\n\n<p><a href=\"#m025\" class=\"vinculo\">LIBERTAD PERSONAL - Causales de detenci\u00f3n<\/a><\/p>\n\n\n\n\n<p><a href=\"#m026\" class=\"vinculo\">CONDICIONES DE DETENCION<\/a><\/p>\n\n\n\n\n<p><a href=\"#m027\" class=\"vinculo\">APLICACION DE LA LEY PENAL<\/a><\/p>\n\n\n\n\n<p><a href=\"#m028\" class=\"vinculo\">DERECHO A LA PRIVACIDAD<\/a><\/p>\n\n\n\n\n<p><a href=\"#m029\" class=\"vinculo\">INVIOLABILIDAD DEL DOMICILIO Y DOC.PRIV<\/a><\/p>\n\n\n\n\n<p><a href=\"#m030\" class=\"vinculo\">DERECHO DE DEFENSA<\/a><\/p>\n\n\n\n\n<p><a href=\"#m031\" class=\"vinculo\">SISTEMA CARCELARIO<\/a><\/p>\n\n\n\n\n<p><a href=\"#m032\" class=\"vinculo\">DERECHO DE ASOCIACION POLITICA<\/a><\/p>\n\n\n\n\n<p><a href=\"#m033\" class=\"vinculo\">TITULARIDAD DE LAS BANCAS<\/a><\/p>\n\n\n\n\n<p><a href=\"#m034\" class=\"vinculo\">DERECHO DE INFORMACION Y EXPRESION<\/a><\/p>\n\n\n\n\n<p><a href=\"#m035\" class=\"vinculo\">DERECHO DE REPLICA<\/a><\/p>\n\n\n\n\n<p><a href=\"#m036\" class=\"vinculo\">LIBERTAD DE CULTO<\/a><\/p>\n\n\n\n\n<p><a href=\"#m037\" class=\"vinculo\">PROPIEDAD E INICIATIVA PRIVADAS<\/a><\/p>\n\n\n\n\n<p><a href=\"#m038\" class=\"vinculo\">DEFENSA DEL CONSUMIDOR<\/a><\/p>\n\n\n\n\n<p><a href=\"#m039\" class=\"vinculo\">DERECHOS SOCIALES (Cap\u00edtulo III)<\/a><\/p>\n\n\n\n\n<p><a href=\"#m040\" class=\"vinculo\">PROTECCION A LA FAMILIA<\/a><\/p>\n\n\n\n\n<p><a href=\"#m041\" class=\"vinculo\">IGUALDAD DE DERECHOS<\/a><\/p>\n\n\n\n\n<p><a href=\"#m042\" class=\"vinculo\">AMPARO A LA NI\u00d1EZ<\/a><\/p>\n\n\n\n\n<p><a href=\"#m043\" class=\"vinculo\">FORMACION DE LA JUVENTUD<\/a><\/p>\n\n\n\n\n<p><a href=\"#m044\" class=\"vinculo\">DERECHOS DE LA TERCERA EDAD<\/a><\/p>\n\n\n\n\n<p><a href=\"#m045\" class=\"vinculo\">DISCAPACITADOS &#8211; Excepcionales<\/a><\/p>\n\n\n\n\n<p><a href=\"#m046\" class=\"vinculo\">BENEFICIOS IMPOSITIVOS<\/a><\/p>\n\n\n\n\n<p><a href=\"#m047\" class=\"vinculo\">ACTIVIDADES SOCIALES<\/a><\/p>\n\n\n\n\n<p><a href=\"#m048\" class=\"vinculo\">TRABAJO<\/a><\/p>\n\n\n\n\n<p><a href=\"#m049\" class=\"vinculo\">DERECHOS DEL TRABAJADOR<\/a><\/p>\n\n\n\n\n<p><a href=\"#m050\" class=\"vinculo\">DERECHOS GREMIALES<\/a><\/p>\n\n\n\n\n<p><a href=\"#m051\" class=\"vinculo\">DERECHOS DE LOS INDIGENAS<\/a><\/p>\n\n\n\n\n<p><a href=\"#m052\" class=\"vinculo\">GARANTIAS PROCESALES ESPECIFICAS (Cap. IV)<\/a><\/p>\n\n\n\n\n<p><a href=\"#m053\" class=\"vinculo\">AMPARO &#8211; H\u00e1beas Corpus<\/a><\/p>\n\n\n\n\n<p><a href=\"#m054\" class=\"vinculo\">MANDAMIENTO DE EJECUCION<\/a><\/p>\n\n\n\n\n<p><a href=\"#m055\" class=\"vinculo\">MANDAMIENTO DE PROHIBICION<\/a><\/p>\n\n\n\n\n<p><a href=\"#m056\" class=\"vinculo\">RESPONSABILIDADES (Cap\u00edtulo V)<\/a><\/p>\n\n\n\n\n<p><a href=\"#m057\" class=\"vinculo\">DEBERES<\/a><\/p>\n\n\n\n\n<p><a href=\"#m058\" class=\"vinculo\">POLITICAS ESPECIALES DEL ESTADO (Segunda Parte)<\/a><\/p>\n\n\n\n\n<p><a href=\"#m059\" class=\"vinculo\">POLITICA ADMINISTRATIVA (Secci\u00f3n primera)<\/a><\/p>\n\n\n\n\n<p><a href=\"#m060\" class=\"vinculo\">PRINCIPIOS<\/a><\/p>\n\n\n\n\n<p><a href=\"#m061\" class=\"vinculo\">ESTATUTO<\/a><\/p>\n\n\n\n\n<p><a href=\"#m062\" class=\"vinculo\">CARRERA ADMINISTRATIVA<\/a><\/p>\n\n\n\n\n<p><a href=\"#m063\" class=\"vinculo\">INHABILIDADES<\/a><\/p>\n\n\n\n\n<p><a href=\"#m064\" class=\"vinculo\">INGRESO &#8211; Estabilidad<\/a><\/p>\n\n\n\n\n<p><a href=\"#m065\" class=\"vinculo\">CAPACITACION &#8211; Participaci\u00f3n<\/a><\/p>\n\n\n\n\n<p><a href=\"#m066\" class=\"vinculo\">REMOCION<\/a><\/p>\n\n\n\n\n<p><a href=\"#m067\" class=\"vinculo\">RESPONSABILIDADES DE LOS AGENTES<\/a><\/p>\n\n\n\n\n<p><a href=\"#m068\" class=\"vinculo\">RESPONSABILIDADES DE LA PCIA. Y MUNICIP.<\/a><\/p>\n\n\n\n\n<p><a href=\"#m069\" class=\"vinculo\">ACCION VINDICATORIA<\/a><\/p>\n\n\n\n\n<p><a href=\"#m070\" class=\"vinculo\">CITACION A JUICIO<\/a><\/p>\n\n\n\n\n<p><a href=\"#m071\" class=\"vinculo\">POLITICA PREVISIONAL (Secci\u00f3n segunda)<\/a><\/p>\n\n\n\n\n<p><a href=\"#m072\" class=\"vinculo\">PREVISION<\/a><\/p>\n\n\n\n\n<p><a href=\"#m073\" class=\"vinculo\">SALUD<\/a><\/p>\n\n\n\n\n<p><a href=\"#m074\" class=\"vinculo\">POLITICAS CULTURAL Y EDUCATIVA (Secci\u00f3n tercera)<\/a><\/p>\n\n\n\n\n<p><a href=\"#m075\" class=\"vinculo\">CULTURA Y EDUCACION<\/a><\/p>\n\n\n\n\n<p><a href=\"#m076\" class=\"vinculo\">CULTURA<\/a><\/p>\n\n\n\n\n<p><a href=\"#m077\" class=\"vinculo\">EDUCACION &#8211; Finalidad<\/a><\/p>\n\n\n\n\n<p><a href=\"#m078\" class=\"vinculo\">POLITICA EDUCATIVA<\/a><\/p>\n\n\n\n\n<p><a href=\"#m079\" class=\"vinculo\">PRESUPUESTO<\/a><\/p>\n\n\n\n\n<p><a href=\"#m080\" class=\"vinculo\">GOBIERNO DE LA EDUCACION<\/a><\/p>\n\n\n\n\n<p><a href=\"#m081\" class=\"vinculo\">UNIVERSIDADES<\/a><\/p>\n\n\n\n\n<p><a href=\"#m082\" class=\"vinculo\">POLITICA CIENTIFICA Y TECNOLOGICA (Secc. cuarta)<\/a><\/p>\n\n\n\n\n<p><a href=\"#m083\" class=\"vinculo\">INVESTIGACION CIENTIFICA<\/a><\/p>\n\n\n\n\n<p><a href=\"#m084\" class=\"vinculo\">DESARROLLO TECNOLOGICO<\/a><\/p>\n\n\n\n\n<p><a href=\"#m085\" class=\"vinculo\">SISTEMA PROVINCIAL DE CIENCIA Y TECNOLOG.<\/a><\/p>\n\n\n\n\n<p><a href=\"#m086\" class=\"vinculo\">POLITICA DE RECURSOS NATURALES (Secci\u00f3n quinta)<\/a><\/p>\n\n\n\n\n<p><a href=\"#m087\" class=\"vinculo\">DOMINIO<\/a><\/p>\n\n\n\n\n<p><a href=\"#m088\" class=\"vinculo\">REGIMEN DE AGUAS<\/a><\/p>\n\n\n\n\n<p><a href=\"#m089\" class=\"vinculo\">RECURSOS ICTICOLAS<\/a><\/p>\n\n\n\n\n<p><a href=\"#m090\" class=\"vinculo\">ACCESO Y DEFENSA DE LAS RIBERAS<\/a><\/p>\n\n\n\n\n<p><a href=\"#m091\" class=\"vinculo\">ORDENAMIENTO TERRITORIAL<\/a><\/p>\n\n\n\n\n<p><a href=\"#m092\" class=\"vinculo\">REGIMEN DE TIERRAS<\/a><\/p>\n\n\n\n\n<p><a href=\"#m093\" class=\"vinculo\">BOSQUES<\/a><\/p>\n\n\n\n\n<p><a href=\"#m094\" class=\"vinculo\">PARQUES<\/a><\/p>\n\n\n\n\n<p><a href=\"#m095\" class=\"vinculo\">RECURSOS MINEROS<\/a><\/p>\n\n\n\n\n<p><a href=\"#m096\" class=\"vinculo\">HIDROCARBUROS Y MINERALES NUCLEARES<\/a><\/p>\n\n\n\n\n<p><a href=\"#m097\" class=\"vinculo\">RECURSOS ENERGETICOS<\/a><\/p>\n\n\n\n\n<p><a href=\"#m098\" class=\"vinculo\">PARTICIPACION EN EMPRESAS NACIONALES<\/a><\/p>\n\n\n\n\n<p><a href=\"#m099\" class=\"vinculo\">POLITICA DE COMUNICACION SOCIAL (Secci\u00f3n sexta)<\/a><\/p>\n\n\n\n\n<p><a href=\"#m100\" class=\"vinculo\">ESPECTRO DE FRECUENCIA<\/a><\/p>\n\n\n\n\n<p><a href=\"#m101\" class=\"vinculo\">RADIODIFUSION Y TELEVISION<\/a><\/p>\n\n\n\n\n<p><a href=\"#m102\" class=\"vinculo\">POLITICA ECOLOGICA (Secci\u00f3n s\u00e9ptima)<\/a><\/p>\n\n\n\n\n<p><a href=\"#m103\" class=\"vinculo\">DEFENSA DEL MEDIO AMBIENTE<\/a><\/p>\n\n\n\n\n<p><a href=\"#m104\" class=\"vinculo\">CUSTODIA DE LOS ECOSISTEMAS NATURALES<\/a><\/p>\n\n\n\n\n<p><a href=\"#m105\" class=\"vinculo\">POLITICA ECONOMICA (Secci\u00f3n octava)<\/a><\/p>\n\n\n\n\n<p><a href=\"#m106\" class=\"vinculo\">PRINCIPIOS<\/a><\/p>\n\n\n\n\n<p><a href=\"#m107\" class=\"vinculo\">FACULTADES COMPARTIDAS<\/a><\/p>\n\n\n\n\n<p><a href=\"#m108\" class=\"vinculo\">SERVICIOS PROVINCIALES<\/a><\/p>\n\n\n\n\n<p><a href=\"#m109\" class=\"vinculo\">SUJECION AL PLANEAMIENTO<\/a><\/p>\n\n\n\n\n<p><a href=\"#m110\" class=\"vinculo\">PROPIEDAD &#8211; Expropiaci\u00f3n<\/a><\/p>\n\n\n\n\n<p><a href=\"#m111\" class=\"vinculo\">DEFENSA DE LA PRODUCCION<\/a><\/p>\n\n\n\n\n<p><a href=\"#m112\" class=\"vinculo\">CREDITO<\/a><\/p>\n\n\n\n\n<p><a href=\"#m113\" class=\"vinculo\">POLITICA FINANCIERA (Secci\u00f3n novena)<\/a><\/p>\n\n\n\n\n<p><a href=\"#m114\" class=\"vinculo\">TESORO PROVINCIAL<\/a><\/p>\n\n\n\n\n<p><a href=\"#m115\" class=\"vinculo\">REGIMEN TRIBUTARIO<\/a><\/p>\n\n\n\n\n<p><a href=\"#m116\" class=\"vinculo\">EMPRESTITOS<\/a><\/p>\n\n\n\n\n<p><a href=\"#m117\" class=\"vinculo\">IMPUESTOS PARA GASTOS DETERMINADOS<\/a><\/p>\n\n\n\n\n<p><a href=\"#m118\" class=\"vinculo\">ATRIBUCIONES IMPOSITIVAS<\/a><\/p>\n\n\n\n\n<p><a href=\"#m119\" class=\"vinculo\">CONTRATOS Y LICITACIONES<\/a><\/p>\n\n\n\n\n<p><a href=\"#m120\" class=\"vinculo\">PRESUPUESTO<\/a><\/p>\n\n\n\n\n<p><a href=\"#m120\" class=\"vinculo\">POLITICAS DE COOPERATIV. Y MUTUALISMO(Secc.d\u00e9cima)<\/a><\/p>\n\n\n\n\n<p><a href=\"#m122\" class=\"vinculo\">OBJETIVOS<\/a><\/p>\n\n\n\n\n<p><a href=\"#m123\" class=\"vinculo\">LIBERTAD DE ASOCIAC.COOPERATIVA-Represent.<\/a><\/p>\n\n\n\n\n<p><a href=\"#m124\" class=\"vinculo\">COOPERATIVAS<\/a><\/p>\n\n\n\n\n<p><a href=\"#m125\" class=\"vinculo\">EDUCACION COOPERATIVA<\/a><\/p>\n\n\n\n\n<p><a href=\"#m126\" class=\"vinculo\">POLITICAS DE PLANIF.Y REGIONALIZAC.(Secc.und\u00e9cima)<\/a><\/p>\n\n\n\n\n<p><a href=\"#m127\" class=\"vinculo\">CONSEJO DE PLANIFICACION<\/a><\/p>\n\n\n\n\n<p><a href=\"#m128\" class=\"vinculo\">FUNCIONES<\/a><\/p>\n\n\n\n\n<p><a href=\"#m129\" class=\"vinculo\">INTEGRACION<\/a><\/p>\n\n\n\n\n<p><a href=\"#m130\" class=\"vinculo\">REGIONES<\/a><\/p>\n\n\n\n\n<p><a href=\"#m131\" class=\"vinculo\">REGIONALIZACION DE LA ADMINISTRACION<\/a><\/p>\n\n\n\n\n<p><a href=\"#m131\" class=\"vinculo\">PUBLICA PROVINCIAL<\/a><\/p>\n\n\n\n\n<p><a href=\"#m132\" class=\"vinculo\">CONSEJOS REGIONALES<\/a><\/p>\n\n\n\n\n<p><a href=\"#m133\" class=\"vinculo\">FUNCIONES<\/a><\/p>\n\n\n\n\n<p><a href=\"#m134\" class=\"vinculo\">ENTES DE DESARROLLO<\/a><\/p>\n\n\n\n\n<p><a href=\"#m135\" class=\"vinculo\">ORGANIZACION DEL ESTADO (Tercera parte)<\/a><\/p>\n\n\n\n\n<p><a href=\"#m136\" class=\"vinculo\">PODER CONSTITUYENTE (Secci\u00f3n primera)<\/a><\/p>\n\n\n\n\n<p><a href=\"#m137\" class=\"vinculo\">NECESIDAD DE LA REFORMA<\/a><\/p>\n\n\n\n\n<p><a href=\"#m138\" class=\"vinculo\">INTEGRACION<\/a><\/p>\n\n\n\n\n<p><a href=\"#m139\" class=\"vinculo\">REQUISITOS &#8211; Inmunidades<\/a><\/p>\n\n\n\n\n<p><a href=\"#m140\" class=\"vinculo\">INHABILIDADES &#8211; Incompatibilidades<\/a><\/p>\n\n\n\n\n<p><a href=\"#m141\" class=\"vinculo\">PROCLAMACION &#8211; Primera reuni\u00f3n<\/a><\/p>\n\n\n\n\n<p><a href=\"#m142\" class=\"vinculo\">ATRIBUCIONES<\/a><\/p>\n\n\n\n\n<p><a href=\"#m143\" class=\"vinculo\">PLAZOS &#8211; Sanci\u00f3n<\/a><\/p>\n\n\n\n\n<p><a href=\"#m144\" class=\"vinculo\">COLABORACION &#8211; Informaci\u00f3n<\/a><\/p>\n\n\n\n\n<p><a href=\"#m145\" class=\"vinculo\">ENMIENDA &#8211; r\u00e9ndum<\/a><\/p>\n\n\n\n\n<p><a href=\"#m146\" class=\"vinculo\">REGIMEN ELECTORAL (Secci\u00f3n segunda)<\/a><\/p>\n\n\n\n\n<p><a href=\"#m147\" class=\"vinculo\">SUFRAGIO<\/a><\/p>\n\n\n\n\n<p><a href=\"#m148\" class=\"vinculo\">LEY ELECTORAL<\/a><\/p>\n\n\n\n\n<p><a href=\"#m149\" class=\"vinculo\">PODER LEGISLATIVO (Secci\u00f3n tercera)<\/a><\/p>\n\n\n\n\n<p><a href=\"#m150\" class=\"vinculo\">DISPOSICIONES GENERALES (Cap\u00edtulo I)<\/a><\/p>\n\n\n\n\n<p><a href=\"#m151\" class=\"vinculo\">DENOMINACION &#8211; Sede<\/a><\/p>\n\n\n\n\n<p><a href=\"#m152\" class=\"vinculo\">INTEGRACION<\/a><\/p>\n\n\n\n\n<p><a href=\"#m153\" class=\"vinculo\">CONDICIONES DE ELEGIBILIDAD<\/a><\/p>\n\n\n\n\n<p><a href=\"#m154\" class=\"vinculo\">DURACION &#8211; Renovaci\u00f3n &#8211; Reemplazo<\/a><\/p>\n\n\n\n\n<p><a href=\"#m155\" class=\"vinculo\">INHABILIDADES<\/a><\/p>\n\n\n\n\n<p><a href=\"#m156\" class=\"vinculo\">INCOMPATIBILIDADES<\/a><\/p>\n\n\n\n\n<p><a href=\"#m157\" class=\"vinculo\">INMUNIDADES<\/a><\/p>\n\n\n\n\n<p><a href=\"#m158\" class=\"vinculo\">DESAFUERO<\/a><\/p>\n\n\n\n\n<p><a href=\"#m159\" class=\"vinculo\">DIETA<\/a><\/p>\n\n\n\n\n<p><a href=\"#m160\" class=\"vinculo\">AUTORIDADES (Cap\u00edtulo II)<\/a><\/p>\n\n\n\n\n<p><a href=\"#m161\" class=\"vinculo\">PRESIDENTE<\/a><\/p>\n\n\n\n\n<p><a href=\"#m162\" class=\"vinculo\">VICEPRESIDENTES &#8211; Comisiones<\/a><\/p>\n\n\n\n\n<p><a href=\"#m163\" class=\"vinculo\">COMISION PERMANENTE<\/a><\/p>\n\n\n\n\n<p><a href=\"#m164\" class=\"vinculo\">SESIONES (Cap\u00edtulo III)<\/a><\/p>\n\n\n\n\n<p><a href=\"#m165\" class=\"vinculo\">ORDINARIAS<\/a><\/p>\n\n\n\n\n<p><a href=\"#m166\" class=\"vinculo\">EXTRAORDINARIAS<\/a><\/p>\n\n\n\n\n<p><a href=\"#m167\" class=\"vinculo\">QUORUM<\/a><\/p>\n\n\n\n\n<p><a href=\"#m168\" class=\"vinculo\">MAYORIA<\/a><\/p>\n\n\n\n\n<p><a href=\"#m169\" class=\"vinculo\">CARACTER DE LAS SESIONES<\/a><\/p>\n\n\n\n\n<p><a href=\"#m170\" class=\"vinculo\">ATRIBUCIONES DE LA LEGISLATURA (Cap\u00edtulo IV)<\/a><\/p>\n\n\n\n\n<p><a href=\"#m171\" class=\"vinculo\">DE LAS LEYES: FORMACION Y SANCION (Cap\u00edtulo V)<\/a><\/p>\n\n\n\n\n<p><a href=\"#m172\" class=\"vinculo\">INICIATIVA<\/a><\/p>\n\n\n\n\n<p><a href=\"#m173\" class=\"vinculo\">APROBACION<\/a><\/p>\n\n\n\n\n<p><a href=\"#m174\" class=\"vinculo\">SANCION<\/a><\/p>\n\n\n\n\n<p><a href=\"#m175\" class=\"vinculo\">EXCEPCIONES<\/a><\/p>\n\n\n\n\n<p><a href=\"#m176\" class=\"vinculo\">PROMULGACION &#8211; Veto<\/a><\/p>\n\n\n\n\n<p><a href=\"#m177\" class=\"vinculo\">INSISTENCIA<\/a><\/p>\n\n\n\n\n<p><a href=\"#m178\" class=\"vinculo\">PROMULGACION PARCIAL<\/a><\/p>\n\n\n\n\n<p><a href=\"#m179\" class=\"vinculo\">FORMULA<\/a><\/p>\n\n\n\n\n<p><a href=\"#m180\" class=\"vinculo\">OBLIGATORIEDAD<\/a><\/p>\n\n\n\n\n<p><a href=\"#m181\" class=\"vinculo\">REVOCATORIA<\/a><\/p>\n\n\n\n\n<p><a href=\"#m182\" class=\"vinculo\">JUICIO POLITICO (Cap\u00edtulo VI)<\/a><\/p>\n\n\n\n\n<p><a href=\"#m183\" class=\"vinculo\">FUNCIONARIOS INCLUIDOS<\/a><\/p>\n\n\n\n\n<p><a href=\"#m184\" class=\"vinculo\">DENUNCIA<\/a><\/p>\n\n\n\n\n<p><a href=\"#m185\" class=\"vinculo\">COMPOSICION<\/a><\/p>\n\n\n\n\n<p><a href=\"#m186\" class=\"vinculo\">SALA ACUSADORA<\/a><\/p>\n\n\n\n\n<p><a href=\"#m187\" class=\"vinculo\">PROCEDIMIENTO<\/a><\/p>\n\n\n\n\n<p><a href=\"#m188\" class=\"vinculo\">SUSPENSION<\/a><\/p>\n\n\n\n\n<p><a href=\"#m189\" class=\"vinculo\">COMISION ACUSADORA<\/a><\/p>\n\n\n\n\n<p><a href=\"#m190\" class=\"vinculo\">PROCEDIMIENTO<\/a><\/p>\n\n\n\n\n<p><a href=\"#m191\" class=\"vinculo\">GARANTIA DE DEFENSA<\/a><\/p>\n\n\n\n\n<p><a href=\"#m192\" class=\"vinculo\">VOTACION<\/a><\/p>\n\n\n\n\n<p><a href=\"#m193\" class=\"vinculo\">FALLO<\/a><\/p>\n\n\n\n\n<p><a href=\"#m194\" class=\"vinculo\">ORGANOS DE CONTROL EXTERNO (Cap\u00edtulo VII)<\/a><\/p>\n\n\n\n\n<p><a href=\"#m195\" class=\"vinculo\">TRIBUNAL DE CUENTAS &#8211; Integraci\u00f3n<\/a><\/p>\n\n\n\n\n<p><a href=\"#m196\" class=\"vinculo\">REQUISITOS<\/a><\/p>\n\n\n\n\n<p><a href=\"#m197\" class=\"vinculo\">ATRIBUCIONES<\/a><\/p>\n\n\n\n\n<p><a href=\"#m198\" class=\"vinculo\">FISCAL DE INVESTIGACIONES ADMINIST.-Func.<\/a><\/p>\n\n\n\n\n<p><a href=\"#m199\" class=\"vinculo\">REQUISITOS<\/a><\/p>\n\n\n\n\n<p><a href=\"#m200\" class=\"vinculo\">DISPOSICIONES COMUNES<\/a><\/p>\n\n\n\n\n<p><a href=\"#m201\" class=\"vinculo\">DEFENSOR DEL PUEBLO<\/a><\/p>\n\n\n\n\n<p><a href=\"#m202\" class=\"vinculo\">REQUISITOS -Condic.-Durac.-Informe anual<\/a><\/p>\n\n\n\n\n<p><a href=\"#m203\" class=\"vinculo\">REGLAMENTACION<\/a><\/p>\n\n\n\n\n<p><a href=\"#m204\" class=\"vinculo\">PODER EJECUTIVO (Secci\u00f3n cuarta)<\/a><\/p>\n\n\n\n\n<p><a href=\"#m205\" class=\"vinculo\">DISPOSICIONES GENERALES (Cap\u00edtulo I)<\/a><\/p>\n\n\n\n\n<p><a href=\"#m206\" class=\"vinculo\">GOBERNADOR Y VICEGOBERNADOR<\/a><\/p>\n\n\n\n\n<p><a href=\"#m207\" class=\"vinculo\">CONDICIONES DE ELEGIBILIDAD<\/a><\/p>\n\n\n\n\n<p><a href=\"#m208\" class=\"vinculo\">INHABILIDADES<\/a><\/p>\n\n\n\n\n<p><a href=\"#m209\" class=\"vinculo\">ELECCION<\/a><\/p>\n\n\n\n\n<p><a href=\"#m210\" class=\"vinculo\">DURACION DEL MANDATO<\/a><\/p>\n\n\n\n\n<p><a href=\"#m211\" class=\"vinculo\">REELECCION<\/a><\/p>\n\n\n\n\n<p><a href=\"#m212\" class=\"vinculo\">JURAMENTO<\/a><\/p>\n\n\n\n\n<p><a href=\"#m213\" class=\"vinculo\">INMUNIDADES<\/a><\/p>\n\n\n\n\n<p><a href=\"#m214\" class=\"vinculo\">AUSENCIAS<\/a><\/p>\n\n\n\n\n<p><a href=\"#m215\" class=\"vinculo\">EMOLUMENTOS -Incompatibilidades<\/a><\/p>\n\n\n\n\n<p><a href=\"#m216\" class=\"vinculo\">ACEFALIA<\/a><\/p>\n\n\n\n\n<p><a href=\"#m217\" class=\"vinculo\">ATRIBUCIONES (Cap\u00edtulo II)<\/a><\/p>\n\n\n\n\n<p><a href=\"#m218\" class=\"vinculo\">DEL GOBERNADOR<\/a><\/p>\n\n\n\n\n<p><a href=\"#m219\" class=\"vinculo\">DEL VICEGOBERNADOR<\/a><\/p>\n\n\n\n\n<p><a href=\"#m220\" class=\"vinculo\">MINISTROS (Cap\u00edtulo III)<\/a><\/p>\n\n\n\n\n<p><a href=\"#m221\" class=\"vinculo\">FUNCIONES<\/a><\/p>\n\n\n\n\n<p><a href=\"#m222\" class=\"vinculo\">REQUISITOS -Inmunidades<\/a><\/p>\n\n\n\n\n<p><a href=\"#m223\" class=\"vinculo\">RESPONSABILIDAD<\/a><\/p>\n\n\n\n\n<p><a href=\"#m224\" class=\"vinculo\">FACULTADES<\/a><\/p>\n\n\n\n\n<p><a href=\"#m225\" class=\"vinculo\">SUPLENCIA<\/a><\/p>\n\n\n\n\n<p><a href=\"#m226\" class=\"vinculo\">PROHIBICION<\/a><\/p>\n\n\n\n\n<p><a href=\"#m227\" class=\"vinculo\">REMUNERACION<\/a><\/p>\n\n\n\n\n<p><a href=\"#m228\" class=\"vinculo\">ORGANOS DE CONTROL INTERNO (Cap\u00edtulo IV)<\/a><\/p>\n\n\n\n\n<p><a href=\"#m229\" class=\"vinculo\">FISCALIA DE ESTADO-Funciones<\/a><\/p>\n\n\n\n\n<p><a href=\"#m230\" class=\"vinculo\">CONTADURIA GENERAL - Funciones<\/a><\/p>\n\n\n\n\n<p><a href=\"#m231\" class=\"vinculo\">REQUISITOS<\/a><\/p>\n\n\n\n\n<p><a href=\"#m232\" class=\"vinculo\">DESIGNACION &#8211; Duraci\u00f3n &#8211; Remoci\u00f3n<\/a><\/p>\n\n\n\n\n<p><a href=\"#m233\" class=\"vinculo\">COMISION DE TRANSACCIONES JUDICIALES -Func.<\/a><\/p>\n\n\n\n\n<p><a href=\"#m234\" class=\"vinculo\">REGLAMENTACION<\/a><\/p>\n\n\n\n\n<p><a href=\"#m235\" class=\"vinculo\">PODER JUDICIAL (Secci\u00f3n quinta)<\/a><\/p>\n\n\n\n\n<p><a href=\"#m236\" class=\"vinculo\">DISPOSICIONES GENERALES (Cap\u00edtulo I)<\/a><\/p>\n\n\n\n\n<p><a href=\"#m237\" class=\"vinculo\">UNIDAD DE JURISDICCION<\/a><\/p>\n\n\n\n\n<p><a href=\"#m238\" class=\"vinculo\">COMPOSICION<\/a><\/p>\n\n\n\n\n<p><a href=\"#m239\" class=\"vinculo\">INHABILIDADES<\/a><\/p>\n\n\n\n\n<p><a href=\"#m240\" class=\"vinculo\">INHAMOVILIDAD E INMUNIDADES<\/a><\/p>\n\n\n\n\n<p><a href=\"#m241\" class=\"vinculo\">DEBERES<\/a><\/p>\n\n\n\n\n<p><a href=\"#m242\" class=\"vinculo\">PROHIBICIONES<\/a><\/p>\n\n\n\n\n<p><a href=\"#m243\" class=\"vinculo\">SUPERIOR TRIBUNAL DE JUSTICIA (Cap\u00edtulo II)<\/a><\/p>\n\n\n\n\n<p><a href=\"#m244\" class=\"vinculo\">INTEGRACION<\/a><\/p>\n\n\n\n\n<p><a href=\"#m245\" class=\"vinculo\">REQUISITOS<\/a><\/p>\n\n\n\n\n<p><a href=\"#m246\" class=\"vinculo\">DESIGNACION<\/a><\/p>\n\n\n\n\n<p><a href=\"#m247\" class=\"vinculo\">DESTITUCION<\/a><\/p>\n\n\n\n\n<p><a href=\"#m248\" class=\"vinculo\">ATRIBUCIONES<\/a><\/p>\n\n\n\n\n<p><a href=\"#m249\" class=\"vinculo\">COMPETENCIA<\/a><\/p>\n\n\n\n\n<p><a href=\"#m250\" class=\"vinculo\">ABROGACION<\/a><\/p>\n\n\n\n\n<p><a href=\"#m251\" class=\"vinculo\">TRIBUNALES DE GRADO (Cap\u00edtulo III)<\/a><\/p>\n\n\n\n\n<p><a href=\"#m252\" class=\"vinculo\">ORGANIZACION Y COMPETENCIA<\/a><\/p>\n\n\n\n\n<p><a href=\"#m253\" class=\"vinculo\">REQUISITOS<\/a><\/p>\n\n\n\n\n<p><a href=\"#m254\" class=\"vinculo\">DESIGNACION -Remoci\u00f3n<\/a><\/p>\n\n\n\n\n<p><a href=\"#m255\" class=\"vinculo\">JUSTICIA ESPECIAL LETRADA<\/a><\/p>\n\n\n\n\n<p><a href=\"#m256\" class=\"vinculo\">JUSTICIA ELECTORAL<\/a><\/p>\n\n\n\n\n<p><a href=\"#m257\" class=\"vinculo\">JUSTICIA DE PAZ<\/a><\/p>\n\n\n\n\n<p><a href=\"#m258\" class=\"vinculo\">MINISTERIO PUBLICO (Cap\u00edtulo IV)<\/a><\/p>\n\n\n\n\n<p><a href=\"#m259\" class=\"vinculo\">ORGANIZACION<\/a><\/p>\n\n\n\n\n<p><a href=\"#m260\" class=\"vinculo\">REQUISITOS<\/a><\/p>\n\n\n\n\n<p><a href=\"#m261\" class=\"vinculo\">DESIGNACION Y REMOCION<\/a><\/p>\n\n\n\n\n<p><a href=\"#m262\" class=\"vinculo\">FUNCIONES<\/a><\/p>\n\n\n\n\n<p><a href=\"#m263\" class=\"vinculo\">ASISTENCIA<\/a><\/p>\n\n\n\n\n<p><a href=\"#m264\" class=\"vinculo\">CONSEJO DE LA MAGISTRATURA (Cap\u00edtulo V)<\/a><\/p>\n\n\n\n\n<p><a href=\"#m265\" class=\"vinculo\">COMPOSICION -Funcionamiento<\/a><\/p>\n\n\n\n\n<p><a href=\"#m266\" class=\"vinculo\">ELECCION DE LOS MIEMBROS<\/a><\/p>\n\n\n\n\n<p><a href=\"#m267\" class=\"vinculo\">FUNCIONES<\/a><\/p>\n\n\n\n\n<p><a href=\"#m268\" class=\"vinculo\">IMPERIO DE FALLOS - POLICIA JUDICIAL(Cap. VI)<\/a><\/p>\n\n\n\n\n<p><a href=\"#m269\" class=\"vinculo\">AUTARQUIA PRESUPUESTARIA (Cap\u00edtulo VII)<\/a><\/p>\n\n\n\n\n<p><a href=\"#m270\" class=\"vinculo\">PODER MUNICIPAL (Secci\u00f3n sexta)<\/a><\/p>\n\n\n\n\n<p><a href=\"#m271\" class=\"vinculo\">REGIMEN MUNICIPAL (Cap\u00edtulo I)<\/a><\/p>\n\n\n\n\n<p><a href=\"#m272\" class=\"vinculo\">AUTONOMIA<\/a><\/p>\n\n\n\n\n<p><a href=\"#m273\" class=\"vinculo\">MUNICIPIOS<\/a><\/p>\n\n\n\n\n<p><a href=\"#m274\" class=\"vinculo\">LIMITES -Ejidos colindantes<\/a><\/p>\n\n\n\n\n<p><a href=\"#m275\" class=\"vinculo\">CARTA ORGANICA<\/a><\/p>\n\n\n\n\n<p><a href=\"#m276\" class=\"vinculo\">ATRIBUCIONES<\/a><\/p>\n\n\n\n\n<p><a href=\"#m277\" class=\"vinculo\">TESORO MUNICIPAL<\/a><\/p>\n\n\n\n\n<p><a href=\"#m278\" class=\"vinculo\">COPARTICIPACION &#8211; Ley Convenio<\/a><\/p>\n\n\n\n\n<p><a href=\"#m279\" class=\"vinculo\">MUNICIPIOS SIN CARTA ORGANICA (Cap\u00edtulo II)<\/a><\/p>\n\n\n\n\n<p><a href=\"#m280\" class=\"vinculo\">REGIMEN LEGAL<\/a><\/p>\n\n\n\n\n<p><a href=\"#m281\" class=\"vinculo\">GOBIERNO MUNICIPAL<\/a><\/p>\n\n\n\n\n<p><a href=\"#m282\" class=\"vinculo\">REQUISITOS -Inhabilidades<\/a><\/p>\n\n\n\n\n<p><a href=\"#m283\" class=\"vinculo\">INMUNIDADES<\/a><\/p>\n\n\n\n\n<p><a href=\"#m284\" class=\"vinculo\">TRIBUNAL DE CUENTAS<\/a><\/p>\n\n\n\n\n<p><a href=\"#m285\" class=\"vinculo\">REGISTROS ELECTORALES - Extranjeros<\/a><\/p>\n\n\n\n\n<p><a href=\"#m286\"class=\"vinculo\">DERECHOS DE LOS ELECTORES<\/a><\/p>\n\n\n\n\n<p><a href=\"#m287\"class=\"vinculo\">JUNTAS ELECTORALES - Atribuciones<\/a><\/p>\n\n\n\n\n<p><a href=\"#m288\"class=\"vinculo\">JUNTAS VECINALES<\/a><\/p>\n\n\n\n\n<p><a href=\"#m289\"class=\"vinculo\">COMUNAS (Cap\u00edtulo III)<\/a><\/p>\n\n\n\n\n<p><a href=\"#m290\"class=\"vinculo\">NORMAS COMPLEMENTARIAS<\/a><\/p>\n\n\n\n\n<p><a href=\"#m290\"class=\"vinculo\">DISPOSICIONES COMUNES<\/a><\/p>\n\n\n\n\n<p><a href=\"#m291\"class=\"vinculo\">NORMAS DE INTERPRETACION<\/a><\/p>\n\n\n\n\n<p><a href=\"#m292\"class=\"vinculo\">REIVINDICACIONES PROVINCIALES<\/a><\/p>\n\n\n\n\n<p><a href=\"#m293\"class=\"vinculo\">DISPOSICIONES TRANSITORIAS<\/a><\/p>\n\n\n\n\n<p><a href=\"#m293\"class=\"vinculo\">CORRESPONDIENTES AL ART. 11<\/a><\/p>\n\n\n\n\n<p><a href=\"#m294\"class=\"vinculo\">DISPOSICIONES TRANSITORIAS<\/a><\/p>\n\n\n\n\n<p><a href=\"#m294\"class=\"vinculo\">CORRESPONDIENTES AL PODER JUDICIAL<\/a><\/p>\n\n\n\n\n<p><a href=\"#m295\"class=\"vinculo\">DISPOSICIONES COMPLEMENTARIAS Y TRANSITOR<\/a>.<\/p>\n\n\n\n\n<p><a href=\"#m295\"class=\"vinculo\">DEL REGIMEN MUNICIPAL<\/a><\/p>\n\n\n\n\n<p><a href=\"#m296\"class=\"vinculo\">PLAZOS LEGISLATIVOS<\/a><\/p>\n\n\n\n\n<p><a href=\"#m297\"class=\"vinculo\">NORMAS FINALES<\/a><\/p>\n\n\n\n\n<p>&nbsp;<\/p>\n\n\n\n\n<p>&nbsp;<\/p>\n\n\n<\/td>\n\n\n<\/tr>\n\n\n\n\n<tr>\n\n\n<td class=\"texto\">\n\n\n<p class=\"texto\"><font size=\"4\" face=\"Arial\"><strong>CONVENCION CONSTITUYENTE<\/strong><\/p>\n\n\n\n\n<p class=\"texto\"><a name=\"m001\" class=\"vinculo\"><\/a><strong>PREAMBULO<\/strong><\/p>\n\n\n<\/td>\n\n\n<\/tr>\n\n\n\n\n<tr>\n\n\n<td align=\"justify\" class=\"texto\">\n\n\n<p >Los representantes del Pueblo de la Provincia de R\u00edo<br \/>\n        Negro, reunidos en Convenci\u00f3n Constituyente, ratificando su indisoluble<br \/>\n        pertenencia a la Naci\u00f3n Argentina y como parte integrante de la Patagonia,<br \/>\n        con el objeto de garantizar el ejercicio universal de los Derechos Humanos<br \/>\n        sin discriminaciones, en un marco de \u00e9tica solidaria, para afianzar el<br \/>\n        goce de la libertad y la justicia social, consolidar las instituciones<br \/>\n        republicanas reafirmando el objetivo de construir un nuevo federalismo<br \/>\n        de concertaci\u00f3n, consagrar un ordenamiento pluralista y participativo<br \/>\n        donde se desarrollen todas las potencias del individuo y las asociaciones<br \/>\n        democr\u00e1ticas que se da la sociedad, proteger la salud, asegurar la educaci\u00f3n<br \/>\n        permanente, dignificar el trabajo, promover la iniciativa privada y la<br \/>\n        funci\u00f3n social de la propiedad, preservar los recursos naturales y el<br \/>\n        medio ambiente, descentralizar el Estado haciendo socialmente eficiente<br \/>\n        su funci\u00f3n, fortalecer la autonom\u00eda municipal y el equilibrio regional,<br \/>\n        lograr la vigencia del bien com\u00fan y la paz bajo la protecci\u00f3n de Dios,<br \/>\n        ordenamos, decretamos y establecemos esta Constituci\u00f3n para la Provincia<br \/>\n        de R\u00edo Negro.-<\/p>\n\n\n\n\n<p align=\"right\"><a href=\"#ini\" class=\"vinculo\"><img loading=\"lazy\" src=\"\/imagenes\/flecha_subir.gif\" width=\"15\" height=\"16\" border=\"0\"><\/a><\/p>\n\n\n\n\n<p ><strong>PRIMERA PARTE<\/strong><\/p>\n\n\n\n\n<p ><a name=\"m002\" class=\"vinculo\"><\/a><strong>DECLARACIONES GENERALES<br \/>\n        &#8211; DERECHOS &#8211; GARANTIAS Y RESPONSABILIDADES<\/strong><\/p>\n\n\n\n\n<p >SECCION PRIMERA<\/p>\n\n\n\n\n<p ><a name=\"m003\" class=\"vinculo\"><\/a><strong>DECLARACIONES GENERALES<\/strong><\/p>\n\n\n\n\n<p >CAPITULO I<\/p>\n\n\n\n\n<p ><a name=\"m004\" class=\"vinculo\"><\/a><strong>DECLARACIONES DE FE REPUBLICANA<\/strong><\/p>\n\n\n\n\n<p ><a name=\"m005\" class=\"vinculo\"><\/a><strong>SISTEMA DE GOBIERNO<\/strong><\/p>\n\n\n\n\n<p ><strong>Art\u00edculo 1.-<\/strong> La Provincia de R\u00edo<br \/>\n        Negro, en ejercicio de su autonom\u00eda y como parte integrante de la Naci\u00f3n<br \/>\n        Argentina, se dicta su Constituci\u00f3n y organiza sus instituciones bajo<br \/>\n        el sistema republicano y democr\u00e1tico de gobierno, seg\u00fan los principios,<br \/>\n        derechos, deberes y garant\u00edas consignados en la Constituci\u00f3n Nacional.<\/p>\n\n\n\n\n<p align=\"left\"><a name=\"m006\" class=\"vinculo\"><\/a><strong>SOBERANIA<br \/>\n        POPULAR<\/strong><\/p>\n\n\n\n\n<p ><strong>Art\u00edculo 2.-<\/strong> El poder emana del Pueblo,<br \/>\n        quien delibera y gobierna por medio de sus representantes y autoridades<br \/>\n        legalmente constitu\u00eddas, con excepci\u00f3n de los casos del refer\u00e9ndum, consulta,<br \/>\n        iniciativa y revocatoria populares.<\/p>\n\n\n\n\n<p >A toda persona con derecho a voto le asiste el derecho<br \/>\n        a iniciativa ante los cuerpos colegiados para la presentaci\u00f3n de proyectos.<\/p>\n\n\n\n\n<p align=\"left\"><a name=\"m007\" class=\"vinculo\"><\/a><strong>SUPRESION<br \/>\n        DE TITULOS<\/strong><\/p>\n\n\n\n\n<p ><strong>Art\u00edculo 3.-<\/strong> Quedan suprimidos los<br \/>\n        t\u00edtulos honor\u00edficos a los funcionarios, cualquiera sea su investidura.<\/p>\n\n\n\n\n<p ><a name=\"m008\" class=\"vinculo\"><\/a><strong>PUBLICIDAD<\/strong><\/p>\n\n\n\n\n<p ><strong>Art\u00edculo 4.-<\/strong> Todos los actos de gobierno<br \/>\n        son p\u00fablicos.<\/p>\n\n\n\n\n<p >Son publicados \u00edntegramente los que se relacionancon<br \/>\n        la renta y los bienes pertenecientes al gobierno provincial y municipal.<\/p>\n\n\n\n\n<p align=\"left\"><a name=\"m009\" class=\"vinculo\"><\/a><strong>JURAMENTO<br \/>\n        &#8211; MANIFESTACION DE BIENES<\/strong><\/p>\n\n\n\n\n<p ><strong>Art\u00edculo 5.-<\/strong> Los magistrados y funcionarios,<br \/>\n        electivos o no, incluso los pertenecientes a las intervenciones federales,<br \/>\n        est\u00e1n obligados en el acto de su incorporaci\u00f3n, a prestar juramento de<br \/>\n        desempe\u00f1ar debidamente el cargo y de obraren todo de conformidad a lo<br \/>\n        prescripto por esta Constituci\u00f3n.<\/p>\n\n\n\n\n<p >Las personas mencionadas en el p\u00e1rrafo anterior est\u00e1n<br \/>\n        obligadas a manifestar sus bienes al ingreso, bajo apercibimiento de no<br \/>\n        recibir emolumento y de cesar en el cargo; y al egreso, de negarle beneficio<br \/>\n        previsional. La manifestaci\u00f3n de bienes comprende tambi\u00e9n la del c\u00f3nyuge<br \/>\n        y personas a su cargo, conforme la reglamentaci\u00f3n.<\/p>\n\n\n\n\n<p ><a name=\"m010\" class=\"vinculo\"><\/a><strong>ENSE\u00d1ANZA DE LA CONSTITUCION<\/strong><\/p>\n\n\n\n\n<p ><strong>Art\u00edculo 6.- <\/strong>El estudio de la Constituci\u00f3n<br \/>\n        ser\u00e1 materia obligatoria en todos los niveles de la educaci\u00f3n oficial<br \/>\n        de la Provincia, exaltando su esp\u00edritu y normativa.<\/p>\n\n\n\n\n<p ><a name=\"m011\" class=\"vinculo\"><\/a><strong>VIGENCIA DE LA CONSTITUCION<\/strong><\/p>\n\n\n\n\n<p ><strong>Art\u00edculo 7.- <\/strong>En ning\u00fan caso y por<br \/>\n        ning\u00fan motivo el Pueblo y las autoridades de la Provincia pueden suspender<br \/>\n        elcumplimiento de esta Constituci\u00f3n, ni la de la Naci\u00f3n o la efectividad<br \/>\n        de las garant\u00edas establecidas en ambas.<\/p>\n\n\n\n\n<p >Es deber de los habitantes de la Provincia defender<br \/>\n        la efectiva vigencia del orden constitucional y de sus autoridades leg\u00edtimas.<br \/>\n        Carece de validez jur\u00eddica cualquier disposici\u00f3n adoptada por imposici\u00f3n<br \/>\n        de fuerza armada.<\/p>\n\n\n\n\n<p >A los efectos penales y formales, los fueros, inmunidades<br \/>\n        y prerrogativas procesales de los funcionarios electos se consideran vigentes<br \/>\n        hasta la finalizaci\u00f3n de sus per\u00edodos, conforme a esta Constituci\u00f3n, cuando<br \/>\n        fueren destitu\u00eddos por actos o hechos no previstos por la misma. Son insanablemente<br \/>\n        nulas las condenas penales que se hubieren dictado o se dictaren en contravenci\u00f3n<br \/>\n        a esta norma.<\/p>\n\n\n\n\n<p >Las personas que ejercieren funciones de responsabilidad<br \/>\n        o asesoramiento pol\u00edtico en los poderes de la Naci\u00f3n, de las provincias<br \/>\n        o de los municipios, en gobiernos no constitucionales, quedan inhabilitados<br \/>\n        a perpetuidad para ocupar cargos p\u00fablicos, en la provincia o en sus municipios.<br \/>\n        A los fines previsionales, no se computar\u00e1 el tiempo de sus servicios<br \/>\n        ni los aportes que por tal concepto hubieren realizado.<\/p>\n\n\n\n\n<p align=\"right\"><a href=\"#ini\" class=\"vinculo\"><img loading=\"lazy\" src=\"\/imagenes\/flecha_subir.gif\" width=\"15\" height=\"16\" border=\"0\"><\/a><\/p>\n\n\n\n\n<p >CAPITULO II<\/p>\n\n\n\n\n<p ><a name=\"m012\" class=\"vinculo\"><\/a><strong>EL ESTADO PROVINCIAL<\/strong><\/p>\n\n\n\n\n<p ><a name=\"m013\" class=\"vinculo\"><\/a><strong>NOMBRE<\/strong><\/p>\n\n\n\n\n<p ><strong>Art\u00edculo 8.-<\/strong> Las denominaciones adoptadas<br \/>\n        sucesivamente desde 1884 para el ex-Territorio Nacional, a saber: &quot;DE<br \/>\n        RIO NEGRO&quot; o &quot;DEL RIO NEGRO&quot;, son nombres oficiales indistintos<br \/>\n        para la designaci\u00f3n de la Provincia.<\/p>\n\n\n\n\n<p align=\"right\"><a href=\"#ini\" class=\"vinculo\"><img loading=\"lazy\" src=\"\/imagenes\/flecha_subir.gif\" width=\"15\" height=\"16\" border=\"0\"><\/a><\/p>\n\n\n\n\n<p ><a name=\"m014\" class=\"vinculo\"><\/a><strong>LIMITES<\/strong><\/p>\n\n\n\n\n<p ><strong>Art\u00edculo 9.- <\/strong>Los l\u00edmites del territorio<br \/>\n        de la Provincia son los hist\u00f3ricos fijados por la Ley Nacional No 1.532,<br \/>\n        ratificados por la Ley Nacional No 14.408, abarcando adem\u00e1s el subsuelo,<br \/>\n        el Mar Argentino adyacente y su lecho, y el espacio a\u00e9reo correspondiente.<\/p>\n\n\n\n\n<p >Su modificaci\u00f3n requiere los votos favorables de los<br \/>\n        cuatro quintos del total de los miembros de la Legislatura.<\/p>\n\n\n\n\n<p align=\"right\"><a href=\"#ini\" class=\"vinculo\"><img loading=\"lazy\" src=\"\/imagenes\/flecha_subir.gif\" width=\"15\" height=\"16\" border=\"0\"><\/a><\/p>\n\n\n\n\n<p ><a name=\"m015\" class=\"vinculo\"><\/a><strong>REGION PATAGONICA<\/strong><\/p>\n\n\n\n\n<p ><strong>Art\u00edculo 10.-<\/strong> La Provincia de R\u00edo<br \/>\n        Negro declara su pertenencia a la regi\u00f3n patag\u00f3nica. El gobierno coordina<br \/>\n        e integra prioritariamente sus pol\u00edticas y planes con las provincias y<br \/>\n        autoridades nacionales con asiento al sur de los r\u00edos Barrancas y Colorado.<\/p>\n\n\n\n\n<p align=\"right\"><a href=\"#ini\" class=\"vinculo\"><img loading=\"lazy\" src=\"\/imagenes\/flecha_subir.gif\" width=\"15\" height=\"16\" border=\"0\"><\/a><\/p>\n\n\n\n\n<p ><a name=\"m016\" class=\"vinculo\"><\/a><strong>CAPITAL DE LA PROVINCIA<br \/>\n        &#8211; DESCENTRALIZACION<\/strong><\/p>\n\n\n\n\n<p ><strong>Art\u00edculo 11.-<\/strong> La ciudad de Viedma<br \/>\n        es la capital de la Provincia. Es el asiento de las autoridades provinciales,<br \/>\n        conforme a esta Constituci\u00f3n.<\/p>\n\n\n\n\n<p >Deja de ser capital cuando se efectivice el traslado<br \/>\n        de las autoridades nacionales al nuevo Distrito Federal.<\/p>\n\n\n\n\n<p >El gobierno promueve la modernizaci\u00f3n, la descentralizaci\u00f3n<br \/>\n        administrativa y la planificaci\u00f3n del desarrollo, contemplando las caracter\u00edsticas<br \/>\n        culturales, hist\u00f3ricas y socioecon\u00f3micas de las diferentes regiones internas,<br \/>\n        fortaleciendo el protagonismo de los municipios.<\/p>\n\n\n\n\n<p align=\"right\"><a href=\"#ini\" class=\"vinculo\"><img loading=\"lazy\" src=\"\/imagenes\/flecha_subir.gif\" width=\"15\" height=\"16\" border=\"0\"><\/a><\/p>\n\n\n\n\n<p ><a name=\"m017\" class=\"vinculo\"><\/a><strong>CLAUSULA FEDERAL<\/strong><\/p>\n\n\n\n\n<p ><strong>Art\u00edculo 12.-<\/strong> El gobierno provincial:<\/p>\n\n\n\n\n<p ><strong>1<\/strong>. Ejerce los derechos y competencia<br \/>\n        no delegados expresamente al gobierno federal.<\/p>\n\n\n\n\n<p ><strong>2<\/strong>. Promueve un federalismo de concertaci\u00f3n<br \/>\n        con el gobierno federal y entre las provincias, con la finalidad de satisfacer<br \/>\n        intereses comunes y participar en organismos de consulta y decisi\u00f3n, as\u00ed<br \/>\n        como establecer relaciones intergubernamentales e interjurisdiccionales,<br \/>\n        mediante tratados y convenios.<\/p>\n\n\n\n\n<p ><strong>3<\/strong>. Ejerce, en los lugares transferidos<br \/>\n        por cualquier t\u00edtulo al gobierno federal, las potestades provinciales<br \/>\n        que no obstaculicen el cumplimiento de los objetivos de utilidad nacional.<\/p>\n\n\n\n\n<p ><strong>4<\/strong>. Concerta con el gobierno federal<br \/>\n        reg\u00edmenes de coparticipaci\u00f3n impositiva, promoci\u00f3n econ\u00f3mica y descentralizaci\u00f3n<br \/>\n        del sis tema previsional.<\/p>\n\n\n\n\n<p ><strong>5<\/strong>. Gestiona la desconcentraci\u00f3n y<br \/>\n        descentralizaci\u00f3n de la administraci\u00f3n federal.<\/p>\n\n\n\n\n<p ><strong>6<\/strong>. Realiza gestiones y celebra acuerdos<br \/>\n        en el orden internacional para satisfacer sus intereses, sin perjuicio<br \/>\n        de las facultades del gobierno federal.<\/p>\n\n\n\n\n<p ><strong>7<\/strong>. Acuerda su participaci\u00f3n en \u00f3rganos<br \/>\n        que ejercen poderes concurrentes o reg\u00edmenes concertados y en las empresas<br \/>\n        interjusrisdiccionales o del Estado Nacional que exploten recursos en<br \/>\n        su territorio.<\/p>\n\n\n\n\n<p ><strong>8<\/strong>. Se reserva el derecho de solicitar<br \/>\n        la celebraci\u00f3n de un nuevo pacto federal, por no haber intervenido en<br \/>\n        el Tratado del 31 de enero de 1831, ni en la sanci\u00f3n de la Constituci\u00f3n<br \/>\n        Nacional.<\/p>\n\n\n\n\n<p align=\"right\"><a href=\"#ini\" class=\"vinculo\"><img loading=\"lazy\" src=\"\/imagenes\/flecha_subir.gif\" width=\"15\" height=\"16\" border=\"0\"><\/a><\/p>\n\n\n\n\n<p ><a name=\"m018\" class=\"vinculo\"><\/a><strong>INTERVENCION FEDERAL<\/strong><\/p>\n\n\n\n\n<p ><strong>Art\u00edculo 13.-<\/strong> Las funciones de las<br \/>\n        intervenciones federales son exclusivamente administrativas, con excepci\u00f3n<br \/>\n        de las que derivan del estado de necesidad.<\/p>\n\n\n\n\n<p >Los actos administrativos que realizan las intervenciones<br \/>\n        son v\u00e1lidos solamente cuando est\u00e1n conformes con esta Constituci\u00f3n y las<br \/>\n        leyes que en su consecuencia se dicten. La<\/p>\n\n\n\n\n<p >nulidad emergente puede ser declarada a instancia<br \/>\n        de parte.<\/p>\n\n\n\n\n<p >Los funcionarios y empleados designados por la intervenci\u00f3n<br \/>\n        federal quedan en comisi\u00f3n el d\u00eda en que \u00e9sta cesa en sus funciones.<\/p>\n\n\n\n\n<p align=\"right\"><a href=\"#ini\" class=\"vinculo\"><img loading=\"lazy\" src=\"\/imagenes\/flecha_subir.gif\" width=\"15\" height=\"16\" border=\"0\"><\/a><\/p>\n\n\n\n\n<p >SECCION SEGUNDA<\/p>\n\n\n\n\n<p ><a name=\"m019\" class=\"vinculo\"><\/a><strong>DERECHOS, GARANTIAS Y RESPONSABILIDADES<\/strong><\/p>\n\n\n\n\n<p >CAPITULO I<\/p>\n\n\n\n\n<p ><a name=\"m020\" class=\"vinculo\"><\/a><strong>DISPOSICIONES GENERALES<\/strong><\/p>\n\n\n\n\n<p ><a name=\"m021\" class=\"vinculo\"><\/a><strong>OPERATIVIDAD<\/strong><\/p>\n\n\n\n\n<p ><strong>Art\u00edculo 14.-<\/strong> Los derechos y garant\u00edas<br \/>\n        establecidos expresa o impl\u00edcitamente en esta Constituci\u00f3n tienen plena<br \/>\n        operatividad sin que su ejercicio pueda ser menoscabado por ausencia o<br \/>\n        insuficiencia de reglamentaci\u00f3n. El Estado asegura la efectividad de los<br \/>\n        mismos, primordialmente los vinculados con las necesidades vitales del<br \/>\n        hombre. Tiende a eliminar los obst\u00e1culos sociales, pol\u00edticos, culturales<br \/>\n        y econ\u00f3micos, permitiendo igualdad de posibilidades.<\/p>\n\n\n\n\n<p align=\"right\"><a href=\"#ini\" class=\"vinculo\"><img loading=\"lazy\" src=\"\/imagenes\/flecha_subir.gif\" width=\"15\" height=\"16\" border=\"0\"><\/a><\/p>\n\n\n\n\n<p ><a name=\"m022\" class=\"vinculo\"><\/a><strong>REGLAMENTACION &#8211; FACULTADES<br \/>\n        IMPLICITAS<\/strong><\/p>\n\n\n\n\n<p ><strong>Art\u00edculo 15.-<\/strong> Las declaraciones,<br \/>\n        derechos y garant\u00edas que enumera esta Constituci\u00f3n, no podr\u00e1n ser alterados<br \/>\n        por las leyes que reglamenten su ejercicio, ni ser\u00e1n entendidos como negaci\u00f3n<br \/>\n        de otros derechos y garant\u00edas no enumerados, pero que nacen del principio<br \/>\n        de la soberan\u00eda del pueblo y de la forma republicana de gobierno.<\/p>\n\n\n\n\n<p align=\"right\"><a href=\"#ini\" class=\"vinculo\"><img loading=\"lazy\" src=\"\/imagenes\/flecha_subir.gif\" width=\"15\" height=\"16\" border=\"0\"><\/a><\/p>\n\n\n\n\n<p >CAPITULO II<\/p>\n\n\n\n\n<p ><a name=\"m023\" class=\"vinculo\"><\/a><strong>DERECHOS PERSONALES<\/strong><\/p>\n\n\n\n\n<p ><a name=\"m024\" class=\"vinculo\"><\/a><strong>DIGNIDAD HUMANA<\/strong><\/p>\n\n\n\n\n<p ><strong>Art\u00edculo 16.- <\/strong>Se reconoce el derecho<br \/>\n        a la vida y dignidad humana. Nadie puede ser sometido a tortura ni a tratos<br \/>\n        crueles, degradantes o inhumanos. Los agentes p\u00fablicos que los ordenen,<br \/>\n        induzcan, permitan, consientan o no los denuncien, son exonerados si se<br \/>\n        demuestra la culpabilidad administrativa, sin perjuicio de las penas que<br \/>\n        por ley correspondan.<\/p>\n\n\n\n\n<p align=\"right\"><a href=\"#ini\" class=\"vinculo\"><img loading=\"lazy\" src=\"\/imagenes\/flecha_subir.gif\" width=\"15\" height=\"16\" border=\"0\"><\/a><\/p>\n\n\n\n\n<p ><a name=\"m025\" class=\"vinculo\"><\/a><strong>LIBERTAD PERSONAL &#8211; CAUSALES<br \/>\n        DE DETENCION<\/strong><\/p>\n\n\n\n\n<p ><strong>Art\u00edculo 17.-<\/strong> Ninguna persona puede<br \/>\n        ser detenida sin que preceda, al menos, una indagaci\u00f3n sumaria, que produzca<br \/>\n        semiplena prueba o indicio grave de la comisi\u00f3n de un delito, salvo el<br \/>\n        caso de ser sorprendido in fraganti, en que puede ser aprehendida por<br \/>\n        cualquier persona que deber\u00e1 conducirla inmediatamente a presencia de<br \/>\n        un juez o autoridad competente.<\/p>\n\n\n\n\n<p align=\"right\"><a href=\"#ini\" class=\"vinculo\"><img loading=\"lazy\" src=\"\/imagenes\/flecha_subir.gif\" width=\"15\" height=\"16\" border=\"0\"><\/a><\/p>\n\n\n\n\n<p ><a name=\"m026\" class=\"vinculo\"><\/a><strong>CONDICIONES DE DETENCION<\/strong><\/p>\n\n\n\n\n<p ><strong>Art\u00edculo 18.-<\/strong> Ninguna detenci\u00f3n puede<br \/>\n        prolongarse m\u00e1s de veinticuatro horas sin darse aviso al juez competente,<br \/>\n        poniendo al detenido a su disposici\u00f3n.<\/p>\n\n\n\n\n<p >Ninguna detenci\u00f3n o arresto se har\u00e1 en c\u00e1rcel p\u00fablica<br \/>\n        destinada a los condenados, sino en otro local que se asignar\u00e1 a este<br \/>\n        objeto. Las mujeres y menores ser\u00e1n alojados en<\/p>\n\n\n\n\n<p >establecimientos especiales.<\/p>\n\n\n\n\n<p >Los menores tienen como m\u00ednimo iguales garant\u00edas procesales<br \/>\n        que las acordadas a los mayores de edad por esta Constituci\u00f3n y las leyes<br \/>\n        que la reglamentan.<\/p>\n\n\n\n\n<p align=\"right\"><a href=\"#ini\" class=\"vinculo\"><img loading=\"lazy\" src=\"\/imagenes\/flecha_subir.gif\" width=\"15\" height=\"16\" border=\"0\"><\/a><\/p>\n\n\n\n\n<p ><a name=\"m027\" class=\"vinculo\"><\/a><strong>APLICACION DE LA LEY PENAL<\/strong><\/p>\n\n\n\n\n<p ><strong>Art\u00edculo 19.-<\/strong> S\u00f3lo pueden aplicarse<br \/>\n        con efecto retroactivo las leyes penales m\u00e1s favorables al imputado. No<br \/>\n        pueden reabrirse causas conclu\u00eddas en materia criminal, excepto cuando<br \/>\n        se tuviere prueba de la inocencia del condenado. Si dela revisi\u00f3n de una<br \/>\n        causa penal resulta su inocencia, la Provincia indemniza los da\u00f1os materiales<br \/>\n        y morales causados, si hubiere culpa.<\/p>\n\n\n\n\n<p align=\"right\"><a href=\"#ini\" class=\"vinculo\"><img loading=\"lazy\" src=\"\/imagenes\/flecha_subir.gif\" width=\"15\" height=\"16\" border=\"0\"><\/a><\/p>\n\n\n\n\n<p ><a name=\"m028\" class=\"vinculo\"><\/a><strong>DERECHO A LA PRIVACIDAD<\/strong><\/p>\n\n\n\n\n<p ><strong>Art\u00edculo 20.- <\/strong>La ley asegura la intimidad<br \/>\n        de las personas. El uso de la informaci\u00f3n de toda \u00edndole o categor\u00eda,<br \/>\n        almacenada, procesada o distribu\u00edda a trav\u00e9s de cualquier medio f\u00edsico<br \/>\n        o electr\u00f3nico, debe respetar el honor, la privacidad y el goce completo<br \/>\n        de los derechos. La ley reglamenta su utilizaci\u00f3n de acuerdo a los principios<br \/>\n        de justificaci\u00f3n social, limitaci\u00f3n de la recolecci\u00f3n de datos, calidad,<br \/>\n        especificaci\u00f3n del prop\u00f3sito, confidencialidad, salvaguarda de la seguridad,<br \/>\n        apertura de registros, limitaci\u00f3n en el tiempo y control p\u00fablico. Asegura<br \/>\n        el acceso de las personas afectadas a la informaci\u00f3n para su rectificaci\u00f3n,<br \/>\n        actualizaci\u00f3n o cancelaci\u00f3n cuando no fuera razonable su mantenimiento.<\/p>\n\n\n\n\n<p align=\"right\"><a href=\"#ini\" class=\"vinculo\"><img loading=\"lazy\" src=\"\/imagenes\/flecha_subir.gif\" width=\"15\" height=\"16\" border=\"0\"><\/a><\/p>\n\n\n\n\n<p ><a name=\"m029\" class=\"vinculo\"><\/a><strong>INVIOLABILIDAD DEL DOMICILIO<br \/>\n        Y DOCUMENTOS PRIVADOS<\/strong><\/p>\n\n\n\n\n<p ><strong>Art\u00edculo 21.-<\/strong> El domicilio, los papeles<br \/>\n        y registros de datos privados, la correspondencia epistolar y las comunicaciones<br \/>\n        de cualquier \u00edndole son inviolables y s\u00f3lo pueden ser allanados, intervenidos,<br \/>\n        interceptados o registrados en virtud de orden escrita de juez competente<br \/>\n        y siempre que mediare semiplena prueba o indicio grave de la existencia<br \/>\n        de hecho punible.<\/p>\n\n\n\n\n<p >El allanamiento de domicilio en horas de la noche<br \/>\n        es excepcional. S\u00f3lo puede disponerse por motivo fundado y realizarse<br \/>\n        con la presencia del juez, salvo imposibilidad justificada, en cuyo caso<br \/>\n        delegar\u00e1 la diligencia en otro funcionario judicial.<\/p>\n\n\n\n\n<p >Toda prueba obtenida en violaci\u00f3n a lo aqu\u00ed dispuesto<br \/>\n        queda invalidada como tal.<\/p>\n\n\n\n\n<p align=\"right\"><a href=\"#ini\" class=\"vinculo\"><img loading=\"lazy\" src=\"\/imagenes\/flecha_subir.gif\" width=\"15\" height=\"16\" border=\"0\"><\/a><\/p>\n\n\n\n\n<p ><a name=\"m030\" class=\"vinculo\"><\/a><strong>DERECHO DE DEFENSA<\/strong><\/p>\n\n\n\n\n<p ><strong>Art\u00edculo 22.- <\/strong>Es inviolable la defensa<br \/>\n        de la persona y de los derechos en todo procedimiento judicial o administrativo.<\/p>\n\n\n\n\n<p >La ley asegura la defensa de todo indigente en cualquier<br \/>\n        jurisdicci\u00f3n o fuero.<\/p>\n\n\n\n\n<p >Los defensores no pueden ser molestados, ni allanados<br \/>\n        sus domicilios o locales profesionales con motivo de su defensa.<\/p>\n\n\n\n\n<p >Ning\u00fan habitante puede ser sacado de sus jueces naturales.<\/p>\n\n\n\n\n<p >Es inocente toda persona mientras no se declare su<br \/>\n        culpabilidad conforme a la ley y en proceso p\u00fablico, con todas las garant\u00edas<br \/>\n        necesarias para su defensa.<\/p>\n\n\n\n\n<p >En causa penal nadie est\u00e1 obligado a declarar contra<br \/>\n        s\u00ed mismo, ni se impone obligaci\u00f3n de declarar al c\u00f3nyuge, ascendientes,<br \/>\n        descendientes o colaterales en segundo grado del<\/p>\n\n\n\n\n<p >acusado.<\/p>\n\n\n\n\n<p >Las declaraciones del imputado no son usadas en su<br \/>\n        contra, salvo que sean prestadas en presencia del juez de la causa y de<br \/>\n        su defensor.<\/p>\n\n\n\n\n<p >Ning\u00fan detenido debe estar incomunicado m\u00e1s de 48<br \/>\n        horas. Se le notifica la causa de la detenci\u00f3n dentro de las primeras<br \/>\n        12 horas, entreg\u00e1ndosele copia de la resoluci\u00f3n fechada y firmada. Tiene<br \/>\n        derecho a dar aviso de su situaci\u00f3n a quien estime conveniente, siendo<br \/>\n        obligaci\u00f3n de la autoridad proveer los medios necesarios para ello en<br \/>\n        forma inmediata.<\/p>\n\n\n\n\n<p >Las autoridades proporcionan antecedentes penales<br \/>\n        o judiciales s\u00f3lo en los casos y con las limitaciones previstas en la<br \/>\n        ley.<\/p>\n\n\n\n\n<p align=\"right\"><a href=\"#ini\" class=\"vinculo\"><img loading=\"lazy\" src=\"\/imagenes\/flecha_subir.gif\" width=\"15\" height=\"16\" border=\"0\"><\/a><\/p>\n\n\n\n\n<p ><a name=\"m031\" class=\"vinculo\"><\/a><strong>SISTEMA CARCELARIO<\/strong><\/p>\n\n\n\n\n<p ><strong>Art\u00edculo 23.- <\/strong>La Provincia promueve<br \/>\n        la creaci\u00f3n del sistema penitenciario provincial. Las c\u00e1rceles tienen<br \/>\n        por objeto la seguridad p\u00fablica y no la mortificaci\u00f3n de los internados;<br \/>\n        son sanas y limpias y constituyen centros de ense\u00f1anza, readaptaci\u00f3n y<br \/>\n        trabajo. La reglamentaci\u00f3n permite visitas privadas con el fin de no alterar<br \/>\n        el mundo afectivo y familiar, y ayudar a la recuperaci\u00f3n integral del<br \/>\n        detenido. Todo rigor innecesario hace responsables a quienes lo autorizan,<br \/>\n        aplican, consienten o no lo denuncian.<\/p>\n\n\n\n\n<p align=\"right\"><a href=\"#ini\" class=\"vinculo\"><img loading=\"lazy\" src=\"\/imagenes\/flecha_subir.gif\" width=\"15\" height=\"16\" border=\"0\"><\/a><\/p>\n\n\n\n\n<p ><a name=\"m032\" class=\"vinculo\"><\/a><strong>DERECHO DE ASOCIACION POLITICA<\/strong><\/p>\n\n\n\n\n<p ><strong>Art\u00edculo 24.-<\/strong> Todas las personas<br \/>\n        en condiciones de votar tienen el derecho de asociarse libremente en partidos<br \/>\n        pol\u00edticos, los que ajustan su accionar a las normas contenidas en esta<br \/>\n        Constituci\u00f3n y a las leyes que se dicten en su consecuencia.<\/p>\n\n\n\n\n<p >Los partidos pol\u00edticos expresan el pluralismo ideol\u00f3gico<br \/>\n        concurriendo a la formaci\u00f3n y manifestaci\u00f3n de la voluntad popular. Son<br \/>\n        los principales medios para la participaci\u00f3n y representaci\u00f3n pol\u00edtica<br \/>\n        del Pueblo rionegrino. Se reconoce y asegura su existencia. Son las \u00fanicas<br \/>\n        organizaciones que pueden nominar candidaturas para cargos que se proveen<br \/>\n        mediante elecci\u00f3n popular. Tienen libre acceso a los medios de comunicaci\u00f3n<br \/>\n        a efectos de orientar a la opini\u00f3n p\u00fablica y contribuir a la formaci\u00f3n<br \/>\n        de su voluntad.<\/p>\n\n\n\n\n<p >Su funcionamiento y organizaci\u00f3n interna responden<br \/>\n        a principios democr\u00e1ticos. Deben dar cuenta p\u00fablicamente de la procedencia<br \/>\n        de sus recursos y de la administraci\u00f3n de sus finanzas, con las modalidades<br \/>\n        que la ley determina.<\/p>\n\n\n\n\n<p >El Estado presta apoyo econ\u00f3mico para la formaci\u00f3n<br \/>\n        y capacitaci\u00f3n de sus afiliados, teniendo en cuenta su caudal electoral<br \/>\n        de acuerdo a lo que dispone la ley.<\/p>\n\n\n\n\n<p align=\"right\"><a href=\"#ini\" class=\"vinculo\"><img loading=\"lazy\" src=\"\/imagenes\/flecha_subir.gif\" width=\"15\" height=\"16\" border=\"0\"><\/a><\/p>\n\n\n\n\n<p ><a name=\"m033\" class=\"vinculo\"><\/a><strong>TITULARIDAD DE LAS BANCAS<\/strong><\/p>\n\n\n\n\n<p ><strong>Art\u00edculo 25.- <\/strong>Las bancas de toda<br \/>\n        representaci\u00f3n pol\u00edtica legislativa, provincial o municipal, pertenecen<br \/>\n        a los partidos pol\u00edticos que las nominaron, conforme la ley que lo reglamente.<\/p>\n\n\n\n\n<p >A solicitud del \u00f3rgano deliberativo m\u00e1ximo partidario<br \/>\n        provincial se podr\u00e1 requerir la revocaci\u00f3n del mandato de un representante<br \/>\n        y su sustituci\u00f3n por el suplente correspondiente ante la justicia electoral,<br \/>\n        la que har\u00e1 lugar al pedido cuando se invocare y probare una violaci\u00f3n<br \/>\n        ostensible y grave de la plataforma electoral.<\/p>\n\n\n\n\n<p align=\"right\"><a href=\"#ini\" class=\"vinculo\"><img loading=\"lazy\" src=\"\/imagenes\/flecha_subir.gif\" width=\"15\" height=\"16\" border=\"0\"><\/a><\/p>\n\n\n\n\n<p ><a name=\"m034\" class=\"vinculo\"><\/a><strong>DERECHO DE INFORMACION Y EXPRESION<\/strong><\/p>\n\n\n\n\n<p ><strong>Art\u00edculo 26.-<\/strong> Es inviolable el derecho<br \/>\n        que toda persona tiene de expresar libremente sus ideas y opiniones, y<br \/>\n        de difundirlas por cualquier medio, sin censura de ninguna clase. Nadie<br \/>\n        puede restringir la libre expresi\u00f3n y difusi\u00f3n de ideas, ni trabar, impedir<br \/>\n        ni suspender por motivo alguno el funcionamiento de los talleres tipogr\u00e1ficos,<br \/>\n        difusores radiales y dem\u00e1s medios id\u00f3neos para la emisi\u00f3n y propagaci\u00f3n<br \/>\n        del pensamiento, ni decomisar sus maquinarias o enseres, ni clausurar<br \/>\n        sus locales, salvo en casos de violaci\u00f3n de las normas de polic\u00eda laboral,<br \/>\n        higiene y seguridad, requiri\u00e9ndose al efecto orden judicial.<\/p>\n\n\n\n\n<p >Aquel que abusare de este derecho s\u00f3lo ser\u00e1 responsable<br \/>\n        de los delitos comunes en que incurriere a su amparo y de las lesiones<br \/>\n        que causare a quienes resultaren afectados. Se admite la prueba como descargo<br \/>\n        de la conducta oficial de los funcionarios y empleados p\u00fablicos.<\/p>\n\n\n\n\n<p >Los delitos cometidos por cualquiera de esos medios<br \/>\n        nunca se reputar\u00e1n flagrantes.<\/p>\n\n\n\n\n<p >Todos los habitantes de la Provincia gozan del derecho<br \/>\n        del libre acceso a las fuentes p\u00fablicas de informaci\u00f3n.<\/p>\n\n\n\n\n<p >No podr\u00e1 dictarse ley ni disposici\u00f3n que exija en<br \/>\n        el director o editor, otras condiciones que el pleno goce de su capacidad<br \/>\n        civil, ni que establezca impuestos a los ejemplares de los diarios, peri\u00f3dicos,<br \/>\n        libros, folletos o revistas.<\/p>\n\n\n\n\n<p align=\"right\"><a href=\"#ini\" class=\"vinculo\"><img loading=\"lazy\" src=\"\/imagenes\/flecha_subir.gif\" width=\"15\" height=\"16\" border=\"0\"><\/a><\/p>\n\n\n\n\n<p ><a name=\"m035\" class=\"vinculo\"><\/a><strong>DERECHO DE REPLICA<\/strong><\/p>\n\n\n\n\n<p ><strong>Art\u00edculo 27.-<\/strong> Ante informaciones<br \/>\n        agraviantes o inexactas vertidas a trav\u00e9s de cualquier medio de difusi\u00f3n,<br \/>\n        la persona o entidad afectada tiene derecho a rectificaci\u00f3n o respuesta<br \/>\n        gratuita, conforme lo reglamenta la ley, la que asegura sumariedad e inmediatez<br \/>\n        en el tr\u00e1mite.<\/p>\n\n\n\n\n<p align=\"right\"><a href=\"#ini\" class=\"vinculo\"><img loading=\"lazy\" src=\"\/imagenes\/flecha_subir.gif\" width=\"15\" height=\"16\" border=\"0\"><\/a><\/p>\n\n\n\n\n<p ><a name=\"m036\" class=\"vinculo\"><\/a><strong>LIBERTAD DE CULTO<\/strong><\/p>\n\n\n\n\n<p ><strong>Art\u00edculo 28.-<\/strong> Todos los habitantes<br \/>\n        de la Provincia tienen la libertad de profesar, p\u00fablica o privadamente,<br \/>\n        su religi\u00f3n. La Provincia no dicta ley que restrinja o proteja culto alguno<br \/>\n        a\u00fan cuando reconoce la tradici\u00f3n cultural de la fe cat\u00f3lica apost\u00f3lica<br \/>\n        romana.<\/p>\n\n\n\n\n<p >Nadie est\u00e1 obligado a declarar la religi\u00f3n que profesa.<\/p>\n\n\n\n\n<p align=\"right\"><a href=\"#ini\" class=\"vinculo\"><img loading=\"lazy\" src=\"\/imagenes\/flecha_subir.gif\" width=\"15\" height=\"16\" border=\"0\"><\/a><\/p>\n\n\n\n\n<p ><a name=\"m037\" class=\"vinculo\"><\/a><strong>PROPIEDAD E INICIATIVA<br \/>\n        PRIVADAS<\/strong><\/p>\n\n\n\n\n<p ><strong>Art\u00edculo 29.- <\/strong>El Estado garantiza<br \/>\n        la propiedad y la iniciativa privadas y toda actividad econ\u00f3mica l\u00edcita<br \/>\n        y las armoniza con los derechos individuales, sociales y de la comunidad.<\/p>\n\n\n\n\n<p align=\"right\"><a href=\"#ini\" class=\"vinculo\"><img loading=\"lazy\" src=\"\/imagenes\/flecha_subir.gif\" width=\"15\" height=\"16\" border=\"0\"><\/a><\/p>\n\n\n\n\n<p ><a name=\"m038\" class=\"vinculo\"><\/a><strong>DEFENSA DEL CONSUMIDOR<\/strong><\/p>\n\n\n\n\n<p ><strong>Art\u00edculo 30.-<\/strong> El Estado reconoce<br \/>\n        a los consumidores el derecho a organizarse en defensa de sus leg\u00edtimos<br \/>\n        intereses. Promueve la correcta informaci\u00f3n y educaci\u00f3n de aquellos, protegi\u00e9ndolos<br \/>\n        contra todo acto de deslealtad comercial; vela por la salubridad y calidad<br \/>\n        de los productos que se expenden.<\/p>\n\n\n\n\n<p align=\"right\"><a href=\"#ini\" class=\"vinculo\"><img loading=\"lazy\" src=\"\/imagenes\/flecha_subir.gif\" width=\"15\" height=\"16\" border=\"0\"><\/a><\/p>\n\n\n\n\n<p >CAPITULO III<\/p>\n\n\n\n\n<p ><a name=\"m039\" class=\"vinculo\"><\/a><strong>DERECHOS SOCIALES<\/strong><\/p>\n\n\n\n\n<p ><a name=\"m040\" class=\"vinculo\"><\/a><strong>PROTECCION A LA FAMILIA<\/strong><\/p>\n\n\n\n\n<p ><strong>Art\u00edculo 31.-<\/strong> El Estado protege a<br \/>\n        la familia, como c\u00e9lula base de la sociedad, establecida, organizada y<br \/>\n        proyectada a trav\u00e9s del afecto, facilitando su constituci\u00f3n y el logro<br \/>\n        de sus fines culturales, sociales y econ\u00f3micos.<\/p>\n\n\n\n\n<p >Los padres tienen el derecho y la obligaci\u00f3n de cuidar<br \/>\n        y de educar a sus hijos.<\/p>\n\n\n\n\n<p >El bien de familia, cuyo r\u00e9gimen es determinado por<br \/>\n        ley, y los elementos necesarios para el trabajo, son inembargables.<\/p>\n\n\n\n\n<p align=\"right\"><a href=\"#ini\" class=\"vinculo\"><img loading=\"lazy\" src=\"\/imagenes\/flecha_subir.gif\" width=\"15\" height=\"16\" border=\"0\"><\/a><\/p>\n\n\n\n\n<p ><a name=\"m041\" class=\"vinculo\"><\/a><strong>IGUALDAD DE DERECHOS<\/strong><\/p>\n\n\n\n\n<p ><strong>Art\u00edculo 32.-<\/strong> El Estado afianza la<br \/>\n        igualdad de derechos entre la mujer y el var\u00f3n en los aspectos culturales,<br \/>\n        pol\u00edticos, econ\u00f3micos y sociales, para lograr juntos una participaci\u00f3n<br \/>\n        real en la organizaci\u00f3n y conducci\u00f3n de la comunidad.<\/p>\n\n\n\n\n<p align=\"right\"><a href=\"#ini\" class=\"vinculo\"><img loading=\"lazy\" src=\"\/imagenes\/flecha_subir.gif\" width=\"15\" height=\"16\" border=\"0\"><\/a><\/p>\n\n\n\n\n<p ><a name=\"m042\" class=\"vinculo\"><\/a><strong>AMPARO A LA NI\u00d1EZ<\/strong><\/p>\n\n\n\n\n<p ><strong>Art\u00edculo 33.-<\/strong> Los ni\u00f1os tienen derecho<br \/>\n        a la protecci\u00f3n y formaci\u00f3n integral por cuenta y cargo de su familia;<br \/>\n        merecen trato especial y respeto a su identidad, previniendo y penando<br \/>\n        el Estado cualquier forma de mortificaci\u00f3n o explotaci\u00f3n.<\/p>\n\n\n\n\n<p >En caso de desamparo, corresponde al Estado proveer<br \/>\n        dicha protecci\u00f3n, en hogares con personal especializado, sin perjuicio<br \/>\n        de la obligaci\u00f3n de subrogarse en el ejercicio de las acciones para demandar<br \/>\n        a los familiares obligados los aportes correspondientes.<\/p>\n\n\n\n\n<p >Reciben por los medios de comunicaci\u00f3n mensajes pac\u00edficos<br \/>\n        y orientados a su formaci\u00f3n en base a los valores de la argentinidad,<br \/>\n        solidaridad y amistad.<\/p>\n\n\n\n\n<p align=\"right\"><a href=\"#ini\" class=\"vinculo\"><img loading=\"lazy\" src=\"\/imagenes\/flecha_subir.gif\" width=\"15\" height=\"16\" border=\"0\"><\/a><\/p>\n\n\n\n\n<p ><a name=\"m043\" class=\"vinculo\"><\/a><strong>FORMACION DE LA JUVENTUD<\/strong><\/p>\n\n\n\n\n<p ><strong>Art\u00edculo 34.- <\/strong>El Estado procura la<br \/>\n        formaci\u00f3n integral y democr\u00e1tica de la juventud; promueve su creatividad<br \/>\n        y participaci\u00f3n en las actividades culturales, sociales y pol\u00edticas.<\/p>\n\n\n\n\n<p ><a name=\"m044\" class=\"vinculo\"><\/a><strong>DERECHOS DE LA TERCERA<br \/>\n        EDAD<\/strong><\/p>\n\n\n\n\n<p ><strong>Art\u00edculo 35.-<\/strong> Las personas de la<br \/>\n        tercera edad, por su experiencia y sabidur\u00eda contin\u00faan aportando al progreso<br \/>\n        de la comunidad. Se les garantiza el derecho a trabajar y a gozar del<br \/>\n        esparcimiento, tranquilidad y respeto de sus semejantes. Tienen derecho<br \/>\n        a su protecci\u00f3n integral por cuenta y cargo de su familia. En caso de<br \/>\n        desamparo, corresponde al Estado proveer dicha protecci\u00f3n, sin perjuicio<br \/>\n        de la obligaci\u00f3n de subrogarse en el ejercicio de las acciones para demandar<br \/>\n        de los familiares obligados los aportes correspondientes.<\/p>\n\n\n\n\n<p align=\"right\"><a href=\"#ini\" class=\"vinculo\"><img loading=\"lazy\" src=\"\/imagenes\/flecha_subir.gif\" width=\"15\" height=\"16\" border=\"0\"><\/a><\/p>\n\n\n\n\n<p ><a name=\"m045\" class=\"vinculo\"><\/a><strong>DISCAPACITADOS &#8211; EXCEPCIONALES<\/strong><\/p>\n\n\n\n\n<p ><strong>Art\u00edculo 36.-<\/strong> El Estado protege integralmente<br \/>\n        a toda persona discapacitada, garantizando su asistencia, rehabilitaci\u00f3n,<br \/>\n        educaci\u00f3n, capacitaci\u00f3n e inserci\u00f3n en la vida social.<\/p>\n\n\n\n\n<p >Implementa pol\u00edticas de prevenci\u00f3n y procura que la<br \/>\n        sociedad tome conciencia y adopte actitudes solidarias.<\/p>\n\n\n\n\n<p >Las construcciones p\u00fablicas prev\u00e9n el desplazamiento<br \/>\n        normal de los discapacitados.<\/p>\n\n\n\n\n<p >El Estado promueve a las personas excepcionales y<br \/>\n        facilita su educaci\u00f3n especial.<\/p>\n\n\n\n\n<p align=\"right\"><a href=\"#ini\" class=\"vinculo\"><img loading=\"lazy\" src=\"\/imagenes\/flecha_subir.gif\" width=\"15\" height=\"16\" border=\"0\"><\/a><\/p>\n\n\n\n\n<p ><a name=\"m046\" class=\"vinculo\"><\/a><strong>BENEFICIOS IMPOSITIVOS<\/strong><\/p>\n\n\n\n\n<p ><strong>Art\u00edculo 37.-<\/strong> Todo habitante mayor<br \/>\n        de 65 a\u00f1os o incapacitado para el trabajo, con ingresos m\u00ednimos derivados<br \/>\n        de la jubilaci\u00f3n, retiro, o pensi\u00f3n y patrimonio que no exceda el m\u00e1ximo<br \/>\n        que determina la ley, puede supeditar el pago de contribuciones extraordinarias,<br \/>\n        provinciales o municipales que gravan el inmueble que posee, hasta que<br \/>\n        mejore de fortuna u opere la transmisi\u00f3n del bien por cualquier t\u00edtulo.<\/p>\n\n\n\n\n<p >Por igual per\u00edodo queda exento del pago de los impuestos,<br \/>\n        tasas y contribuciones ordinarias provinciales o municipales, vinculadas<br \/>\n        con el inmueble que habita.<\/p>\n\n\n\n\n<p align=\"right\"><a href=\"#ini\" class=\"vinculo\"><img loading=\"lazy\" src=\"\/imagenes\/flecha_subir.gif\" width=\"15\" height=\"16\" border=\"0\"><\/a><\/p>\n\n\n\n\n<p ><a name=\"m047\" class=\"vinculo\"><\/a><strong>ACTIVIDADES SOCIALES<\/strong><\/p>\n\n\n\n\n<p ><strong>Art\u00edculo 38.-<\/strong> Se promueven las actividades<br \/>\n        sociales que complementan el bienestar del hombre y su familia para la<br \/>\n        correcta utilizaci\u00f3n del tiempo libre, respetando las caracter\u00edsticas<br \/>\n        propias del medio.<\/p>\n\n\n\n\n<p >El Estado fomenta especialmente el deporte aficionado,<br \/>\n        la recreaci\u00f3n, la cultura y el turismo.<\/p>\n\n\n\n\n<p align=\"right\"><a href=\"#ini\" class=\"vinculo\"><img loading=\"lazy\" src=\"\/imagenes\/flecha_subir.gif\" width=\"15\" height=\"16\" border=\"0\"><\/a><\/p>\n\n\n\n\n<p ><a name=\"m048\" class=\"vinculo\"><\/a><strong>TRABAJO<\/strong><\/p>\n\n\n\n\n<p ><strong>Art\u00edculo 39.- <\/strong>El trabajo es un derecho<br \/>\n        y un deber social; es el medio leg\u00edtimo e indispensable para satisfacer<br \/>\n        las necesidades espirituales y materiales de la persona y de la comunidad.<br \/>\n        R\u00edo Negro es una Provincia fundada en el trabajo.<\/p>\n\n\n\n\n<p align=\"right\"><a href=\"#ini\" class=\"vinculo\"><img loading=\"lazy\" src=\"\/imagenes\/flecha_subir.gif\" width=\"15\" height=\"16\" border=\"0\"><\/a><\/p>\n\n\n\n\n<p ><a name=\"m049\" class=\"vinculo\"><\/a><strong>DERECHOS DEL TRABAJADOR<\/strong><\/p>\n\n\n\n\n<p ><strong>Art\u00edculo 40.- <\/strong>Son derechos del trabajador,<br \/>\n        conforme a las leyes que reglamenten su ejercicio:<\/p>\n\n\n\n\n<p ><strong>1. <\/strong>A trabajar en condiciones dignas<br \/>\n        y a percibir una retribuci\u00f3n justa.<\/p>\n\n\n\n\n<p ><strong>2.<\/strong> A igual remuneraci\u00f3n por igual<br \/>\n        tarea y a retribuciones complementarias por razones objetivas, motivadas<br \/>\n        en las caracter\u00edsticas del trabajo y del medio en que se presta.<\/p>\n\n\n\n\n<p ><strong>3. <\/strong>A la capacitaci\u00f3n t\u00e9cnica y profesional.<\/p>\n\n\n\n\n<p ><strong>4.<\/strong> A un lugar de trabajo higi\u00e9nico<br \/>\n        y seguro. La Provincia dispone de un organismo de higiene, seguridad y<br \/>\n        medicina del trabajo, con conducci\u00f3n especializada.<\/p>\n\n\n\n\n<p ><strong>5.<\/strong> Al bienestar, a la seguridad social<br \/>\n        y al mejoramiento econ\u00f3mico.<\/p>\n\n\n\n\n<p ><strong>6.<\/strong> A la huelga y la defensa de los<br \/>\n        intereses profesionales.<\/p>\n\n\n\n\n<p ><strong>7<\/strong>. A una jornada limitada de trabajo<br \/>\n        que no exceda las posibilidades normales del esfuerzo; al descanso semanal<br \/>\n        y vacaciones peri\u00f3dicas pagas.<\/p>\n\n\n\n\n<p ><strong>8.<\/strong> A una vivienda digna, procurando<br \/>\n        el Estado el acceso a la tierra, al t\u00edtulo de propiedad correspondiente<br \/>\n        y a la documentaci\u00f3n t\u00e9cnica tipo para la construcci\u00f3n, conforme lo determina<br \/>\n        la ley.<\/p>\n\n\n\n\n<p ><strong>9.<\/strong> A la obtenci\u00f3n de una jubilaci\u00f3n<br \/>\n        justa, no menor del ochenta y dos por ciento del ingreso total del sueldo<br \/>\n        del trabajador activo, sujeto a aporte.<\/p>\n\n\n\n\n<p ><strong>10. <\/strong>A la participaci\u00f3n en las ganancias<br \/>\n        de las empresas, con control de su producci\u00f3n, cogesti\u00f3n o autogesti\u00f3n<br \/>\n        en la producci\u00f3n.<\/p>\n\n\n\n\n<p ><strong>11. <\/strong>A estar representado en los organismos<br \/>\n        que administran fondos provenientes de aportes previsionales, sociales<br \/>\n        y de otra \u00edndole.<\/p>\n\n\n\n\n<p ><strong>12<\/strong>. A la asistencia material de quienes<br \/>\n        se encuentran temporal e involuntariamente en situaci\u00f3n de desempleo.<\/p>\n\n\n\n\n<p ><strong>13.<\/strong> A la gratuidad en las actuaciones<br \/>\n        administrativas y judiciales y a la asistencia legal por parte del Estado<br \/>\n        en el \u00e1mbito laboral. En caso de duda en la soluci\u00f3n de un conflicto de<br \/>\n        trabajo se resuelve a favor del dependiente.<\/p>\n\n\n\n\n<p align=\"right\"><a href=\"#ini\" class=\"vinculo\"><img loading=\"lazy\" src=\"\/imagenes\/flecha_subir.gif\" width=\"15\" height=\"16\" border=\"0\"><\/a><\/p>\n\n\n\n\n<p ><a name=\"m050\" class=\"vinculo\"><\/a><strong>DERECHOS GREMIALES<\/strong><\/p>\n\n\n\n\n<p ><strong>Art\u00edculo 41.-<\/strong> En defensa de sus intereses<br \/>\n        profesionales, se garantiza a los trabajadores el derecho a asociarse<br \/>\n        en sindicatos independientes, que deben darse una organizaci\u00f3n pluralista,<br \/>\n        con gesti\u00f3n democr\u00e1tica y elecci\u00f3n peri\u00f3dica de las autoridades por votaci\u00f3n<br \/>\n        secreta de sus afiliados.<\/p>\n\n\n\n\n<p >Los sindicatos aseguran el goce efectivo de los derechos<br \/>\n        de los trabajadores y realizan propuestas pol\u00edticas, econ\u00f3micas y sociales<br \/>\n        a los distintos organismos del Estado.<\/p>\n\n\n\n\n<p >El Estado garantiza a los sindicatos los derechosde:<\/p>\n\n\n\n\n<p ><strong>1<\/strong>. Ser reconocidos por la simple<br \/>\n        inscripci\u00f3n en un registro especial.<\/p>\n\n\n\n\n<p ><strong>2<\/strong>. Concertar convenios colectivos<br \/>\n        de trabajo.<\/p>\n\n\n\n\n<p ><strong>3<\/strong>. Ejercitar plenamente y sin trabas<br \/>\n        la gesti\u00f3n de sus dirigentes, con estabilidad en sus empleos, licencia<br \/>\n        gremial e indemnizaciones especiales.<\/p>\n\n\n\n\n<p ><strong>4<\/strong>. Declarar la huelga en defensa<br \/>\n        de los intereses de los trabajadores.<\/p>\n\n\n\n\n<p ><strong>5.<\/strong> Actuar gratuitamente en los expedientes<br \/>\n        judiciales.<\/p>\n\n\n\n\n<p align=\"right\"><a href=\"#ini\" class=\"vinculo\"><img loading=\"lazy\" src=\"\/imagenes\/flecha_subir.gif\" width=\"15\" height=\"16\" border=\"0\"><\/a><\/p>\n\n\n\n\n<p ><a name=\"m051\" class=\"vinculo\"><\/a><strong>DERECHOS DE LOS INDIGENAS<\/strong><\/p>\n\n\n\n\n<p ><strong>Art\u00edculo 42.- <\/strong>El Estado reconoce<br \/>\n        al ind\u00edgena rionegrino como signo testimonial y de continuidad de la cultura<br \/>\n        aborigen preexistente, contributiva de la identidad e idiosincrasia provincial.<br \/>\n        Establece las normas que afianzan su efectiva incorporaci\u00f3n a la vida<br \/>\n        regional y nacional, y le garantiza el ejercicio de la igualdad en los<br \/>\n        derechos y deberes. Asegura el disfrute, desarrollo y transmisi\u00f3n de su<br \/>\n        cultura, promueve la propiedad inmediata de la tierra que posee, los beneficios<br \/>\n        de la solidaridad social y econ\u00f3mica para el desarrollo individual y de<br \/>\n        su comunidad, y respeta el derecho que le asiste a organizarse.<\/p>\n\n\n\n\n<p align=\"right\"><a href=\"#ini\" class=\"vinculo\"><img loading=\"lazy\" src=\"\/imagenes\/flecha_subir.gif\" width=\"15\" height=\"16\" border=\"0\"><\/a><\/p>\n\n\n\n\n<p >CAPITULO IV<\/p>\n\n\n\n\n<p ><a name=\"m052\" class=\"vinculo\"><\/a><strong>GARANTIAS PROCESALES ESPECIFICAS<\/strong><\/p>\n\n\n\n\n<p ><a name=\"m053\" class=\"vinculo\"><\/a><strong>AMPARO &#8211; HABEAS CORPUS<\/strong><\/p>\n\n\n\n\n<p ><strong>Art\u00edculo 43.-<\/strong> Todos los derechos<br \/>\n        y libertades humanas, reconocidos expresa o impl\u00edcitamente por esta Constituci\u00f3n,<br \/>\n        est\u00e1n protegidos por la acci\u00f3n de amparo que puede promover el restringido<br \/>\n        por s\u00ed o por terceros en su nombre, sin necesidad de mandato, vali\u00e9ndose<br \/>\n        de cualquier medio de comunicaci\u00f3n y a cualquier hora, ante el juez letrado<br \/>\n        inmediato, sin distinci\u00f3n de fueros o instancias y aunque forme parte<br \/>\n        de un tribunal colegiado, a fin de que se ordene su inmediata libertad,<br \/>\n        se los someta al juez competente, se le acuerde la garant\u00eda negada o el<br \/>\n        ejercicio de sus derechos individuales o colectivos.<\/p>\n\n\n\n\n<p >El juez del amparo ejerce su potestad jurisdiccional<br \/>\n        sobre todo otro poder o autoridad p\u00fablica y la acci\u00f3n puede instaurarse<br \/>\n        sin formalidad procesal alguna. Tanto la acci\u00f3n de amparo como el h\u00e1beas<br \/>\n        corpus, se resuelven por el juez previo informe requerido a la autoridad<br \/>\n        o particular que suprimi\u00f3, restringi\u00f3 o amenaz\u00f3 libertades. Para el caso<br \/>\n        de h\u00e1beas corpus, hace comparecer al detenido y al autor de la afectaci\u00f3n<br \/>\n        dentro de las veinticuatro horas, debiendo resolver en definitiva dentro<br \/>\n        de las cuarenta y ocho horas de haberse planteado. Dispone asimismo, las<br \/>\n        medidas correspondientes para quien expidi\u00f3 la orden o ejecut\u00f3 el acto.<\/p>\n\n\n\n\n<p >Cuando un juez tuviere conocimiento de que alguna<br \/>\n        persona se hallare arbitrariamente detenida o restringida en sus derechos,<br \/>\n        puede expedir de oficio el mandamiento de h\u00e1beas corpus o de amparo.<\/p>\n\n\n\n\n<p align=\"right\"><a href=\"#ini\" class=\"vinculo\"><img loading=\"lazy\" src=\"\/imagenes\/flecha_subir.gif\" width=\"15\" height=\"16\" border=\"0\"><\/a><\/p>\n\n\n\n\n<p ><a name=\"m054\" class=\"vinculo\"><\/a><strong>MANDAMIENTO DE EJECUCION<\/strong><\/p>\n\n\n\n\n<p ><strong>Art\u00edculo 44.-<\/strong> Para el caso de que<br \/>\n        esta Constituci\u00f3n, una ley, decreto, ordenanza o resoluci\u00f3n, imponga a<br \/>\n        un funcionario o ente p\u00fablico administrativo un deber concreto, toda persona<br \/>\n        cuyo derecho resultare afectado por su incumplimiento, puede demandar<br \/>\n        ante la justicia competente la ejecuci\u00f3n inmediata de los actos que el<br \/>\n        funcionario o ente p\u00fablico administrativo hubiere rehusado cumplir. El<br \/>\n        juez, previa comprobaci\u00f3n sumaria de los hechos denunciados, libra un<br \/>\n        mandamiento y exige el cumplimiento inmediato del deber omitido.<\/p>\n\n\n\n\n<p align=\"right\"><a href=\"#ini\" class=\"vinculo\"><img loading=\"lazy\" src=\"\/imagenes\/flecha_subir.gif\" width=\"15\" height=\"16\" border=\"0\"><\/a><\/p>\n\n\n\n\n<p ><a name=\"m055\" class=\"vinculo\"><\/a><strong>MANDAMIENTO DE PROHIBICION<\/strong><\/p>\n\n\n\n\n<p ><strong>Art\u00edculo 45.-<\/strong> Si un funcionario o<br \/>\n        ente p\u00fablico administrativo ejecutare actos prohibidos por esta Constituci\u00f3n,<br \/>\n        una ley, decreto, ordenanza o resoluci\u00f3n, la persona afectada podr\u00e1 obtener<br \/>\n        por v\u00eda y procedimiento establecidos en el art\u00edculo anterior, un mandamiento<br \/>\n        judicial prohibitivo que se librar\u00e1 al funcionario o ente p\u00fablico del<br \/>\n        caso.<\/p>\n\n\n\n\n<p align=\"right\"><a href=\"#ini\" class=\"vinculo\"><img loading=\"lazy\" src=\"\/imagenes\/flecha_subir.gif\" width=\"15\" height=\"16\" border=\"0\"><\/a><\/p>\n\n\n\n\n<p >CAPITULO V<\/p>\n\n\n\n\n<p ><a name=\"m056\" class=\"vinculo\"><\/a><strong>RESPONSABILIDADES<\/strong><\/p>\n\n\n\n\n<p ><a name=\"m057\" class=\"vinculo\"><\/a><strong>DEBERES<\/strong><\/p>\n\n\n\n\n<p ><strong>Art\u00edculo 46.-<\/strong> Es deber de todo habitante:<\/p>\n\n\n\n\n<p >&#8211; Honrar a la Patria, a la Provincia y sus s\u00edmbolos;<br \/>\n        armarse de acuerdo a la forma y procedimiento que determinen las leyes<br \/>\n        para su defensa.<\/p>\n\n\n\n\n<p >&#8211; Resguardar los intereses y el patrimonio cultural<br \/>\n        y material de la Naci\u00f3n y de la Provincia.<\/p>\n\n\n\n\n<p >&#8211; Cumplir y hacer cumplir la Constituci\u00f3n Nacional,<br \/>\n        la Constituci\u00f3n Provincial y dem\u00e1s normas que en consecuencia se dicten.<\/p>\n\n\n\n\n<p >&#8211; Cumplir los deberes sociales.<\/p>\n\n\n\n\n<p >&#8211; Contribuir a los gastos que demanda la organizaci\u00f3n<br \/>\n        social y pol\u00edtica del Estado.<\/p>\n\n\n\n\n<p >&#8211; Prestar servicios civiles en caso que las leyes,<br \/>\n        por razones de solidaridad social, as\u00ed lo determinen.<\/p>\n\n\n\n\n<p >&#8211; Formarse y educarse en la medida de su vocaci\u00f3n<br \/>\n        y de acuerdo a las necesidades sociales.<\/p>\n\n\n\n\n<p >&#8211; Evitar la contaminaci\u00f3n ambiental y participar en<br \/>\n        la defensa ecol\u00f3gica.<\/p>\n\n\n\n\n<p >&#8211; Participar en la vida pol\u00edtica y social de la comunidad.<\/p>\n\n\n\n\n<p >&#8211; Trabajar y actuar solidariamente.<\/p>\n\n\n\n\n<p align=\"right\"><a href=\"#ini\" class=\"vinculo\"><img loading=\"lazy\" src=\"\/imagenes\/flecha_subir.gif\" width=\"15\" height=\"16\" border=\"0\"><\/a><\/p>\n\n\n\n\n<p >SEGUNDA PARTE<\/p>\n\n\n\n\n<p ><a name=\"m058\" class=\"vinculo\"><\/a><strong>POLITICAS ESPECIALES DEL<br \/>\n        ESTADO<\/strong><\/p>\n\n\n\n\n<p >SECCION PRIMERA<\/p>\n\n\n\n\n<p ><a name=\"m059\" class=\"vinculo\"><\/a><strong>POLITICA ADMINISTRATIVA<\/strong><\/p>\n\n\n\n\n<p ><a name=\"m060\" class=\"vinculo\"><\/a><strong>PRINCIPIOS<\/strong><\/p>\n\n\n\n\n<p ><strong>Art\u00edculo 47.- <\/strong>La administraci\u00f3n p\u00fablica<br \/>\n        provincial y en lo pertinente la municipal, est\u00e1n regidas por los principios<br \/>\n        de eficiencia, austeridad, centralizaci\u00f3n normativa, descentralizaci\u00f3n,<br \/>\n        desconcentraci\u00f3n, imparcialidad, equidad, igualdad y publicidad de las<br \/>\n        normas o actos.<\/p>\n\n\n\n\n<p >Su actuaci\u00f3n est\u00e1 sujeta a la determinaci\u00f3n oficiosa<br \/>\n        de la verdad, con celeridad y econom\u00eda, sencillez en el tr\u00e1mite, plazos<br \/>\n        breves, participaci\u00f3n y procedimiento p\u00fablico e informal para los administrados.<\/p>\n\n\n\n\n<p align=\"right\"><a href=\"#ini\" class=\"vinculo\"><img loading=\"lazy\" src=\"\/imagenes\/flecha_subir.gif\" width=\"15\" height=\"16\" border=\"0\"><\/a><\/p>\n\n\n\n\n<p ><a name=\"m061\" class=\"vinculo\"><\/a><strong>ESTATUTO<\/strong><\/p>\n\n\n\n\n<p ><strong>Art\u00edculo 48.-<\/strong> La Legislaci\u00f3n tiende<br \/>\n        a establecer un estatuto \u00fanico para la administraci\u00f3n p\u00fablica provincial,<br \/>\n        en base a los principios establecidos en esta Constituci\u00f3n, orientado<br \/>\n        a equiparar situaciones similares.<\/p>\n\n\n\n\n<p align=\"right\"><a href=\"#ini\" class=\"vinculo\"><img loading=\"lazy\" src=\"\/imagenes\/flecha_subir.gif\" width=\"15\" height=\"16\" border=\"0\"><\/a><\/p>\n\n\n\n\n<p ><a name=\"m062\" class=\"vinculo\"><\/a><strong>CARRERA ADMINISTRATIVA<\/strong><\/p>\n\n\n\n\n<p ><strong>Art\u00edculo 49.-<\/strong> Se establece la carrera<br \/>\n        administrativa para los agentes p\u00fablicos. La ley determina su extensi\u00f3n<br \/>\n        y excepciones. Por igual funci\u00f3n corresponde igual remuneraci\u00f3n, otorg\u00e1ndose<br \/>\n        la garant\u00eda del sumario con intervenci\u00f3n del afectado para su sanci\u00f3n<br \/>\n        o remoci\u00f3n.<\/p>\n\n\n\n\n<p align=\"right\"><a href=\"#ini\" class=\"vinculo\"><img loading=\"lazy\" src=\"\/imagenes\/flecha_subir.gif\" width=\"15\" height=\"16\" border=\"0\"><\/a><\/p>\n\n\n\n\n<p ><a name=\"m063\" class=\"vinculo\"><\/a><strong>INHABILIDADES<\/strong><\/p>\n\n\n\n\n<p ><strong>Art\u00edculo 50.-<\/strong> Los agentes p\u00fablicos<br \/>\n        condenados por delitos contra la administraci\u00f3n, o por delitos electorales,<br \/>\n        quedan inhabilitados a perpetuidad para ingresar a la administraci\u00f3n provincial<br \/>\n        o municipal y no pueden desempe\u00f1ar cargos electivos.<\/p>\n\n\n\n\n<p align=\"right\"><a href=\"#ini\" class=\"vinculo\"><img loading=\"lazy\" src=\"\/imagenes\/flecha_subir.gif\" width=\"15\" height=\"16\" border=\"0\"><\/a><\/p>\n\n\n\n\n<p ><a name=\"m064\" class=\"vinculo\"><\/a><strong>INGRESO &#8211; ESTABILIDAD<\/strong><\/p>\n\n\n\n\n<p ><strong>Art\u00edculo 51.-<\/strong> La idoneidad y eficiencia<br \/>\n        son condiciones para el ingreso, ascenso y permanencia de los agentes<br \/>\n        p\u00fablicos. A esos efectos, la ley instrumenta el r\u00e9gimen de concursos de<br \/>\n        oposici\u00f3n y antecedentes. Se asegura la estabilidad e independencia en<br \/>\n        el desempe\u00f1o del cargo, prohibi\u00e9ndose cualquier tipo de discriminaci\u00f3n<br \/>\n        pol\u00edtica, social y religiosa.<\/p>\n\n\n\n\n<p align=\"right\"><a href=\"#ini\" class=\"vinculo\"><img loading=\"lazy\" src=\"\/imagenes\/flecha_subir.gif\" width=\"15\" height=\"16\" border=\"0\"><\/a><\/p>\n\n\n\n\n<p ><a name=\"m065\" class=\"vinculo\"><\/a><strong>CAPACITACION &#8211; PARTICIPACION<\/strong><\/p>\n\n\n\n\n<p ><strong>Art\u00edculo 52.-<\/strong> Se promueve la capacitaci\u00f3n<br \/>\n        de los agentes p\u00fablicos, as\u00ed como la participaci\u00f3n de los mismos en la<br \/>\n        formulaci\u00f3n y ejecuci\u00f3n de pol\u00edticas tendientes al mejoramiento de la<br \/>\n        administraci\u00f3n, en la forma y casos que establece la ley.<\/p>\n\n\n\n\n<p align=\"right\"><a href=\"#ini\" class=\"vinculo\"><img loading=\"lazy\" src=\"\/imagenes\/flecha_subir.gif\" width=\"15\" height=\"16\" border=\"0\"><\/a><\/p>\n\n\n\n\n<p ><a name=\"m066\" class=\"vinculo\"><\/a><strong>REMOCION<\/strong><\/p>\n\n\n\n\n<p ><strong>Art\u00edculo 53.-<\/strong> Los agentes p\u00fablicos<br \/>\n        designados en violaci\u00f3n a las disposiciones de esta Constituci\u00f3n pueden<br \/>\n        ser removidos en cualquier tiempo sin derecho a reclamo alguno.<\/p>\n\n\n\n\n<p ><a name=\"m067\" class=\"vinculo\"><\/a><strong>RESPONSABILIDADES DE LOS<br \/>\n        AGENTES<\/strong><\/p>\n\n\n\n\n<p ><strong>Art\u00edculo 54.- <\/strong>Los agentes p\u00fablicos<br \/>\n        son personalmente responsables de los da\u00f1os causados por extralimitaci\u00f3n<br \/>\n        o cumplimiento irregular de sus funciones.<\/p>\n\n\n\n\n<p align=\"right\"><a href=\"#ini\" class=\"vinculo\"><img loading=\"lazy\" src=\"\/imagenes\/flecha_subir.gif\" width=\"15\" height=\"16\" border=\"0\"><\/a><\/p>\n\n\n\n\n<p ><a name=\"m068\" class=\"vinculo\"><\/a><strong>RESPONSABILIDADES DE LA<br \/>\n        PROVINCIA Y MUNICIPIOS<\/strong><\/p>\n\n\n\n\n<p ><strong>Art\u00edculo 55.-<\/strong> La Provincia y los<br \/>\n        municipios son responsables por s\u00ed y por los actos de sus agentes realizados<br \/>\n        con motivo o en ejercicio de sus funciones. Son demandados sin necesidad<br \/>\n        de autorizaci\u00f3n previa. Sus rentas y los bienes destinados al funcionamiento<br \/>\n        no son embargables a menos que el gobierno provincial o municipal no hubiera<br \/>\n        arbitrado los medios para efectivizar el pago en el ejercicio inmediato<br \/>\n        a la fecha en que la sentencia quedare firme.<\/p>\n\n\n\n\n<p >Son inembargables los bienes destinados a la asistencia<br \/>\n        social, salud y educaci\u00f3n.<\/p>\n\n\n\n\n<p >En ning\u00fan caso los embargos trabados podr\u00e1n superar<br \/>\n        el veinte por ciento de las rentas anuales.<\/p>\n\n\n\n\n<p align=\"right\"><a href=\"#ini\" class=\"vinculo\"><img loading=\"lazy\" src=\"\/imagenes\/flecha_subir.gif\" width=\"15\" height=\"16\" border=\"0\"><\/a><\/p>\n\n\n\n\n<p ><a name=\"m069\" class=\"vinculo\"><\/a><strong>ACCION VINDICATORIA<\/strong><\/p>\n\n\n\n\n<p ><strong>Art\u00edculo 56.-<\/strong> Todo agente p\u00fablico<br \/>\n        a quien se le imputa delito cometido en el desempe\u00f1o de sus funciones,<br \/>\n        est\u00e1 obligado a acusar para vindicarse, en un plazo no mayor de seis meses<br \/>\n        del conocimiento de la imputaci\u00f3n, bajo pena de destituci\u00f3n. A tal efecto<br \/>\n        gozar\u00e1 del beneficio del proceso gratuito.<\/p>\n\n\n\n\n<p align=\"right\"><a href=\"#ini\" class=\"vinculo\"><img loading=\"lazy\" src=\"\/imagenes\/flecha_subir.gif\" width=\"15\" height=\"16\" border=\"0\"><\/a><\/p>\n\n\n\n\n<p ><a name=\"m070\" class=\"vinculo\"><\/a><strong>CITACION A JUICIO<\/strong><\/p>\n\n\n\n\n<p ><strong>Art\u00edculo 57.-<\/strong> La Provincia o sus<br \/>\n        municipios, demandados por hechos de sus agentes, deben recabar la citaci\u00f3n<br \/>\n        a juicio de estos \u00faltimos para integrar la relaci\u00f3n procesal, a efectos<br \/>\n        de determinar las responsabilidades establecidas en el Art. 54o de esta<br \/>\n        Constituci\u00f3n. El representante legal que no cumpliere con tal obligaci\u00f3n<br \/>\n        es responsable de los perjuicios causados por la omisi\u00f3n, adem\u00e1s de las<br \/>\n        restantes sanciones que le pudieren corresponder.<\/p>\n\n\n\n\n<p align=\"right\"><a href=\"#ini\" class=\"vinculo\"><img loading=\"lazy\" src=\"\/imagenes\/flecha_subir.gif\" width=\"15\" height=\"16\" border=\"0\"><\/a><\/p>\n\n\n\n\n<p >SECCION SEGUNDA<\/p>\n\n\n\n\n<p ><a name=\"m071\" class=\"vinculo\"><\/a><strong>POLITICA PREVISIONAL<\/strong><\/p>\n\n\n\n\n<p ><a name=\"m072\" class=\"vinculo\"><\/a><strong>PREVISION<\/strong><\/p>\n\n\n\n\n<p ><strong>Art\u00edculo 58.- <\/strong>La ley organiza un<br \/>\n        r\u00e9gimen previsional \u00fanico para todos los agentes p\u00fablicos, fundado en<br \/>\n        la solidaridad, equidad e inexistencia de privilegios que importen desigualdades<br \/>\n        que no respondan a causas generales, objetivas y razonables, debiendo<br \/>\n        existir equivalencia entre los aportes realizados y el haber jubilatorio.<\/p>\n\n\n\n\n<p >Se tiene en cuenta la edad, antiguedad y naturaleza<br \/>\n        de los servicios prestados y los aportes realizados; as\u00ed como las caracter\u00edsticas<br \/>\n        de las distintas zonas de la Provincia.<\/p>\n\n\n\n\n<p >El haber jubilatorio m\u00ednimo no puede ser inferior<br \/>\n        al salario m\u00ednimo establecido para los agentes de la administraci\u00f3n.<\/p>\n\n\n\n\n<p align=\"right\"><a href=\"#ini\" class=\"vinculo\"><img loading=\"lazy\" src=\"\/imagenes\/flecha_subir.gif\" width=\"15\" height=\"16\" border=\"0\"><\/a><\/p>\n\n\n\n\n<p ><a name=\"m073\" class=\"vinculo\"><\/a><strong>SALUD<\/strong><\/p>\n\n\n\n\n<p ><strong>Art\u00edculo 59.-<\/strong> La salud es un derecho<br \/>\n        esencial y un bien social que hace a la dignidad humana. Los habitantes<br \/>\n        de la Provincia tienen derecho a un completo bienestar psicof\u00edsico y espiritual,<br \/>\n        debiendo cuidar su salud y asistirse en caso de enfermedad.<\/p>\n\n\n\n\n<p >El sistema de salud se basa en la universalidad de<br \/>\n        la cobertura, con acciones integrales de promoci\u00f3n, prevenci\u00f3n, recuperaci\u00f3n<br \/>\n        y rehabilitaci\u00f3n. Incluye el control de los riesgos biol\u00f3gicos y socioambientales<br \/>\n        de todas las personas desde su concepci\u00f3n, para prevenir la posibilidad<br \/>\n        de enfermedad o muerte por causa que se pueda evitar.<\/p>\n\n\n\n\n<p >Mediante unidad de conducci\u00f3n, el Estado Provincial<br \/>\n        garantiza la salud a trav\u00e9s de un sistema integrador establecido por la<br \/>\n        ley con participaci\u00f3n de los sectores interesados en la soluci\u00f3n de la<br \/>\n        problem\u00e1tica de la salud.<\/p>\n\n\n\n\n<p >Organiza y fiscaliza a los prestadores de la salud,<br \/>\n        asegurando el acceso, en todo el territorio provincial, al uso igualitario,<br \/>\n        solidario y oportuno de los m\u00e1s adecuados m\u00e9todos y recursos de prevenci\u00f3n,<br \/>\n        diagn\u00f3stico y terap\u00e9utica.<\/p>\n\n\n\n\n<p >La ley organiza consejos hospitalarios con participaci\u00f3n<br \/>\n        de la comunidad.<\/p>\n\n\n\n\n<p >Los medicamentos son considerados como bien social<br \/>\n        b\u00e1sico y fundamental. La autoridad p\u00fablica implementa un vademecum y las<br \/>\n        medidas que aseguren su acceso a todos los habitantes.<\/p>\n\n\n\n\n<p align=\"right\"><a href=\"#ini\" class=\"vinculo\"><img loading=\"lazy\" src=\"\/imagenes\/flecha_subir.gif\" width=\"15\" height=\"16\" border=\"0\"><\/a><\/p>\n\n\n\n\n<p >SECCION TERCERA<\/p>\n\n\n\n\n<p ><a name=\"m074\" class=\"vinculo\"><\/a><strong>POLITICAS CULTURAL Y EDUCATIVA<\/strong><\/p>\n\n\n\n\n<p ><a name=\"m075\" class=\"vinculo\"><\/a><strong>CULTURA Y EDUCACION<\/strong><\/p>\n\n\n\n\n<p ><strong>Art\u00edculo 60.-<\/strong> La cultura y la educaci\u00f3n<br \/>\n        son derechos esenciales de todo habitante y obligaciones irrenunciables<br \/>\n        del Estado.<\/p>\n\n\n\n\n<p ><a name=\"m076\" class=\"vinculo\"><\/a><strong>CULTURA<\/strong><\/p>\n\n\n\n\n<p ><strong>Art\u00edculo 61.-<\/strong> El Estado garantiza<br \/>\n        a todos los habitantes el acceso a la pr\u00e1ctica, difusi\u00f3n y desarrollo<br \/>\n        de la cultura, eliminando en su creaci\u00f3n toda forma de discriminaci\u00f3n.<\/p>\n\n\n\n\n<p >Promueve y protege las manifestaciones culturales,<br \/>\n        personales o colectivas y aquellas que afirman la identidad provincial,<br \/>\n        regional, nacional y latinoamericana.<\/p>\n\n\n\n\n<p >Preserva el acervo hist\u00f3rico, arqueol\u00f3gico, documental,<br \/>\n        art\u00edstico, paisaj\u00edstico, las costumbres, la lengua y todo patrimonio de<br \/>\n        bienes y valores del Pueblo, que constituyen su cultura.<\/p>\n\n\n\n\n<p align=\"right\"><a href=\"#ini\" class=\"vinculo\"><img loading=\"lazy\" src=\"\/imagenes\/flecha_subir.gif\" width=\"15\" height=\"16\" border=\"0\"><\/a><\/p>\n\n\n\n\n<p ><a name=\"m077\" class=\"vinculo\"><\/a><strong>EDUCACION &#8211; FINALIDAD<\/strong><\/p>\n\n\n\n\n<p ><strong>Art\u00edculo 62.- <\/strong>La educaci\u00f3n es un<br \/>\n        instrumento eficiente para la liberaci\u00f3n, la democracia y el inalienable<br \/>\n        respeto por los derechos y obligaciones del hombre.<\/p>\n\n\n\n\n<p >Es un derecho de la persona, de la familia y de la<br \/>\n        sociedad, a la que asiste el Estado como funci\u00f3n social prioritaria, primordial<br \/>\n        e irrenunciable, para lograr una sociedad justa, participativa y solidaria.<\/p>\n\n\n\n\n<p align=\"right\"><a href=\"#ini\" class=\"vinculo\"><img loading=\"lazy\" src=\"\/imagenes\/flecha_subir.gif\" width=\"15\" height=\"16\" border=\"0\"><\/a><\/p>\n\n\n\n\n<p ><a name=\"m078\" class=\"vinculo\"><\/a><strong>POLITICA EDUCATIVA<\/strong><\/p>\n\n\n\n\n<p ><strong>Art\u00edculo 63.-<\/strong> La pol\u00edtica educativa<br \/>\n        provincial se basa en los siguientes principios:<\/p>\n\n\n\n\n<p >1. El Estado establece la educaci\u00f3n obligatoria desde<br \/>\n        el nivel inicial hasta el ciclo b\u00e1sico del nivel medio y dem\u00e1s niveles<br \/>\n        que en lo sucesivo se establezca por ley; fija la pol\u00edtica del sector<br \/>\n        y supervisa su cumplimiento.<\/p>\n\n\n\n\n<p >2. Asegura el car\u00e1cter com\u00fan, \u00fanico, gratuito, integral,<br \/>\n        cient\u00edfico, humanista, no dogm\u00e1tico y accesible a todas las personas.<\/p>\n\n\n\n\n<p >3. Promueve contenidos y m\u00e9todos actualizados de educaci\u00f3n,<br \/>\n        cuidando que contemple la creatividad, integraci\u00f3n de conocimientos y<br \/>\n        habilidades; la \u00e9tica como principio fundamental inspirado en el esp\u00edritu<br \/>\n        de comunidad democr\u00e1ticamente organizada en un sentimiento de solidaridad<br \/>\n        universal.<\/p>\n\n\n\n\n<p >4. Garantiza la libertad de c\u00e1tedra.<\/p>\n\n\n\n\n<p >5. Los padres tienen el derecho de elegir la educaci\u00f3n<br \/>\n        de sus hijos.<\/p>\n\n\n\n\n<p >6. En las escuelas privadas la ense\u00f1anza es libre,<br \/>\n        pero debe sujetarse a las leyes y reglamentos escolares en cuanto al m\u00ednimo<br \/>\n        de ense\u00f1anza y r\u00e9gimen de funcionamiento. No se reconocen oficialmente<br \/>\n        m\u00e1s t\u00edtulos y diplomas de estudios que los avalados por el Estado Nacional<br \/>\n        o Provincial. La ley reglamenta la cooperaci\u00f3n econ\u00f3mica del Estado s\u00f3lo<br \/>\n        en aquellas escuelas p\u00fablicas de gesti\u00f3n privada, gratuitas, que cumplan<br \/>\n        una funci\u00f3n social, no discriminatoria y dem\u00e1s requisitos que se fijen.<\/p>\n\n\n\n\n<p >7. Genera y promueve acciones para la educaci\u00f3n permanente,<br \/>\n        la erradicaci\u00f3n del analfabetismo y la creaci\u00f3n cultural; la capacitaci\u00f3n<br \/>\n        laboral o formaci\u00f3n profesional seg\u00fan necesidades regionales o provinciales.<\/p>\n\n\n\n\n<p >8. Asegura la atenci\u00f3n a la educaci\u00f3n especial.<\/p>\n\n\n\n\n<p >9. Garantiza los requerimientos del sistema educativo<br \/>\n        en cuanto a la formaci\u00f3n, actualizaci\u00f3n e investigaci\u00f3n del educando y<br \/>\n        del educador.<\/p>\n\n\n\n\n<p >10. Los medios de comunicaci\u00f3n social colaboran con<br \/>\n        las tareas de la educaci\u00f3n y adaptan su actividad a las necesidades de<br \/>\n        la educaci\u00f3n com\u00fan.<\/p>\n\n\n\n\n<p >11. Facilita a los econ\u00f3micamente necesitados el acceso<br \/>\n        a todos los grados de ense\u00f1anza de modo que se hallen condicionados exclusivamente<br \/>\n        por la aptitud y la vocaci\u00f3n.<\/p>\n\n\n\n\n<p align=\"right\"><a href=\"#ini\" class=\"vinculo\"><img loading=\"lazy\" src=\"\/imagenes\/flecha_subir.gif\" width=\"15\" height=\"16\" border=\"0\"><\/a><\/p>\n\n\n\n\n<p ><a name=\"m079\" class=\"vinculo\"><\/a><strong>PRESUPUESTO<\/strong><\/p>\n\n\n\n\n<p ><strong>Art\u00edculo 64.- <\/strong>El Estado asigna en<br \/>\n        la ley de presupuesto un fondo propio para educaci\u00f3n no menor de un tercio<br \/>\n        de las rentas generales, sin perjuicio de los dem\u00e1s recursos que se le<br \/>\n        otorguen.<\/p>\n\n\n\n\n<p align=\"right\"><a href=\"#ini\" class=\"vinculo\"><img loading=\"lazy\" src=\"\/imagenes\/flecha_subir.gif\" width=\"15\" height=\"16\" border=\"0\"><\/a><\/p>\n\n\n\n\n<p ><a name=\"m080\" class=\"vinculo\"><\/a><strong>GOBIERNO DE LA EDUCACION<\/strong><\/p>\n\n\n\n\n<p ><strong>Art\u00edculo 65.- <\/strong>Las pol\u00edticas educativas<br \/>\n        de la Provincia son formuladas con la intervenci\u00f3n de un Consejo Provincial<br \/>\n        de Educaci\u00f3n, el que tendr\u00e1 participaci\u00f3n necesaria en la determinaci\u00f3n<br \/>\n        de los planes y programas educativos, orientaci\u00f3n t\u00e9cnica, coordinaci\u00f3n<br \/>\n        de la ense\u00f1anza, y los dem\u00e1s aspectos del gobierno de la educaci\u00f3n que<br \/>\n        establezca la ley. Es integrado por representantes de docentes en actividad,<br \/>\n        consejos escolares y representantes del Poder Ejecutivo, con car\u00e1cter<br \/>\n        aut\u00e1rquico, y en las formas y con los atributos que fija la ley.<\/p>\n\n\n\n\n<p >La administraci\u00f3n local y el gobierno inmediato de<br \/>\n        las escuelas en cuanto no afecten a la parte t\u00e9cnica, est\u00e1 a cargo de<br \/>\n        consejos escolares electivos que funcionan en cada una de las localidades,<br \/>\n        los que se integran con vecinos, alumnos y docentes que residen en el<br \/>\n        lugar.<\/p>\n\n\n\n\n<p align=\"right\"><a href=\"#ini\" class=\"vinculo\"><img loading=\"lazy\" src=\"\/imagenes\/flecha_subir.gif\" width=\"15\" height=\"16\" border=\"0\"><\/a><\/p>\n\n\n\n\n<p ><a name=\"m081\" class=\"vinculo\"><\/a><strong>UNIVERSIDADES<\/strong><\/p>\n\n\n\n\n<p ><strong>Art\u00edculo 66.-<\/strong> La Provincia fija las<br \/>\n        pol\u00edticas de adhesi\u00f3n, colaboraci\u00f3n e interdependencia con las universidades<br \/>\n        nacionales atendiendo a las necesidades tecnol\u00f3gicas, econ\u00f3micas y culturales<br \/>\n        de la comunidad rionegrina.<\/p>\n\n\n\n\n<p align=\"right\"><a href=\"#ini\" class=\"vinculo\"><img loading=\"lazy\" src=\"\/imagenes\/flecha_subir.gif\" width=\"15\" height=\"16\" border=\"0\"><\/a><\/p>\n\n\n\n\n<p >SECCION CUARTA<\/p>\n\n\n\n\n<p ><a name=\"m082\" class=\"vinculo\"><\/a><strong>POLITICA CIENTIFICA Y TECNOLOGICA<\/strong><\/p>\n\n\n\n\n<p ><a name=\"m083\" class=\"vinculo\"><\/a><strong>INVESTIGACION CIENTIFICA<\/strong><\/p>\n\n\n\n\n<p ><strong>Art\u00edculo 67.-<\/strong> El Estado protege,<br \/>\n        orienta y fomenta la investigaci\u00f3n cient\u00edfica, con libertad acad\u00e9mica,<br \/>\n        y su preservaci\u00f3n y difusi\u00f3n; es instrumento para comprender la realidad<br \/>\n        natural y social, y satisfacer las necesidades espirituales y materiales<br \/>\n        del hombre, contribuyendo al desarrollo provincial, regional y nacional.<\/p>\n\n\n\n\n<p align=\"right\"><a href=\"#ini\" class=\"vinculo\"><img loading=\"lazy\" src=\"\/imagenes\/flecha_subir.gif\" width=\"15\" height=\"16\" border=\"0\"><\/a><\/p>\n\n\n\n\n<p ><a name=\"m084\" class=\"vinculo\"><\/a><strong>DESARROLLO TECNOLOGICO<\/strong><\/p>\n\n\n\n\n<p ><strong>Art\u00edculo 68.-<\/strong> Se promueve el desarrollo<br \/>\n        de tecnolog\u00edas apropiadas de innovaci\u00f3n y de avanzada, que apoyen el desarrollo<br \/>\n        econ\u00f3mico y social provincial y su intercambio con la Naci\u00f3n y Latinoam\u00e9rica.<\/p>\n\n\n\n\n<p >Fomenta la cooperaci\u00f3n entre las instituciones de<br \/>\n        investigaci\u00f3n cient\u00edfica, de desarrollo tecnol\u00f3gico y de empresas productivas,<br \/>\n        p\u00fablicas y privadas, evitando la dispersi\u00f3n y duplicaci\u00f3n de esfuerzos.<\/p>\n\n\n\n\n<p align=\"right\"><a href=\"#ini\" class=\"vinculo\"><img loading=\"lazy\" src=\"\/imagenes\/flecha_subir.gif\" width=\"15\" height=\"16\" border=\"0\"><\/a><\/p>\n\n\n\n\n<p ><a name=\"m085\" class=\"vinculo\"><\/a><strong>SISTEMA PROVINCIAL DE CIENCIA<br \/>\n        Y TECNOLOGIA<\/strong><\/p>\n\n\n\n\n<p ><strong>Art\u00edculo 69.-<\/strong> Todas las personas<br \/>\n        tienen derecho a acceder a los beneficios de la ciencia y de la tecnolog\u00eda.<\/p>\n\n\n\n\n<p >La Provincia estimula la difusi\u00f3n y utilizaci\u00f3n del<br \/>\n        conocimiento cient\u00edfico y tecnol\u00f3gico en todos los \u00e1mbitos de la sociedad;<br \/>\n        organiza el sistema provincial de ciencia y tecnolog\u00eda con participaci\u00f3n<br \/>\n        de cient\u00edficos, tecn\u00f3logos, instituciones y empresas del sector; concerta<br \/>\n        con la Naci\u00f3n su participaci\u00f3n en los planes federales.<\/p>\n\n\n\n\n<p >El presupuesto provincial asigna recursos espec\u00edficos<br \/>\n        debiendo la Legislatura analizar los avances producidos.<\/p>\n\n\n\n\n<p align=\"right\"><a href=\"#ini\" class=\"vinculo\"><img loading=\"lazy\" src=\"\/imagenes\/flecha_subir.gif\" width=\"15\" height=\"16\" border=\"0\"><\/a><\/p>\n\n\n\n\n<p >SECCION QUINTA<\/p>\n\n\n\n\n<p ><a name=\"m086\" class=\"vinculo\"><\/a><strong>POLITICA DE RECURSOS NATURALES<\/strong><\/p>\n\n\n\n\n<p ><a name=\"m087\" class=\"vinculo\"><\/a><strong>DOMINIO<\/strong><\/p>\n\n\n\n\n<p ><strong>Art\u00edculo 70.-<\/strong> La Provincia tiene<br \/>\n        la propiedad originaria de los recursos naturales existentes en el territorio,<br \/>\n        su subsuelo, espacio a\u00e9reo y mar adyacente a sus costas, y la ejercita<br \/>\n        con las particularidades que establece para cada uno. La ley preserva<br \/>\n        su conservaci\u00f3n y aprovechamiento racional e integral, por s\u00ed o mediante<br \/>\n        acuerdo con la Naci\u00f3n, con otras provincias o con terceros, prentemente<br \/>\n        en la zona de origen. La Naci\u00f3n no puede disponer de los recursos naturales<br \/>\n        de la Provincia, sin previo acuerdo mediante leyes convenio que, contemplen<br \/>\n        el uso racional del mismo, las necesidades locales y la preservaci\u00f3n del<br \/>\n        recurso y de la ecolog\u00eda.<\/p>\n\n\n\n\n<p align=\"right\"><a href=\"#ini\" class=\"vinculo\"><img loading=\"lazy\" src=\"\/imagenes\/flecha_subir.gif\" width=\"15\" height=\"16\" border=\"0\"><\/a><\/p>\n\n\n\n\n<p ><a name=\"m088\" class=\"vinculo\"><\/a><strong>REGIMEN DE AGUAS<\/strong><\/p>\n\n\n\n\n<p ><strong>Art\u00edculo 71.-<\/strong> Son de dominio del<br \/>\n        Estado las aguas p\u00fablicas ubicadas en su jursidicci\u00f3n, que tengan o adquieran<br \/>\n        aptitud para satisfacer usos de inter\u00e9s general. El uso y goce de \u00e9stas<br \/>\n        debe ser otorgado por autoridad competente. El c\u00f3digo de aguas regla el<br \/>\n        gobierno, administraci\u00f3n, manejo unificado e integral del recurso, la<br \/>\n        participaci\u00f3n directa de los interesados y el fomento de aquellos emprendimientos<br \/>\n        y actividades calificados como inter\u00e9s social.<\/p>\n\n\n\n\n<p >La Provincia concerta con las restantes jurisdicciones<br \/>\n        el uso y aprovechamiento de las cuencas h\u00eddricas comunes.<\/p>\n\n\n\n\n<p align=\"right\"><a href=\"#ini\" class=\"vinculo\"><img loading=\"lazy\" src=\"\/imagenes\/flecha_subir.gif\" width=\"15\" height=\"16\" border=\"0\"><img loading=\"lazy\" src=\"\/imagenes\/flecha_subir.gif\" width=\"15\" height=\"16\" border=\"0\"><\/a><\/p>\n\n\n\n\n<p ><a name=\"m089\" class=\"vinculo\"><\/a><strong>RECURSOS ICTICOLAS<\/strong><\/p>\n\n\n\n\n<p ><strong>Art\u00edculo 72.-<\/strong> La Provincia preserva,<br \/>\n        regula y promueve sus recursos ict\u00edcolas y la investigaci\u00f3n cient\u00edfica,<br \/>\n        dentro de las \u00e1reas mar\u00edtimas de jurisdicci\u00f3n provincial y de los dem\u00e1s<br \/>\n        cursos o espejos de agua; fomenta la actividad pesquera y los puertos<br \/>\n        provinciales.<\/p>\n\n\n\n\n<p >En la jurisdicci\u00f3n mar\u00edtima complementa sus acciones<br \/>\n        con la Naci\u00f3n.<\/p>\n\n\n\n\n<p align=\"right\"><a href=\"#ini\" class=\"vinculo\"><img loading=\"lazy\" src=\"\/imagenes\/flecha_subir.gif\" width=\"15\" height=\"16\" border=\"0\"><\/a><\/p>\n\n\n\n\n<p ><a name=\"m090\" class=\"vinculo\"><\/a><strong>ACCESO Y DEFENSA DE LAS<br \/>\n        RIBERAS<\/strong><\/p>\n\n\n\n\n<p ><strong>Art\u00edculo 73.- <\/strong>Se asegura el libre<br \/>\n        acceso con fines recreativos a las riberas, costas de los r\u00edos, mares<br \/>\n        y espejos de agua de dominio p\u00fablico.<\/p>\n\n\n\n\n<p >El Estado regula las obras necesarias para la defensa<br \/>\n        de costas y construcci\u00f3n de v\u00edas de circulaci\u00f3n por las riberas.<\/p>\n\n\n\n\n<p align=\"right\"><a href=\"#ini\" class=\"vinculo\"><img loading=\"lazy\" src=\"\/imagenes\/flecha_subir.gif\" width=\"15\" height=\"16\" border=\"0\"><\/a><\/p>\n\n\n\n\n<p ><a name=\"m091\" class=\"vinculo\"><\/a><strong>ORDENAMIENTO TERRITORIAL<\/strong><\/p>\n\n\n\n\n<p ><strong>Art\u00edculo 74.- <\/strong>La Provincia con los<br \/>\n        municipios ordena el uso del suelo y regula el desarrollo urbano y rural,<br \/>\n        mediante las siguientes pautas:<\/p>\n\n\n\n\n<p >1. La utilizaci\u00f3n del suelo debe ser compatible con<br \/>\n        las necesidades generales de la comunidad.<\/p>\n\n\n\n\n<p >2. La ocupaci\u00f3n del territorio debe ajustarse a proyectos<br \/>\n        que respondan a los objetivos, pol\u00edticas y estrategias de la planificaci\u00f3n<br \/>\n        democr\u00e1tica y participativa de la comunidad, en el marco de la integraci\u00f3n<br \/>\n        regional y patag\u00f3nica.<\/p>\n\n\n\n\n<p >3. Las funciones fundamentales que deben cumplir las<br \/>\n        \u00e1reas urbanas para una mejor calidad de vida determinan la intensidad<br \/>\n        del uso y ocupaci\u00f3n del suelo, distribuci\u00f3n de la edificaci\u00f3n, reglamentaci\u00f3n<br \/>\n        de la subdivisi\u00f3n y determinaci\u00f3n de las \u00e1reas libres.<\/p>\n\n\n\n\n<p >4. El cumplimiento de los fines sociales de la actividad<br \/>\n        urban\u00edstica mediante la intervenci\u00f3n en el mercado de tierras y la captaci\u00f3n<br \/>\n        del incremento del valor originado por planes u obras del Estado.<\/p>\n\n\n\n\n<p align=\"right\"><a href=\"#ini\" class=\"vinculo\"><img loading=\"lazy\" src=\"\/imagenes\/flecha_subir.gif\" width=\"15\" height=\"16\" border=\"0\"><\/a><\/p>\n\n\n\n\n<p ><a name=\"m092\" class=\"vinculo\"><\/a><strong>REGIMEN DE TIERRAS<\/strong><\/p>\n\n\n\n\n<p ><strong>Art\u00edculo 75.-<\/strong> La Provincia considera<br \/>\n        la tierra como instrumento de producci\u00f3n que debe estar en manos de quien<br \/>\n        la trabaja, evitando la especulaci\u00f3n, el desarraigo y la concentraci\u00f3n<br \/>\n        de la propiedad.<\/p>\n\n\n\n\n<p >Es leg\u00edtima la propiedad privada del suelo y constituye<br \/>\n        un derecho para todos los habitantes acceder a ella.<\/p>\n\n\n\n\n<p >Propende a mantener la unidad productiva \u00f3ptima, la<br \/>\n        ejecuci\u00f3n de planes de colonizaci\u00f3n, el asentamiento de familias campesinas,<br \/>\n        con apoyo crediticio y t\u00e9cnico, y de fomento.<\/p>\n\n\n\n\n<p >La ley establece las condiciones de su manejo como<br \/>\n        recurso renovable, desalienta la explotaci\u00f3n irracional, as\u00ed como la especulaci\u00f3n<br \/>\n        en su tenencia libre de mejoras, a trav\u00e9s de impuestos generales.<\/p>\n\n\n\n\n<p >En materia agraria la Provincia expropia los latifundios<br \/>\n        inexplotados o explotados irracionalmente y las tierras sin derecho a<br \/>\n        aguas que con motivo de obras que realice el Estado puedan beneficiarse.<\/p>\n\n\n\n\n<p align=\"right\"><a href=\"#ini\" class=\"vinculo\"><img loading=\"lazy\" src=\"\/imagenes\/flecha_subir.gif\" width=\"15\" height=\"16\" border=\"0\"><\/a><\/p>\n\n\n\n\n<p ><a name=\"m093\" class=\"vinculo\"><\/a><strong>BOSQUES<\/strong><\/p>\n\n\n\n\n<p ><strong>Art\u00edculo 76.-<\/strong> El Estado promueve<br \/>\n        el aprovechamiento racional de los bosques, resguardando la supervivencia,<br \/>\n        conservaci\u00f3n, mejoramiento de las especies y reposici\u00f3n de aquellas de<br \/>\n        mayor inter\u00e9s, a trav\u00e9s de la forestaci\u00f3n y reforestaci\u00f3n.<\/p>\n\n\n\n\n<p >Para alcanzar tales fines, ejerce las facultades inherentes<br \/>\n        al poder de polic\u00eda.<\/p>\n\n\n\n\n<p align=\"right\"><a href=\"#ini\" class=\"vinculo\"><img loading=\"lazy\" src=\"\/imagenes\/flecha_subir.gif\" width=\"15\" height=\"16\" border=\"0\"><\/a><\/p>\n\n\n\n\n<p ><a name=\"m094\" class=\"vinculo\"><\/a><strong>PARQUES<\/strong><\/p>\n\n\n\n\n<p ><strong>Art\u00edculo 77.-<\/strong> La Provincia declara<br \/>\n        zonas de reserva y zonas intangibles. Reivindica el derecho a participar<br \/>\n        en forma igualitaria con la Naci\u00f3n en la administraci\u00f3n y aprovechamiento<br \/>\n        de los parques. En las zonas de reserva promueve por s\u00ed el poblamiento<br \/>\n        y desarrollo econ\u00f3mico.<\/p>\n\n\n\n\n<p >Otras \u00e1reas de inter\u00e9s ecol\u00f3gico pueden ser asimismo<br \/>\n        declaradas parques provinciales.<\/p>\n\n\n\n\n<p align=\"right\"><a href=\"#ini\" class=\"vinculo\"><img loading=\"lazy\" src=\"\/imagenes\/flecha_subir.gif\" width=\"15\" height=\"16\" border=\"0\"><\/a><\/p>\n\n\n\n\n<p ><a name=\"m095\" class=\"vinculo\"><\/a><strong>RECURSOS MINEROS<\/strong><\/p>\n\n\n\n\n<p ><strong>Art\u00edculo 78.-<\/strong> Los yacimientos y minas<br \/>\n        son propiedad de la Provincia. Esta fomenta la prospecci\u00f3n, exploraci\u00f3n,<br \/>\n        explotaci\u00f3n e industrializaci\u00f3n en la regi\u00f3n de origen. La ley regula<br \/>\n        estos objetivos, el registro, otorgamiento de concesiones, ejercicio del<br \/>\n        poder de polic\u00eda y el r\u00e9gimen de caducidades para el caso de minas abandonadas,<br \/>\n        inactivas o de ficientemente explotadas.<\/p>\n\n\n\n\n<p align=\"right\"><a href=\"#ini\" class=\"vinculo\"><img loading=\"lazy\" src=\"\/imagenes\/flecha_subir.gif\" width=\"15\" height=\"16\" border=\"0\"><\/a><\/p>\n\n\n\n\n<p ><a name=\"m096\" class=\"vinculo\"><\/a><strong>HIDROCARBUROS Y MINERALES<br \/>\n        NUCLEARES<\/strong><\/p>\n\n\n\n\n<p ><strong>Art\u00edculo 79.<\/strong>&#8211; Los yacimientos de<br \/>\n        gas, petr\u00f3leo y de minerales nucleares existentes en el territorio provincial<br \/>\n        y en la plataforma mar\u00edtima, son bienes del dominio p\u00fablico provincial.<br \/>\n        Su explotaci\u00f3n se otorga por ley, por convenio con la Naci\u00f3n. La Provincia<br \/>\n        interviene en los planes de exploraci\u00f3n o explotaci\u00f3n preservando el recurso,<br \/>\n        aplicando un precio diferencial para los hidrocarburos cuando \u00e9stos son<br \/>\n        extra\u00eddos en forma irracional, y asegurando inversiones sustitutivas en<br \/>\n        las \u00e1reas afectadas, para el sostenimiento de la actividad econ\u00f3mica.<br \/>\n        La ley fija los porcentajes de los productos extra\u00eddos que necesariamente<br \/>\n        deber\u00e1n ser industrializados en su territorio. La Provincia toma los recaudos<br \/>\n        necesarios para controlar las cantidades de petr\u00f3leo y gas que se extraen.<\/p>\n\n\n\n\n<p align=\"right\"><a href=\"#ini\" class=\"vinculo\"><img loading=\"lazy\" src=\"\/imagenes\/flecha_subir.gif\" width=\"15\" height=\"16\" border=\"0\"><\/a><\/p>\n\n\n\n\n<p ><a name=\"m097\" class=\"vinculo\"><\/a><strong>RECURSOS ENERGETICOS<\/strong><\/p>\n\n\n\n\n<p ><strong>Art\u00edculo 80.-<\/strong> La Provincia organiza<br \/>\n        los servicios de distribuci\u00f3n de energ\u00eda el\u00e9ctrica y de gas pudiendo convenir<br \/>\n        con la Naci\u00f3n la prestaci\u00f3n por parte de \u00e9sta. Otorga las concesiones<br \/>\n        de explotaci\u00f3n y dispone las formas de participaci\u00f3n de municipios, cooperativas<br \/>\n        y usuarios; ejerce la polic\u00eda de los servicios; asegura el suministro<br \/>\n        de estos servicios a todos los habitantes y su utilizaci\u00f3n como forma<br \/>\n        de promoci\u00f3n econ\u00f3mica y social.<\/p>\n\n\n\n\n<p >La Provincia reclama a las empresas explotadoras la<br \/>\n        indemnizaci\u00f3n de los da\u00f1os y la reparaci\u00f3n de los perjuicios que ocasionan<br \/>\n        las obras hidroel\u00e9ctricas.<\/p>\n\n\n\n\n<p align=\"right\"><a href=\"#ini\" class=\"vinculo\"><img loading=\"lazy\" src=\"\/imagenes\/flecha_subir.gif\" width=\"15\" height=\"16\" border=\"0\"><\/a><\/p>\n\n\n\n\n<p ><a name=\"m098\" class=\"vinculo\"><\/a><strong>PARTICIPACION EN EMPRESAS<br \/>\n        NACIONALES<\/strong><\/p>\n\n\n\n\n<p ><strong>Art\u00edculo 81.-<\/strong> Cuando el aprovechamiento<br \/>\n        de los recursos natura les fuere realizado por empresas del Estado Nacional,<br \/>\n        las mismas deben dar participaci\u00f3n a la Provincia en la administraci\u00f3n,<br \/>\n        direcci\u00f3n y control de dichas empresas.<\/p>\n\n\n\n\n<p align=\"right\"><a href=\"#ini\" class=\"vinculo\"><img loading=\"lazy\" src=\"\/imagenes\/flecha_subir.gif\" width=\"15\" height=\"16\" border=\"0\"><\/a><\/p>\n\n\n\n\n<p >SECCION SEXTA<\/p>\n\n\n\n\n<p ><a name=\"m099\" class=\"vinculo\"><\/a><strong>POLITICA DE COMUNICACION<br \/>\n        SOCIAL<\/strong><\/p>\n\n\n\n\n<p ><a name=\"m100\" class=\"vinculo\"><\/a><strong>ESPECTRO DE FRECUENCIA<\/strong><\/p>\n\n\n\n\n<p ><strong>Art\u00edculo 82.-<\/strong> El espectro de frecuencia<br \/>\n        es un recurso natural de dominio p\u00fablico. La Provincia, en uso de su autonom\u00eda,<br \/>\n        reserva su derecho de legislar en materia de radiodifusi\u00f3n y televisi\u00f3n,<br \/>\n        decide sobre sus modelos de comunicaci\u00f3n para la afirmaci\u00f3n de la integraci\u00f3n<br \/>\n        y autonom\u00eda provincial y promueve especialmente la instalaci\u00f3n de emisoras<br \/>\n        en zona de frontera.<\/p>\n\n\n\n\n<p >La ley asegura el desarrollo, planificaci\u00f3n, coordinaci\u00f3n,<br \/>\n        investigaci\u00f3n, administraci\u00f3n y financiamiento de la comunicaci\u00f3n social.<\/p>\n\n\n\n\n<p align=\"right\"><a href=\"#ini\" class=\"vinculo\"><img loading=\"lazy\" src=\"\/imagenes\/flecha_subir.gif\" width=\"15\" height=\"16\" border=\"0\"><\/a><\/p>\n\n\n\n\n<p ><a name=\"m101\" class=\"vinculo\"><\/a><strong>RADIODIFUSION Y TELEVISION<\/strong><\/p>\n\n\n\n\n<p ><strong>Art\u00edculo 83.- <\/strong>La radiodifusi\u00f3n y<br \/>\n        televisi\u00f3n constituyen un servicio p\u00fablico orientado al desarrollo integral<br \/>\n        de la Provincia y sus habitantes, el crecimiento de sus regiones, la conformaci\u00f3n<br \/>\n        de su identidad cultural y el pleno ejercicio del derecho de informaci\u00f3n.<\/p>\n\n\n\n\n<p >El Estado garantiza el derecho de las audiencias a<br \/>\n        expresar org\u00e1nicamente su opini\u00f3n y a participar en la formulaci\u00f3n de<br \/>\n        pol\u00edticas p\u00fablicas sobre comunicaci\u00f3n social.<\/p>\n\n\n\n\n<p >Se proh\u00edbe el monopolio y el oligopolio estatal o<br \/>\n        privado, sobre los medios de comunicaci\u00f3n en el \u00e1mbito provincial y se<br \/>\n        promueve la instalaci\u00f3n de emisoras a cargo de organizaciones sociales<br \/>\n        sin fines de lucro que persigan objetivos de inter\u00e9s p\u00fablico.<\/p>\n\n\n\n\n<p align=\"right\"><a href=\"#ini\" class=\"vinculo\"><img loading=\"lazy\" src=\"\/imagenes\/flecha_subir.gif\" width=\"15\" height=\"16\" border=\"0\"><\/a><\/p>\n\n\n\n\n<p >SECCION SEPTIMA<\/p>\n\n\n\n\n<p ><a name=\"m102\" class=\"vinculo\"><\/a><strong>POLITICA ECOLOGICA<\/strong><\/p>\n\n\n\n\n<p ><a name=\"m103\" class=\"vinculo\"><\/a><strong>DEFENSA DEL MEDIO AMBIENTE<\/strong><\/p>\n\n\n\n\n<p ><strong>Art\u00edculo 84.-<\/strong> Todos los habitantes<br \/>\n        tienen el derecho a gozar de un medio ambiente sano, libre de factores<br \/>\n        nocivos para la salud, y el deber de preservarlo y defenderlo.<\/p>\n\n\n\n\n<p >Con este fin, el Estado:<\/p>\n\n\n\n\n<p >1. Previene y controla la contaminaci\u00f3n del aire,<br \/>\n        agua y suelo, manteniendo el equilibrio ecol\u00f3gico.<\/p>\n\n\n\n\n<p >2. Conserva la flora, fauna y el patrimonio paisaj\u00edstico.<\/p>\n\n\n\n\n<p >3. Protege la subsistencia de las especies aut\u00f3ctonas;<br \/>\n        legisla sobre el comercio, introducci\u00f3n y liberaci\u00f3n de especies ex\u00f3ticas<br \/>\n        que puedan poner en peligro la producci\u00f3n agropecuaria o los ecosistemas<br \/>\n        naturales.<\/p>\n\n\n\n\n<p >4. Para grandes emprendimientos que potencialmente<br \/>\n        puedan alterar el ambiente, exige estudios previos del impacto ambiental.<\/p>\n\n\n\n\n<p >5. Reglamenta la producci\u00f3n, liberaci\u00f3n y ampliaci\u00f3n<br \/>\n        de los productos de la biotecnolog\u00eda, ingenier\u00eda nuclear y agroqu\u00edmica,<br \/>\n        y de los productos nocivos, para asegurar su uso racional.<\/p>\n\n\n\n\n<p >6. Establece programas de difusi\u00f3n y educaci\u00f3n ambiental<br \/>\n        en todos los niveles de ense\u00f1anza.<\/p>\n\n\n\n\n<p >7. Gestiona convenios con las provincias y con la<br \/>\n        Naci\u00f3n para asegurar el cumplimiento de los principios enumerados.<\/p>\n\n\n\n\n<p align=\"right\"><a href=\"#ini\" class=\"vinculo\"><img loading=\"lazy\" src=\"\/imagenes\/flecha_subir.gif\" width=\"15\" height=\"16\" border=\"0\"><\/a><\/p>\n\n\n\n\n<p ><a name=\"m104\" class=\"vinculo\"><\/a><strong>CUSTODIA DE LOS ECOSISTEMAS<br \/>\n        NATURALES<\/strong><\/p>\n\n\n\n\n<p ><strong>Art\u00edculo 85.-<\/strong> La custodia del medio<br \/>\n        ambiente est\u00e1 a cargo de un organismo con poder de polic\u00eda, dependiente<br \/>\n        del Poder Ejecutivo, con las atribuciones que le fija la ley.<\/p>\n\n\n\n\n<p >Los habitantes est\u00e1n legitimados para accionar ante<br \/>\n        las autoridades en defensa de los intereses ecol\u00f3gicos reconocidos en<br \/>\n        esta Constituci\u00f3n.<\/p>\n\n\n\n\n<p align=\"right\"><a href=\"#ini\" class=\"vinculo\"><img loading=\"lazy\" src=\"\/imagenes\/flecha_subir.gif\" width=\"15\" height=\"16\" border=\"0\"><\/a><\/p>\n\n\n\n\n<p >SECCION OCTAVA<\/p>\n\n\n\n\n<p ><a name=\"m105\" class=\"vinculo\"><\/a><strong>POLITICA ECONOMICA<\/strong><\/p>\n\n\n\n\n<p ><a name=\"m106\" class=\"vinculo\"><\/a><strong>PRINCIPIOS<\/strong><\/p>\n\n\n\n\n<p ><strong>Art\u00edculo 86.- <\/strong>La econom\u00eda est\u00e1 al<br \/>\n        servicio del hombre y debe satisfacer sus necesidades materiales y espirituales.<br \/>\n        El capital cumple una funci\u00f3n social. Su principal objeto es el desarrollo<br \/>\n        de la Naci\u00f3n, de la Regi\u00f3n y de la Provincia y sus diversas formas de<br \/>\n        utilizaci\u00f3n no pueden contrariar el bien com\u00fan.<\/p>\n\n\n\n\n<p >La ley desalienta la usura, la especulaci\u00f3n y todas<br \/>\n        aquellas formas econ\u00f3micas que tiendan a dominar los mercados, eliminar<br \/>\n        la competencia o aumentar arbitrariamente las ganancias.<\/p>\n\n\n\n\n<p >Los beneficios del crecimiento son distribu\u00eddos equitativa<br \/>\n        y solidariamente. Los empresarios, los trabajadores y el Estado son responsables<br \/>\n        de la eficiencia, productividad y progreso de los factores econ\u00f3micos<br \/>\n        que participan en el proceso productivo.<\/p>\n\n\n\n\n<p align=\"right\"><a href=\"#ini\" class=\"vinculo\"><img loading=\"lazy\" src=\"\/imagenes\/flecha_subir.gif\" width=\"15\" height=\"16\" border=\"0\"><\/a><\/p>\n\n\n\n\n<p ><a name=\"m107\" class=\"vinculo\"><\/a><strong>FACULTADES COMPARTIDAS<\/strong><\/p>\n\n\n\n\n<p ><strong>Art\u00edculo 87.-<\/strong> La Provincia reivindica<br \/>\n        del Estado Nacional los poderes necesarios para regir su econom\u00eda, participaci\u00f3n<br \/>\n        igualitaria en la ejecuci\u00f3n de las pol\u00edticas sectoriales nacionales de<br \/>\n        inter\u00e9s provincial y en los organismos de aplicaci\u00f3n de las mismas. Dicta<br \/>\n        leyes que preservan las caracter\u00edsticas propias de la producci\u00f3n, industrializaci\u00f3n<br \/>\n        y comercializaci\u00f3n de los productos rionegrinos. Convendr\u00e1 con el gobierno<br \/>\n        nacional, asesorado por los sectores interesados, las condiciones de aplicaci\u00f3n<br \/>\n        de las leyes nacionales que regulan las actividades productivas.<\/p>\n\n\n\n\n<p align=\"right\"><a href=\"#ini\" class=\"vinculo\"><img loading=\"lazy\" src=\"\/imagenes\/flecha_subir.gif\" width=\"15\" height=\"16\" border=\"0\"><\/a><\/p>\n\n\n\n\n<p ><a name=\"m108\" class=\"vinculo\"><\/a><strong>SERVICIOS PROVINCIALES<\/strong><\/p>\n\n\n\n\n<p ><strong>Art\u00edculo 88.-<\/strong> La prestaci\u00f3n de servicios<br \/>\n        tarifados que realiza la Provincia asume forma empresaria con participaci\u00f3n<br \/>\n        mayoritaria y auditor\u00eda estatal. Su desenvolvimiento se ajusta a pautas<br \/>\n        de rentabilidad, buen servicio, eficiencia y publicidad de sus actos,<br \/>\n        sin perjuicio de las actividades de fomento que deba realizar. Est\u00e1n sujetos<br \/>\n        al pago de impuestos, tasas y contribuciones.<\/p>\n\n\n\n\n<p >La ley fija el r\u00e9gimen laboral aplicable a cada servicio.<\/p>\n\n\n\n\n<p align=\"right\"><a href=\"#ini\" class=\"vinculo\"><img loading=\"lazy\" src=\"\/imagenes\/flecha_subir.gif\" width=\"15\" height=\"16\" border=\"0\"><\/a><\/p>\n\n\n\n\n<p ><a name=\"m109\" class=\"vinculo\"><\/a><strong>SUJECION AL PLANEAMIENTO<\/strong><\/p>\n\n\n\n\n<p ><strong>Art\u00edculo 89.- <\/strong>Los entes que explotan<br \/>\n        servicios p\u00fablicos est\u00e1n sujetos a planes generales y sectoriales de laProvincia.<\/p>\n\n\n\n\n<p >Formulan programas y suscriben acuerdos que proponen<br \/>\n        al Poder Ejecutivo y que son aprobados por la Legislatura.<\/p>\n\n\n\n\n<p align=\"right\"><a href=\"#ini\" class=\"vinculo\"><img loading=\"lazy\" src=\"\/imagenes\/flecha_subir.gif\" width=\"15\" height=\"16\" border=\"0\"><\/a><\/p>\n\n\n\n\n<p ><a name=\"m110\" class=\"vinculo\"><\/a><strong>PROPIEDAD &#8211; EXPROPIACION<\/strong><\/p>\n\n\n\n\n<p ><strong>Art\u00edculo 90.-<\/strong> La propiedad y la actividad<br \/>\n        privadas tienen una funci\u00f3n social; est\u00e1n sometidas a las leyes que se<br \/>\n        dicten.<\/p>\n\n\n\n\n<p >La expropiaci\u00f3n por causa de utilidad p\u00fablica debe<br \/>\n        ser calificada por ley, previa y justamente indemnizada.<\/p>\n\n\n\n\n<p align=\"right\"><a href=\"#ini\" class=\"vinculo\"><img loading=\"lazy\" src=\"\/imagenes\/flecha_subir.gif\" width=\"15\" height=\"16\" border=\"0\"><\/a><\/p>\n\n\n\n\n<p ><a name=\"m111\" class=\"vinculo\"><\/a><strong>DEFENSA DE LA PRODUCCION<\/strong><\/p>\n\n\n\n\n<p ><strong>Art\u00edculo 91.-<\/strong> El Estado defiende<br \/>\n        la producci\u00f3n b\u00e1sica y riquezas naturales contra la acci\u00f3n del privilegio<br \/>\n        econ\u00f3mico y promueve su industrializaci\u00f3n y comercializaci\u00f3n, procurando<br \/>\n        su diversificaci\u00f3n e instalaci\u00f3n en los lugares de origen.<\/p>\n\n\n\n\n<p >Sanciona leyes de fomento para la radicaci\u00f3n de nuevos<br \/>\n        capitales y pobladores.<\/p>\n\n\n\n\n<p >Se declara de inter\u00e9s provincial la actividad exportadora<br \/>\n        de los productos b\u00e1sicos de la econom\u00eda rionegrina, determin\u00e1ndose como<br \/>\n        objetivos el logro de una adecuada rentabilidad en la colocaci\u00f3n de estos<br \/>\n        productos, el ordenamiento del proceso y una equitativa distribuci\u00f3n de<br \/>\n        los resultados entre los sectores intervinientes, los que se procurar\u00e1n<br \/>\n        a trav\u00e9s de la unificaci\u00f3n de la exportaci\u00f3n.<\/p>\n\n\n\n\n<p >Se asegura la participaci\u00f3n de los interesados en<br \/>\n        la planificaci\u00f3n e implementaci\u00f3n de las pol\u00edticas provinciales en la<br \/>\n        materia.<\/p>\n\n\n\n\n<p align=\"right\"><a href=\"#ini\" class=\"vinculo\"><img loading=\"lazy\" src=\"\/imagenes\/flecha_subir.gif\" width=\"15\" height=\"16\" border=\"0\"><\/a><\/p>\n\n\n\n\n<p ><a name=\"m112\" class=\"vinculo\"><\/a><strong>CREDITO<\/strong><\/p>\n\n\n\n\n<p ><strong>Art\u00edculo 92.-<\/strong> Es obligaci\u00f3n de los<br \/>\n        poderes p\u00fablicos orientar el cr\u00e9dito hacia tareas productivas impidiendo<br \/>\n        la especulaci\u00f3n.<\/p>\n\n\n\n\n<p >El banco provincial es instrumento oficial de la pol\u00edtica<br \/>\n        financiera del gobierno, caja obligada y agente financiero de los entes<br \/>\n        p\u00fablicos provinciales, y municipales, mientras \u00e9stos no posean sus propios<br \/>\n        bancos.<\/p>\n\n\n\n\n<p >Ejecuta la pol\u00edtica crediticia de la Provincia y canaliza<br \/>\n        el ahorro orientado a la producci\u00f3n.<\/p>\n\n\n\n\n<p >La Provincia fija las condiciones de instalaci\u00f3n de<br \/>\n        entidades financieras p\u00fablicas y privadas en su territorio, y ejercita<br \/>\n        sobre \u00e9stas y las ya instaladas el poder de polic\u00eda.<\/p>\n\n\n\n\n<p align=\"right\"><a href=\"#ini\" class=\"vinculo\"><img loading=\"lazy\" src=\"\/imagenes\/flecha_subir.gif\" width=\"15\" height=\"16\" border=\"0\"><\/a><\/p>\n\n\n\n\n<p >SECCION NOVENA<\/p>\n\n\n\n\n<p ><a name=\"m113\" class=\"vinculo\"><\/a><strong>POLITICA FINANCIERA<\/strong><\/p>\n\n\n\n\n<p ><a name=\"m114\" class=\"vinculo\"><\/a><strong>TESORO PROVINCIAL<\/strong><\/p>\n\n\n\n\n<p ><strong>Art\u00edculo 93.-<\/strong> El gobierno de la Provincia<br \/>\n        provee a los gastos de su administraci\u00f3n con los fondos del tesoro provincial.<\/p>\n\n\n\n\n<p >Este se forma con el producto y fruto de sus bienes;<br \/>\n        con los beneficios de la actividad econ\u00f3mica que desarrolla y de los servicios<br \/>\n        que presta; con los recursos provenientes de los impuestos permanentes<br \/>\n        y transitorios; con la participaci\u00f3n que le corresponde por impuestos<br \/>\n        fijados por la Naci\u00f3n, con la cual celebra acuerdos para su establecimiento<br \/>\n        y percepci\u00f3n; y con las operaciones de cr\u00e9dito que realiza.<\/p>\n\n\n\n\n<p >Las regal\u00edas constituyen fondos especiales que deben<br \/>\n        ser progresivamente utilizados para obras espec\u00edficas del sector y para<br \/>\n        generar actividades sustitutivas del recurso.<\/p>\n\n\n\n\n<p align=\"right\"><a href=\"#ini\" class=\"vinculo\"><img loading=\"lazy\" src=\"\/imagenes\/flecha_subir.gif\" width=\"15\" height=\"16\" border=\"0\"><\/a><\/p>\n\n\n\n\n<p ><a name=\"m115\" class=\"vinculo\"><\/a><strong>REGIMEN TRIBUTARIO<\/strong><\/p>\n\n\n\n\n<p ><strong>Art\u00edculo 94.-<\/strong> La igualdad, proporcionalidad,<br \/>\n        no confiscatoriedad y progresividad constituyen la base del impuesto y<br \/>\n        de las cargas p\u00fablicas. Se establecen inspirados en prop\u00f3sitos de justicia<br \/>\n        y necesidad social. Se puede eximir el patrimonio y la renta m\u00ednima individual<br \/>\n        y familiar, y dem\u00e1s casos previstos por esta Constituci\u00f3n.<\/p>\n\n\n\n\n<p >Se grava prentemente la renta, los art\u00edculos suntuarios<br \/>\n        y el mayor valor del suelo libre de mejoras, el ausentismo y las ganancias<br \/>\n        especulativas. Se procura desgravar los art\u00edculos de primera necesidad,<br \/>\n        las actividades socialmente \u00fatiles, las culturales y las nuevas industrias;<br \/>\n        \u00e9stas \u00faltimas por per\u00edodos determinados en la forma que establece la ley.<\/p>\n\n\n\n\n<p align=\"right\"><a href=\"#ini\" class=\"vinculo\"><img loading=\"lazy\" src=\"\/imagenes\/flecha_subir.gif\" width=\"15\" height=\"16\" border=\"0\"><\/a><\/p>\n\n\n\n\n<p ><a name=\"m116\" class=\"vinculo\"><\/a><strong>EMPRESTITOS<\/strong><\/p>\n\n\n\n\n<p ><strong>Art\u00edculo 95.-<\/strong> No podr\u00e1 autorizarse<br \/>\n        empr\u00e9stito alguno sobre el cr\u00e9dito general de la Provincia, ni emisi\u00f3n<br \/>\n        de fondos p\u00fablicos, sino por ley sancionada con los dos tercios de votos<br \/>\n        de los miembros de la Legislatura.<\/p>\n\n\n\n\n<p >Toda ley que sanciona empr\u00e9stitos debe especificar<br \/>\n        los recursos con que deba afrontar el servicio de la deuda y su amortizaci\u00f3n,<br \/>\n        los que en ning\u00fan caso podr\u00e1n exceder del veinticinco por ciento de la<br \/>\n        renta ordinaria anual de la Provincia. No pueden aplicarse los recursos<br \/>\n        que se obtengan de empr\u00e9stitos sino a los fines determinados, que debe<br \/>\n        especificarse en la ley que los autoriza, bajo responsabilidad de la autoridad<br \/>\n        que los invierta o destine a otros objetos. El uso del cr\u00e9dito en las<br \/>\n        formas establecidas puede autorizarse \u00fanicamente cuando sea destinado<br \/>\n        a la ejecuci\u00f3n de obras p\u00fablicas, para hacer efectiva la reforma agraria<br \/>\n        o para atender gastos originados por cat\u00e1strofes, calamidades p\u00fablicas<br \/>\n        y otras necesidades excepcionales e impostergables del Estado, calificadas<br \/>\n        por ley, sin poder aplicarse en ning\u00fan caso a enjugar d\u00e9ficit de administraci\u00f3n.<\/p>\n\n\n\n\n<p align=\"right\"><a href=\"#ini\" class=\"vinculo\"><img loading=\"lazy\" src=\"\/imagenes\/flecha_subir.gif\" width=\"15\" height=\"16\" border=\"0\"><\/a><\/p>\n\n\n\n\n<p ><a name=\"m117\" class=\"vinculo\"><\/a><strong>IMPUESTOS PARA GASTOS DETERMINADOS<\/strong><\/p>\n\n\n\n\n<p ><strong>Art\u00edculo 96.- <\/strong>Los fondos provenientes<br \/>\n        de los impuestos destina dos especialmente a cubrir gastos determinados<br \/>\n        o amortizar operaciones de cr\u00e9dito, se aplican exclusivamente al objeto<br \/>\n        previsto y su recaudaci\u00f3n cesa cuando este quede cumplido, salvo nueva<br \/>\n        autorizaci\u00f3n legal.<\/p>\n\n\n\n\n<p align=\"right\"><a href=\"#ini\" class=\"vinculo\"><img loading=\"lazy\" src=\"\/imagenes\/flecha_subir.gif\" width=\"15\" height=\"16\" border=\"0\"><\/a><\/p>\n\n\n\n\n<p ><a name=\"m118\" class=\"vinculo\"><\/a><strong>ATRIBUCIONES IMPOSITIVAS<\/strong><\/p>\n\n\n\n\n<p ><strong>Art\u00edculo 97.-<\/strong> Los organismos descentralizados<br \/>\n        pueden ser facul tados para el cobro de los impuestos y contribuciones<br \/>\n        que les pertenezcan o en los que tengan participaci\u00f3n, en la forma y bajo<br \/>\n        las responsabilidades que la ley establezca.<\/p>\n\n\n\n\n<p align=\"right\"><a href=\"#ini\" class=\"vinculo\"><img loading=\"lazy\" src=\"\/imagenes\/flecha_subir.gif\" width=\"15\" height=\"16\" border=\"0\"><\/a><\/p>\n\n\n\n\n<p ><a name=\"m119\" class=\"vinculo\"><\/a><strong>CONTRATOS Y LICITACIONES<\/strong><\/p>\n\n\n\n\n<p ><strong>Art\u00edculo 98.-<\/strong> Toda enajenaci\u00f3n de<br \/>\n        bienes provinciales, compra, obra p\u00fablica o concesi\u00f3n de servicios p\u00fablicos,<br \/>\n        se hace por licitaci\u00f3n p\u00fablica o privada bajo pena de nulidad y sin perjuicio<br \/>\n        de las responsabilidades consiguientes. Por ley se establecen las excepciones<br \/>\n        a este principio.<\/p>\n\n\n\n\n<p >Puede prescindirse de la licitaci\u00f3n p\u00fablica o privada<br \/>\n        cuando el Estado resuelva realizar las obras por administraci\u00f3n o por<br \/>\n        intermedio de empresas cooperativas, sociedades mixtas o de otro tipo,<br \/>\n        de las cuales forma parte, y por los organismos intermunicipales o interprovinciales<br \/>\n        que se formaren al mismo efecto, para beneficiar al desarrollo y a la<br \/>\n        econom\u00eda regional.<\/p>\n\n\n\n\n<p >Se da prioridad de contrataci\u00f3n con el Estado a las<br \/>\n        personas f\u00edsicas o jur\u00eddicas radicadas en la Provincia, seg\u00fan el r\u00e9gimen<br \/>\n        que establece la ley.<\/p>\n\n\n\n\n<p align=\"right\"><a href=\"#ini\" class=\"vinculo\"><img loading=\"lazy\" src=\"\/imagenes\/flecha_subir.gif\" width=\"15\" height=\"16\" border=\"0\"><\/a><\/p>\n\n\n\n\n<p ><a name=\"m120\" class=\"vinculo\"><\/a><strong>PRESUPUESTO<\/strong><\/p>\n\n\n\n\n<p ><strong>Art\u00edculo 99.-<\/strong> Todo gasto de la administraci\u00f3n<br \/>\n        debe ajustarse a la ley de presupuesto.<\/p>\n\n\n\n\n<p >Las leyes especiales que dispongan o autoricen gastos,<br \/>\n        deben indicar el recurso corespondiente. Estos gastosy recursos son inclu\u00eddos<br \/>\n        en la primera ley de presupuesto que se apruebe, bajo sanci\u00f3n de caducidad.<\/p>\n\n\n\n\n<p align=\"right\"><a href=\"#ini\" class=\"vinculo\"><img loading=\"lazy\" src=\"\/imagenes\/flecha_subir.gif\" width=\"15\" height=\"16\" border=\"0\"><\/a><\/p>\n\n\n\n\n<p >SECCION DECIMA<\/p>\n\n\n\n\n<p ><a name=\"m121\" class=\"vinculo\"><\/a><strong>POLITICAS DE COOPERATIVISMO<br \/>\n        Y MUTUALISMO<\/strong><\/p>\n\n\n\n\n<p ><a name=\"m122\" class=\"vinculo\"><\/a><strong>OBJETIVOS<\/strong><\/p>\n\n\n\n\n<p ><strong>Art\u00edculo 100.- <\/strong>El Estado reconoce<br \/>\n        la funci\u00f3n econ\u00f3mica y social del mutualismo y de la cooperaci\u00f3n libre,<br \/>\n        en especial de las cooperativas de producci\u00f3n y las que son fuente de<br \/>\n        trabajo y ocupaci\u00f3n.<\/p>\n\n\n\n\n<p >Implementa las pol\u00edticas destinadas a la difusi\u00f3n<br \/>\n        del pensamiento mutualista y cooperativista; la organizaci\u00f3n, el apoyo<br \/>\n        t\u00e9cnico y financiero; la comercializaci\u00f3n y distribuci\u00f3n de sus productos<br \/>\n        o servicios.<\/p>\n\n\n\n\n<p >La ley organiza el registro, ejercicio del poder de<br \/>\n        polic\u00eda, caracteres, finalidades y controles.<\/p>\n\n\n\n\n<p align=\"right\"><a href=\"#ini\" class=\"vinculo\"><img loading=\"lazy\" src=\"\/imagenes\/flecha_subir.gif\" width=\"15\" height=\"16\" border=\"0\"><\/a><\/p>\n\n\n\n\n<p ><a name=\"m123\" class=\"vinculo\"><\/a><strong>LIBERTAD DE ASOCIACION<br \/>\n        COOPERATIVA -REPRESENTACION<\/strong><\/p>\n\n\n\n\n<p ><strong>Art\u00edculo 101.- <\/strong>La Provincia promueve<br \/>\n        y asegura a todos sus habitantes la asociaci\u00f3n cooperativa con caracter\u00edsticas<br \/>\n        de libre acceso, adhesi\u00f3n voluntaria, organizaci\u00f3n democr\u00e1tica y solidaria.<br \/>\n        Las cooperativas deben cubrir necesidades comunes, propender al bienestar<br \/>\n        general y brindar servicios sin fines de lucro. El cooperativismo cuenta<br \/>\n        con representaci\u00f3n en la forma en que lo determine la ley en toda aquella<br \/>\n        actividad p\u00fablica donde tenga presencia activa.<\/p>\n\n\n\n\n<p align=\"right\"><a href=\"#ini\" class=\"vinculo\"><img loading=\"lazy\" src=\"\/imagenes\/flecha_subir.gif\" width=\"15\" height=\"16\" border=\"0\"><\/a><\/p>\n\n\n\n\n<p ><a name=\"m124\" class=\"vinculo\"><\/a><strong>COOPERATIVAS<\/strong><\/p>\n\n\n\n\n<p ><strong>Art\u00edculo 102.-<\/strong> Son cooperativas las<br \/>\n        instituciones privadas de servicios constitu\u00eddas con arreglo a la legislaci\u00f3n<br \/>\n        espec\u00edfica. Los actos de las cooperativas y sucursales con asiento en<br \/>\n        la Provincia, que den cumplimiento a los principios de libre asociaci\u00f3n<br \/>\n        y participaci\u00f3n de los asociados locales en las decisiones y controles<br \/>\n        de ellas, no son objeto de imposici\u00f3n a los efectos de los tributos provinciales.<\/p>\n\n\n\n\n<p >El gobierno provincial y los municipios dan prencia<br \/>\n        en el otorgamiento de permisos a las cooperativas integradas por la comunidad<br \/>\n        respectiva, o la mayor parte de ella, para la prestaci\u00f3n de los servicios<br \/>\n        p\u00fablicos de los que es usuaria. Asimismo dan prioridad a las cooperativas<br \/>\n        de producci\u00f3n y trabajo en sus licitaciones y contratos, ante igualdad<br \/>\n        de ofrecimientos.<\/p>\n\n\n\n\n<p align=\"right\"><a href=\"#ini\" class=\"vinculo\"><img loading=\"lazy\" src=\"\/imagenes\/flecha_subir.gif\" width=\"15\" height=\"16\" border=\"0\"><\/a><\/p>\n\n\n\n\n<p ><a name=\"m125\" class=\"vinculo\"><\/a><strong>EDUCACION COOPERATIVA<\/strong><\/p>\n\n\n\n\n<p ><strong>Art\u00edculo 103.- <\/strong>La Provincia incorpora<br \/>\n        dentro del curr\u00edculo oficial y en los distintos niveles de ense\u00f1anza,<br \/>\n        la educaci\u00f3n cooperativa, a trav\u00e9s de acciones conjuntas de las autoridades<br \/>\n        educativas, los representantes del sector cooperativo y el \u00f3rgano competente<br \/>\n        en la materia.<\/p>\n\n\n\n\n<p >Impulsa la pr\u00e1ctica del cooperativismo escolar.<\/p>\n\n\n\n\n<p align=\"right\"><a href=\"#ini\" class=\"vinculo\"><img loading=\"lazy\" src=\"\/imagenes\/flecha_subir.gif\" width=\"15\" height=\"16\" border=\"0\"><\/a><\/p>\n\n\n\n\n<p >SECCION UNDECIMA<\/p>\n\n\n\n\n<p ><a name=\"m126\" class=\"vinculo\"><\/a><strong>POLITICAS DE PLANIFICACION<br \/>\n        Y REGIONALIZACION<\/strong><\/p>\n\n\n\n\n<p ><a name=\"m127\" class=\"vinculo\"><\/a><strong>CONSEJO DE PLANIFICACION<\/strong><\/p>\n\n\n\n\n<p ><a name=\"m128\" class=\"vinculo\"><\/a><strong>FUNCIONES<\/strong><\/p>\n\n\n\n\n<p ><strong>Art\u00edculo 104.- <\/strong>La acci\u00f3n de gobierno,<br \/>\n        en cuanto a la promoci\u00f3n econ\u00f3mica y realizaci\u00f3n de la obra p\u00fablica, responde<br \/>\n        a una planificaci\u00f3n integral que contempla todas las relaciones de interdependencia<br \/>\n        de los factores locales, regionales y nacionales. Esta planificaci\u00f3n es<br \/>\n        dirigida y permanentemente actualizada por el Consejo de Planificaci\u00f3n;<br \/>\n        es imperativa para el sector p\u00fablico e indicativa para el sector privado.<\/p>\n\n\n\n\n<p align=\"right\"><a href=\"#ini\" class=\"vinculo\"><img loading=\"lazy\" src=\"\/imagenes\/flecha_subir.gif\" width=\"15\" height=\"16\" border=\"0\"><\/a><\/p>\n\n\n\n\n<p ><a name=\"m129\" class=\"vinculo\"><\/a><strong>INTEGRACION<\/strong><\/p>\n\n\n\n\n<p ><strong>Art\u00edculo 105.- <\/strong>El Consejo de Planificaci\u00f3n<br \/>\n        se integra con t\u00e9cnicos especialistas. Una ley especial fija su estructura,<br \/>\n        debiendo estar representada la actividad econ\u00f3mica y el trabajo. Los miembros<br \/>\n        del Consejo son designados por el Poder Ejecutivo con acuerdo de la Legislatura<br \/>\n        y s\u00f3lo son removidos por causales que fija la ley.<\/p>\n\n\n\n\n<p align=\"right\"><a href=\"#ini\" class=\"vinculo\"><img loading=\"lazy\" src=\"\/imagenes\/flecha_subir.gif\" width=\"15\" height=\"16\" border=\"0\"><\/a><\/p>\n\n\n\n\n<p ><a name=\"m130\" class=\"vinculo\"><\/a><strong>REGIONES<\/strong><\/p>\n\n\n\n\n<p ><strong>Art\u00edculo 106.-<\/strong> El territorio provincial<br \/>\n        se organiza en regiones. Se constituyen en base a los municipios, atendiendo<br \/>\n        a caracter\u00edsticas de afinidad hist\u00f3rica, social, geogr\u00e1fica, econ\u00f3mica,<br \/>\n        cultural e idiosincrasia de la poblaci\u00f3n.<\/p>\n\n\n\n\n<p >La ley fija sus l\u00edmites, recursos, estructura org\u00e1nica<br \/>\n        y funcionamiento.<\/p>\n\n\n\n\n<p align=\"right\"><a href=\"#ini\" class=\"vinculo\"><img loading=\"lazy\" src=\"\/imagenes\/flecha_subir.gif\" width=\"15\" height=\"16\" border=\"0\"><\/a><\/p>\n\n\n\n\n<p ><a name=\"m131\" class=\"vinculo\"><\/a><strong>REGIONALIZACION DE LA ADMINISTRACION<br \/>\n        PUBLICA PROVINCIAL<\/strong><\/p>\n\n\n\n\n<p ><strong>Art\u00edculo 107.-<\/strong> El Estado dispone<br \/>\n        la coincidencia de las circunscripciones administrativas de la Provincia<br \/>\n        con las regiones, y que \u00e9stas sean asiento de las delegaciones de los<br \/>\n        organismos que presten servicios a los habitantes, agrupados en centros<br \/>\n        administrativos provinciales localizados en una o m\u00e1s ciudades de las<br \/>\n        mismas.<\/p>\n\n\n\n\n<p align=\"right\"><a href=\"#ini\" class=\"vinculo\"><img loading=\"lazy\" src=\"\/imagenes\/flecha_subir.gif\" width=\"15\" height=\"16\" border=\"0\"><\/a><\/p>\n\n\n\n\n<p ><a name=\"m132\" class=\"vinculo\"><\/a><strong>CONSEJOS REGIONALES<\/strong><\/p>\n\n\n\n\n<p >Art\u00edculo 108.- En cada regi\u00f3n se establece un Consejo<br \/>\n        Regional, presidido por un delegado del Poder Ejecutivo e integrado por<br \/>\n        representantes de los organismos provinciales con delegaciones en la misma,<br \/>\n        de los municipios que la integran, de los partidos pol\u00edticos de la regi\u00f3n<br \/>\n        con representaci\u00f3n legislativa y de entidades sectoriales, especialmente<br \/>\n        de las asociaciones de trabajadores y empresarios.<\/p>\n\n\n\n\n<p align=\"right\"><a href=\"#ini\" class=\"vinculo\"><img loading=\"lazy\" src=\"\/imagenes\/flecha_subir.gif\" width=\"15\" height=\"16\" border=\"0\"><\/a><\/p>\n\n\n\n\n<p ><a name=\"m133\" class=\"vinculo\"><\/a><strong>FUNCIONES<\/strong><\/p>\n\n\n\n\n<p ><strong>Art\u00edculo 109.-<\/strong> Los Consejos Regionales,<br \/>\n        conforme lo reglamenta la ley:<\/p>\n\n\n\n\n<p >1. Armonizan el planeamiento y desarrollo de la regi\u00f3n,<br \/>\n        elevando sus dict\u00e1menes al Consejo Provincial de Planificaci\u00f3n.<\/p>\n\n\n\n\n<p >2. Asesoran a los Poderes P\u00fablicos sobre los proyectos<br \/>\n        que afecten a la regi\u00f3n.<\/p>\n\n\n\n\n<p >3. Ejercitan iniciativas propias.<\/p>\n\n\n\n\n<p >4. Coordinan el accionar de los distintos \u00f3rdenes<br \/>\n        de las administraciones en su jurisdicci\u00f3n.<\/p>\n\n\n\n\n<p >El Poder Ejecutivo puede delegarles funciones.<\/p>\n\n\n\n\n<p align=\"right\"><a href=\"#ini\" class=\"vinculo\"><img loading=\"lazy\" src=\"\/imagenes\/flecha_subir.gif\" width=\"15\" height=\"16\" border=\"0\"><\/a><\/p>\n\n\n\n\n<p ><a name=\"m134\" class=\"vinculo\"><\/a><strong>ENTES DE DESARROLLO<\/strong><\/p>\n\n\n\n\n<p ><strong>Art\u00edculo 110.-<\/strong> Se crean los entes<br \/>\n        de desarrollo de la L\u00ednea Sur y de la zona de General Conesa, en funci\u00f3n<br \/>\n        del objetivo de igualar el progreso social, cultural y econ\u00f3mico de todas<br \/>\n        las regiones de la Provincia para su definitiva integraci\u00f3n. Concentran<br \/>\n        las acciones provinciales de promoci\u00f3n de la econom\u00eda, industrializaci\u00f3n<br \/>\n        de los productos regionales, defensa de la producci\u00f3n y otras acciones<br \/>\n        de fomento, con las funciones de planificaci\u00f3n y ejecuci\u00f3n que se les<br \/>\n        encomiendan; y las coordinan con los organismos competentes del Estado.<\/p>\n\n\n\n\n<p >Tienen car\u00e1cter aut\u00e1rquico, recursos propios y su<br \/>\n        conducci\u00f3n se integra con representantes regionales.<\/p>\n\n\n\n\n<p align=\"right\"><a href=\"#ini\" class=\"vinculo\"><img loading=\"lazy\" src=\"\/imagenes\/flecha_subir.gif\" width=\"15\" height=\"16\" border=\"0\"><\/a><\/p>\n\n\n\n\n<p >TERCERA PARTE<\/p>\n\n\n\n\n<p ><a name=\"m135\" class=\"vinculo\"><\/a><strong>ORGANIZACION DEL ESTADO<\/strong><\/p>\n\n\n\n\n<p >SECCION PRIMERA<\/p>\n\n\n\n\n<p ><a name=\"m136\" class=\"vinculo\"><\/a><strong>PODER CONSTITUYENTE<\/strong><\/p>\n\n\n\n\n<p ><a name=\"m137\" class=\"vinculo\"><\/a><strong>NECESIDAD DE LA REFORMA<\/strong><\/p>\n\n\n\n\n<p ><strong>Art\u00edculo 111.-<\/strong> Esta Constituci\u00f3n<br \/>\n        puede reformarse en todo o en cualquiera de sus partes. La necesidad de<br \/>\n        la reforma se declara por la Legislatura, con el voto favorable de las<br \/>\n        dos terceras partes del total de sus miembros y se lleva a cabo por una<br \/>\n        Convenci\u00f3n convocada al efecto.<\/p>\n\n\n\n\n<p >Dicha declaraci\u00f3n determina:<\/p>\n\n\n\n\n<p >1. Si la reforma es total o parcial y, en este caso,<br \/>\n        los art\u00edculos o temas que se consideran necesarios reformar.<\/p>\n\n\n\n\n<p >2. La fecha en que debe llevarse a cabo el acto comicial<br \/>\n        para la elecci\u00f3n de los convencionales, que no ser\u00e1 antes de los ciento<br \/>\n        ochenta d\u00edas de la fecha de la declaraci\u00f3n ni coincidir\u00e1 con elecci\u00f3n<br \/>\n        alguna.<\/p>\n\n\n\n\n<p >3. La partida presupuestaria provisoria necesaria<br \/>\n        para sufragar los gastos que su ejecuci\u00f3n demandar\u00e1.<\/p>\n\n\n\n\n<p >4. El lugar de la primera reuni\u00f3n.-<\/p>\n\n\n\n\n<p align=\"right\"><a href=\"#ini\" class=\"vinculo\"><img loading=\"lazy\" src=\"\/imagenes\/flecha_subir.gif\" width=\"15\" height=\"16\" border=\"0\"><\/a><\/p>\n\n\n\n\n<p ><a name=\"m138\" class=\"vinculo\"><\/a><strong>INTEGRACION<\/strong><\/p>\n\n\n\n\n<p ><strong>Art\u00edculo 112.-<\/strong> La Convenci\u00f3n se compone<br \/>\n        de un n\u00famero de miembros igual al de la Legislatura, al tiempo de declararse<br \/>\n        la necesidad de la reforma.<\/p>\n\n\n\n\n<p >Los convencionales se eligen por igual sistema que<br \/>\n        los legisladores.<\/p>\n\n\n\n\n<p align=\"right\"><a href=\"#ini\" class=\"vinculo\"><img loading=\"lazy\" src=\"\/imagenes\/flecha_subir.gif\" width=\"15\" height=\"16\" border=\"0\"><\/a><\/p>\n\n\n\n\n<p ><a name=\"m139\" class=\"vinculo\"><\/a><strong>REQUISITOS &#8211; IMUNIDADES<\/strong><\/p>\n\n\n\n\n<p ><strong>Art\u00edculo 113.-<\/strong> Para ser convencional<br \/>\n        se requieren las mismas calidades exigidas para el cargo de legislador<br \/>\n        y los electos tienen iguales inmunidades.<\/p>\n\n\n\n\n<p align=\"right\"><a href=\"#ini\" class=\"vinculo\"><img loading=\"lazy\" src=\"\/imagenes\/flecha_subir.gif\" width=\"15\" height=\"16\" border=\"0\"><\/a><\/p>\n\n\n\n\n<p ><a name=\"m140\" class=\"vinculo\"><\/a><strong>INHABILIDADES &#8211; INCOMPATIBILIDADES<\/strong><\/p>\n\n\n\n\n<p ><strong>Art\u00edculo 114.- <\/strong>Ser legislador y las<br \/>\n        inhabilidades establecidas para este cargo, rigen para ser convencional.<\/p>\n\n\n\n\n<p >La funci\u00f3n de convencional es incompatible con el<br \/>\n        ejercicio simult\u00e1neo de otro cargo, empleo p\u00fablico nacional, provincial<br \/>\n        o municipal, electivo o no.<\/p>\n\n\n\n\n<p align=\"right\"><a href=\"#ini\" class=\"vinculo\"><img loading=\"lazy\" src=\"\/imagenes\/flecha_subir.gif\" width=\"15\" height=\"16\" border=\"0\"><\/a><\/p>\n\n\n\n\n<p ><a name=\"m141\" class=\"vinculo\"><\/a><strong>PROCLAMACION &#8211; PRIMERA<br \/>\n        REUNION<\/strong><\/p>\n\n\n\n\n<p ><strong>Art\u00edculo 115.-<\/strong> La proclamaci\u00f3n de<br \/>\n        los convencionales electos se realiza dentro de los noventa d\u00edas del acto<br \/>\n        eleccionario.<\/p>\n\n\n\n\n<p >La primera reuni\u00f3n de la Convenci\u00f3n se efect\u00faa dentro<br \/>\n        de los treinta d\u00edas de proclamados.<\/p>\n\n\n\n\n<p align=\"right\"><a href=\"#ini\" class=\"vinculo\"><img loading=\"lazy\" src=\"\/imagenes\/flecha_subir.gif\" width=\"15\" height=\"16\" border=\"0\"><\/a><\/p>\n\n\n\n\n<p ><a name=\"m142\" class=\"vinculo\"><\/a><strong>ATRIBUCIONES<\/strong><\/p>\n\n\n\n\n<p ><strong>Art\u00edculo 116.-<\/strong> La Convenci\u00f3n fija<br \/>\n        la sede de sus reuniones, dicta su propio reglamento, nombra su personal,<br \/>\n        confecciona su presupuesto, aprueba sus inversiones y ejercita las dem\u00e1s<br \/>\n        facultades propias a su funci\u00f3n.<\/p>\n\n\n\n\n<p align=\"right\"><a href=\"#ini\" class=\"vinculo\"><img loading=\"lazy\" src=\"\/imagenes\/flecha_subir.gif\" width=\"15\" height=\"16\" border=\"0\"><\/a><\/p>\n\n\n\n\n<p ><a name=\"m143\" class=\"vinculo\"><\/a><strong>PLAZOS &#8211; SANCION<\/strong><\/p>\n\n\n\n\n<p ><strong>Art\u00edculo 117.-<\/strong> La reforma total de<br \/>\n        la Constituci\u00f3n debe ser sancionada dentro de los doscientos cuarenta<br \/>\n        d\u00edas y la parcial dentro de los ciento cincuenta d\u00edas; ambos plazos a<br \/>\n        contar desde la fecha de la primera reuni\u00f3n.<\/p>\n\n\n\n\n<p >La Convenci\u00f3n puede prorrogar el plazo por un tiempo<br \/>\n        igual a la mitad del t\u00e9rmino establecido para cada caso con el voto de<br \/>\n        las dos terceras partes de sus miembros.<\/p>\n\n\n\n\n<p >La Convenci\u00f3n se limita a tratar y resolver los puntos<br \/>\n        previstos en la convocatoria, pero no est\u00e1 obligada a hacer la reforma<br \/>\n        si no lo cree conveniente.<\/p>\n\n\n\n\n<p align=\"right\"><a href=\"#ini\" class=\"vinculo\"><img loading=\"lazy\" src=\"\/imagenes\/flecha_subir.gif\" width=\"15\" height=\"16\" border=\"0\"><\/a><\/p>\n\n\n\n\n<p ><a name=\"m144\" class=\"vinculo\"><\/a><strong>COLABORACION &#8211; INFORMACION<\/strong><\/p>\n\n\n\n\n<p ><strong>Art\u00edculo 118.-<\/strong> Toda autoridad, agente<br \/>\n        p\u00fablico, entidades aut\u00e1rquicas o sociedades del Estado deben prestar la<br \/>\n        colaboraci\u00f3n e informaci\u00f3n que la Convenci\u00f3n solicite.<\/p>\n\n\n\n\n<p align=\"right\"><a href=\"#ini\" class=\"vinculo\"><img loading=\"lazy\" src=\"\/imagenes\/flecha_subir.gif\" width=\"15\" height=\"16\" border=\"0\"><\/a><\/p>\n\n\n\n\n<p ><a name=\"m145\" class=\"vinculo\"><\/a><strong>ENMIENDA &#8211; RENDUM<\/strong><\/p>\n\n\n\n\n<p ><strong>Art\u00edculo 119.-<\/strong> La enmienda o reforma<br \/>\n        de un art\u00edculo y sus concordantes puede ser sancionada por el voto de<br \/>\n        los dos tercios de los miembros de la Legislatura; queda incorporado al<br \/>\n        texto constitucional si es ratificado por el voto de la mayor\u00eda del Pueblo,<br \/>\n        que es convocado al efecto o en oportunidad de la primera elecci\u00f3n provincial<br \/>\n        que se realice.<\/p>\n\n\n\n\n<p >Para que el rendum se considere v\u00e1lido, se requiere<br \/>\n        que los votos emitidos superen el cincuenta por ciento de los electores<br \/>\n        inscriptos en los padrones electorales que correspondan a la Provincia<br \/>\n        en dicha elecci\u00f3n.<\/p>\n\n\n\n\n<p >Reformas o enmiendas de esta naturaleza no pueden<br \/>\n        llevarse a cabo sino con intervalo de dos a\u00f1os. Este sistema no es de<br \/>\n        aplicaci\u00f3n a las prescripciones de la Primera Parte de esta Constituci\u00f3n<br \/>\n        ni a la presente Secci\u00f3n.<\/p>\n\n\n\n\n<p align=\"right\"><a href=\"#ini\" class=\"vinculo\"><img loading=\"lazy\" src=\"\/imagenes\/flecha_subir.gif\" width=\"15\" height=\"16\" border=\"0\"><\/a><\/p>\n\n\n\n\n<p >SECCION SEGUNDA<\/p>\n\n\n\n\n<p ><a name=\"m146\" class=\"vinculo\"><\/a><strong>REGIMEN ELECTORAL<\/strong><\/p>\n\n\n\n\n<p ><a name=\"m147\" class=\"vinculo\"><\/a><strong>SUFRAGIO<\/strong><\/p>\n\n\n\n\n<p ><strong>Art\u00edculo 120.-<\/strong> El sufragio es un<br \/>\n        derecho y un deber que corresponde a todo ciudadano domiciliado en la<br \/>\n        Provincia y a los extranjeros, en los casos que esta Constituci\u00f3n determina.<\/p>\n\n\n\n\n<p >El sufragio es universal, secreto y obligatorio.<\/p>\n\n\n\n\n<p >La representaci\u00f3n pol\u00edtica tiene por base la poblaci\u00f3n<br \/>\n        y su distribuci\u00f3n territorial.<\/p>\n\n\n\n\n<p align=\"right\"><a href=\"#ini\" class=\"vinculo\"><img loading=\"lazy\" src=\"\/imagenes\/flecha_subir.gif\" width=\"15\" height=\"16\" border=\"0\"><\/a><\/p>\n\n\n\n\n<p ><a name=\"m148\" class=\"vinculo\"><\/a><strong>LEY ELECTORAL<\/strong><\/p>\n\n\n\n\n<p ><strong>Art\u00edculo 121.-<\/strong> La Legislatura sanciona<br \/>\n        la ley electoral que garantiza la representaci\u00f3n de las minor\u00edas a trav\u00e9s<br \/>\n        del sistema proporcional. La lista de candidatos para los cuerpos colegiados<br \/>\n        consigna suplentes. El reemplazo se hace de acuerdo al orden de lista<br \/>\n        comenzando por los candidatos titulares no incorporados.<\/p>\n\n\n\n\n<p align=\"right\"><a href=\"#ini\" class=\"vinculo\"><img loading=\"lazy\" src=\"\/imagenes\/flecha_subir.gif\" width=\"15\" height=\"16\" border=\"0\"><\/a><\/p>\n\n\n\n\n<p >SECCION TERCERA<\/p>\n\n\n\n\n<p ><a name=\"m149\" class=\"vinculo\"><\/a><strong>PODER LEGISLATIVO<\/strong><\/p>\n\n\n\n\n<p >CAPITULO I<\/p>\n\n\n\n\n<p ><a name=\"m150\" class=\"vinculo\"><\/a><strong>DISPOSICIONES GENERALES<\/strong><\/p>\n\n\n\n\n<p ><a name=\"m151\" class=\"vinculo\"><\/a><strong>DENOMINACION &#8211; SEDE<\/strong><\/p>\n\n\n\n\n<p ><strong>Art\u00edculo 122.- <\/strong>El Poder Legislativo<br \/>\n        es ejercido por una C\u00e1mara denominada &quot;Legislatura&quot; con asiento<br \/>\n        en la ciudad Capital de la Provincia.<\/p>\n\n\n\n\n<p align=\"right\"><a href=\"#ini\" class=\"vinculo\"><img loading=\"lazy\" src=\"\/imagenes\/flecha_subir.gif\" width=\"15\" height=\"16\" border=\"0\"><\/a><\/p>\n\n\n\n\n<p ><a name=\"m152\" class=\"vinculo\"><\/a><strong>INTEGRACION<\/strong><\/p>\n\n\n\n\n<p ><strong>Art\u00edculo 123.-<\/strong> La Legislatura se<br \/>\n        integra por no menos de treinta y seis y un m\u00e1ximo de cuarenta y seis<br \/>\n        legisladores elegidos directamente por el Pueblo, asegurando representaci\u00f3n<br \/>\n        regional con un n\u00famero fijo e igualitario de legisladores por circuito<br \/>\n        electoral; y representaci\u00f3n poblacional tomando a la Provincia como distrito<br \/>\n        \u00fanico, con un legislador por cada veintidos mil o fracci\u00f3n no menor de<br \/>\n        once mil habitantes.<\/p>\n\n\n\n\n<p >Se asegura representaci\u00f3n a las minor\u00edas.<\/p>\n\n\n\n\n<p align=\"right\"><a href=\"#ini\" class=\"vinculo\"><img loading=\"lazy\" src=\"\/imagenes\/flecha_subir.gif\" width=\"15\" height=\"16\" border=\"0\"><\/a><\/p>\n\n\n\n\n<p ><a name=\"m153\" class=\"vinculo\"><\/a><strong>CONDICIONES DE ELEGIBILIDAD<\/strong><\/p>\n\n\n\n\n<p ><strong>Art\u00edculo 124.-<\/strong> Para ser legislador<br \/>\n        se requiere:<\/p>\n\n\n\n\n<p >1. Haber cumplido veinticinco a\u00f1os de edad.<\/p>\n\n\n\n\n<p >2. Ser argentino con cinco a\u00f1os de ejercicio de la<br \/>\n        ciudadan\u00eda.<\/p>\n\n\n\n\n<p >3. Tener cinco a\u00f1os de residencia en la Provincia<br \/>\n        inmediata anterior a la elecci\u00f3n.<\/p>\n\n\n\n\n<p >4. Ser elector en el circuito por el que se postula.<\/p>\n\n\n\n\n<p align=\"right\"><a href=\"#ini\" class=\"vinculo\"><img loading=\"lazy\" src=\"\/imagenes\/flecha_subir.gif\" width=\"15\" height=\"16\" border=\"0\"><\/a><\/p>\n\n\n\n\n<p ><a name=\"m154\" class=\"vinculo\"><\/a><strong>DURACION &#8211; RENOVACION &#8211;<br \/>\n        REEMPLAZO<\/strong><\/p>\n\n\n\n\n<p ><strong>Art\u00edculo 125.-<\/strong> Los legisladores duran<br \/>\n        cuatro a\u00f1os en la funci\u00f3n y son reelegibles. La Legislatura se renueva<br \/>\n        totalmente al cumplirse dicho t\u00e9rmino.<\/p>\n\n\n\n\n<p align=\"right\"><a href=\"#ini\" class=\"vinculo\"><img loading=\"lazy\" src=\"\/imagenes\/flecha_subir.gif\" width=\"15\" height=\"16\" border=\"0\"><\/a><\/p>\n\n\n\n\n<p ><a name=\"m155\" class=\"vinculo\"><\/a><strong>INHABILIDADES<\/strong><\/p>\n\n\n\n\n<p ><strong>Art\u00edculo 126.<\/strong>&#8211; No pueden ser elegidos<br \/>\n        legisladores:<\/p>\n\n\n\n\n<p >1. Los militares, salvo despu\u00e9s de cinco a\u00f1os del<br \/>\n        retiro; y los eclesi\u00e1sticos regulares.<\/p>\n\n\n\n\n<p >2. Los destitu\u00eddos de cargo p\u00fablico por juicio pol\u00edtico<br \/>\n        o por el Consejo de la Magistratura; los exclu\u00eddos de la Legislatura por<br \/>\n        resoluci\u00f3n de la misma; los exonerados, por causa que le es imputable,<br \/>\n        de la administraci\u00f3n p\u00fablica nacional, provincial o municipal.<\/p>\n\n\n\n\n<p >3. Los incursos en causales previstas en esta Constituci\u00f3n<br \/>\n        y los condenados por delitos dolosos mientras subsistan los efectos jur\u00eddicos<br \/>\n        de la condena a la fecha del acto eleccionario.<\/p>\n\n\n\n\n<p >4. Los fallidos no rehabilitados hasta la fecha del<br \/>\n        acto eleccionario.<\/p>\n\n\n\n\n<p >5. Los ministros del Poder Ejecutivo.<\/p>\n\n\n\n\n<p align=\"right\"><a href=\"#ini\" class=\"vinculo\"><img loading=\"lazy\" src=\"\/imagenes\/flecha_subir.gif\" width=\"15\" height=\"16\" border=\"0\"><\/a><\/p>\n\n\n\n\n<p ><a name=\"m156\" class=\"vinculo\"><\/a><strong>INCOMPATIBILIDADES<\/strong><\/p>\n\n\n\n\n<p ><strong>Art\u00edculo 127.-<\/strong> Es incompatible el<br \/>\n        cargo de legislador con:<\/p>\n\n\n\n\n<p >1. El ejercicio de profesi\u00f3n o empleo, con excepci\u00f3n<br \/>\n        de la docencia e investigaci\u00f3n seg\u00fan la reglamentaci\u00f3n.<\/p>\n\n\n\n\n<p >2. El de director, administrador, gerente, propietario<br \/>\n        o mandatario, por s\u00ed o asociado, de empresas privadas que celebran contratos<br \/>\n        de suministros, obras o concesiones con los gobiernos nacional, provincial,<br \/>\n        municipal o comunal.<\/p>\n\n\n\n\n<p >Los agentes p\u00fablicos y de la actividad privada tienen<br \/>\n        licencia sin goce de haberes desde su incorporaci\u00f3n a la Legislatura y<br \/>\n        se les reserva el cargo hasta el cese de su mandato.<\/p>\n\n\n\n\n<p align=\"right\"><a href=\"#ini\" class=\"vinculo\"><img loading=\"lazy\" src=\"\/imagenes\/flecha_subir.gif\" width=\"15\" height=\"16\" border=\"0\"><\/a><\/p>\n\n\n\n\n<p ><a name=\"m157\" class=\"vinculo\"><\/a><strong>INMUNIDADES<\/strong><\/p>\n\n\n\n\n<p ><strong>Art\u00edculo 128.<\/strong>&#8211; El legislador, desde<br \/>\n        su elecci\u00f3n, no puede ser acusado, interrogado judicialmente ni molestado<br \/>\n        por las opiniones que emite en el desempe\u00f1o de su mandato, ni es detenido,<br \/>\n        salvo el caso de ser sorprendido in fraganti en la ejecuci\u00f3n de delito<br \/>\n        doloso reprimido con pena m\u00e1xima superior a los tres a\u00f1os de prisi\u00f3n.<\/p>\n\n\n\n\n<p align=\"right\"><a href=\"#ini\" class=\"vinculo\"><img loading=\"lazy\" src=\"\/imagenes\/flecha_subir.gif\" width=\"15\" height=\"16\" border=\"0\"><\/a><\/p>\n\n\n\n\n<p ><a name=\"m158\" class=\"vinculo\"><\/a><strong>DESAFUERO<\/strong><\/p>\n\n\n\n\n<p ><strong>Art\u00edculo 129.-<\/strong> A pedido de juez competente,<br \/>\n        la Legislatura puede, previo examen del sumario en sesi\u00f3n p\u00fablica, suspender<br \/>\n        con dos tercios de votos en su funci\u00f3n al legislador y ponerlo a disposici\u00f3n<br \/>\n        para su juzgamiento.<\/p>\n\n\n\n\n<p >Si la Legislatura niega el allanamiento del fuero,<br \/>\n        no se vuelve ante ella con la misma solicitud. Si accede y pasan seis<br \/>\n        meses sin que el legislador hubiese sido condenado, \u00e9ste recobra sus inmunidades<br \/>\n        y vuelve al ejercicio de la funci\u00f3n con s\u00f3lo hacer constar las fechas.<\/p>\n\n\n\n\n<p align=\"right\"><a href=\"#ini\" class=\"vinculo\"><img loading=\"lazy\" src=\"\/imagenes\/flecha_subir.gif\" width=\"15\" height=\"16\" border=\"0\"><\/a><\/p>\n\n\n\n\n<p ><a name=\"m159\" class=\"vinculo\"><\/a><strong>DIETA<\/strong><\/p>\n\n\n\n\n<p ><strong>Art\u00edculo 130.-<\/strong> El legislador percibe<br \/>\n        la remuneraci\u00f3n que la ley determina, que no puede ser alterada en su<br \/>\n        valor econ\u00f3mico durante el per\u00edodo de su mandato.<\/p>\n\n\n\n\n<p >CAPITULO II<\/p>\n\n\n\n\n<p ><a name=\"m160\" class=\"vinculo\"><\/a><strong>AUTORIDADES<\/strong><\/p>\n\n\n\n\n<p ><a name=\"m161\" class=\"vinculo\"><\/a><strong>PRESIDENTE<\/strong><\/p>\n\n\n\n\n<p ><strong>Art\u00edculo 131.-<\/strong> El vicegobernador<br \/>\n        es el presidente nato de la Legislatura y tiene voto s\u00f3lo en caso de empate.<\/p>\n\n\n\n\n<p align=\"right\"><a href=\"#ini\" class=\"vinculo\"><img loading=\"lazy\" src=\"\/imagenes\/flecha_subir.gif\" width=\"15\" height=\"16\" border=\"0\"><\/a><\/p>\n\n\n\n\n<p ><a name=\"m162\" class=\"vinculo\"><\/a><strong>VICEPRESIDENTES &#8211; COMISIONES<\/strong><\/p>\n\n\n\n\n<p ><strong>Art\u00edculo 132.-<\/strong> En la primera sesi\u00f3n<br \/>\n        anual la Legislatura designa por mayor\u00eda absoluta un vicepresidente primero<br \/>\n        y un vicepresidente segundo; tienen voto en todos los casos. De igual<br \/>\n        manera designa sus comisiones.<\/p>\n\n\n\n\n<p align=\"right\"><a href=\"#ini\" class=\"vinculo\"><img loading=\"lazy\" src=\"\/imagenes\/flecha_subir.gif\" width=\"15\" height=\"16\" border=\"0\"><\/a><\/p>\n\n\n\n\n<p ><a name=\"m163\" class=\"vinculo\"><\/a><strong>COMISION PERMANENTE<\/strong><\/p>\n\n\n\n\n<p ><strong>Art\u00edculo 133.- <\/strong>Antes de entrar en<br \/>\n        receso, la Legislatura designa de su seno, una comisi\u00f3n permanente cuyas<br \/>\n        funciones son: continuar con la actividad administrativa, promover la<br \/>\n        convocatoria de la C\u00e1mara siempre que fuere necesario y preparar la apertura<br \/>\n        del per\u00edodo de sesiones ordinarias.<\/p>\n\n\n\n\n<p align=\"right\"><a href=\"#ini\" class=\"vinculo\"><img loading=\"lazy\" src=\"\/imagenes\/flecha_subir.gif\" width=\"15\" height=\"16\" border=\"0\"><\/a><\/p>\n\n\n\n\n<p >CAPITULO III<\/p>\n\n\n\n\n<p ><a name=\"m164\" class=\"vinculo\"><\/a><strong>SESIONES<\/strong><\/p>\n\n\n\n\n<p ><a name=\"m165\" class=\"vinculo\"><\/a><strong>ORDINARIAS<\/strong><\/p>\n\n\n\n\n<p ><strong>Art\u00edculo 134.-<\/strong> La Legislatura funciona<br \/>\n        en sesiones ordinarias, sin ning\u00fan requisito de apertura o de clausura,<br \/>\n        desde el 1o de marzo hasta el 30 de noviembre de cada a\u00f1o; puede prorrogarlas,<br \/>\n        con comunicaci\u00f3n a los dem\u00e1s poderes indicando su t\u00e9rmino.<\/p>\n\n\n\n\n<p >Puede sesionar fuera del lugar de su sede pero en<br \/>\n        el territorio de la Provincia. La resoluci\u00f3n es tomada por mayor\u00eda absoluta<br \/>\n        de sus miembros.<\/p>\n\n\n\n\n<p align=\"right\"><a href=\"#ini\" class=\"vinculo\"><img loading=\"lazy\" src=\"\/imagenes\/flecha_subir.gif\" width=\"15\" height=\"16\" border=\"0\"><\/a><\/p>\n\n\n\n\n<p ><a name=\"m166\" class=\"vinculo\"><\/a><strong>EXTRAORDINARIAS<\/strong><\/p>\n\n\n\n\n<p ><strong>Art\u00edculo 135.-<\/strong> La Legislatura es<br \/>\n        convocada a sesiones extraordinarias por el Poder Ejecutivo o por propia<br \/>\n        resoluci\u00f3n. El presidente la convoca en caso de petici\u00f3n escrita firmada<br \/>\n        por la cuarta parte de sus miembros, cuando un grave o urgente asunto<br \/>\n        lo requiera. La Legislatura s\u00f3lo trata el o los asuntos que motivan la<br \/>\n        convocatoria.<\/p>\n\n\n\n\n<p >Si el presidente deniega o retarda por m\u00e1s de diez<br \/>\n        d\u00edas la convocatoria pedida por la cuarta parte de los miembros, \u00e9stos<br \/>\n        pueden hacer la convocatoria directamente.<\/p>\n\n\n\n\n<p align=\"right\"><a href=\"#ini\" class=\"vinculo\"><img loading=\"lazy\" src=\"\/imagenes\/flecha_subir.gif\" width=\"15\" height=\"16\" border=\"0\"><\/a><\/p>\n\n\n\n\n<p ><a name=\"m167\" class=\"vinculo\"><\/a><strong>QUORUM<\/strong><\/p>\n\n\n\n\n<p ><strong>Art\u00edculo 136.-<\/strong> La Legislatura sesiona<br \/>\n        con la mayor\u00eda absoluta de sus miembros. Si fracasa una sesi\u00f3n por falta<br \/>\n        de quorum, puede sesionar con la tercera parte de sus integrantes; este<br \/>\n        quorum es v\u00e1lido s\u00f3lo con citaci\u00f3n especial hecha con anticipaci\u00f3n de<br \/>\n        cinco d\u00edas y con menci\u00f3n expresa de los asuntos a tratar.<\/p>\n\n\n\n\n<p >Se except\u00faan los casos en que por esta Constituci\u00f3n<br \/>\n        se exige quorum especial.<\/p>\n\n\n\n\n<p >La Legislatura puede reunirse con menor n\u00famero de<br \/>\n        miembros al solo efecto de acordar las medidas necesarias para compeler<br \/>\n        a los inasistentes y aplicar penas de multa o suspensi\u00f3n.<\/p>\n\n\n\n\n<p align=\"right\"><a href=\"#ini\" class=\"vinculo\"><img loading=\"lazy\" src=\"\/imagenes\/flecha_subir.gif\" width=\"15\" height=\"16\" border=\"0\"><\/a><\/p>\n\n\n\n\n<p ><a name=\"m168\" class=\"vinculo\"><\/a><strong>MAYORIA<\/strong><\/p>\n\n\n\n\n<p ><strong>Art\u00edculo 137.- <\/strong>Cuando esta Constituci\u00f3n<br \/>\n        dispone que la mayor\u00eda requerida es sobre los miembros de la Legislatura,<br \/>\n        se entiende que lo es sobre la totalidad de los integrantes de la misma<br \/>\n        y, en los dem\u00e1s casos, sobre los presentes.<\/p>\n\n\n\n\n<p align=\"right\"><a href=\"#ini\" class=\"vinculo\"><img loading=\"lazy\" src=\"\/imagenes\/flecha_subir.gif\" width=\"15\" height=\"16\" border=\"0\"><\/a><\/p>\n\n\n\n\n<p ><a name=\"m169\" class=\"vinculo\"><\/a><strong>CARACTER DE LAS SESIONES<\/strong><\/p>\n\n\n\n\n<p ><strong>Art\u00edculo 138.-<\/strong> Las sesiones de la<br \/>\n        Legislatura son p\u00fablicas salvo cuando la naturaleza de los asuntos a considerar<br \/>\n        exija lo contrario, lo que se determina por mayor\u00eda de votos.<\/p>\n\n\n\n\n<p align=\"right\"><a href=\"#ini\" class=\"vinculo\"><img loading=\"lazy\" src=\"\/imagenes\/flecha_subir.gif\" width=\"15\" height=\"16\" border=\"0\"><\/a><\/p>\n\n\n\n\n<p >CAPITULO IV<\/p>\n\n\n\n\n<p ><a name=\"m170\" class=\"vinculo\"><\/a><strong>ATRIBUCIONES DE LA LEGISLATURA<\/strong><\/p>\n\n\n\n\n<p ><strong>Art\u00edculo 139.-<\/strong> La Legislatura tiene<br \/>\n        las siguientes facultades y deberes:<\/p>\n\n\n\n\n<p >1. Se da su propio reglamento que no puede ser modificado<br \/>\n        sobre tablas ni en el mismo d\u00eda.<\/p>\n\n\n\n\n<p >2. Por desorden de conducta en el ejercicio de sus<br \/>\n        funciones, corrige a sus miembros con dos tercios de votos, y los excluye<br \/>\n        de su seno con los cuatro quintos de votos; por inhabilidad f\u00edsica o ps\u00edquica<br \/>\n        sobreviniente, los remueve concuatro quintos de votos; sobre las renuncias<br \/>\n        decide por simple mayor\u00eda. Aplica la p\u00e9rdida autom\u00e1tica y proporcional<br \/>\n        de la dieta, en caso de ausencia injustificada a las sesiones.<\/p>\n\n\n\n\n<p >3. Nombra de su seno comisiones investigadoras sobre<br \/>\n        hechos determinados que sean de inter\u00e9s p\u00fablico, con las atribuciones<br \/>\n        que expresamente le otorga el cuerpo relacionadas directamente con los<br \/>\n        fines de la investigaci\u00f3n.<\/p>\n\n\n\n\n<p >4. Llama al recinto a los ministros con la cuarta<br \/>\n        parte de los votos, para pedirles las explicaciones e informes que estime<br \/>\n        conveniente, cit\u00e1ndolos por lo menos con tres d\u00edas de anticipaci\u00f3n, salvo<br \/>\n        caso de urgencia, comunic\u00e1ndoles el motivo de la citaci\u00f3n y los puntos<br \/>\n        sobre los cuales deber\u00e1n informar; est\u00e1n obligados a concurrir y a suministrar<br \/>\n        los informes.<\/p>\n\n\n\n\n<p >5. Requiere a los Poderes Judicial o Ejecutivo, a<br \/>\n        reparticiones aut\u00e1rquicas y a sociedades o particulares que exploten concesiones<br \/>\n        de servicios p\u00fablicos, los informes que considere necesarios conforme<br \/>\n        lo reglamente.<\/p>\n\n\n\n\n<p >6. Toma juramento al gobernador y al vicegobernador,<br \/>\n        autoriza o deniega las licencias que solicite cuando la ausencia fuera<br \/>\n        superior a diez d\u00edas.<\/p>\n\n\n\n\n<p >7. Designa los senadores nacionales.<\/p>\n\n\n\n\n<p >8. Establece anualmente el presupuesto de gastos y<br \/>\n        c\u00e1lculo de recursos, y aprueba o impugna las cuentas de inversi\u00f3n. En<br \/>\n        caso que el Poder Ejecutivo no remita el proyecto de ley de presupuesto<br \/>\n        dentro de los dos meses de iniciado el per\u00edodo ordinario de sesiones,<br \/>\n        la Legislatura considera el vigente y efect\u00faa las modificaciones que estime<br \/>\n        necesarias. La falta de sanci\u00f3n del proyecto en lo que resta del a\u00f1o,<br \/>\n        autoriza al Poder Ejecutivo a aplicar el vigente como ley de presupuesto<br \/>\n        para el a\u00f1o pr\u00f3ximo. La cantidad de cargos y el monto de sueldos proyectados<br \/>\n        por el Poder Ejecutivo en la ley de presupuesto, no pueden ser aumentados<br \/>\n        en \u00e9sta y dichos incrementos s\u00f3lo se hacen por medio de proyectos de ley<br \/>\n        que siguen el tr\u00e1mite ordinario.<\/p>\n\n\n\n\n<p >9. Acuerda subsidios del tesoro provincial a las municipalidades<br \/>\n        y a las comunas cuyas rentas no alcancen, seg\u00fan sus presupuestos, a cubrir<br \/>\n        sus gastos ordinarios.<\/p>\n\n\n\n\n<p >10. Considera el pago de la deuda interna y externa<br \/>\n        de la Provincia.<\/p>\n\n\n\n\n<p >11. Acuerda amnist\u00edas.<\/p>\n\n\n\n\n<p >12. Autoriza la cesi\u00f3n de tierras de la Provincia<br \/>\n        para objetos de utilidad p\u00fablica nacional, provincial, municipal o comunal,<br \/>\n        con los dos tercios de los votos presentes.<\/p>\n\n\n\n\n<p >13. Sanciona la ley general de educaci\u00f3n, de funciones<br \/>\n        y atribuciones del Consejo Provincial de Educaci\u00f3n.<\/p>\n\n\n\n\n<p >14. Dicta los c\u00f3digos: electoral, de procedimientos<br \/>\n        judiciales, administrativo y minero, de faltas, rural, bromatol\u00f3gico,<br \/>\n        alimentario, de aguas y leyes org\u00e1nicas de los Poderes Judicial, Ejecutivo<br \/>\n        y Municipal, registro civil, contabilidad, bosques y vial. Los c\u00f3digos<br \/>\n        de procedimientos judiciales deben ajustarse a los principios b\u00e1sicos<br \/>\n        de la oralidad y publicidad, y garantizan el recurso ordinario de apelaci\u00f3n<br \/>\n        cuando la sentencia definitiva no fuera dictada por un \u00f3rgano jurisdiccional<br \/>\n        colegiado. En materia criminal rige el sistema de la libre convicci\u00f3n<br \/>\n        y los recursos extraordinarios no pueden ser limitados por el tipo de<br \/>\n        delito y naturaleza o monto de la pena.<\/p>\n\n\n\n\n<p >15. Dicta las leyes impositivas, que rigen en tanto<br \/>\n        no las derogue o modifique por otra ley especial.<\/p>\n\n\n\n\n<p >16. Establece la divisi\u00f3n administrativa y pol\u00edtica;<br \/>\n        s\u00f3lo podr\u00e1 modificarse esta \u00faltima con el voto de los dos tercios de los<br \/>\n        miembros presentes.<\/p>\n\n\n\n\n<p >17. Sanciona las leyes necesarias y convenientes para<br \/>\n        la efectivizaci\u00f3n de todas las facultades, poderes, derechos y obligaciones<br \/>\n        que por esta Constituci\u00f3n correspondan a la Provincia, sin otra limitaci\u00f3n<br \/>\n        que la que resulte de la presente Constituci\u00f3n o de la Nacional. Todas<br \/>\n        las leyes deben ajustarse necesariamente a la orientaci\u00f3n y los principios<br \/>\n        contenidos en esta Constituci\u00f3n quedando absolutamente prohibido sancionar<br \/>\n        leyes que importen privilegios. La facultad legislativa, rida a todos<br \/>\n        los poderes no delegados al gobierno de la Naci\u00f3n, se ejercita sin otras<br \/>\n        limitaciones de materia y de persona que las anteriormente previstas,<br \/>\n        teniendo los incisos de este art\u00edculo un car\u00e1cter exclusivamente enunciativo.-<\/p>\n\n\n\n\n<p align=\"right\"><a href=\"#ini\" class=\"vinculo\"><img loading=\"lazy\" src=\"\/imagenes\/flecha_subir.gif\" width=\"15\" height=\"16\" border=\"0\"><\/a><\/p>\n\n\n\n\n<p >18. Ejerce las dem\u00e1s atribuciones previstas en esta<br \/>\n        Constituci\u00f3n.<\/p>\n\n\n\n\n<p >CAPITULO V<\/p>\n\n\n\n\n<p ><a name=\"m171\" class=\"vinculo\"><\/a><strong>DE LAS LEYES: FORMACION<br \/>\n        Y SANCION<\/strong><\/p>\n\n\n\n\n<p ><a name=\"m172\" class=\"vinculo\"><\/a><strong>INICIATIVA<\/strong><\/p>\n\n\n\n\n<p ><strong>Art\u00edculo 140.- <\/strong>Toda ley tiene origen<br \/>\n        en la Legislatura por proyectos de sus miembros y de quienes esta Constituci\u00f3n<br \/>\n        acuerda iniciativa parlamentaria.<\/p>\n\n\n\n\n<p align=\"right\"><a href=\"#ini\" class=\"vinculo\"><img loading=\"lazy\" src=\"\/imagenes\/flecha_subir.gif\" width=\"15\" height=\"16\" border=\"0\"><\/a><\/p>\n\n\n\n\n<p ><a name=\"m173\" class=\"vinculo\"><\/a><strong>APROBACION<\/strong><\/p>\n\n\n\n\n<p ><strong>Art\u00edculo 141.-<\/strong> Todo proyecto es aprobado<br \/>\n        por mayor\u00eda absoluta o especial, seg\u00fan el caso, por votaciones en general<br \/>\n        y en particular de cada uno de los art\u00edculos.<\/p>\n\n\n\n\n<p >Una vez aprobado, se difunde a la poblaci\u00f3n de la<br \/>\n        Provincia por los medios de comunicaci\u00f3n a los efectos de conocer la opini\u00f3n<br \/>\n        popular, conforme al reglamento.<\/p>\n\n\n\n\n<p align=\"right\"><a href=\"#ini\" class=\"vinculo\"><img loading=\"lazy\" src=\"\/imagenes\/flecha_subir.gif\" width=\"15\" height=\"16\" border=\"0\"><\/a><\/p>\n\n\n\n\n<p ><a name=\"m174\" class=\"vinculo\"><\/a><strong>SANCION<\/strong><\/p>\n\n\n\n\n<p ><strong>Art\u00edculo 142.- <\/strong>Transcurridos quince<br \/>\n        d\u00edas desde la aprobaci\u00f3n se someter\u00e1 a nueva votaci\u00f3n en general y en<br \/>\n        particular; si obtiene la mayor\u00eda requerida queda sancionada como ley.<\/p>\n\n\n\n\n<p align=\"right\"><a href=\"#ini\" class=\"vinculo\"><img loading=\"lazy\" src=\"\/imagenes\/flecha_subir.gif\" width=\"15\" height=\"16\" border=\"0\"><\/a><\/p>\n\n\n\n\n<p ><a name=\"m175\" class=\"vinculo\"><\/a><strong>EXCEPCIONES<\/strong><\/p>\n\n\n\n\n<p ><strong>Art\u00edculo 143.-<\/strong> Se excluyen del tr\u00e1mite<br \/>\n        prescripto:<\/p>\n\n\n\n\n<p >1. Los proyectos que ratifican los convenios suscriptos<br \/>\n        por el Poder Ejecutivo y el proyecto de ley de presupuesto.<\/p>\n\n\n\n\n<p >2. Los proyectos que remita el Poder Ejecutivo, previo<br \/>\n        acuerdo general de ministros, con car\u00e1cter de urgencia. Estas excepciones<br \/>\n        se sancionan en una \u00fanica vuelta.<\/p>\n\n\n\n\n<p align=\"right\"><a href=\"#ini\" class=\"vinculo\"><img loading=\"lazy\" src=\"\/imagenes\/flecha_subir.gif\" width=\"15\" height=\"16\" border=\"0\"><\/a><\/p>\n\n\n\n\n<p ><a name=\"m176\" class=\"vinculo\"><\/a><strong>PROMULGACION &#8211; VETO<\/strong><\/p>\n\n\n\n\n<p ><strong>Art\u00edculo 144.-<\/strong> Sancionado un proyecto<br \/>\n        de ley por la Legislatura, se remite al Poder Ejecutivo para que lo promulgue<br \/>\n        y publique, o lo vete en todo o en parte dentro del t\u00e9rmino de diez d\u00edas<br \/>\n        de su recibo. Vencido el plazo y no vetado el proyecto, si el Poder Ejecutivo<br \/>\n        no hubiera efectuado su publicaci\u00f3n, lo hace la Legislatura.-<\/p>\n\n\n\n\n<p align=\"right\"><a href=\"#ini\" class=\"vinculo\"><img loading=\"lazy\" src=\"\/imagenes\/flecha_subir.gif\" width=\"15\" height=\"16\" border=\"0\"><\/a><\/p>\n\n\n\n\n<p ><a name=\"m177\" class=\"vinculo\"><\/a><strong>INSISTENCIA<\/strong><\/p>\n\n\n\n\n<p ><strong>Art\u00edculo 145.-<\/strong> Desechado en todo<br \/>\n        o en parte un proyecto de ley por el Poder Ejecutivo, vuelve con sus objeciones<br \/>\n        a la Legislatura y si \u00e9sta insiste en su sanci\u00f3n con los dos tercios de<br \/>\n        votos, es ley y pasa al Poder Ejecutivo para su promulgaci\u00f3n y publicaci\u00f3n<br \/>\n        en la forma dispuesta en el art\u00edculo anterior. No reuni\u00e9ndose los dos<br \/>\n        tercios para su insistencia ni mayor\u00eda para aceptar las modificaciones<br \/>\n        propuestas por el Poder Ejecutivo, no puede repetirse en las sesiones<br \/>\n        de ese a\u00f1o.-<\/p>\n\n\n\n\n<p align=\"right\"><a href=\"#ini\" class=\"vinculo\"><img loading=\"lazy\" src=\"\/imagenes\/flecha_subir.gif\" width=\"15\" height=\"16\" border=\"0\"><\/a><\/p>\n\n\n\n\n<p ><a name=\"m178\" class=\"vinculo\"><\/a><strong>PROMULGACION PARCIAL<\/strong><\/p>\n\n\n\n\n<p ><strong>Art\u00edculo 146.-<\/strong> Vetado en parte un<br \/>\n        proyecto por el Poder Ejecutivo no podr\u00e1 \u00e9ste promulgar la parte no vetada,<br \/>\n        excepto respecto a la ley de presupuesto que cuando fuere vetada s\u00f3lo<br \/>\n        ser\u00e1 reconsiderada en la parte observada, quedando en vigencia lo restante.<\/p>\n\n\n\n\n<p align=\"right\"><a href=\"#ini\" class=\"vinculo\"><img loading=\"lazy\" src=\"\/imagenes\/flecha_subir.gif\" width=\"15\" height=\"16\" border=\"0\"><\/a><\/p>\n\n\n\n\n<p ><a name=\"m179\" class=\"vinculo\"><\/a><strong>FORMULA<\/strong><\/p>\n\n\n\n\n<p ><strong>Art\u00edculo 147.-<\/strong> En la sanci\u00f3n de las<br \/>\n        leyes se usar\u00e1 esta f\u00f3rmula: &quot;La Legislatura de la Provincia de R\u00edo<br \/>\n        Negro sanciona con fuerza de ley&quot;.-<\/p>\n\n\n\n\n<p align=\"right\"><a href=\"#ini\" class=\"vinculo\"><img loading=\"lazy\" src=\"\/imagenes\/flecha_subir.gif\" width=\"15\" height=\"16\" border=\"0\"><\/a><\/p>\n\n\n\n\n<p ><a name=\"m180\" class=\"vinculo\"><\/a><strong>OBLIGATORIEDAD<\/strong><\/p>\n\n\n\n\n<p ><strong>Art\u00edculo 148.-<\/strong> Las leyes son obligatorias<br \/>\n        despu\u00e9s de su publicaci\u00f3n y desde el d\u00eda que en ellas se determina.<\/p>\n\n\n\n\n<p >Si no designan tiempo, las leyes son obligatorias<br \/>\n        ocho d\u00edas despu\u00e9s de su publicaci\u00f3n.-<\/p>\n\n\n\n\n<p align=\"right\"><a href=\"#ini\" class=\"vinculo\"><img loading=\"lazy\" src=\"\/imagenes\/flecha_subir.gif\" width=\"15\" height=\"16\" border=\"0\"><\/a><\/p>\n\n\n\n\n<p ><a name=\"m181\" class=\"vinculo\"><\/a><strong>REVOCATORIA<\/strong><\/p>\n\n\n\n\n<p ><strong>Art\u00edculo 149.- <\/strong>Todo habitante de<br \/>\n        la Provincia puede peticionar la revocatoria de una ley a partir de su<br \/>\n        promulgaci\u00f3n.<\/p>\n\n\n\n\n<p >La ley determina el funcionamiento del registro de<br \/>\n        adhesiones, los plazos y el r\u00e9ndum obligatorio.<\/p>\n\n\n\n\n<p align=\"right\"><a href=\"#ini\" class=\"vinculo\"><img loading=\"lazy\" src=\"\/imagenes\/flecha_subir.gif\" width=\"15\" height=\"16\" border=\"0\"><\/a><\/p>\n\n\n\n\n<p >CAPITULO VI<\/p>\n\n\n\n\n<p ><a name=\"m182\" class=\"vinculo\"><\/a><strong>JUICIO POLITICO<\/strong><\/p>\n\n\n\n\n<p ><a name=\"m183\" class=\"vinculo\"><\/a><strong>FUNCIONARIOS INCLUIDOS<\/strong><\/p>\n\n\n\n\n<p ><strong>Art\u00edculo 150.-<\/strong> El gobernador, el<br \/>\n        vicegobernador, y sus reemplazantes legales cuando ejerzan el Poder Ejecutivo,<br \/>\n        los ministros, los magistrados del Superior Tribunal y los dem\u00e1s funcionarios<br \/>\n        que establezca esta Constituci\u00f3n y las leyes est\u00e1n sujetos a juicio pol\u00edtico.<br \/>\n        Pueden ser denunciados ante la Legislatura por incapacidad f\u00edsica o mental<br \/>\n        sobreviniente, por delitos en el desempe\u00f1o de sus funciones, por delitos<br \/>\n        comunes o por falta de cumplimiento de los deberes a su cargo.<\/p>\n\n\n\n\n<p align=\"right\"><a href=\"#ini\" class=\"vinculo\"><img loading=\"lazy\" src=\"\/imagenes\/flecha_subir.gif\" width=\"15\" height=\"16\" border=\"0\"><\/a><\/p>\n\n\n\n\n<p ><a name=\"m184\" class=\"vinculo\"><\/a><strong>DENUNCIA<\/strong><\/p>\n\n\n\n\n<p ><strong>Art\u00edculo 151.-<\/strong> Cualquier miembro<br \/>\n        de la Legislatura o habitante de la Provincia puede denunciar ante la<br \/>\n        sala acusadora el delito, falta o incapacidad a efectos de que se promueva<br \/>\n        juicio.<\/p>\n\n\n\n\n<p align=\"right\"><a href=\"#ini\" class=\"vinculo\"><img loading=\"lazy\" src=\"\/imagenes\/flecha_subir.gif\" width=\"15\" height=\"16\" border=\"0\"><\/a><\/p>\n\n\n\n\n<p ><a name=\"m185\" class=\"vinculo\"><\/a><strong>COMPOSICION<\/strong><\/p>\n\n\n\n\n<p ><strong>Art\u00edculo 152.-<\/strong> La Legislatura en<br \/>\n        su primera sesi\u00f3n ordinaria, se divide en dos salas por sorteo proporcional<br \/>\n        en cada una de ellas, de acuerdo a la integraci\u00f3n pol\u00edtica de la misma,<br \/>\n        para la tramitaci\u00f3n del juicio pol\u00edtico. La primera tiene a su cargo la<br \/>\n        acusaci\u00f3n y la segunda el juzgamiento. La sala acusadora es presidida<br \/>\n        por un legislador elegido de su seno y la juzgadora por el presidente<br \/>\n        del Superior Tribunal de Justicia y si \u00e9ste fuera el enjuiciado o estuviera<br \/>\n        impedido, por el sustituto o reemplazante legal.<\/p>\n\n\n\n\n<p align=\"right\"><a href=\"#ini\" class=\"vinculo\"><img loading=\"lazy\" src=\"\/imagenes\/flecha_subir.gif\" width=\"15\" height=\"16\" border=\"0\"><\/a><\/p>\n\n\n\n\n<p ><a name=\"m186\" class=\"vinculo\"><\/a><strong>SALA ACUSADORA<\/strong><\/p>\n\n\n\n\n<p ><strong>Art\u00edculo 153.-<\/strong> La sala acusadora<br \/>\n        nombra en la misma sesi\u00f3n una comisi\u00f3n acusadora, no pudiendo facultar<br \/>\n        al presidente para que la designe. Tiene por objeto investigar la verdad<br \/>\n        de los hechos en que se funde la acusaci\u00f3n; tiene para ese efecto las<br \/>\n        m\u00e1s amplias facultades.<\/p>\n\n\n\n\n<p align=\"right\"><a href=\"#ini\" class=\"vinculo\"><img loading=\"lazy\" src=\"\/imagenes\/flecha_subir.gif\" width=\"15\" height=\"16\" border=\"0\"><\/a><\/p>\n\n\n\n\n<p ><a name=\"m187\" class=\"vinculo\"><\/a><strong>PROCEDIMIENTO<\/strong><\/p>\n\n\n\n\n<p ><strong>Art\u00edculo 154.-<\/strong> La comisi\u00f3n termina<br \/>\n        sus diligencias en el perentorio t\u00e9rmino de cuarenta d\u00edas y presenta dictamen<br \/>\n        a la sala acusadora, la que s\u00f3lo puede aceptarlo por el voto de las dos<br \/>\n        terceras partes de sus miembros presentes.<\/p>\n\n\n\n\n<p align=\"right\"><a href=\"#ini\" class=\"vinculo\"><img loading=\"lazy\" src=\"\/imagenes\/flecha_subir.gif\" width=\"15\" height=\"16\" border=\"0\"><\/a><\/p>\n\n\n\n\n<p ><a name=\"m188\" class=\"vinculo\"><\/a><strong>SUSPENSION<\/strong><\/p>\n\n\n\n\n<p ><strong>Art\u00edculo 155.-<\/strong> Desde el momento en<br \/>\n        que la sala acusadora acepta la denuncia, el acusado queda suspendido<br \/>\n        en el ejercicio de sus funciones, sin goce de sueldo.<\/p>\n\n\n\n\n<p ><a name=\"m189\" class=\"vinculo\"><\/a><strong>COMISION ACUSADORA<\/strong><\/p>\n\n\n\n\n<p ><strong>Art\u00edculo 156.-<\/strong> Admitida la acusaci\u00f3n<br \/>\n        por la sala acusadora, \u00e9sta nombra una comisi\u00f3n de tres integrantes para<br \/>\n        que la sostenga ante la segunda sala que se constituye en tribunal de<br \/>\n        sentencia, previo juramento de sus miembros.<\/p>\n\n\n\n\n<p align=\"right\"><a href=\"#ini\" class=\"vinculo\"><img loading=\"lazy\" src=\"\/imagenes\/flecha_subir.gif\" width=\"15\" height=\"16\" border=\"0\"><\/a><\/p>\n\n\n\n\n<p ><a name=\"m190\" class=\"vinculo\"><\/a><strong>PROCEDIMIENTO<\/strong><\/p>\n\n\n\n\n<p ><strong>Art\u00edculo 157.-<\/strong> Entablada la acusaci\u00f3n<br \/>\n        por la sala acusadora, el tribunal de sentencia procede a conocer la causa,<br \/>\n        que falla antes de treinta d\u00edas. Si vencido ese t\u00e9rmino no hubiese fallado,<br \/>\n        el acusado vuelve al ejercicio de sus funciones.<\/p>\n\n\n\n\n<p align=\"right\"><a href=\"#ini\" class=\"vinculo\"><img loading=\"lazy\" src=\"\/imagenes\/flecha_subir.gif\" width=\"15\" height=\"16\" border=\"0\"><\/a><\/p>\n\n\n\n\n<p ><a name=\"m191\" class=\"vinculo\"><\/a><strong>GARANTIA DE DEFENSA<\/strong><\/p>\n\n\n\n\n<p ><strong>Art\u00edculo 158.- <\/strong>La ley establece el<br \/>\n        procedimiento, garantizando la defensa y el descargo del acusado.<\/p>\n\n\n\n\n<p >Todas las garant\u00edas y derechos reconocidos por esta<br \/>\n        Constituci\u00f3n y la Nacional, para los juicios de naturaleza penal, son<br \/>\n        de aplicaci\u00f3n obligatoria y pueden invocarse por los interesados durante<br \/>\n        el proceso. La ley no puede retacear el derecho del denunciante mediante<br \/>\n        impuesto, fianza, cauciones u otros grav\u00e1menes o requisitos no previstos<br \/>\n        por esta Constituci\u00f3n.<\/p>\n\n\n\n\n<p align=\"right\"><a href=\"#ini\" class=\"vinculo\"><img loading=\"lazy\" src=\"\/imagenes\/flecha_subir.gif\" width=\"15\" height=\"16\" border=\"0\"><\/a><\/p>\n\n\n\n\n<p ><a name=\"m192\" class=\"vinculo\"><\/a><strong>VOTACION<\/strong><\/p>\n\n\n\n\n<p ><strong>Art\u00edculo 159.- <\/strong>Ning\u00fan acusado puede<br \/>\n        ser declarado culpable sino por el voto de los dos tercios de la totalidad<br \/>\n        de los miembros del tribunal de sentencia. La votaci\u00f3n es nominal.<\/p>\n\n\n\n\n<p align=\"right\"><a href=\"#ini\" class=\"vinculo\"><img loading=\"lazy\" src=\"\/imagenes\/flecha_subir.gif\" width=\"15\" height=\"16\" border=\"0\"><\/a><\/p>\n\n\n\n\n<p ><a name=\"m193\" class=\"vinculo\"><\/a><strong>FALLO<\/strong><\/p>\n\n\n\n\n<p ><strong>Art\u00edculo 160.- <\/strong>El fallo no tiene<br \/>\n        m\u00e1s efecto que destituir al acusado y a\u00fan inhabilitarlo para ejercer cargos<br \/>\n        p\u00fablicos por tiempo determinado, quedando siempre sujeto a juicio, conforme<br \/>\n        a las leyes, ante los tribunales ordinarios.<\/p>\n\n\n\n\n<p align=\"right\"><a href=\"#ini\" class=\"vinculo\"><img loading=\"lazy\" src=\"\/imagenes\/flecha_subir.gif\" width=\"15\" height=\"16\" border=\"0\"><\/a><\/p>\n\n\n\n\n<p >CAPITULO VII<\/p>\n\n\n\n\n<p ><a name=\"m194\" class=\"vinculo\"><\/a><strong>ORGANOS DE CONTROL EXTERNO<\/strong><\/p>\n\n\n\n\n<p ><a name=\"m195\" class=\"vinculo\"><\/a><strong>TRIBUNAL DE CUENTAS &#8211; INTEGRACION<\/strong><\/p>\n\n\n\n\n<p ><strong>Art\u00edculo 161.- <\/strong>El Tribunal de Cuentas<br \/>\n        es \u00f3rgano de contralor externo con autonom\u00eda funcional e integrado por<br \/>\n        tres miembros.<\/p>\n\n\n\n\n<p align=\"right\"><a href=\"#ini\" class=\"vinculo\"><img loading=\"lazy\" src=\"\/imagenes\/flecha_subir.gif\" width=\"15\" height=\"16\" border=\"0\"><\/a><\/p>\n\n\n\n\n<p ><a name=\"m196\" class=\"vinculo\"><\/a><strong>REQUISITOS<\/strong><\/p>\n\n\n\n\n<p ><strong>Art\u00edculo 162.- <\/strong>Para ser miembro del<br \/>\n        Tribunal de Cuentas se requieren iguales exigencias que para ser legislador<br \/>\n        y, adem\u00e1s, t\u00edtulo de abogado o graduado en ciencias econ\u00f3micas, debiendo<br \/>\n        acreditar diez a\u00f1os de ejercicio de la profesi\u00f3n.<\/p>\n\n\n\n\n<p align=\"right\"><a href=\"#ini\" class=\"vinculo\"><img loading=\"lazy\" src=\"\/imagenes\/flecha_subir.gif\" width=\"15\" height=\"16\" border=\"0\"><\/a><\/p>\n\n\n\n\n<p ><a name=\"m197\" class=\"vinculo\"><\/a><strong>ATRIBUCIONES<\/strong><\/p>\n\n\n\n\n<p ><strong>Art\u00edculo 163.-<\/strong> El Tribunal de Cuentas<br \/>\n        tiene las siguientes facultades y deberes:<\/p>\n\n\n\n\n<p >1. Controla la legitimidad de lo ingresado e invertido<br \/>\n        en funci\u00f3n del presupuesto por la administraci\u00f3n centralizada y descentralizada,<br \/>\n        empresas del Estado, sociedades con par ticipaci\u00f3n estatal, beneficiarios<br \/>\n        de aportes provinciales, como as\u00ed tambi\u00e9n los municipios que lo soliciten.<\/p>\n\n\n\n\n<p >2. Vigila el cumplimiento de las disposiciones legales<br \/>\n        y procedimientos administrativos; inspecciona las oficinas p\u00fablicas que<br \/>\n        administran fondos, tomando las medidas necesarias para prevenir irregularidades;<br \/>\n        promueve juicio de cuentas y juicio de responsabilidad a funcionarios<br \/>\n        y empleados, a\u00fan despu\u00e9s de cesar en sus cargos y a todos sus efectos,<br \/>\n        por extralimitaci\u00f3n o cumplimiento irregular, en la forma que establezca<br \/>\n        la ley; de resultar necesaria la promoci\u00f3n de investigaciones, da traslado<br \/>\n        al Fiscal de Investigaciones Administrativas.<\/p>\n\n\n\n\n<p >3. Dictamina sobre las cuentas de inversi\u00f3n del presupuesto<br \/>\n        que el Poder Ejecutivo presenta a la Legislatura para su aprobaci\u00f3n.<\/p>\n\n\n\n\n<p >4. Provee a la designaci\u00f3n de los \u00f3rganos de fiscalizaci\u00f3n<br \/>\n        interna y externa de las empresas, sociedades, entidades crediticias,<br \/>\n        entes y organismos aut\u00e1rquicos del Estado.<\/p>\n\n\n\n\n<p >5. Informa anualmente a la Legislatura sobre los resultados<br \/>\n        del control que realiza y emite opini\u00f3n sobre los procedimientos administrativos<br \/>\n        en uso, sin perjuicio de los informes que puede elevar en cualquier momento<br \/>\n        por graves incumplimientos o irregularidades.<\/p>\n\n\n\n\n<p >6. Elabora y eleva su proyecto de presupuesto anual;<br \/>\n        designa y remueve su personal.<\/p>\n\n\n\n\n<p align=\"right\"><a href=\"#ini\" class=\"vinculo\"><img loading=\"lazy\" src=\"\/imagenes\/flecha_subir.gif\" width=\"15\" height=\"16\" border=\"0\"><\/a><\/p>\n\n\n\n\n<p ><a name=\"m198\" class=\"vinculo\"><\/a><strong>FISCAL DE INVESTIGACIONES<br \/>\n        ADMINISTRATIVAS &#8211; FUNCIONES<\/strong><\/p>\n\n\n\n\n<p ><strong>Art\u00edculo 164.-<\/strong> Corresponde al Fiscal<br \/>\n        de Investigaciones Adminis trativas la promoci\u00f3n de las investigaciones<br \/>\n        de las conductas administrativas de los funcionarios y agentes de la administraci\u00f3n<br \/>\n        p\u00fablica, de los entes descentralizados, aut\u00e1rquicos, de las empresas y<br \/>\n        sociedades del Estado o controlados por \u00e9l.<\/p>\n\n\n\n\n<p align=\"right\"><a href=\"#ini\" class=\"vinculo\"><img loading=\"lazy\" src=\"\/imagenes\/flecha_subir.gif\" width=\"15\" height=\"16\" border=\"0\"><\/a><\/p>\n\n\n\n\n<p ><a name=\"m199\" class=\"vinculo\"><\/a><strong>REQUISITOS<\/strong><\/p>\n\n\n\n\n<p ><strong>Art\u00edculo 165.-<\/strong> Para ser designado<br \/>\n        Fiscal de Investigaciones Administrativas se requieren las mismas exigencias<br \/>\n        que para ser miembro del Superior Tribunal de Justicia, teniendo iguales<br \/>\n        derechos, incompatibilidades e inmunidades.<\/p>\n\n\n\n\n<p align=\"right\"><a href=\"#ini\" class=\"vinculo\"><img loading=\"lazy\" src=\"\/imagenes\/flecha_subir.gif\" width=\"15\" height=\"16\" border=\"0\"><\/a><\/p>\n\n\n\n\n<p ><a name=\"m200\" class=\"vinculo\"><\/a><strong>DISPOSICIONES COMUNES<\/strong><\/p>\n\n\n\n\n<p ><strong>Art\u00edculo 166.- <\/strong>Los miembros del Tribunal<br \/>\n        de Cuentas y el Fiscal de Investigaciones Administrativas son designados<br \/>\n        por la Legislatura a propuesta del Poder Ejecutivo. Duran seis a\u00f1os en<br \/>\n        las funciones y pueden ser redesignados. Se remueven por las causales<br \/>\n        y procedimientos del juicio pol\u00edtico.<\/p>\n\n\n\n\n<p align=\"right\"><a href=\"#ini\" class=\"vinculo\"><img loading=\"lazy\" src=\"\/imagenes\/flecha_subir.gif\" width=\"15\" height=\"16\" border=\"0\"><\/a><\/p>\n\n\n\n\n<p ><a name=\"m201\" class=\"vinculo\"><\/a><strong>DEFENSOR DEL PUEBLO<\/strong><\/p>\n\n\n\n\n<p ><strong>Art\u00edculo 167.-<\/strong> Corresponde al Defensor<br \/>\n        del Pueblo la defensa de los derechos individuales y colectivos frente<br \/>\n        a los actos, hechos u omisiones de la administraci\u00f3n p\u00fablica provincial.<br \/>\n        Supervisa la eficacia en la prestaci\u00f3n de los servicios p\u00fablicos. De advertir<br \/>\n        infracciones o delitos en materia administrativa, da intervenci\u00f3n al Fiscal<br \/>\n        de Investigaciones Administrativas. Sus funciones son reglamentadas por<br \/>\n        ley y su actuaci\u00f3n se funda en los principios de informalismo, gratuidad,<br \/>\n        impulsi\u00f3n de oficio, sumariedad y accesibilidad.<\/p>\n\n\n\n\n<p align=\"right\"><a href=\"#ini\" class=\"vinculo\"><img loading=\"lazy\" src=\"\/imagenes\/flecha_subir.gif\" width=\"15\" height=\"16\" border=\"0\"><\/a><\/p>\n\n\n\n\n<p ><a name=\"m202\" class=\"vinculo\"><\/a><strong>REQUISITOS &#8211; CONDICIONES<br \/>\n        &#8211; DURACION &#8211; INFORME ANUAL<\/strong><\/p>\n\n\n\n\n<p ><strong>Art\u00edculo 168.-<\/strong> Debe tener los mismos<br \/>\n        requisitos que para ser legislador; le comprenden sus mismas inhabilidades,<br \/>\n        incompatibilidades e inmunidades y no puede ser removido sino por las<br \/>\n        causales y el procedimiento establecido para el juicio pol\u00edtico. Es designado<br \/>\n        por la Legislatura con el voto de los dos tercios de sus miembros.<\/p>\n\n\n\n\n<p >Dura cinco a\u00f1os en la funci\u00f3n y puede ser redesignado.<\/p>\n\n\n\n\n<p >Est\u00e1 obligado a rendir un informe anual a la Legislatura<br \/>\n        antes de la finalizaci\u00f3n de cada per\u00edodo ordinario de sesiones, el que<br \/>\n        es tratado en sesi\u00f3n especial; puede elevar informes extraordinarios cuando<br \/>\n        lo estime necesario.<\/p>\n\n\n\n\n<p align=\"right\"><a href=\"#ini\" class=\"vinculo\"><img loading=\"lazy\" src=\"\/imagenes\/flecha_subir.gif\" width=\"15\" height=\"16\" border=\"0\"><\/a><\/p>\n\n\n\n\n<p ><a name=\"m203\" class=\"vinculo\"><\/a><strong>REGLAMENTACION<\/strong><\/p>\n\n\n\n\n<p ><strong>Art\u00edculo 169.-<\/strong> La ley establece la<br \/>\n        organizaci\u00f3n, funciones, competencia, procedimientos y situaci\u00f3n institucional<br \/>\n        del Tribunal de Cuentas, Fiscal\u00eda de Investigaciones Administrativas y<br \/>\n        Defensor del Pueblo.<\/p>\n\n\n\n\n<p align=\"right\"><a href=\"#ini\" class=\"vinculo\"><img loading=\"lazy\" src=\"\/imagenes\/flecha_subir.gif\" width=\"15\" height=\"16\" border=\"0\"><\/a><\/p>\n\n\n\n\n<p >SECCION CUARTA<\/p>\n\n\n\n\n<p ><a name=\"m204\" class=\"vinculo\"><\/a><strong>PODER EJECUTIVO<\/strong><\/p>\n\n\n\n\n<p >CAPITULO I<\/p>\n\n\n\n\n<p ><a name=\"m205\" class=\"vinculo\"><\/a><strong>DISPOSICIONES GENERALES<\/strong><\/p>\n\n\n\n\n<p ><a name=\"m206\" class=\"vinculo\"><\/a><strong>GOBERNADOR Y VICEGOBERNADOR<\/strong><\/p>\n\n\n\n\n<p ><strong>Art\u00edculo 170.-<\/strong> El Poder Ejecutivo<br \/>\n        de la Provincia es ejercido por un ciudadano con el t\u00edtulo de gobernador.<br \/>\n        Su reemplazante legal es el vicegobernador, elegido al mismo tiempo y<br \/>\n        por igual per\u00edodo.<\/p>\n\n\n\n\n<p align=\"right\"><a href=\"#ini\" class=\"vinculo\"><img loading=\"lazy\" src=\"\/imagenes\/flecha_subir.gif\" width=\"15\" height=\"16\" border=\"0\"><\/a><\/p>\n\n\n\n\n<p ><a name=\"m207\" class=\"vinculo\"><\/a><strong>CONDICIONES DE ELEGIBILIDAD<\/strong><\/p>\n\n\n\n\n<p ><strong>Art\u00edculo 171.- <\/strong>Para ser elegido gobernador<br \/>\n        o vicegobernador se requiere:<\/p>\n\n\n\n\n<p >1. Haber cumplido treinta a\u00f1os de edad.<\/p>\n\n\n\n\n<p >2. Ser argentino, con cinco a\u00f1os de ciudadan\u00eda en<br \/>\n        ejercicio.<\/p>\n\n\n\n\n<p >3. Tener diez a\u00f1os de residencia en la Provincia con<br \/>\n        cinco a\u00f1os inmediatos anteriores a la elecci\u00f3n.<\/p>\n\n\n\n\n<p align=\"right\"><a href=\"#ini\" class=\"vinculo\"><img loading=\"lazy\" src=\"\/imagenes\/flecha_subir.gif\" width=\"15\" height=\"16\" border=\"0\"><\/a><\/p>\n\n\n\n\n<p ><a name=\"m208\" class=\"vinculo\"><\/a><strong>INHABILIDADES<\/strong><\/p>\n\n\n\n\n<p ><strong>Art\u00edculo 172.- <\/strong>No pueden ser elegidos<br \/>\n        gobernador o vicegobernador:<\/p>\n\n\n\n\n<p >1. Los c\u00f3nyuges y parientes hasta el segundo grado<br \/>\n        de consanguinidad o afinidad del gobernador o vicegobernador, en el mismo<br \/>\n        per\u00edodo o en el siguiente al mandato ejercido.<\/p>\n\n\n\n\n<p >2. Las dem\u00e1s inhabilidades previstas para el legislador.<\/p>\n\n\n\n\n<p align=\"right\"><a href=\"#ini\" class=\"vinculo\"><img loading=\"lazy\" src=\"\/imagenes\/flecha_subir.gif\" width=\"15\" height=\"16\" border=\"0\"><\/a><\/p>\n\n\n\n\n<p ><a name=\"m209\" class=\"vinculo\"><\/a><strong>ELECCION<\/strong><\/p>\n\n\n\n\n<p ><strong>Art\u00edculo 173.- <\/strong>El gobernador y el<br \/>\n        vicegobernador son elegidos directamente por el Pueblo a simple pluralidad<br \/>\n        de sufragios, constituyendo la Provincia a ese efecto un solo distrito<br \/>\n        electoral.<\/p>\n\n\n\n\n<p >En caso de empate decide la Legislatura.<\/p>\n\n\n\n\n<p align=\"right\"><a href=\"#ini\" class=\"vinculo\"><img loading=\"lazy\" src=\"\/imagenes\/flecha_subir.gif\" width=\"15\" height=\"16\" border=\"0\"><\/a><\/p>\n\n\n\n\n<p ><a name=\"m210\" class=\"vinculo\"><\/a><strong>DURACION DEL MANDATO<\/strong><\/p>\n\n\n\n\n<p ><strong>Art\u00edculo 174.-<\/strong> El gobernador y el<br \/>\n        vicegobernador duran cuatro a\u00f1os en el ejercicio de sus funciones y cesan<br \/>\n        en ellas el mismo d\u00eda en que expira el per\u00edodo, sin que pueda prorrogarse<br \/>\n        el t\u00e9rmino por evento alguno ni tampoco completarse cuando haya sido interrumpido<br \/>\n        por cualquier causa.<\/p>\n\n\n\n\n<p align=\"right\"><a href=\"#ini\" class=\"vinculo\"><img loading=\"lazy\" src=\"\/imagenes\/flecha_subir.gif\" width=\"15\" height=\"16\" border=\"0\"><\/a><\/p>\n\n\n\n\n<p ><a name=\"m211\" class=\"vinculo\"><\/a><strong>REELECCION<\/strong><\/p>\n\n\n\n\n<p ><strong>Art\u00edculo 175.-<\/strong> El gobernador y el<br \/>\n        vicegobernador pueden ser reelectos o sucederse rec\u00edprocamente por un<br \/>\n        nuevo per\u00edodo y por una sola vez.<\/p>\n\n\n\n\n<p >Si han sido reelectos o se han sucedido rec\u00edprocamente,<br \/>\n        no pueden ser elegidos para ninguno de ambos cargos sino con un per\u00edodo<br \/>\n        de intervalo.<\/p>\n\n\n\n\n<p align=\"right\"><a href=\"#ini\" class=\"vinculo\"><img loading=\"lazy\" src=\"\/imagenes\/flecha_subir.gif\" width=\"15\" height=\"16\" border=\"0\"><\/a><\/p>\n\n\n\n\n<p ><a name=\"m212\" class=\"vinculo\"><\/a><strong>JURAMENTO<\/strong><\/p>\n\n\n\n\n<p ><strong>Art\u00edculo 176.- <\/strong>Al tomar posesi\u00f3n<br \/>\n        del cargo, el gobernador y el vicegobernador prestan juramento ante la<br \/>\n        Legislatura, en sesi\u00f3n especial. En su defecto, lo hacen ante el Superior<br \/>\n        Tribunal de Justicia.<\/p>\n\n\n\n\n<p align=\"right\"><a href=\"#ini\" class=\"vinculo\"><img loading=\"lazy\" src=\"\/imagenes\/flecha_subir.gif\" width=\"15\" height=\"16\" border=\"0\"><\/a><\/p>\n\n\n\n\n<p ><a name=\"m213\" class=\"vinculo\"><\/a><strong>INMUNIDADES<\/strong><\/p>\n\n\n\n\n<p ><strong>Art\u00edculo 177.-<\/strong> El gobernador y el<br \/>\n        vicegobernador, desde el d\u00eda de su elecci\u00f3n hasta el de su cese, gozan<br \/>\n        de las mismas inmunidades que los legisladores.<\/p>\n\n\n\n\n<p ><a name=\"m214\" class=\"vinculo\"><\/a><strong>AUSENCIAS<\/strong><\/p>\n\n\n\n\n<p ><strong>Art\u00edculo 178.-<\/strong> El gobernador y el<br \/>\n        vicegobernador no pueden ausentarse del territorio provincial por m\u00e1s<br \/>\n        de diez d\u00edas sin autorizaci\u00f3n de la Legislatura. Si \u00e9sta estuviere en<br \/>\n        receso se le dar\u00e1 cuenta oportunamente.<\/p>\n\n\n\n\n<p >El gobernador y el vicegobernador no pueden ausentarse<br \/>\n        simult\u00e1neamente del territorio provincial.<\/p>\n\n\n\n\n<p align=\"right\"><a href=\"#ini\" class=\"vinculo\"><img loading=\"lazy\" src=\"\/imagenes\/flecha_subir.gif\" width=\"15\" height=\"16\" border=\"0\"><\/a><\/p>\n\n\n\n\n<p ><a name=\"m215\" class=\"vinculo\"><\/a><strong>EMOLUMENTOS &#8211; INCOMPATIBILIDADES<\/strong><\/p>\n\n\n\n\n<p ><strong>Art\u00edculo 179.-<\/strong> El gobernador y el<br \/>\n        vicegobernador perciben la retribuci\u00f3n que la ley determina, que no puede<br \/>\n        ser alterada en su valor econ\u00f3mico durante el per\u00edodo de sus mandatos.<\/p>\n\n\n\n\n<p >No pueden ejercer otro empleo ni percibir otro emolumento,<br \/>\n        salvo las rentas propias.<\/p>\n\n\n\n\n<p align=\"right\"><a href=\"#ini\" class=\"vinculo\"><img loading=\"lazy\" src=\"\/imagenes\/flecha_subir.gif\" width=\"15\" height=\"16\" border=\"0\"><\/a><\/p>\n\n\n\n\n<p ><a name=\"m216\" class=\"vinculo\"><\/a><strong>ACEFALIA<\/strong><\/p>\n\n\n\n\n<p ><strong>Art\u00edculo 180.-<\/strong> La acefal\u00eda se resuelve<br \/>\n        con sujeci\u00f3n a las siguientes reglas:<\/p>\n\n\n\n\n<p >1. El vicegobernador reemplaza al gobernador en caso<br \/>\n        de ausencia o inhabilidad temporaria y hasta que cesa la misma.<\/p>\n\n\n\n\n<p >2. En caso de fallecimiento, destituci\u00f3n, renuncia<br \/>\n        o inhabilidad definitiva del gobernador, antes o despu\u00e9s de su asunci\u00f3n,<br \/>\n        lo reemplaza el vicegobernador hasta el t\u00e9rmino del mandato.<\/p>\n\n\n\n\n<p >3. Si la inhabilidad o causa temporal afectare simult\u00e1neamente<br \/>\n        al gobernador y al vicegobernador en ejercicio, se hace cargo del Poder<br \/>\n        Ejecutivo, hasta el cese de la inhabilidad o causa motivante, el vicepresidente<br \/>\n        primero o, en su defecto, el vicepresidente segundo de la Legislatura.<\/p>\n\n\n\n\n<p >4. En caso de fallecimiento, destituci\u00f3n, renuncia<br \/>\n        o inhabilidad definitiva del gobernador y del vicegobernador y faltando<br \/>\n        m\u00e1s de dos a\u00f1os para completar el per\u00edodo, se convoca a elecciones dentro<br \/>\n        de los sesenta d\u00edas, lapso en que se aplica el inciso anterior. El Superior<br \/>\n        Tribunal de Justicia suple la omisi\u00f3n de la convocatoria.<\/p>\n\n\n\n\n<p >5. En el caso del inciso anterior, si faltare menos<br \/>\n        de dos a\u00f1os para completar el per\u00edodo, la elecci\u00f3n la hace la Legislatura<br \/>\n        de su seno, por mayor\u00eda absoluta de votos en la primera votaci\u00f3n y por<br \/>\n        simple mayor\u00eda en la segunda.<\/p>\n\n\n\n\n<p >6. En caso de fallecimiento, destituci\u00f3n, renuncia<br \/>\n        o inhabilidad definitiva del vicegobernador, lo designa la Legislatura,<br \/>\n        a propuesta del Poder Ejecutivo y en la forma prevista en el inciso anterior.<\/p>\n\n\n\n\n<p >7. Si el d\u00eda en que debe cesar el gobernador saliente<br \/>\n        no estuviere proclamado el nuevo, el presidente del Superior Tribunal<br \/>\n        de Justicia desempe\u00f1a el cargo mientras dura esa situaci\u00f3n, con las funciones<br \/>\n        limitadas que tiene el interventor federal en esta Constituci\u00f3n.<\/p>\n\n\n\n\n<p align=\"right\"><a href=\"#ini\" class=\"vinculo\"><img loading=\"lazy\" src=\"\/imagenes\/flecha_subir.gif\" width=\"15\" height=\"16\" border=\"0\"><\/a><\/p>\n\n\n\n\n<p >CAPITULO II<\/p>\n\n\n\n\n<p ><a name=\"m217\" class=\"vinculo\"><\/a><strong>ATRIBUCIONES<\/strong><\/p>\n\n\n\n\n<p ><a name=\"m218\" class=\"vinculo\"><\/a><strong>DEL GOBERNADOR<\/strong><\/p>\n\n\n\n\n<p ><strong>Art\u00edculo 181.-<\/strong> El gobernador tiene<br \/>\n        las siguientes facultades y deberes:<\/p>\n\n\n\n\n<p >1. Ejerce la representaci\u00f3n oficial de la Provincia<br \/>\n        y es el jefe de la administraci\u00f3n provincial. Ejecuta las leyes.<\/p>\n\n\n\n\n<p >2. Nombra y remueve por s\u00ed y sin refrendo a los ministros.<\/p>\n\n\n\n\n<p >3. Nombra y remueve a los agentes p\u00fablicos para los<br \/>\n        cuales esta Constituci\u00f3n o las leyes respectivas no establecen otra forma<br \/>\n        de nombramiento o remoci\u00f3n.<\/p>\n\n\n\n\n<p >4. Indulta o conmuta penas por delitos sujetos a la<br \/>\n        jurisdicci\u00f3n provincial, previo informe favorable del tribunal correspondiente.<br \/>\n        No ejerce esta atribuci\u00f3n cuando se trate de delitos electorales o delitos<br \/>\n        cometidos por agentes p\u00fablicos en ocasi\u00f3n de sus funciones.<\/p>\n\n\n\n\n<p >5. Expide las instrucciones, decretos y reglamentos<br \/>\n        necesarios para poner en ejercicio las leyes, no pudiendo alterar su esp\u00edritu<br \/>\n        con excepciones reglamentarias.<\/p>\n\n\n\n\n<p >6. Puede dictar decretos sobre materias de competencia<br \/>\n        legislativa en casos de necesidad y urgencia, o de amenaza grave e inminente<br \/>\n        al funcionamiento regular de los poderes p\u00fablicos, en acuerdo general<br \/>\n        de ministros, previa consulta al fiscal de estado y al presidente de la<br \/>\n        Legislatura. Informa a la Provincia mediante mensaje p\u00fablico. Debe remitir<br \/>\n        el decreto a la Legislatura dentro de los cinco d\u00edas de dictado, convocando<br \/>\n        simult\u00e1neamente a sesiones extraordinarias si estuviere en receso, bajo<br \/>\n        apercibimiento de perder su eficacia en forma autom\u00e1tica. Transcurridos<br \/>\n        noventa d\u00edas desde su recepci\u00f3n por la Legislatura, sin haber sido aprobado<br \/>\n        o rechazado, el decreto de necesidad y urgencia queda convertido en ley.<\/p>\n\n\n\n\n<p >7. Conoce y resuelve los recursos administrativos<br \/>\n        que se deduzcan contra sus propios actos, los de sus inferiores jer\u00e1rquicos<br \/>\n        y entes aut\u00e1rquicos provinciales, siendo sus decisiones recurribles ante<br \/>\n        la justicia.<\/p>\n\n\n\n\n<p >8. Concurre a la formaci\u00f3n de las leyes y ejerce el<br \/>\n        derecho de iniciativa; participa en la discusi\u00f3n por s\u00ed o por medio de<br \/>\n        sus ministros; las veta, promulga y publica con arreglo a esta Constituci\u00f3n.<\/p>\n\n\n\n\n<p >9. Concurre a la apertura de las sesiones ordinarias<br \/>\n        de la Legislatura; da cuenta del estado de la administraci\u00f3n y recomienda<br \/>\n        las medidas que juzgue necesarias y convenientes.<\/p>\n\n\n\n\n<p >10. Convoca a la Legislatura a sesiones extraordinarias<br \/>\n        o dispone la pr\u00f3rroga de las ordinarias cuando graves problemas lo requieran.<\/p>\n\n\n\n\n<p >11. Presenta el proyecto de ley de presupuesto general<br \/>\n        de la Provincia y el plan de recursos, en los dos \u00faltimos meses de sesiones<br \/>\n        ordinarias de la Legislatura.<\/p>\n\n\n\n\n<p >12. Da cuenta a la Legislatura del uso del presupuesto<br \/>\n        del \u00faltimo ejercicio en los dos primeros meses de las sesiones ordinarias.<\/p>\n\n\n\n\n<p >13. Celebra y firma tratados o convenios internacionales,<br \/>\n        con la Naci\u00f3n y con las dem\u00e1s Provincias; da previo conocimiento sobre<br \/>\n        sus pautas y requiere su posterior ratificaci\u00f3n de la Legislatura.<\/p>\n\n\n\n\n<p >14. Celebra y firma por s\u00ed iguales tratados o convenios<br \/>\n        en asuntos de su exclusiva competencia, dando conocimiento posterior a<br \/>\n        la Legislatura.<\/p>\n\n\n\n\n<p >15. Tiene la iniciativa exclusiva para la sanci\u00f3n<br \/>\n        de leyes de creaci\u00f3n de entes aut\u00e1rquicos y empresas del Estado; dispone<br \/>\n        la participaci\u00f3n en sociedades del Estado Nacional, interprovinciales<br \/>\n        o mixtas, con acuerdo de la Legislatura.<\/p>\n\n\n\n\n<p >16. Recauda las rentas provinciales; dispone su inversi\u00f3n<br \/>\n        de acuerdo a las leyes y publica trimestralmente el estado de tesorer\u00eda.<\/p>\n\n\n\n\n<p >17. Ejerce el poder de polic\u00eda de la Provincia; adopta<br \/>\n        las medidas conducentes para conservar la seguridad y el orden; asegura<br \/>\n        el auxilio de la fuerza p\u00fablica cuando sea solicitada por los tribunales<br \/>\n        de justicia, autoridades y funcionarios que por esta Constituci\u00f3n y las<br \/>\n        leyes est\u00e9n autorizados para recabarla, debiendo el requerimiento ser<br \/>\n        presentado directamente a la autoridad policial del lugar.<\/p>\n\n\n\n\n<p >18. Convoca a elecciones, consultas, rendum o<br \/>\n        revocatorias populares, sin que por ning\u00fan motivo pueda diferirlas.<\/p>\n\n\n\n\n<p >19. Informa p\u00fablica y permanentemente sobre los actos<br \/>\n        de gobierno a trav\u00e9s de los medios de comunicaci\u00f3n masiva, sin discriminaci\u00f3n<br \/>\n        ideol\u00f3gica entre ellos. La informaci\u00f3n debe ser veraz y objetiva.<\/p>\n\n\n\n\n<p >20. Y dem\u00e1s atribuciones y deberes que le acuerda<br \/>\n        esta Constituci\u00f3n.<\/p>\n\n\n\n\n<p align=\"right\"><a href=\"#ini\" class=\"vinculo\"><img loading=\"lazy\" src=\"\/imagenes\/flecha_subir.gif\" width=\"15\" height=\"16\" border=\"0\"><\/a><\/p>\n\n\n\n\n<p ><a name=\"m219\" class=\"vinculo\"><\/a><strong>DEL VICEGOBERNADOR<\/strong><\/p>\n\n\n\n\n<p ><strong>Art\u00edculo 182.<\/strong>&#8211; El vicegobernador<br \/>\n        tiene las siguientes facultades y deberes:<\/p>\n\n\n\n\n<p >1. Reemplaza al gobernador conforme a esta Constituci\u00f3n.<\/p>\n\n\n\n\n<p >2. Preside la Legislatura, con voto en caso de empate.<\/p>\n\n\n\n\n<p >3. Es colaborador directo del gobernador. Puede asistir<br \/>\n        a los acuerdos de ministros y suscribir los decretos que se elaboren en<br \/>\n        los mismos.<\/p>\n\n\n\n\n<p >4. Es el nexo institucional entre los Poderes Ejecutivo<br \/>\n        y Legislativo.<\/p>\n\n\n\n\n<p align=\"right\"><a href=\"#ini\" class=\"vinculo\"><img loading=\"lazy\" src=\"\/imagenes\/flecha_subir.gif\" width=\"15\" height=\"16\" border=\"0\"><\/a><\/p>\n\n\n\n\n<p >CAPITULO III<\/p>\n\n\n\n\n<p ><a name=\"m220\" class=\"vinculo\"><\/a><strong>MINISTROS<\/strong><\/p>\n\n\n\n\n<p ><a name=\"m221\" class=\"vinculo\"><\/a><strong>FUNCIONES<\/strong><\/p>\n\n\n\n\n<p ><strong>Art\u00edculo 183.- <\/strong>El despacho de los<br \/>\n        asuntos de la Provincia est\u00e1 a cargo de ministros que refrendan y legalizan<br \/>\n        con sus firmas los actos del gobernador, sin la cual carecen devalidez.<\/p>\n\n\n\n\n<p >Una ley especial fija su n\u00famero, ramas y funciones.<\/p>\n\n\n\n\n<p align=\"right\"><a href=\"#ini\" class=\"vinculo\"><img loading=\"lazy\" src=\"\/imagenes\/flecha_subir.gif\" width=\"15\" height=\"16\" border=\"0\"><\/a><\/p>\n\n\n\n\n<p ><a name=\"m222\" class=\"vinculo\"><\/a><strong>REQUISITOS &#8211; INMUNIDADES<\/strong><\/p>\n\n\n\n\n<p ><strong>Art\u00edculo 184.-<\/strong> Para ser ministro<br \/>\n        se requieren las mismas condiciones exigidas que para ser legislador.<br \/>\n        Tiene las mismas inhabilidades que \u00e9ste.<\/p>\n\n\n\n\n<p >No pueden ser designados los c\u00f3nyuges ni los parientes<br \/>\n        dentro del segundo grado de consanguinidad o afinidad de quien ejerce<br \/>\n        la funci\u00f3n de gobernador o vicegobernador.<\/p>\n\n\n\n\n<p >Los ministros tienen las mismas inmunidades que los<br \/>\n        legisladores.<\/p>\n\n\n\n\n<p align=\"right\"><a href=\"#ini\" class=\"vinculo\"><img loading=\"lazy\" src=\"\/imagenes\/flecha_subir.gif\" width=\"15\" height=\"16\" border=\"0\"><\/a><\/p>\n\n\n\n\n<p ><a name=\"m223\" class=\"vinculo\"><\/a><strong>RESPONSABILIDAD<\/strong><\/p>\n\n\n\n\n<p ><strong>Art\u00edculo 185.- <\/strong>Cada ministro es solidariamente<br \/>\n        responsable de los actos que legaliza y de los que acuerda con sus pares.<\/p>\n\n\n\n\n<p ><a name=\"m224\" class=\"vinculo\"><\/a><strong>FACULTADES<\/strong><\/p>\n\n\n\n\n<p ><strong>Art\u00edculo 186.- <\/strong>Los ministros toman<br \/>\n        por s\u00ed todas las resoluciones que la ley les autoriza de acuerdo con su<br \/>\n        competencia y dictan las providencias de tr\u00e1mite.<\/p>\n\n\n\n\n<p >Pueden participar en las sesiones de la Legislatura<br \/>\n        y tienen la obligaci\u00f3n de informar ante ella, cuando les fuera requerido.<br \/>\n        En los casos de las sesiones secretas, juicio pol\u00edtico, adopci\u00f3n de medidas<br \/>\n        contra un legislador o disciplinarias respecto a terceras personas, s\u00f3lo<br \/>\n        participan previa resoluci\u00f3n de la Legislatura.<\/p>\n\n\n\n\n<p align=\"right\"><a href=\"#ini\" class=\"vinculo\"><img loading=\"lazy\" src=\"\/imagenes\/flecha_subir.gif\" width=\"15\" height=\"16\" border=\"0\"><\/a><\/p>\n\n\n\n\n<p ><a name=\"m225\" class=\"vinculo\"><\/a><strong>SUPLENCIA<\/strong><\/p>\n\n\n\n\n<p ><strong>Art\u00edculo 187.- <\/strong>En caso de licencia<br \/>\n        o de impedimento de alguno de los ministros, el gobernador encarga a otro<br \/>\n        el despacho correspondiente a su cartera por un per\u00edodo no mayor de sesenta<br \/>\n        d\u00edas y hasta que aquel se reintegre a sus funciones o se designe un nuevo<br \/>\n        titular.<\/p>\n\n\n\n\n<p align=\"right\"><a href=\"#ini\" class=\"vinculo\"><img loading=\"lazy\" src=\"\/imagenes\/flecha_subir.gif\" width=\"15\" height=\"16\" border=\"0\"><\/a><\/p>\n\n\n\n\n<p ><a name=\"m226\" class=\"vinculo\"><\/a><strong>PROHIBICION<\/strong><\/p>\n\n\n\n\n<p ><strong>Art\u00edculo 188.<\/strong>&#8211; Los ministros no pueden<br \/>\n        aceptar candidaturas a cargos municipales, provinciales o nacionales.<\/p>\n\n\n\n\n<p ><a name=\"m227\" class=\"vinculo\"><\/a><strong>REMUNERACION<\/strong><\/p>\n\n\n\n\n<p ><strong>Art\u00edculo 189.-<\/strong> Los ministros perciben<br \/>\n        por sus servicios un sueldo establecido por ley, que no puede ser alterado<br \/>\n        en su valor econ\u00f3mico durante el ejercicio de su funci\u00f3n.<\/p>\n\n\n\n\n<p align=\"right\"><a href=\"#ini\" class=\"vinculo\"><img loading=\"lazy\" src=\"\/imagenes\/flecha_subir.gif\" width=\"15\" height=\"16\" border=\"0\"><\/a><\/p>\n\n\n\n\n<p >CAPITULO IV<\/p>\n\n\n\n\n<p ><a name=\"m228\" class=\"vinculo\"><\/a><strong>ORGANOS DE CONTROL INTERNO<\/strong><\/p>\n\n\n\n\n<p ><a name=\"m229\" class=\"vinculo\"><\/a><strong>FISCALIA DE ESTADO &#8211; FUNCIONES<\/strong><\/p>\n\n\n\n\n<p ><strong>Art\u00edculo 190.- <\/strong>Corresponde a la Fiscal\u00eda<br \/>\n        de Estado el control de legalidad de los actos administrativos del Estado<br \/>\n        y la defensa de su patrimonio. Es parte necesaria y leg\u00edtima en todo proceso<br \/>\n        en los que se controviertan intereses de la Provincia y en los que \u00e9sta<br \/>\n        act\u00fae de cualquier forma.<\/p>\n\n\n\n\n<p align=\"right\"><a href=\"#ini\" class=\"vinculo\"><img loading=\"lazy\" src=\"\/imagenes\/flecha_subir.gif\" width=\"15\" height=\"16\" border=\"0\"><\/a><\/p>\n\n\n\n\n<p ><a name=\"m230\" class=\"vinculo\"><\/a><strong>CONTADURIA GENERAL &#8211; FUNCIONES<\/strong><\/p>\n\n\n\n\n<p ><strong>Art\u00edculo 191.-<\/strong> Corresponde a la Contadur\u00eda<br \/>\n        General el registro y control interno de la hacienda p\u00fablica. Autoriza<br \/>\n        los pagos con arreglo a la ley de presupuesto y leyes especiales, puede<br \/>\n        delegar \u00e9sta atribuci\u00f3n en los casos que la ley establece.<\/p>\n\n\n\n\n<p >Los Poderes Legislativo y Judicial y las entidades<br \/>\n        aut\u00e1rquicas tienen sus propias contadur\u00edas que mantienen relaci\u00f3n funcional<br \/>\n        directa con la Contadur\u00eda General.<\/p>\n\n\n\n\n<p align=\"right\"><a href=\"#ini\" class=\"vinculo\"><img loading=\"lazy\" src=\"\/imagenes\/flecha_subir.gif\" width=\"15\" height=\"16\" border=\"0\"><\/a><\/p>\n\n\n\n\n<p ><a name=\"m231\" class=\"vinculo\"><\/a><strong>REQUISITOS<\/strong><\/p>\n\n\n\n\n<p ><strong>Art\u00edculo 192.-<\/strong> Para ser fiscal de<br \/>\n        estado se requieren las mismas condiciones que las exigidas para ser miembro<br \/>\n        del Superior Tribunal de Justicia; tiene iguales inhabilidades, derechos,<br \/>\n        incompatibilidades e inmunidades.<\/p>\n\n\n\n\n<p >Para ser contador general se requiere ser argentino,<br \/>\n        tener treinta a\u00f1os de edad y t\u00edtulo de contador p\u00fablico nacional, debiendo<br \/>\n        acreditar diez a\u00f1os de ejercicio profesional; es incompatible con cualquier<br \/>\n        otra actividad p\u00fablica o privada.<\/p>\n\n\n\n\n<p align=\"right\"><a href=\"#ini\" class=\"vinculo\"><img loading=\"lazy\" src=\"\/imagenes\/flecha_subir.gif\" width=\"15\" height=\"16\" border=\"0\"><\/a><\/p>\n\n\n\n\n<p ><a name=\"m232\" class=\"vinculo\"><\/a><strong>DESIGNACION &#8211; DURACION<br \/>\n        &#8211; REMOCION<\/strong><\/p>\n\n\n\n\n<p ><strong>Art\u00edculo 193.- <\/strong>El fiscal de estado<br \/>\n        y el contador general son designados por el Poder Ejecutivo con acuerdo<br \/>\n        de la Legislatura.<\/p>\n\n\n\n\n<p >Duran en sus funciones el mismo per\u00edodo constitucional<br \/>\n        que el gobernador y pueden ser redesignados. Son removidos por las causales<br \/>\n        y procedimientos del juicio pol\u00edtico.<\/p>\n\n\n\n\n<p align=\"right\"><a href=\"#ini\" class=\"vinculo\"><img loading=\"lazy\" src=\"\/imagenes\/flecha_subir.gif\" width=\"15\" height=\"16\" border=\"0\"><\/a><\/p>\n\n\n\n\n<p ><a name=\"m233\" class=\"vinculo\"><\/a><strong>COMISION DE TRANSACCIONES<br \/>\n        JUDICIALES &#8211; FUNCIONES<\/strong><\/p>\n\n\n\n\n<p ><strong>Art\u00edculo 194.- <\/strong>Corresponde a la Comisi\u00f3n<br \/>\n        de Transacciones Judiciales dictaminar sobre toda propuesta de transacci\u00f3n<br \/>\n        que sea recibida, o promovida por los \u00f3rganos que ejercen la representaci\u00f3n<br \/>\n        del Estado provincial, a causa de juicios que revistan trascendencia econ\u00f3mica,<br \/>\n        social o pol\u00edtica, teniendo en cuenta la conveniencia patrimonial y de<br \/>\n        conformidad con los principios \u00e9ticos propios de la actividad del Estado.<\/p>\n\n\n\n\n<p align=\"right\"><a href=\"#ini\" class=\"vinculo\"><img loading=\"lazy\" src=\"\/imagenes\/flecha_subir.gif\" width=\"15\" height=\"16\" border=\"0\"><\/a><\/p>\n\n\n\n\n<p ><a name=\"m234\" class=\"vinculo\"><\/a><strong>REGLAMENTACION<\/strong><\/p>\n\n\n\n\n<p ><strong>Art\u00edculo 195.<\/strong>&#8211; La ley establece la<br \/>\n        organizaci\u00f3n, funciones, competencia y procedimientos de la Fiscal\u00eda de<br \/>\n        Estado, Contadur\u00eda General y Comisi\u00f3n de Transacciones Judiciales.<\/p>\n\n\n\n\n<p align=\"right\"><a href=\"#ini\" class=\"vinculo\"><img loading=\"lazy\" src=\"\/imagenes\/flecha_subir.gif\" width=\"15\" height=\"16\" border=\"0\"><\/a><\/p>\n\n\n\n\n<p >SECCION QUINTA<\/p>\n\n\n\n\n<p ><a name=\"m235\" class=\"vinculo\"><\/a><strong>PODER JUDICIAL<\/strong><\/p>\n\n\n\n\n<p >CAPITULO I<\/p>\n\n\n\n\n<p ><a name=\"m236\" class=\"vinculo\"><\/a><strong>DISPOSICIONES GENERALES<\/strong><\/p>\n\n\n\n\n<p ><a name=\"m237\" class=\"vinculo\"><\/a><strong>UNIDAD DE JURISDICCION<\/strong><\/p>\n\n\n\n\n<p ><strong>Art\u00edculo 196.- <\/strong>Corresponde al Poder<br \/>\n        Judicial el ejercicio exclusivo de la funci\u00f3n judicial. Tiene el conocimiento<br \/>\n        y la decisi\u00f3n de las causas que se le someten.<\/p>\n\n\n\n\n<p >A pedido de parte o de oficio, verifica la constitucionalidad<br \/>\n        de las normas que aplica.<\/p>\n\n\n\n\n<p >En ning\u00fan caso el Poder Ejecutivo ni el Poder Legislativo<br \/>\n        ejercen dichas funciones ni se arrogan el conocimiento de las causas pendientes<br \/>\n        o restablecen las fenecidas.<\/p>\n\n\n\n\n<p align=\"right\"><a href=\"#ini\" class=\"vinculo\"><img loading=\"lazy\" src=\"\/imagenes\/flecha_subir.gif\" width=\"15\" height=\"16\" border=\"0\"><\/a><\/p>\n\n\n\n\n<p ><a name=\"m238\" class=\"vinculo\"><\/a><strong>COMPOSICION<\/strong><\/p>\n\n\n\n\n<p ><strong>Art\u00edculo 197.-<\/strong> El Poder Judicial<br \/>\n        de la Provincia es ejercido por un Superior Tribunal, dem\u00e1s tribunales<br \/>\n        y jurados que establece la ley, la que tambi\u00e9n determina su n\u00famero, composici\u00f3n,<br \/>\n        sede, competencia, modos de integraci\u00f3n y reemplazos.<\/p>\n\n\n\n\n<p align=\"right\"><a href=\"#ini\" class=\"vinculo\"><img loading=\"lazy\" src=\"\/imagenes\/flecha_subir.gif\" width=\"15\" height=\"16\" border=\"0\"><\/a><\/p>\n\n\n\n\n<p ><a name=\"m239\" class=\"vinculo\"><\/a><strong>INHABILIDADES<\/strong><\/p>\n\n\n\n\n<p ><strong>Art\u00edculo 198.-<\/strong> No pueden ser designados:<\/p>\n\n\n\n\n<p >1. Los militares, salvo despu\u00e9s de cinco a\u00f1os de su<br \/>\n        retiro y los eclesi\u00e1sticos regulares.<\/p>\n\n\n\n\n<p >2. Los destitu\u00eddos de cargo p\u00fablico por juicio pol\u00edtico<br \/>\n        o por el Consejo de la Magistratura; los exclu\u00eddos de la Legislatura por<br \/>\n        resoluci\u00f3n de la misma; los exonerados por causa que le es imputable,<br \/>\n        de la administraci\u00f3n p\u00fablica nacional, provincial o municipal.<\/p>\n\n\n\n\n<p >3. Los incursos en causas previstas en esta Constituci\u00f3n<br \/>\n        y los condenados por delitos dolosos mientras subsistan los efectos jur\u00eddicos<br \/>\n        de la condena a la fecha de la designaci\u00f3n.<\/p>\n\n\n\n\n<p >4. Los fallidos no rehabilitados hasta la fecha de<br \/>\n        la designaci\u00f3n.<\/p>\n\n\n\n\n<p align=\"right\"><a href=\"#ini\" class=\"vinculo\"><img loading=\"lazy\" src=\"\/imagenes\/flecha_subir.gif\" width=\"15\" height=\"16\" border=\"0\"><\/a><\/p>\n\n\n\n\n<p ><a name=\"m240\" class=\"vinculo\"><\/a>I<strong>NAMOVILIDAD E INMUNIDADES<\/strong><\/p>\n\n\n\n\n<p ><strong>Art\u00edculo 199.<\/strong>&#8211; Los magistrados y<br \/>\n        funcionarios judiciales son inamovibles, en consecuencia:<\/p>\n\n\n\n\n<p >1. S\u00f3lo son sancionados, o destitu\u00eddos por:<\/p>\n\n\n\n\n<p >a. Mal desempe\u00f1o de la funci\u00f3n.<\/p>\n\n\n\n\n<p >b. Graves desarreglos de conducta.<\/p>\n\n\n\n\n<p >c. Comisi\u00f3n de delito.<\/p>\n\n\n\n\n<p >d. Violaci\u00f3n a las prohibiciones establecidos en esta<br \/>\n        Constituci\u00f3n o incumplimiento de los deberes fijados en ella o en su reglamentaci\u00f3n.<\/p>\n\n\n\n\n<p >2. Son removidos previa declaraci\u00f3n de ineptitud f\u00edsica<br \/>\n        o ps\u00edquica sobreviniente.<\/p>\n\n\n\n\n<p >3. No son trasladados ni ascendidos sin su previo<br \/>\n        consenti miento expreso.<\/p>\n\n\n\n\n<p >4. No es disminu\u00edda la remuneraci\u00f3n mensual con que<br \/>\n        son retribu\u00eddos, la que deber\u00e1 mantener su valor econ\u00f3mico pero sujeta<br \/>\n        a los aportes previsionales y a los impuestos y contribuciones generales.<\/p>\n\n\n\n\n<p >Tienen las mismas inmunidades de arresto y sometimiento<br \/>\n        a juicio que los legisladores.<\/p>\n\n\n\n\n<p align=\"right\"><a href=\"#ini\" class=\"vinculo\"><img loading=\"lazy\" src=\"\/imagenes\/flecha_subir.gif\" width=\"15\" height=\"16\" border=\"0\"><\/a><\/p>\n\n\n\n\n<p ><a name=\"m241\" class=\"vinculo\"><\/a><strong>DEBERES<\/strong><\/p>\n\n\n\n\n<p ><strong>Art\u00edculo 200.-<\/strong> Son deberes de los<br \/>\n        magistrados y funcionarios judiciales, sin perjuicio de otros que la reglamentaci\u00f3n<br \/>\n        establezca, resolver las causas en los plazos fijados por las leyes procesales,<br \/>\n        con fundamentaci\u00f3n razonada y legal.<\/p>\n\n\n\n\n<p align=\"right\"><a href=\"#ini\" class=\"vinculo\"><img loading=\"lazy\" src=\"\/imagenes\/flecha_subir.gif\" width=\"15\" height=\"16\" border=\"0\"><\/a><\/p>\n\n\n\n\n<p ><a name=\"m242\" class=\"vinculo\"><\/a><strong>PROHIBICIONES<\/strong><\/p>\n\n\n\n\n<p ><strong>Art\u00edculo 201.-<\/strong> Es prohibido a los<br \/>\n        magistrados y funcionarios judiciales:<\/p>\n\n\n\n\n<p >1. Realizar actos que comprometan la imparcialidad<br \/>\n        de sus funciones.<\/p>\n\n\n\n\n<p >2. Participar en pol\u00edtica partidaria.<\/p>\n\n\n\n\n<p >3. Ejercer profesi\u00f3n o empleo, con excepci\u00f3n de la<br \/>\n        docencia o investigaci\u00f3n seg\u00fan la reglamentaci\u00f3n.<\/p>\n\n\n\n\n<p align=\"right\"><a href=\"#ini\" class=\"vinculo\"><img loading=\"lazy\" src=\"\/imagenes\/flecha_subir.gif\" width=\"15\" height=\"16\" border=\"0\"><\/a><\/p>\n\n\n\n\n<p >CAPITULO II<\/p>\n\n\n\n\n<p ><a name=\"m243\" class=\"vinculo\"><\/a><strong>SUPERIOR TRIBUNAL DE JUSTICIA<\/strong><\/p>\n\n\n\n\n<p ><a name=\"m244\" class=\"vinculo\"><\/a><strong>INTEGRACION<\/strong><\/p>\n\n\n\n\n<p ><strong>Art\u00edculo 202.-<\/strong> El Superior Tribunal<br \/>\n        de Justicia se compone de un n\u00famero impar que no es inferior a tres ni<br \/>\n        superior a cinco miembros. Podr\u00e1 aumentarse su n\u00famero o dividirse en salas<br \/>\n        por ley que requerir\u00e1 el voto favorable de los dos tercios del total de<br \/>\n        los integrantes de la Legislatura.<\/p>\n\n\n\n\n<p >Elige anualmente entre sus miembros un presidente.<\/p>\n\n\n\n\n<p align=\"right\"><a href=\"#ini\" class=\"vinculo\"><img loading=\"lazy\" src=\"\/imagenes\/flecha_subir.gif\" width=\"15\" height=\"16\" border=\"0\"><\/a><\/p>\n\n\n\n\n<p ><a name=\"m245\" class=\"vinculo\"><\/a><strong>REQUISITOS<\/strong><\/p>\n\n\n\n\n<p ><strong>Art\u00edculo 203.- <\/strong>Para ser miembro del<br \/>\n        Superior Tribunal de Justicia se requiere:<\/p>\n\n\n\n\n<p >1. Haber cumplido treinta a\u00f1os de edad.<\/p>\n\n\n\n\n<p >2. Ser argentino con diez a\u00f1os de ejercicio de la<br \/>\n        ciudadan\u00eda.<\/p>\n\n\n\n\n<p >3. Tener diez a\u00f1os de ejercicio de la abogac\u00eda, de<br \/>\n        la magistratura judicial o del ministerio p\u00fablico.<\/p>\n\n\n\n\n<p >4. Tener dos a\u00f1os de residencia en la Provincia inmediatos<br \/>\n        anteriores a la designaci\u00f3n.<\/p>\n\n\n\n\n<p align=\"right\"><a href=\"#ini\" class=\"vinculo\"><img loading=\"lazy\" src=\"\/imagenes\/flecha_subir.gif\" width=\"15\" height=\"16\" border=\"0\"><\/a><\/p>\n\n\n\n\n<p ><a name=\"m246\" class=\"vinculo\"><\/a><strong>DESIGNACION<\/strong><\/p>\n\n\n\n\n<p ><strong>Art\u00edculo 204.-<\/strong> Los miembros del Superior<br \/>\n        Tribunal de Justicia son designados por un Consejo integrado por el gobernador<br \/>\n        de la Provincia, tres representantes de los abogados por cada circunscripci\u00f3n<br \/>\n        judicial, electos de igual forma y por igual per\u00edodo que los representantes<br \/>\n        del Consejo de la Magistratura e igual n\u00famero total de legisladores, con<br \/>\n        representaci\u00f3n minoritaria, conforme lo determina la Legislatura. Los<br \/>\n        candidatos son propuestos tanto por el gobernador como por un veinticinco<br \/>\n        por ciento, por lo menos, del total de los miembros del Consejo.<\/p>\n\n\n\n\n<p >El gobernador convoca al Consejo y lo preside, con<br \/>\n        doble voto en caso de empate. La asistencia es carga p\u00fablica. La decisi\u00f3n<br \/>\n        se adopta por simple mayor\u00eda y es cumplimentada por el Poder Ejecutivo.<\/p>\n\n\n\n\n<p >Tambi\u00e9n compete al Consejo expedirse sobre la renuncia<br \/>\n        de los integrantes del Superior Tribunal de Justicia.<\/p>\n\n\n\n\n<p >La ley reglamenta la organizaci\u00f3n y funcionamiento<br \/>\n        del Consejo.<\/p>\n\n\n\n\n<p align=\"right\"><a href=\"#ini\" class=\"vinculo\"><img loading=\"lazy\" src=\"\/imagenes\/flecha_subir.gif\" width=\"15\" height=\"16\" border=\"0\"><\/a><\/p>\n\n\n\n\n<p ><a name=\"m247\" class=\"vinculo\"><\/a><strong>DESTITUCION<\/strong><\/p>\n\n\n\n\n<p ><strong>Art\u00edculo 205.-<\/strong> Los miembros del Superior<br \/>\n        Tribunal de Justicia son destitu\u00eddos por las causales previstas en el<br \/>\n        Cap\u00edtulo Primero y con las formas dispuestas para el juicio pol\u00edtico.<\/p>\n\n\n\n\n<p align=\"right\"><a href=\"#ini\" class=\"vinculo\"><img loading=\"lazy\" src=\"\/imagenes\/flecha_subir.gif\" width=\"15\" height=\"16\" border=\"0\"><\/a><\/p>\n\n\n\n\n<p ><a name=\"m248\" class=\"vinculo\"><\/a><strong>ATRIBUCIONES<\/strong><\/p>\n\n\n\n\n<p ><strong>Art\u00edculo 206.-<\/strong> El Superior Tribunal<br \/>\n        de Justicia tiene las si guientes facultades y deberes:<\/p>\n\n\n\n\n<p >1. Representa al Poder Judicial y dicta el reglamento<br \/>\n        interno atendiendo a los principios de celeridad, eficiencia y descentralizaci\u00f3n.<\/p>\n\n\n\n\n<p >2. Ejerce la superintendencia de la administraci\u00f3n<br \/>\n        de justicia, sin perjuicio de la intervenci\u00f3n del ministerio p\u00fablico y<br \/>\n        de la delegaci\u00f3n que establezca respecto de los tribunales inferiores<br \/>\n        de cada circunscripci\u00f3n.<\/p>\n\n\n\n\n<p >3. Designa los miembros que lo representan en los<br \/>\n        cuerpos previstos en esta Constituci\u00f3n y en las leyes.<\/p>\n\n\n\n\n<p >4. Ejerce el derecho de iniciativa en materia judicial,<br \/>\n        pudiendo designar un miembro para que concurra al seno de las comisiones<br \/>\n        legislativas para fundamentar los proyectos y brindar informes.<\/p>\n\n\n\n\n<p >5. Informa anualmente al Poder Legislativo sobre la<br \/>\n        actividad de los tribunales.<\/p>\n\n\n\n\n<p >6. Inspecciona peri\u00f3dicamente los tribunales y supervisa<br \/>\n        con los dem\u00e1s jueces las c\u00e1rceles provinciales.<\/p>\n\n\n\n\n<p >7. Impone a magistrados y funcionarios sanciones de<br \/>\n        prevenci\u00f3n o apercibimiento, con resguardo del derecho de defensa. Cuando<br \/>\n        considera que la falta probada puede requerir una sanci\u00f3n mayor, remite<br \/>\n        lo actuado al Consejo de la Magistratura.<\/p>\n\n\n\n\n<p >8. Crea el instituto para la formaci\u00f3n y perfeccionamiento<br \/>\n        de magistrados y funcionarios judiciales, con reglamentaci\u00f3n de funcionamiento.<\/p>\n\n\n\n\n<p align=\"right\"><a href=\"#ini\" class=\"vinculo\"><img loading=\"lazy\" src=\"\/imagenes\/flecha_subir.gif\" width=\"15\" height=\"16\" border=\"0\"><\/a><\/p>\n\n\n\n\n<p ><a name=\"m249\" class=\"vinculo\"><\/a><strong>COMPETENCIA<\/strong><\/p>\n\n\n\n\n<p ><strong>Art\u00edculo 207.- <\/strong>El Superior Tribunal<br \/>\n        de Justicia tiene, en lo jurisdiccional, las siguientes atribuciones:<\/p>\n\n\n\n\n<p >1. Ejerce la jurisdicci\u00f3n originaria y de apelaci\u00f3n<br \/>\n        para conocer y resolver acerca de la constitucionalidad o inconstitucionalidad<br \/>\n        de las normas que estatuyan sobre materias regidas por esta Constituci\u00f3n<br \/>\n        y que se controviertan por parte interesada. En la v\u00eda originaria podr\u00e1<br \/>\n        promoverse la acci\u00f3n sin lesi\u00f3n actual.<\/p>\n\n\n\n\n<p >2. Ejerce jurisdicci\u00f3n originaria y exclusiva en los<br \/>\n        siguientes casos:<\/p>\n\n\n\n\n<p >a. En las causas que le fueran sometidas sobre competencia<br \/>\n        y facultades entre poderes p\u00fablicos o entre tribunales inferiores, salvo<br \/>\n        que \u00e9stos tengan otro superior com\u00fan.<\/p>\n\n\n\n\n<p >b. En los conflictos de poderes de los municipios,<br \/>\n        entre distintos municipios o entre \u00e9stos con autoridades de la Provincia.<\/p>\n\n\n\n\n<p >c. En los recursos de revisi\u00f3n.<\/p>\n\n\n\n\n<p >d. En las acciones por incumplimiento en el dictado<br \/>\n        de una norma que impone un deber concreto al Estado Provincial o a los<br \/>\n        municipios, la demanda puede ser ejercida -exenta de cargos fiscales-<br \/>\n        por quien se sienta afectado en su derecho individual o colectivo. El<br \/>\n        Superior Tribunal de Justicia fija el plazo para que se subsane la omisi\u00f3n.<br \/>\n        En el supuesto de incumplimiento, integra el orden normativo resolviendo<br \/>\n        el caso con efecto limitado al mismo y, de no ser posible, determina el<br \/>\n        monto del resarcimiento a cargo del Estado conforme al perjuicio indemnizable<br \/>\n        que se acredite.<\/p>\n\n\n\n\n<p >3. Ejerce jurisdicci\u00f3n como tribunal de \u00faltima instancia<br \/>\n        en los recursos que se deduzcan contra los fallos de los dem\u00e1s tribunales<br \/>\n        inferiores, acordados en las leyes de procedimiento.<\/p>\n\n\n\n\n<p align=\"right\"><a href=\"#ini\" class=\"vinculo\"><img loading=\"lazy\" src=\"\/imagenes\/flecha_subir.gif\" width=\"15\" height=\"16\" border=\"0\"><\/a><\/p>\n\n\n\n\n<p ><a name=\"m250\" class=\"vinculo\"><\/a><strong>ABROGACION<\/strong><\/p>\n\n\n\n\n<p ><strong>Art\u00edculo 208.-<\/strong> Cuando el Superior<br \/>\n        Tribunal de Justicia, en juicio contencioso, declara por unanimidad y<br \/>\n        por tercera vez la inconstitucionalidad de un precepto materia de litigio<br \/>\n        contenido en una norma provincial o municipal puede, en resoluci\u00f3n expresa<br \/>\n        dictada por separado, declarar abrogada la vigencia de la norma inconstitucional<br \/>\n        que deja de ser obligatoria a partir de su publicaci\u00f3n oficial.<\/p>\n\n\n\n\n<p >Si la regla en cuesti\u00f3n fuere una ley, el Superior<br \/>\n        Tribunal de Justicia debe dirigirse a la Legislatura a fin de que proceda<br \/>\n        a eliminar su oposici\u00f3n con la norma superior. Se produce la derogaci\u00f3n<br \/>\n        autom\u00e1tica de no adoptarse aquella decisi\u00f3n en el t\u00e9rmino de seis meses<br \/>\n        de recibida la comunicaci\u00f3n del Superior Tribunal de Justicia quien ordena<br \/>\n        la publicaci\u00f3n del fallo.<\/p>\n\n\n\n\n<p align=\"right\"><a href=\"#ini\" class=\"vinculo\"><img loading=\"lazy\" src=\"\/imagenes\/flecha_subir.gif\" width=\"15\" height=\"16\" border=\"0\"><\/a><\/p>\n\n\n\n\n<p >CAPITULO III<\/p>\n\n\n\n\n<p ><a name=\"m251\" class=\"vinculo\"><\/a><strong>TRIBUNALES DE GRADO<\/strong><\/p>\n\n\n\n\n<p ><a name=\"m252\" class=\"vinculo\"><\/a><strong>ORGANIZACION Y COMPETENCIA<\/strong><\/p>\n\n\n\n\n<p ><strong>Art\u00edculo 209.-<\/strong> La ley determina la<br \/>\n        organizaci\u00f3n y competencia de las c\u00e1maras, tribunales y juzgados dividiendo<br \/>\n        a la Provincia en circunscripciones judiciales.<\/p>\n\n\n\n\n<p >Los jueces del trabajo tienen competencia contencioso-administrativa<br \/>\n        en materia laboral.<\/p>\n\n\n\n\n<p align=\"right\"><a href=\"#ini\" class=\"vinculo\"><img loading=\"lazy\" src=\"\/imagenes\/flecha_subir.gif\" width=\"15\" height=\"16\" border=\"0\"><\/a><\/p>\n\n\n\n\n<p ><a name=\"m253\" class=\"vinculo\"><\/a><strong>REQUISITOS<\/strong><\/p>\n\n\n\n\n<p ><strong>Art\u00edculo 210.-<\/strong> Para ser juez se requiere:<\/p>\n\n\n\n\n<p >1. Haber cumplido treinta a\u00f1os de edad.<\/p>\n\n\n\n\n<p >2. Ser argentino con cinco a\u00f1os de ejercicio de la<br \/>\n        ciudadan\u00eda.<\/p>\n\n\n\n\n<p >3. Tener dos a\u00f1os de residencia en la Provincia, inmediatos<br \/>\n        anteriores a la designaci\u00f3n.<\/p>\n\n\n\n\n<p >4. Tener, cuando menos, cinco a\u00f1os de ejercicio como<br \/>\n        abogado, magistrado o funcionario judicial.<\/p>\n\n\n\n\n<p >En la Justicia Especial Letrada, si no hubiere postulantes<br \/>\n        con los requisitos se\u00f1alados, la ley fija las condiciones para acceder<br \/>\n        al cargo.<\/p>\n\n\n\n\n<p align=\"right\"><a href=\"#ini\" class=\"vinculo\"><img loading=\"lazy\" src=\"\/imagenes\/flecha_subir.gif\" width=\"15\" height=\"16\" border=\"0\"><\/a><\/p>\n\n\n\n\n<p ><a name=\"m254\" class=\"vinculo\"><\/a><strong>DESIGNACION &#8211; REMOCION<\/strong><\/p>\n\n\n\n\n<p ><strong>Art\u00edculo 211.- <\/strong>Los jueces son designados<br \/>\n        y destitu\u00eddos por el Consejo de la Magistratura. La decisi\u00f3n es cumplimentada<br \/>\n        por el Superior Tribunal de Justicia.<\/p>\n\n\n\n\n<p align=\"right\"><a href=\"#ini\" class=\"vinculo\"><img loading=\"lazy\" src=\"\/imagenes\/flecha_subir.gif\" width=\"15\" height=\"16\" border=\"0\"><\/a><\/p>\n\n\n\n\n<p ><a name=\"m255\" class=\"vinculo\"><\/a><strong>JUSTICIA ESPECIAL LETRADA<\/strong><\/p>\n\n\n\n\n<p ><strong>Art\u00edculo 212-<\/strong> La Justicia Especial<br \/>\n        Letrada se organiza bajo un sistema descentralizado, con competencia para<br \/>\n        la atenci\u00f3n de asuntos de menor cuant\u00eda en lo Civil, Comercial y Laboral,<br \/>\n        y dem\u00e1s cuestiones que la ley asigna.<\/p>\n\n\n\n\n<p align=\"right\"><a href=\"#ini\" class=\"vinculo\"><img loading=\"lazy\" src=\"\/imagenes\/flecha_subir.gif\" width=\"15\" height=\"16\" border=\"0\"><\/a><\/p>\n\n\n\n\n<p ><a name=\"m256\" class=\"vinculo\"><\/a><strong>JUSTICIA ELECTORAL<\/strong><\/p>\n\n\n\n\n<p ><strong>Art\u00edculo 213.- <\/strong>La Justicia Electoral<br \/>\n        tiene la estructura, competencia y atribuciones que la ley establece y<br \/>\n        entre otras, las siguientes:<\/p>\n\n\n\n\n<p >1. Confecciona los padrones electorales.<\/p>\n\n\n\n\n<p >2. Oficializa las candidaturas y boletas que se utilizan<br \/>\n        en los comicios, decidiendo en caso de impugnaci\u00f3n si concurren en los<br \/>\n        candidatos y electos los requisitos legales.<\/p>\n\n\n\n\n<p >3. Designa los miembros de las mesas receptoras de<br \/>\n        votos y dispone lo necesario a la organizaci\u00f3n y funcionamiento de los<br \/>\n        comicios.<\/p>\n\n\n\n\n<p >4. Practica los escrutinios definitivos, en acto p\u00fablico.<\/p>\n\n\n\n\n<p >5. Proclama a los electos y determina los suplentes.<\/p>\n\n\n\n\n<p >6. Juzga la validez de las elecciones.<\/p>\n\n\n\n\n<p align=\"right\"><a href=\"#ini\" class=\"vinculo\"><img loading=\"lazy\" src=\"\/imagenes\/flecha_subir.gif\" width=\"15\" height=\"16\" border=\"0\"><\/a><\/p>\n\n\n\n\n<p ><a name=\"m257\" class=\"vinculo\"><\/a><strong>JUSTICIA DE PAZ<\/strong><\/p>\n\n\n\n\n<p ><strong>Art\u00edculo 214.-<\/strong> En los municipios<br \/>\n        y comunas se organizan Juzgados de Paz para la soluci\u00f3n de cuestiones<br \/>\n        menores o vecinales, contravenciones y faltas provinciales que sustancian<br \/>\n        con procedimiento verbal, sumar\u00edsimo, gratuito y de caracter\u00edsticas arbitrales.<\/p>\n\n\n\n\n<p >Hasta tanto los municipios y comunas no instrumenten<br \/>\n        \u00f3rganos espec\u00edficos, los jueces de paz conocen tambi\u00e9n en materia de contravenciones<br \/>\n        o faltas comunales.<\/p>\n\n\n\n\n<p >La ley determina las calidades requeridas para el<br \/>\n        nombramiento de los jueces de paz as\u00ed como el sistema de designaciones<br \/>\n        y destituciones, superintendencia y r\u00e9gimen disciplinario.<\/p>\n\n\n\n\n<p align=\"right\"><a href=\"#ini\" class=\"vinculo\"><img loading=\"lazy\" src=\"\/imagenes\/flecha_subir.gif\" width=\"15\" height=\"16\" border=\"0\"><\/a><\/p>\n\n\n\n\n<p >CAPITULO IV<\/p>\n\n\n\n\n<p ><a name=\"m258\" class=\"vinculo\"><\/a><strong>MINISTERIO PUBLICO<\/strong><\/p>\n\n\n\n\n<p ><a name=\"m259\" class=\"vinculo\"><\/a><strong>ORGANIZACION<\/strong><\/p>\n\n\n\n\n<p ><strong>Art\u00edculo 215.- <\/strong>El ministerio p\u00fablico<br \/>\n        forma parte del Poder Judicial, con autonom\u00eda funcional. Est\u00e1 integrado<br \/>\n        por un Procurador General y por los dem\u00e1s funcionarios que de \u00e9l<\/p>\n\n\n\n\n<p >dependen de acuerdo a la ley. Ejerce sus funciones<br \/>\n        con arreglo a los principios de legalidad, imparcialidad, unidad de actuaci\u00f3n<br \/>\n        y dependencia jer\u00e1rquica en todo el territorio provincial.<\/p>\n\n\n\n\n<p >El Procurador General fija las pol\u00edticas de persecuci\u00f3n<br \/>\n        penal y expide instrucciones generales conforme al p\u00e1rrafo anterior.<\/p>\n\n\n\n\n<p >Tiene a su cargo la superintendencia del ministerio<br \/>\n        p\u00fablico.<\/p>\n\n\n\n\n<p align=\"right\"><a href=\"#ini\" class=\"vinculo\"><img loading=\"lazy\" src=\"\/imagenes\/flecha_subir.gif\" width=\"15\" height=\"16\" border=\"0\"><\/a><\/p>\n\n\n\n\n<p ><a name=\"m260\" class=\"vinculo\"><\/a><strong>REQUISITOS<\/strong><\/p>\n\n\n\n\n<p ><strong>Art\u00edculo 216.-<\/strong> El Procurador General<br \/>\n        debe reunir las condiciones exigidas para ser miembro del Superior Tribunal<br \/>\n        de Justicia.<\/p>\n\n\n\n\n<p >Los dem\u00e1s funcionarios del ministerio p\u00fablico requieren<br \/>\n        para ser designados:<\/p>\n\n\n\n\n<p >1. Haber cumplido veinticinco a\u00f1os de edad.<\/p>\n\n\n\n\n<p >2. Ser argentino con cinco a\u00f1os de ejercicio de la<br \/>\n        ciudadan\u00eda.<\/p>\n\n\n\n\n<p >3. Tener dos a\u00f1os de residencia en la Provincia inmediatos<br \/>\n        anteriores a la designaci\u00f3n.<\/p>\n\n\n\n\n<p >4. Tener tres a\u00f1os de ejercicio como abogado, magistrado<br \/>\n        o funcionario judicial.<\/p>\n\n\n\n\n<p align=\"right\"><a href=\"#ini\" class=\"vinculo\"><img loading=\"lazy\" src=\"\/imagenes\/flecha_subir.gif\" width=\"15\" height=\"16\" border=\"0\"><\/a><\/p>\n\n\n\n\n<p ><a name=\"m261\" class=\"vinculo\"><\/a><strong>DESIGNACION Y REMOCION<\/strong><\/p>\n\n\n\n\n<p ><strong>Art\u00edculo 217.-<\/strong> El Procurador General<br \/>\n        es designado por el Consejo rido en el Art. 204o y destitu\u00eddo por<br \/>\n        el procedimiento del juicio pol\u00edtico, por las causales establecidas en<br \/>\n        el Cap\u00edtulo Primero.<\/p>\n\n\n\n\n<p >Los dem\u00e1s funcionarios del ministerio p\u00fablico son<br \/>\n        nombrados, sancionados y destitu\u00eddos de acuerdo al Art. 222o, por iguales<br \/>\n        causales.<\/p>\n\n\n\n\n<p align=\"right\"><a href=\"#ini\" class=\"vinculo\"><img loading=\"lazy\" src=\"\/imagenes\/flecha_subir.gif\" width=\"15\" height=\"16\" border=\"0\"><\/a><\/p>\n\n\n\n\n<p ><a name=\"m262\" class=\"vinculo\"><\/a><strong>FUNCIONES<\/strong><\/p>\n\n\n\n\n<p ><strong>Art\u00edculo 218.-<\/strong> El ministerio p\u00fablico<br \/>\n        tiene las siguientes funciones:<\/p>\n\n\n\n\n<p >1. Prepara y promueve la acci\u00f3n judicial en defensa<br \/>\n        del inter\u00e9s p\u00fablico y los derechos de las personas.<\/p>\n\n\n\n\n<p >2. Promueve y ejercita la acci\u00f3n penal p\u00fablica, sin<br \/>\n        perjuicio de los derechos que las leyes acuerdan a otros funcionarios<br \/>\n        y particulares.<\/p>\n\n\n\n\n<p >3. Asesora, representa y defiende a los menores, incapaces,<br \/>\n        pobres y ausentes.<\/p>\n\n\n\n\n<p >4. Custodia la jurisdicci\u00f3n y competencia de los tribunales,<br \/>\n        la eficiente prestaci\u00f3n del servicio de justicia y procura ante aquellos,<br \/>\n        la satisfacci\u00f3n del inter\u00e9s social.<\/p>\n\n\n\n\n<p >5. Las dem\u00e1s funciones que la ley le asigna.<\/p>\n\n\n\n\n<p align=\"right\"><a href=\"#ini\" class=\"vinculo\"><img loading=\"lazy\" src=\"\/imagenes\/flecha_subir.gif\" width=\"15\" height=\"16\" border=\"0\"><\/a><\/p>\n\n\n\n\n<p ><a name=\"m263\" class=\"vinculo\"><\/a><strong>ASISTENCIA<\/strong><\/p>\n\n\n\n\n<p ><strong>Art\u00edculo 219.- <\/strong>Los funcionarios del<br \/>\n        ministerio p\u00fablico visitan regularmente las ciudades, pueblos y parajes<br \/>\n        alejados, para asistir legalmente a los menores y a las personas necesitadas.<br \/>\n        La ley instrumenta los medios.<\/p>\n\n\n\n\n<p align=\"right\"><a href=\"#ini\" class=\"vinculo\"><img loading=\"lazy\" src=\"\/imagenes\/flecha_subir.gif\" width=\"15\" height=\"16\" border=\"0\"><\/a><\/p>\n\n\n\n\n<p >CAPITULO V<\/p>\n\n\n\n\n<p ><a name=\"m264\" class=\"vinculo\"><\/a><strong>CONSEJO DE LA MAGISTRATURA<\/strong><\/p>\n\n\n\n\n<p ><a name=\"m265\" class=\"vinculo\"><\/a><strong>COMPOSICION &#8211; FUNCIONAMIENTO<\/strong><\/p>\n\n\n\n\n<p ><strong>Art\u00edculo 220.-<\/strong> El Consejo de la Magistratura<br \/>\n        se integra con el presidente del Superior Tribunal de Justicia, el Procurador<br \/>\n        General o un presidente de c\u00e1mara o tribunal del fuero o circunscripci\u00f3n<br \/>\n        judicial que corresponda al asunto en consideraci\u00f3n seg\u00fan lo determina<br \/>\n        la ley; tres legisladores y tres representantes de los abogados de la<br \/>\n        circunscripci\u00f3n respectiva. Para elegir jueces especiales letrados, lo<br \/>\n        integra un presidente de C\u00e1mara Civil.<\/p>\n\n\n\n\n<p >El Presidente del Superior Tribunal de Justicia convoca<br \/>\n        al Consejo, lo preside con doble voto en caso de empate. La asistencia<br \/>\n        es carga p\u00fablica. Las resoluciones se aprueban por mayor\u00eda simple de votos.<br \/>\n        Las sesiones se realizan en el asiento de la circunscripci\u00f3n judicial<br \/>\n        interesada.<\/p>\n\n\n\n\n<p align=\"right\"><a href=\"#ini\" class=\"vinculo\"><img loading=\"lazy\" src=\"\/imagenes\/flecha_subir.gif\" width=\"15\" height=\"16\" border=\"0\"><\/a><\/p>\n\n\n\n\n<p ><a name=\"m266\" class=\"vinculo\"><\/a><strong>ELECCION DE LOS MIEMBROS<\/strong><\/p>\n\n\n\n\n<p ><strong>Art\u00edculo 221.-<\/strong> Los miembros del Consejo<br \/>\n        de la Magistratura son elegidos de la siguiente forma:<\/p>\n\n\n\n\n<p >1. Los legisladores en la forma que determina la Legislatura.<\/p>\n\n\n\n\n<p >2. Los abogados, mediante elecci\u00f3n \u00fanica, directa,<br \/>\n        secreta y con representaci\u00f3n de la minor\u00eda, en forma peri\u00f3dica y rotativa,<br \/>\n        entre los inscriptos y habilitados para el ejercicio de la profesi\u00f3n,<br \/>\n        con residencia habitual en la circunscripci\u00f3n, bajo el control de la instituci\u00f3n<br \/>\n        legal profesional de abogados de la circunscripci\u00f3n respectiva, conforme<br \/>\n        a la reglamentaci\u00f3n legal.<\/p>\n\n\n\n\n<p align=\"right\"><a href=\"#ini\" class=\"vinculo\"><img loading=\"lazy\" src=\"\/imagenes\/flecha_subir.gif\" width=\"15\" height=\"16\" border=\"0\"><\/a><\/p>\n\n\n\n\n<p ><a name=\"m267\" class=\"vinculo\"><\/a><strong>FUNCIONES<\/strong><\/p>\n\n\n\n\n<p ><strong>Art\u00edculo 222.-<\/strong> El Consejo de la Magistratura<br \/>\n        tiene las siguientes funciones:<\/p>\n\n\n\n\n<p >1. Juzga en instancia \u00fanica y sin recurso, en los<br \/>\n        concursos para el nombramiento de magistrados y funcionarios judiciales<br \/>\n        y los designa. La ley fija el procedimiento que favorezca la igualdad<br \/>\n        de oportunidades y la selecci\u00f3n por idoneidad de los postulantes.<\/p>\n\n\n\n\n<p >2. Recibe denuncias por las causales ridas en<br \/>\n        el Cap\u00edtulo Primero de esta Secci\u00f3n, sobre el desempe\u00f1o de magistrados<br \/>\n        y funcionarios judiciales no pasibles de ser sometidos a juicio pol\u00edtico.<br \/>\n        Instruye el sumario a trav\u00e9s de uno o m\u00e1s de sus miembros, con garant\u00eda<br \/>\n        del derecho de defensa, y conforme a la ley que lo reglamente. Puede suspender<br \/>\n        preventivamente al acusado, por plazo \u00fanico e improrrogable.<\/p>\n\n\n\n\n<p >3. Aplica sanciones definitivas, con suspensi\u00f3n en<br \/>\n        el cargo conforme la reglamentaci\u00f3n legal.<\/p>\n\n\n\n\n<p >4. Declara previo juicio oral y p\u00fablico por el procedimiento<br \/>\n        que la ley determina, la destituci\u00f3n del acusado y en su caso, la inhabilidad<br \/>\n        para ejercer cargos p\u00fablicos, sin perjuicio de las penas que puedan corresponderle<br \/>\n        por la justicia ordinaria.<\/p>\n\n\n\n\n<p align=\"right\"><a href=\"#ini\" class=\"vinculo\"><img loading=\"lazy\" src=\"\/imagenes\/flecha_subir.gif\" width=\"15\" height=\"16\" border=\"0\"><\/a><\/p>\n\n\n\n\n<p >CAPITULO VI<\/p>\n\n\n\n\n<p ><a name=\"m268\" class=\"vinculo\"><\/a><strong>IMPERIO DE SUS FALLOS &#8211;<br \/>\n        POLICIA JUDICIAL<\/strong><\/p>\n\n\n\n\n<p ><strong>Art\u00edculo 223.- <\/strong>El Poder Judicial<br \/>\n        dispone de la fuerza p\u00fablica para la ejecuci\u00f3n de sus decisiones. Las<br \/>\n        autoridades deben prestar inmediata colaboraci\u00f3n a los jueces y funcionarios<br \/>\n        judiciales.<\/p>\n\n\n\n\n<p >Organiza la polic\u00eda judicial con capacitaci\u00f3n t\u00e9cnica<br \/>\n        para la investigaci\u00f3n y participaci\u00f3n en los procedimientos.<\/p>\n\n\n\n\n<p align=\"right\"><a href=\"#ini\" class=\"vinculo\"><img loading=\"lazy\" src=\"\/imagenes\/flecha_subir.gif\" width=\"15\" height=\"16\" border=\"0\"><\/a><\/p>\n\n\n\n\n<p >CAPITULO VII<\/p>\n\n\n\n\n<p ><a name=\"m269\" class=\"vinculo\"><\/a><strong>AUTARQUIA PRESUPUESTARIA<\/strong><\/p>\n\n\n\n\n<p ><strong>Art\u00edculo 224.-<\/strong> El Poder Judicial<br \/>\n        formula su proyecto de presupuesto y lo env\u00eda a los otros dos Poderes.<br \/>\n        Dispone directamente de los cr\u00e9ditos del mismo. Fija las retribuciones.<br \/>\n        Nombra y remueve a sus empleados, conforme a la ley.<\/p>\n\n\n\n\n<p align=\"right\"><a href=\"#ini\" class=\"vinculo\"><img loading=\"lazy\" src=\"\/imagenes\/flecha_subir.gif\" width=\"15\" height=\"16\" border=\"0\"><\/a><\/p>\n\n\n\n\n<p >SECCION SEXTA<\/p>\n\n\n\n\n<p ><a name=\"m270\" class=\"vinculo\"><\/a><strong>PODER MUNICIPAL<\/strong><\/p>\n\n\n\n\n<p >CAPITULO I<\/p>\n\n\n\n\n<p ><a name=\"m271\" class=\"vinculo\"><\/a><strong>REGIMEN MUNICIPAL<\/strong><\/p>\n\n\n\n\n<p ><a name=\"m272\" class=\"vinculo\"><\/a><strong>AUTONOMIA<\/strong><\/p>\n\n\n\n\n<p ><strong>Art\u00edculo 225.- <\/strong>Esta Constituci\u00f3n<br \/>\n        reconoce la existencia del Municipio como una comunidad natural, c\u00e9lula<br \/>\n        originaria y fundamental de la organizaci\u00f3n pol\u00edtica e institucional de<br \/>\n        la sociedad fundada en la convivencia. Asegura el r\u00e9gimen municipal basado<br \/>\n        en su autonom\u00eda pol\u00edtica, administrativa y econ\u00f3mica. Aquellos que dictan<br \/>\n        su propia Carta Org\u00e1nica municipal gozan adem\u00e1s de autonom\u00eda institucional.<\/p>\n\n\n\n\n<p >La Provincia no puede vulnerar la autonom\u00eda municipal<br \/>\n        consagrada en esta Constituci\u00f3n y, en caso de superposici\u00f3n o normativa<br \/>\n        contradictoria inferior a la Constituci\u00f3n, prevalece la legislaci\u00f3n del<br \/>\n        Municipio en materia espec\u00edficamente comunal.<\/p>\n\n\n\n\n<p >Solamente pueden intervenirse por ley en caso de acefal\u00eda<br \/>\n        total o cuando expresamente lo prevea la Carta Org\u00e1nica. En el supuesto<br \/>\n        de acefal\u00eda total debe el interventor disponer el llamado a elecciones<br \/>\n        conforme lo establece la Carta Org\u00e1nica o en su defecto la ley.<\/p>\n\n\n\n\n<p align=\"right\"><a href=\"#ini\" class=\"vinculo\"><img loading=\"lazy\" src=\"\/imagenes\/flecha_subir.gif\" width=\"15\" height=\"16\" border=\"0\"><\/a><\/p>\n\n\n\n\n<p ><a name=\"m273\" class=\"vinculo\"><\/a><strong>MUNICIPIOS<\/strong><\/p>\n\n\n\n\n<p ><strong>Art\u00edculo 226.<\/strong>&#8211; Toda poblaci\u00f3n con<br \/>\n        asentamiento estable de m\u00e1s de dos mil habitantes constituye un Municipio.<\/p>\n\n\n\n\n<p ><a name=\"m274\" class=\"vinculo\"><\/a><strong>LIMITES &#8211; EJIDOS COLINDANTES<\/strong><\/p>\n\n\n\n\n<p ><strong>Art\u00edculo 227.- <\/strong>La Legislatura determina<br \/>\n        los l\u00edmites territoriales de cada Municipio, tendiendo a establecer el<br \/>\n        sistema de ejidos colindantes sobre la base de la proximidad geogr\u00e1fica<br \/>\n        y posibilidad efectiva de brindar servicios municipales.<\/p>\n\n\n\n\n<p >Toda modificaci\u00f3n ulterior de los l\u00edmites se hace<br \/>\n        por ley con la conformidad otorgada por rendum popular: En caso de<br \/>\n        anexiones, por los electores de los municipios interesados y en caso de<br \/>\n        segregaciones, por los electores de la zona que se segregase.<\/p>\n\n\n\n\n<p align=\"right\"><a href=\"#ini\" class=\"vinculo\"><img loading=\"lazy\" src=\"\/imagenes\/flecha_subir.gif\" width=\"15\" height=\"16\" border=\"0\"><\/a><\/p>\n\n\n\n\n<p ><a name=\"m275\" class=\"vinculo\"><\/a><strong>CARTA ORGANICA<\/strong><\/p>\n\n\n\n\n<p ><strong>Art\u00edculo 228.<\/strong>&#8211; Los Municipios dictan<br \/>\n        su Carta Org\u00e1nica para el propio gobierno conforme a esta Constituci\u00f3n,<br \/>\n        que asegura b\u00e1sicamente:<\/p>\n\n\n\n\n<p >1. Los principios del r\u00e9gimen representativo y democr\u00e1tico.<\/p>\n\n\n\n\n<p >2. La elecci\u00f3n directa con representaci\u00f3n proporcional<br \/>\n        en los cuerpos colegiados.<\/p>\n\n\n\n\n<p >3. El procedimiento para su reforma.<\/p>\n\n\n\n\n<p >4. El derecho de consulta, iniciativa, rendum,<br \/>\n        plebiscito y revocatoria de mandato.<\/p>\n\n\n\n\n<p >5. Un sistema de contralor de las cuentas p\u00fablicas.<\/p>\n\n\n\n\n<p >6. La nacionalidad argentina de los miembros del gobierno<br \/>\n        municipal.<\/p>\n\n\n\n\n<p >La Carta Org\u00e1nica es dictada por una Convenci\u00f3n Municipal<br \/>\n        convocada al efecto, compuesta por quince miembros elegidos seg\u00fan el sistema<br \/>\n        de representaci\u00f3n proporcional.<\/p>\n\n\n\n\n<p >Para ser convencional, se requieren las mismas calidades<br \/>\n        que para ser concejal, con id\u00e9nticos derechos y sujeto a iguales incompatibilidades<br \/>\n        e inhabilidades.<\/p>\n\n\n\n\n<p align=\"right\"><a href=\"#ini\" class=\"vinculo\"><img loading=\"lazy\" src=\"\/imagenes\/flecha_subir.gif\" width=\"15\" height=\"16\" border=\"0\"><\/a><\/p>\n\n\n\n\n<p ><a name=\"m276\" class=\"vinculo\"><\/a><strong>ATRIBUCIONES<\/strong><\/p>\n\n\n\n\n<p ><strong>Art\u00edculo 229.-<\/strong> El Municipio tiene<br \/>\n        las siguientes facultades y deberes:<\/p>\n\n\n\n\n<p >1. Convoca los comicios para la elecci\u00f3n de sus autoridades.<\/p>\n\n\n\n\n<p >2. Convoca a consulta, iniciativa, rendum, plebiscito<br \/>\n        y revocatoria de mandato.<\/p>\n\n\n\n\n<p >3. Confecciona y aprueba su presupuesto de gastos<br \/>\n        y c\u00e1lculo de recursos.<\/p>\n\n\n\n\n<p >4. Designa y remueve a su personal.<\/p>\n\n\n\n\n<p >5. Declara de utilidad p\u00fablica a los fines de expropiaci\u00f3n,<br \/>\n        los bienes que considere necesarios, con derecho de iniciativa para gestionar<br \/>\n        la sanci\u00f3n de la ley.<\/p>\n\n\n\n\n<p >6. Adquiere, administra, grava y enajena sus bienes<br \/>\n        conforme a la ley o norma municipal.<\/p>\n\n\n\n\n<p >7. Contrae empr\u00e9stitos con destino determinado, previa<br \/>\n        aprobaci\u00f3n con el voto de los dos tercios de los miembros del cuerpo deliberativo.<br \/>\n        En ning\u00fan caso los servicios de la totalidad de los empr\u00e9stitos pueden<br \/>\n        afectar m\u00e1s del veinticinco por ciento de los recursos anuales ordinarios.<\/p>\n\n\n\n\n<p >8. Participa con fines de utilidad com\u00fan en la actividad<br \/>\n        econ\u00f3mica; crea y promueve empresas p\u00fablicas y mixtas, entes vecinales,<br \/>\n        cooperativas, consorcios de vecinos y toda forma de integraci\u00f3n de los<br \/>\n        usuarios en la prestaci\u00f3n de servicios y construcci\u00f3n de obras.<\/p>\n\n\n\n\n<p >9. Participa activamente en las \u00e1reas de salud, educaci\u00f3n<br \/>\n        y vivienda; y en los organismos de similar finalidad y otros de inter\u00e9s<br \/>\n        municipal dentro de su jurisdicci\u00f3n y en los de competencia regional y<br \/>\n        provincial.<\/p>\n\n\n\n\n<p >10. Forma los organismos intermunicipales de coordinaci\u00f3n<br \/>\n        y cooperaci\u00f3n para la realizaci\u00f3n de obras y la prestaci\u00f3n de servicios<br \/>\n        p\u00fablicos comunes.<\/p>\n\n\n\n\n<p >11. Elabora planes reguladores o de remodelaci\u00f3n integral<br \/>\n        que satisfagan las necesidades presentes y las previsiones de su crecimiento.<\/p>\n\n\n\n\n<p >12. Organiza y reglamenta el uso del suelo de acuerdo<br \/>\n        a los principios de esta Constituci\u00f3n.<\/p>\n\n\n\n\n<p >13. Municipaliza los servicios p\u00fablicos locales que<br \/>\n        estime conveniente.<\/p>\n\n\n\n\n<p >14. Interviene en el adecuado abastecimiento de la<br \/>\n        poblaci\u00f3n.<\/p>\n\n\n\n\n<p >15. Ejerce el poder de polic\u00eda e impone sanciones<br \/>\n        en materias de su competencia.<\/p>\n\n\n\n\n<p >16. Ejerce en los lugares transferidos por cualquier<br \/>\n        t\u00edtulo al gobierno nacional o al provincial, las atribuciones que no obstaculicen<br \/>\n        el cumplimiento de los objetivos de utilidad nacional o provincial.<\/p>\n\n\n\n\n<p >17. Las necesarias para poner en ejercicio las enumeradas<br \/>\n        y las ridas a su propia organizaci\u00f3n y funcionamiento.<\/p>\n\n\n\n\n<p align=\"right\"><a href=\"#ini\" class=\"vinculo\"><img loading=\"lazy\" src=\"\/imagenes\/flecha_subir.gif\" width=\"15\" height=\"16\" border=\"0\"><\/a><\/p>\n\n\n\n\n<p ><a name=\"m277\" class=\"vinculo\"><\/a><strong>TESORO MUNICIPAL<\/strong><\/p>\n\n\n\n\n<p ><strong>Art\u00edculo 230.- <\/strong>El tesoro municipal<br \/>\n        est\u00e1 compuesto por:<\/p>\n\n\n\n\n<p >1. Los recursos permanentes o transitorios.<\/p>\n\n\n\n\n<p >2. Los impuestos y dem\u00e1s tributos necesarios para<br \/>\n        el cumplimiento de los fines y actividades propias. Pueden ser progresivos,<br \/>\n        abarcar los inmuebles libres de mejora y tener finalidad determinada en<br \/>\n        los casos previstos por ordenanza especial.<\/p>\n\n\n\n\n<p >3. Las rentas de sus bienes propios, de la actividad<br \/>\n        econ\u00f3mica que realice y de los servicios que preste.<\/p>\n\n\n\n\n<p >4. Lo recaudado en concepto de tasas y contribuciones<br \/>\n        de mejoras. La al\u00edcuota se determina teniendo en cuenta, entre otros conceptos,<br \/>\n        el servicio o beneficio recibido, el costo de la obra y el principio de<br \/>\n        solidaridad.<\/p>\n\n\n\n\n<p >5. Los cr\u00e9ditos, donaciones, legados y subsidios.<\/p>\n\n\n\n\n<p >6. Los ingresos percibidos en concepto de coparticipaci\u00f3n.<\/p>\n\n\n\n\n<p align=\"right\"><a href=\"#ini\" class=\"vinculo\"><img loading=\"lazy\" src=\"\/imagenes\/flecha_subir.gif\" width=\"15\" height=\"16\" border=\"0\"><\/a><\/p>\n\n\n\n\n<p ><a name=\"m278\" class=\"vinculo\"><\/a><strong>COPARTICIPACION &#8211; LEY CONVENIO<\/strong><\/p>\n\n\n\n\n<p ><strong>Art\u00edculo 231.-<\/strong> La facultad de los<br \/>\n        municipios de crear y recaudar impuestos es complementaria de la que tiene<br \/>\n        la Naci\u00f3n sobre las materias que le son propias y las que las leyes establecen<br \/>\n        para el orden provincial.<\/p>\n\n\n\n\n<p >La Provincia y los municipios celebran convenios que<br \/>\n        establecen:<\/p>\n\n\n\n\n<p >1. Tributos concurrentes.<\/p>\n\n\n\n\n<p >2. Forma y proporci\u00f3n de coparticipaci\u00f3n y redistribuci\u00f3n<br \/>\n        de los impuestos directamente percibidos por los municipios.<\/p>\n\n\n\n\n<p >3. Forma y proporci\u00f3n de coparticipaci\u00f3n de los impuestos<br \/>\n        nacionales y provinciales e ingreso por regal\u00edas que perciba la Provincia.<\/p>\n\n\n\n\n<p align=\"right\"><a href=\"#ini\" class=\"vinculo\"><img loading=\"lazy\" src=\"\/imagenes\/flecha_subir.gif\" width=\"15\" height=\"16\" border=\"0\"><\/a><\/p>\n\n\n\n\n<p >CAPITULO II<\/p>\n\n\n\n\n<p ><a name=\"m279\" class=\"vinculo\"><\/a><strong>MUNICIPIOS SIN CARTA ORGANICA<\/strong><\/p>\n\n\n\n\n<p ><a name=\"m280\" class=\"vinculo\"><\/a><strong>REGIMEN LEGAL<\/strong><\/p>\n\n\n\n\n<p ><strong>Art\u00edculo 232<\/strong>.- Mientras los municipios<br \/>\n        no dictan su Carta Org\u00e1nica se rigen por las disposiciones del presente<br \/>\n        Cap\u00edtulo.<\/p>\n\n\n\n\n<p align=\"right\"><a href=\"#ini\" class=\"vinculo\"><img loading=\"lazy\" src=\"\/imagenes\/flecha_subir.gif\" width=\"15\" height=\"16\" border=\"0\"><\/a><\/p>\n\n\n\n\n<p ><a name=\"m281\" class=\"vinculo\"><\/a><strong>GOBIERNO MUNICIPAL<\/strong><\/p>\n\n\n\n\n<p ><strong>Art\u00edculo 233.-<\/strong> El gobierno municipal<br \/>\n        se divide en Poder Legislativo, Ejecutivo y de Contralor en la forma establecida<br \/>\n        en esta Constituci\u00f3n y la ley que se dicte en su consecuencia:<\/p>\n\n\n\n\n<p >1. Los Consejos Deliberantes est\u00e1n integrados por<br \/>\n        un n\u00famero no menor de tres miembros ni mayor de quince, elegidos sobre<br \/>\n        la base de uno cada dos mil quinientos habitantes. Duran en sus funciones<br \/>\n        cuatro a\u00f1os y se renuevan por mitades cada dos a\u00f1os. En la primera elecci\u00f3n<br \/>\n        se sortean los que deban cesar.<\/p>\n\n\n\n\n<p >2. El Poder Ejecutivo est\u00e1 a cargo de un ciudadano<br \/>\n        con el t\u00edtulo de intendente. Se lo elige a simple pluralidad de sufragios<br \/>\n        y en caso de empate se procede a una nueva elecci\u00f3n. Debe tener veinticinco<br \/>\n        a\u00f1os de edad como m\u00ednimo. Dura cuatro a\u00f1os en sus funciones y puede ser<br \/>\n        reelegido.<\/p>\n\n\n\n\n<p >3. El Poder de Contralor lo ejerce un Tribunal de<br \/>\n        Cuentas, seg\u00fan el Art. 236o.<\/p>\n\n\n\n\n<p >4. La ley determina las atribuciones y funciones de<br \/>\n        cada poder.<\/p>\n\n\n\n\n<p align=\"right\"><a href=\"#ini\" class=\"vinculo\"><img loading=\"lazy\" src=\"\/imagenes\/flecha_subir.gif\" width=\"15\" height=\"16\" border=\"0\"><\/a><\/p>\n\n\n\n\n<p ><a name=\"m282\" class=\"vinculo\"><\/a><strong>REQUISITOS &#8211; INHABILIDADES<\/strong><\/p>\n\n\n\n\n<p ><strong>Art\u00edculo 234.- <\/strong>Para ser miembro del<br \/>\n        gobierno municipal se requiere:<\/p>\n\n\n\n\n<p >1. Ser ciudadano argentino.<\/p>\n\n\n\n\n<p >2. Haber cumplido veinti\u00fan a\u00f1os de edad.<\/p>\n\n\n\n\n<p >3. Tener cinco a\u00f1os de residencia en la Provincia.<\/p>\n\n\n\n\n<p >4. Acreditar dos a\u00f1os de residencia inmediata anterior<br \/>\n        a la elecci\u00f3n en el ejido municipal.<\/p>\n\n\n\n\n<p >No pueden ser miembros del gobierno municipal los<br \/>\n        ciudadanos afectados por las inhabilidades del Art. 126o.<\/p>\n\n\n\n\n<p align=\"right\"><a href=\"#ini\" class=\"vinculo\"><img loading=\"lazy\" src=\"\/imagenes\/flecha_subir.gif\" width=\"15\" height=\"16\" border=\"0\"><\/a><\/p>\n\n\n\n\n<p ><a name=\"m283\" class=\"vinculo\"><\/a><strong>INMUNIDADES<\/strong><\/p>\n\n\n\n\n<p ><strong>Art\u00edculo 235.- <\/strong>Los funcionarios municipales<br \/>\n        elegidos directamente por el Pueblo no pueden ser molestados, acusados<br \/>\n        ni interrogados judicialmente en causa penal por las opiniones o votos<br \/>\n        que emitan en el desempe\u00f1o de su mandato, sin perjuicio de las acciones<br \/>\n        que se inicien conclu\u00eddo \u00e9ste o producido el desafuero, seg\u00fan el procedimiento<br \/>\n        previsto en la ley.<\/p>\n\n\n\n\n<p align=\"right\"><a href=\"#ini\" class=\"vinculo\"><img loading=\"lazy\" src=\"\/imagenes\/flecha_subir.gif\" width=\"15\" height=\"16\" border=\"0\"><\/a><\/p>\n\n\n\n\n<p ><a name=\"m284\" class=\"vinculo\"><\/a><strong>TRIBUNALES DE CUENTAS<\/strong><\/p>\n\n\n\n\n<p ><strong>Art\u00edculo 236.- <\/strong>Los electores del<br \/>\n        Municipio eligen un Tribunal de Cuentas integrado por tres miembros, que<br \/>\n        dictamina cada seis meses sobre la correcta administraci\u00f3n de los caudales<br \/>\n        p\u00fablicos municipales. La elecci\u00f3n se realiza por el sistema de representaci\u00f3n<br \/>\n        proporcional. Para integrarlo se exigen los mismos requisitos que para<br \/>\n        ser concejal. Los mandatos duran cuatro a\u00f1os.<\/p>\n\n\n\n\n<p >Las facultades del Tribunal de Cuentas se determinan<br \/>\n        por ley.<\/p>\n\n\n\n\n<p align=\"right\"><a href=\"#ini\" class=\"vinculo\"><img loading=\"lazy\" src=\"\/imagenes\/flecha_subir.gif\" width=\"15\" height=\"16\" border=\"0\"><\/a><\/p>\n\n\n\n\n<p ><a name=\"m285\" class=\"vinculo\"><\/a><strong>REGISTROS ELECTORALES &#8211;<br \/>\n        EXTRANJEROS<\/strong><\/p>\n\n\n\n\n<p ><strong>Art\u00edculo 237.-<\/strong> Los registros electorales<br \/>\n        municipales est\u00e1n formados por:<\/p>\n\n\n\n\n<p >1. Los ciudadanos domiciliados en el ejido que figuren<br \/>\n        inscriptos en los padrones provinciales o nacionales.<\/p>\n\n\n\n\n<p >2. Por los extranjeros mayores de edad que tengan<br \/>\n        tres a\u00f1os de residencia inmediata ininterrumpida en el municipio y que<br \/>\n        soliciten su inscripci\u00f3n en el padr\u00f3n respectivo.<\/p>\n\n\n\n\n<p >El extranjero pierde su calidad de elector en el mismo<br \/>\n        caso que los ciudadanos nacionales.<\/p>\n\n\n\n\n<p align=\"right\"><a href=\"#ini\" class=\"vinculo\"><img loading=\"lazy\" src=\"\/imagenes\/flecha_subir.gif\" width=\"15\" height=\"16\" border=\"0\"><\/a><\/p>\n\n\n\n\n<p ><a name=\"m286\" class=\"vinculo\"><\/a><strong>DERECHOS DE LOS ELECTORES<\/strong><\/p>\n\n\n\n\n<p ><strong>Art\u00edculo 238.-<\/strong> Los electores de los<br \/>\n        municipios tienen los siguientes derechos:<\/p>\n\n\n\n\n<p >1. De iniciativa, rendum y revocatoria.<\/p>\n\n\n\n\n<p >2. Representaci\u00f3n proporcional en los cuerpos colegiados,<br \/>\n        conforme a los requisitos del Art. 234o.<\/p>\n\n\n\n\n<p align=\"right\"><a href=\"#ini\" class=\"vinculo\"><img loading=\"lazy\" src=\"\/imagenes\/flecha_subir.gif\" width=\"15\" height=\"16\" border=\"0\"><\/a><\/p>\n\n\n\n\n<p ><a name=\"m287\" class=\"vinculo\"><\/a><strong>JUNTAS ELECTORALES &#8211; ATRIBUCIONES<\/strong><\/p>\n\n\n\n\n<p ><strong>Art\u00edculo 239.- <\/strong>En cada Municipio<br \/>\n        se constituye, con antelaci\u00f3n suficiente a cada elecci\u00f3n, una Junta Electoral<br \/>\n        integrada en la forma que determina la ley y que tiene las siguientes<br \/>\n        atribuciones:<\/p>\n\n\n\n\n<p >1. Confecciona los padrones municipales, de extranjeros<br \/>\n        y de juntas vecinales.<\/p>\n\n\n\n\n<p >2. Juzga las elecciones municipales, siendo su resoluci\u00f3n<br \/>\n        apelable ante la justicia electoral.<\/p>\n\n\n\n\n<p align=\"right\"><a href=\"#ini\" class=\"vinculo\"><img loading=\"lazy\" src=\"\/imagenes\/flecha_subir.gif\" width=\"15\" height=\"16\" border=\"0\"><\/a><\/p>\n\n\n\n\n<p ><a name=\"m288\" class=\"vinculo\"><\/a><strong>JUNTAS VECINALES<\/strong><\/p>\n\n\n\n\n<p ><strong>Art\u00edculo 240.- <\/strong>Los municipios y comunas<br \/>\n        reconocen la existencia de las juntas vecinales electivas. Se integran<br \/>\n        para promover el progreso y desarrollo de las condiciones de vida de los<br \/>\n        habitantes y sus vecindarios.<\/p>\n\n\n\n\n<p >Las autoridades de las juntas vecinales tienen derecho<br \/>\n        a participar con voz en las sesiones de los cuerpos de liberativos \u00fanicamente<br \/>\n        en los problemas que les incumben en forma directa. Pueden administrar<br \/>\n        y controlar toda obra o actividad municipal que se realiza en la esfera<br \/>\n        de sus delimitaciones vecinales, en colaboraci\u00f3n y dependencia con los<br \/>\n        gobiernos municipales y comunales, de acuerdo a las reglamentaciones.<\/p>\n\n\n\n\n<p align=\"right\"><a href=\"#ini\" class=\"vinculo\"><img loading=\"lazy\" src=\"\/imagenes\/flecha_subir.gif\" width=\"15\" height=\"16\" border=\"0\"><\/a><\/p>\n\n\n\n\n<p >CAPITULO III<\/p>\n\n\n\n\n<p ><a name=\"m289\" class=\"vinculo\"><\/a><strong>COMUNAS<\/strong><\/p>\n\n\n\n\n<p ><strong>Art\u00edculo 241.-<\/strong> Toda poblaci\u00f3n con<br \/>\n        asentamiento estable de menos de dos mil habitantes constituye una Comuna.<br \/>\n        La ley determina su organizaci\u00f3n, su competencia material y territorial,<br \/>\n        asignaci\u00f3n de recursos, r\u00e9gimen electoral y forma representativa de gobierno<br \/>\n        con elecci\u00f3n directa de sus autoridades.<\/p>\n\n\n\n\n<p align=\"right\"><a href=\"#ini\" class=\"vinculo\"><img loading=\"lazy\" src=\"\/imagenes\/flecha_subir.gif\" width=\"15\" height=\"16\" border=\"0\"><\/a><\/p>\n\n\n\n\n<p ><a name=\"m290\" class=\"vinculo\"><\/a><strong>NORMAS COMPLEMENTARIAS<\/strong><\/p>\n\n\n\n\n<p >DISPOSICIONES COMUNES<\/p>\n\n\n\n\n<p ><strong>Art\u00edculo 1.- <\/strong>Los magistrados, funcionarios<br \/>\n        y agentes p\u00fablicos deben residir en el territorio de la Provincia.<\/p>\n\n\n\n\n<p ><strong>Art\u00edculo 2.-<\/strong> Queda prohibido acumular,<br \/>\n        en una persona, dos o m\u00e1s empleos, aunque uno sea provincial y el otro<br \/>\n        u otros nacionales o municipales, con las excepciones que establece la<br \/>\n        ley.<\/p>\n\n\n\n\n<p ><strong>Art\u00edculo 3.- <\/strong>En todos los casos en<br \/>\n        que esta Constituci\u00f3n se refiera a la poblaci\u00f3n a cualquier efecto, \u00e9sta<br \/>\n        se determina de acuerdo al \u00faltimo censo nacional, provincial o municipal<br \/>\n        aprobado.<\/p>\n\n\n\n\n<p align=\"right\"><a href=\"#ini\" class=\"vinculo\"><img loading=\"lazy\" src=\"\/imagenes\/flecha_subir.gif\" width=\"15\" height=\"16\" border=\"0\"><\/a><\/p>\n\n\n\n\n<p ><a name=\"m291\" class=\"vinculo\"><\/a><strong>NORMAS DE INTERPRETACION<\/strong><\/p>\n\n\n\n\n<p ><strong>Art\u00edculo 4.- <\/strong>Se entiende que la expresi\u00f3n<br \/>\n        &quot;funcionarios judiciales&quot; corresponde al cargo de secretario<br \/>\n        de primera instancia en adelante e incluye a los funcionarios del ministerio<br \/>\n        p\u00fablico.<\/p>\n\n\n\n\n<p ><strong>Art\u00edculo 5.-<\/strong> La expresi\u00f3n &quot;agentes<br \/>\n        p\u00fablicos&quot; se refiere a los empleados y funcionarios electivos o no<br \/>\n        de todos los poderes del Estado, los municipios, comunas y dem\u00e1s \u00f3rganos<br \/>\n        descentralizados.<\/p>\n\n\n\n\n<p ><strong>Art\u00edculo 6.- <\/strong>En todos los casos en<br \/>\n        que esta Constituci\u00f3n, o las leyes que en su consecuencia se dicten, prevean<br \/>\n        la residencia en el territorio de la Provincia, regi\u00f3n, distrito o circuito,<br \/>\n        como requisito para acceder a cargos p\u00fablicos, se entiende que la misma<br \/>\n        no queda interrumpida por ausencias causadas en virtud de servicios prestados<br \/>\n        al Municipio, a la Provincia o a la Naci\u00f3n, en sus organismos o en los<br \/>\n        internacionales de los que la Naci\u00f3n forma parte, o por impedimentos ileg\u00edtimos<br \/>\n        del goce de los derechos y libertades que establecen la Constituci\u00f3n Nacional<br \/>\n        y esta Constituci\u00f3n.<\/p>\n\n\n\n\n<p ><strong>Art\u00edculo 7.-<\/strong> La condici\u00f3n de nativo<br \/>\n        de la Provincia exime en todos los casos del cumplimiento del requisito<br \/>\n        de residencia, para acceder a los cargos que lo requieran, electivos o<br \/>\n        no, salvo cuando se exija residencia inmediata anterior.<\/p>\n\n\n\n\n<p align=\"right\"><a href=\"#ini\" class=\"vinculo\"><img loading=\"lazy\" src=\"\/imagenes\/flecha_subir.gif\" width=\"15\" height=\"16\" border=\"0\"><\/a><\/p>\n\n\n\n\n<p ><a name=\"m292\" class=\"vinculo\"><\/a><strong>REIVINDICACIONES PROVINCIALES<\/strong><\/p>\n\n\n\n\n<p ><strong>Art\u00edculo 8.-<\/strong> El gobierno provincial<br \/>\n        reivindicar\u00e1, dentro de los dos a\u00f1os de la sanci\u00f3n de esta Constituci\u00f3n,<br \/>\n        los l\u00edmites fijados en la misma, los que son la base de los acuerdos interprovinciales<br \/>\n        y de la interposici\u00f3n de las acciones.<\/p>\n\n\n\n\n<p >Merecen especial consideraci\u00f3n la reivindicaci\u00f3n,<br \/>\n        deslinde y amojonamiento de los territorios afectados por la err\u00f3nea traza<br \/>\n        del meridiano diez grados oeste de Buenos Aires, el paralelo cuarenta<br \/>\n        y dos grados de latitud sur, el dominio sobre el lago Nahuel Huapi, isla<br \/>\n        Victoria e islas sobre los cursos de los r\u00edos Colorado, Neuqu\u00e9n y Limay.<\/p>\n\n\n\n\n<p >La Provincia desconoce expresamente la existencia<br \/>\n        de la denominada ley de facto No 18.501.<\/p>\n\n\n\n\n<p ><strong>Art\u00edculo 9.-<\/strong> La Provincia reivindicar\u00e1<br \/>\n        ante el Congreso de la Naci\u00f3n la derogaci\u00f3n de la ley de facto No 17.574,<br \/>\n        y la sanci\u00f3n de una nueva ley que restituya al complejo Choc\u00f3n-Cerros<br \/>\n        Colorados las finalidades de la ley No 16.882, y a la Provincia los derechos<br \/>\n        que la misma le reconoci\u00f3.<\/p>\n\n\n\n\n<p align=\"right\"><a href=\"#ini\" class=\"vinculo\"><img loading=\"lazy\" src=\"\/imagenes\/flecha_subir.gif\" width=\"15\" height=\"16\" border=\"0\"><\/a><\/p>\n\n\n\n\n<p ><a name=\"m293\" class=\"vinculo\"><\/a><strong>DISPOSICIONES TRANSITORIAS<br \/>\n        CORRESPONDIENTES AL ART. 11\u00ba<\/strong><\/p>\n\n\n\n\n<p ><strong>Art\u00edculo 10.- <\/strong>A los efectos del Art.<br \/>\n        11\u00ba de esta Constituci\u00f3n, se realizar\u00e1 el siguiente procedimiento para<br \/>\n        la relocalizaci\u00f3n de la nueva capital provincial:<\/p>\n\n\n\n\n<p >1. Los proyectos respectivos ser\u00e1n remitidos al Poder<br \/>\n        Ejecutivo a los efectos del inciso siguiente.<\/p>\n\n\n\n\n<p >2. Dentro del t\u00e9rmino de ciento ochenta d\u00edas de sancionada<br \/>\n        esta Constituci\u00f3n, el Poder Ejecutivo implementar\u00e1 un organismo espec\u00edfico<br \/>\n        integrado con miembros propuestos por los partidos pol\u00edticos con representaci\u00f3n<br \/>\n        legislativa en forma proporcional, y con expresi\u00f3n regional de toda la<br \/>\n        Provincia.<\/p>\n\n\n\n\n<p >Dicho organismo se crea a los efectos del traslado<br \/>\n        de la Capital Federal al \u00e1rea cedida por ley No 2.086, con las siguientes<br \/>\n        atribuciones y sin perjuicio de otras que se le asignen:<\/p>\n\n\n\n\n<p >a. Propondr\u00e1 la celebraci\u00f3n de acuerdos con el gobierno<br \/>\n        federal para el financiamiento de la nueva capital provincial, seg\u00fan el<br \/>\n        Art. 4\u00ba de la ley No 23.512.<\/p>\n\n\n\n\n<p >b. Determinar\u00e1 el tiempo de la real y efectiva federalizaci\u00f3n<br \/>\n        del territorio mencionado y la instalaci\u00f3n de los poderes nacionales,<br \/>\n        de manera de coincidir con la instalaci\u00f3n de los poderes provinciales<br \/>\n        en la nueva capital.<\/p>\n\n\n\n\n<p >c. Realizar\u00e1 los estudios y proyectos para localizar<br \/>\n        la futura capital dentro de cada una de las tres zonas siguientes: Alto<br \/>\n        Valle incluyendo Valle Azul; L\u00ednea Sur, desde Ing. Jacobacci hasta Sierra<br \/>\n        Colorada; y Valle Medio. En el Alto Valle deber\u00e1 determinar dos localizaciones<br \/>\n        como m\u00ednimo.<\/p>\n\n\n\n\n<p >d. Difundir\u00e1 los estudios y proyectos para conocimiento<br \/>\n        del Pueblo de la Provincia, por un plazo no menor de sesenta d\u00edas antes<br \/>\n        de ser convocado al plebiscito.<\/p>\n\n\n\n\n<p >e. Constru\u00eddo aproximadamente el cincuenta por ciento<br \/>\n        de los locales e instalaciones ridas en el Art. 5\u00ba de la ley No 23.512,<br \/>\n        requerir\u00e1 al Poder Ejecutivo la convocatoria a un plebiscito obligatorio.<br \/>\n        La voluntad popular determinar\u00e1 en \u00e9l, en votaci\u00f3n no coincidente con<br \/>\n        otro acto eleccionario, la ubicaci\u00f3n de la nueva capital provincial entre<br \/>\n        las localizaciones determinadas por el organismo.<\/p>\n\n\n\n\n<p >3. Si alguna de las propuestas presentadas obtuviere<br \/>\n        mayor\u00eda absoluta en el plebiscito, ser\u00e1 considerada capital a los efectos<br \/>\n        del inciso 5.<\/p>\n\n\n\n\n<p >4. Si ninguna obtuviere la mayor\u00eda absoluta, dentro<br \/>\n        de los treinta d\u00edas del plebiscito anterior deber\u00e1 efectuarse uno nuevo<br \/>\n        y obligatorio con las dos localizaciones m\u00e1s votadas, resultando elegida<br \/>\n        la que obtuviera la mayor\u00eda de los votos.<\/p>\n\n\n\n\n<p >5. Aprobado el plebiscito la Legislatura declarar\u00e1<br \/>\n        Capital de la Provincia a la localizaci\u00f3n que haya obtenido la mayor\u00eda,<br \/>\n        a partir de la federalizaci\u00f3n del nuevo distrito federal, quedando reformado<br \/>\n        el Art. 11\u00ba de esta Constituci\u00f3n.<\/p>\n\n\n\n\n<p ><strong>Art\u00edculo 11.-<\/strong> Hasta tanto se produzca<br \/>\n        la plena federalizaci\u00f3n prevista en el Art. 5\u00ba de la ley No 23.512, rigen<br \/>\n        en el territorio cedido por ley No 2.086 las disposiciones legales actualmente<br \/>\n        vigentes, esta Constituci\u00f3n y las normas que en su consecuencia se dicten.<\/p>\n\n\n\n\n<p ><strong>Art\u00edculo 12.- <\/strong>La extensi\u00f3n y los<br \/>\n        l\u00edmites de la Provincia quedan sujetos a la plena federalizaci\u00f3n del territorio<br \/>\n        cedido por ley No 2.086 y prevista en la ley No 23.512.<\/p>\n\n\n\n\n<p align=\"right\"><a href=\"#ini\" class=\"vinculo\"><img loading=\"lazy\" src=\"\/imagenes\/flecha_subir.gif\" width=\"15\" height=\"16\" border=\"0\"><\/a><\/p>\n\n\n\n\n<p ><a name=\"m294\" class=\"vinculo\"><\/a><strong>DISPOSICIONES TRANSITORIAS<br \/>\n        CORRESPONDIENTES AL<\/strong><\/p>\n\n\n\n\n<p >PODER JUDICIAL<\/p>\n\n\n\n\n<p ><strong>Art\u00edculo 13.- <\/strong>Los entes y el r\u00e9gimen<br \/>\n        de designaci\u00f3n y remoci\u00f3n de magistrados y funcionarios judiciales previstos<br \/>\n        por la anterior Constituci\u00f3n, seguir\u00e1n operando como tales hasta el treinta<br \/>\n        y uno de diciembre de mil novecientos ochenta y ocho, salvo que antes<br \/>\n        de esa fecha entren en funcionamiento los organismos que determina esta<br \/>\n        Constituci\u00f3n.<\/p>\n\n\n\n\n<p ><strong>Art\u00edculo 14.- <\/strong>Hasta que se reglamente<br \/>\n        por la Legislatura la atribuci\u00f3n de competencia a los tribunales de grado<br \/>\n        en materia contencioso-administrativa, \u00e9sta ser\u00e1 ejercida por las C\u00e1maras<br \/>\n        en lo Civil y Comercial de cada circunscripci\u00f3n judicial, con apelaci\u00f3n<br \/>\n        ordinaria ante el Superior Tribunal de Justicia. Igualmente en materia<br \/>\n        contencioso-administrativa laboral, tendr\u00e1n competencia exclusiva en instancia<br \/>\n        \u00fanica las C\u00e1maras del Trabajo de cada circunscripci\u00f3n judicial.<\/p>\n\n\n\n\n<p >La competencia territorial est\u00e1 sujeta a las disposiciones<br \/>\n        generales del Art. 209\u00ba de esta Constituci\u00f3n.<\/p>\n\n\n\n\n<p ><strong>Art\u00edculo 15.-<\/strong> Para la localizaci\u00f3n<br \/>\n        de los juzgados de la Justicia Especial Letrada se atender\u00e1 prioritariamente<br \/>\n        a los criterios de cobertura general del servicio de justicia, poblaci\u00f3n,<br \/>\n        distancia, dificultades de las v\u00edas de comunicaci\u00f3n y medios de transporte<br \/>\n        respecto del asiento de las circunscripciones judiciales.<\/p>\n\n\n\n\n<p align=\"right\"><a href=\"#ini\" class=\"vinculo\"><img loading=\"lazy\" src=\"\/imagenes\/flecha_subir.gif\" width=\"15\" height=\"16\" border=\"0\"><\/a><\/p>\n\n\n\n\n<p ><a name=\"m295\" class=\"vinculo\"><\/a><strong>DISPOSICIONES COMPLEMENTARIAS<br \/>\n        Y TRANSITORIAS DEL<\/strong><\/p>\n\n\n\n\n<p >REGIMEN MUNICIPAL<\/p>\n\n\n\n\n<p ><strong>Art\u00edculo 16.-<\/strong> Los municipios que<br \/>\n        a la fecha de la sanci\u00f3n de esta Constituci\u00f3n estuvieren reconocidos como<br \/>\n        tales, a\u00fan cuando no alcancen el m\u00ednimo de habitantes que \u00e9sta establece,<br \/>\n        conservar\u00e1n su car\u00e1cter de municipios.<\/p>\n\n\n\n\n<p ><strong>Art\u00edculo 17.- <\/strong>El r\u00e9gimen de gobierno<br \/>\n        y los mandatos de las actuales autoridades municipales, elegidas conforme<br \/>\n        a la Constituci\u00f3n anterior, contin\u00faan vigentes hasta el diez de diciembre<br \/>\n        de mil novecientos ochenta y nueve.<\/p>\n\n\n\n\n<p ><strong>Art\u00edculo 18.- <\/strong>A fin de garantizar<br \/>\n        el respeto a la voluntad popular en todos los municipios de la Provincia<br \/>\n        cuando se elijan cuerpos deliberativos, se dispone que a partir de la<br \/>\n        pr\u00f3xima elecci\u00f3n local de autoridades municipales, se asigne la presidencia<br \/>\n        de los mismos al concejal de la lista partidaria m\u00e1s votada en dichas<br \/>\n        elecciones.<\/p>\n\n\n\n\n<p >La misma disposici\u00f3n se aplica en los cuerpos deliberativos<br \/>\n        que la ley establezca para las comunas.<\/p>\n\n\n\n\n<p ><strong>Art\u00edculo 19.-<\/strong> Lo preceptuado en esta<br \/>\n        Constituci\u00f3n con rencia a las autoridades municipales tiene vigencia<br \/>\n        a partir de la pr\u00f3xima elecci\u00f3n, pero por esa \u00fanica vez todos los mandatos<br \/>\n        de los candidatos que resultaren electos en 1989 duran dos a\u00f1os. Esta<br \/>\n        norma alcanza a los municipios que hasta la fecha de convocatoria a comicios<br \/>\n        no hubieran sancionado su Carta Org\u00e1nica.<\/p>\n\n\n\n\n<p ><strong>Art\u00edculo 20.-<\/strong> En el plazo de un a\u00f1o,<br \/>\n        a partir de la sanci\u00f3n de la presente Constituci\u00f3n, los municipios podr\u00e1n<br \/>\n        comenzar a percibir el impuesto inmobiliario coparticipando a la Provincia<br \/>\n        de acuerdo a la ley-convenio que se dicte sobre la materia de acuerdo<br \/>\n        a lo establecido en esta Constituci\u00f3n.<\/p>\n\n\n\n\n<p ><strong>Art\u00edculo 21.- <\/strong>El Poder Ejecutivo<br \/>\n        regularizar\u00e1 la situaci\u00f3n jur\u00eddica del conjunto de las tierras fiscales<br \/>\n        rurales en un plazo no mayor de seis a\u00f1os a partir de la fecha de sanci\u00f3n<br \/>\n        de la presente Constituci\u00f3n.<\/p>\n\n\n\n\n<p >Vencido ese plazo todas las tierras fiscales no regularizadas<br \/>\n        pasar\u00e1n al dominio del Municipio que correspondan.<\/p>\n\n\n\n\n<p >Los municipios que no est\u00e9n en condiciones de regularizar<br \/>\n        la situaci\u00f3n de las tierras fiscales pertenecientes a su ejido, podr\u00e1n<br \/>\n        firmar convenios con la Provincia a efectos que \u00e9sta contin\u00fae con el tr\u00e1mite<br \/>\n        correspondiente.<\/p>\n\n\n\n\n<p >La Provincia otorgar\u00e1 los t\u00edtulos de propiedad de<br \/>\n        las tierras fiscales que sean solicitadas por los municipios para obras<br \/>\n        de inter\u00e9s municipal o ampliaci\u00f3n de sus plantas urbanas.<\/p>\n\n\n\n\n<p >Se priorizar\u00e1 la titularizaci\u00f3n de las tierras ocupadas<br \/>\n        por los ind\u00edgenas, comunidades o familias que las trabajan, sin perjuicio<br \/>\n        de las nuevas extensiones que se les asignen.<\/p>\n\n\n\n\n<p align=\"right\"><a href=\"#ini\" class=\"vinculo\"><img loading=\"lazy\" src=\"\/imagenes\/flecha_subir.gif\" width=\"15\" height=\"16\" border=\"0\"><\/a><\/p>\n\n\n\n\n<p ><a name=\"m296\" class=\"vinculo\"><\/a><strong>PLAZOS LEGISLATIVOS<\/strong><\/p>\n\n\n\n\n<p ><strong>Art\u00edculo 22.- <\/strong>La Legislatura dicta,<br \/>\n        en los plazos que en cada caso se indican, las leyes que dispongan:<\/p>\n\n\n\n\n<p >1. En el t\u00e9rmino de sesenta d\u00edas: la modificaci\u00f3n<br \/>\n        del actual sistema de acefal\u00eda, adecu\u00e1ndolo a las previsiones de esta<br \/>\n        Constituci\u00f3n; en ese lapso continuar\u00e1 vigente la normativa actual. Atento<br \/>\n        a la creaci\u00f3n del cargo de vicegobernador, en el caso que la designaci\u00f3n<br \/>\n        se efect\u00fae dentro del actual mandato legislativo, la misma se ajustar\u00e1<br \/>\n        al procedimiento del inciso 6. y concordantes del Art. 180\u00ba de esta Constituci\u00f3n.<\/p>\n\n\n\n\n<p >2. En el t\u00e9rmino de seis meses: que las posibilidades<br \/>\n        normales del esfuerzo de los trabajadores representan para las actuales<br \/>\n        circunstancias una m\u00e1xima jornada de labor en base a las cuarenta y cuatro<br \/>\n        horas semanales, sin perjuicio del reconocimiento de horarios inferiores<br \/>\n        que la legislaci\u00f3n admite para la administraci\u00f3n p\u00fablica.<\/p>\n\n\n\n\n<p >3. En el plazo de un a\u00f1o:<\/p>\n\n\n\n\n<p >a. Las normas que ordena dictar esta Constituci\u00f3n<br \/>\n        en los cap\u00edtulos de r\u00e9gimen municipal y de r\u00e9gimen electoral.<\/p>\n\n\n\n\n<p >b. El c\u00f3digo de procedimiento minero.<\/p>\n\n\n\n\n<p >4. En el plazo de dos a\u00f1os:<\/p>\n\n\n\n\n<p >a. La creaci\u00f3n de los entes de desarrollo de la L\u00ednea<br \/>\n        Sur y General Conesa. Las sedes de los mismos se establecer\u00e1n en las localidades<br \/>\n        de Maquinchao y en el Departamento Gral. Conesa, respectivamente. Anualmente<br \/>\n        se les asignar\u00e1 un presupuesto m\u00ednimo del 2,5% y del 1,25% respectivamente<br \/>\n        de las rentas generales de la Provincia. Tendr\u00e1n una vigencia m\u00ednima de<br \/>\n        veinte a\u00f1os.<\/p>\n\n\n\n\n<p >b. Las normas que pongan en vigencia o reglamenten<br \/>\n        las funciones del Poder Judicial establecidas en esta Constituci\u00f3n.<\/p>\n\n\n\n\n<p >c. La normativa del Art. 61\u00ba y concordantes, en cuya<br \/>\n        elaboraci\u00f3n y tratamiento se deber\u00e1 contar con el asesoramiento de los<br \/>\n        representantes de expresiones culturales con arraigo popular.<\/p>\n\n\n\n\n<p >5. En el plazo de tres a\u00f1os: la creaci\u00f3n y funcionamiento<br \/>\n        de los juzgados de Justicia Especial Letrada en las localidades de El<br \/>\n        Bols\u00f3n, Catriel, Los Menucos, San Antonio Oeste y Lamarque. Cumplido lo<br \/>\n        anterior deber\u00e1 procederse a la creaci\u00f3n y puesta en funcionamiento de<br \/>\n        los juzgados de Justicia Especial Letrada, prioritariamente, en las localidades<br \/>\n        de General Conesa, Ingeniero Jacobacci, R\u00edo Colorado, y otros que se entiendan<br \/>\n        necesarios.<\/p>\n\n\n\n\n<p >6. En el actual mandato legislativo:<\/p>\n\n\n\n\n<p >a. El r\u00e9gimen previsional.<\/p>\n\n\n\n\n<p >b. La modificaci\u00f3n del r\u00e9gimen de Fiscal\u00eda de Estado<br \/>\n        y Contadur\u00eda General; los actuales titulares de esos organismos continuar\u00e1n<br \/>\n        en funciones hasta la sanci\u00f3n de dichas normas.<\/p>\n\n\n\n\n<p >c. Las normas org\u00e1nicas del Tribunal de Cuentas, Fiscal\u00eda<br \/>\n        de Investigaciones Administrativas y Defensor del Pueblo. El Tribunal<br \/>\n        de Cuentas ejercer\u00e1 las funciones de la Fiscal\u00eda de Investigaciones Administrativas<br \/>\n        hasta tanto se organice la misma y se designe su titular.<\/p>\n\n\n\n\n<p >7. En el plazo de cinco a\u00f1os: la obligaci\u00f3n de las<br \/>\n        empresas p\u00fablicas o privadas y todo otro organismo que, fehacientemente,<br \/>\n        afecte el medio ambiente, de regularizar su situaci\u00f3n y cumplir con las<br \/>\n        normas de esta Constituci\u00f3n.<\/p>\n\n\n\n\n<p >Todos los plazos establecidos se entienden a partir<br \/>\n        de la sanci\u00f3n de esta Constituci\u00f3n.<\/p>\n\n\n\n\n<p align=\"right\"><a href=\"#ini\" class=\"vinculo\"><img loading=\"lazy\" src=\"\/imagenes\/flecha_subir.gif\" width=\"15\" height=\"16\" border=\"0\"><\/a><\/p>\n\n\n\n\n<p ><a name=\"m297\" class=\"vinculo\"><\/a><strong>NORMAS FINALES<\/strong><\/p>\n\n\n\n\n<p ><strong>Art\u00edculo 23.-<\/strong> El presidente de la<br \/>\n        Convenci\u00f3n Constituyente, con el auxilio del secretario respectivo, est\u00e1<br \/>\n        facultado para realizar todos los actos administrativos que reconozcan<br \/>\n        como origen el funcionamiento y disoluci\u00f3n de esta Convenci\u00f3n.<\/p>\n\n\n\n\n<p >Los integrantes de la Comisi\u00f3n Redactora y Pre\u00e1mbulo<br \/>\n        tienen a su cargo el cuidado de la publicaci\u00f3n de esta Constituci\u00f3n en<br \/>\n        el Bolet\u00edn Oficial y, en su caso, la fe de erratas.<\/p>\n\n\n\n\n<p ><strong>Art\u00edculo 24.-<\/strong> El texto constitucional<br \/>\n        sancionado por esta Convenci\u00f3n Constituyente reemplaza al hasta ahora<br \/>\n        vigente.<\/p>\n\n\n\n\n<p >Esta Constituci\u00f3n regir\u00e1 a partir del d\u00eda cuatro de<br \/>\n        junio de mil novecientos ochenta y ocho.<\/p>\n\n\n\n\n<p >Quedan autom\u00e1ticamente derogadas las prescripciones<br \/>\n        normativas opuestas a esta Constituci\u00f3n.<\/p>\n\n\n\n\n<p ><strong>Art\u00edculo 25.-<\/strong> Esta Convenci\u00f3n queda<br \/>\n        disuelta a las veinticuatro horas del d\u00eda tres de junio de mil novecientos<br \/>\n        ochenta y ocho.<\/p>\n\n\n\n\n<p ><strong>Art\u00edculo 26.-<\/strong> Los miembros de esta<br \/>\n        Convenci\u00f3n juran el cumplimiento de esta Constituci\u00f3n antes de disolver<br \/>\n        el Cuerpo.<\/p>\n\n\n\n\n<p >Se invita al Pueblo de la Provincia a jurar su cumplimiento<br \/>\n        el d\u00eda veinte de junio de mil novecientos ochenta y ocho; antes la juran<br \/>\n        los Poderes del Estado.<\/p>\n\n\n\n\n<p >T\u00e9ngase por sancionada y promulgada esta Constituci\u00f3n<br \/>\n        como Ley fundamental de la Provincia. Reg\u00edstrese, publ\u00edquese y comun\u00edquese<br \/>\n        a los Poderes Legislativo, Ejecutivo y Judicial, para su cumplimiento.<br \/>\n        Viedma, 3 de junio de 1988.<\/p>\n\n\n\n\n<p >Presidente: LUIS OSVALDO ARIAS;<\/p>\n\n\n\n\n<p >Vicepresidente primero: JOSE MARIA CORDOBA;<\/p>\n\n\n\n\n<p >Vicepresidente segundo: SANTIAGO NILO HERNANDEZ<\/p>\n\n\n\n\n<p >&nbsp;<\/p>\n\n\n\n\n<p >EDMUNDO CRISPOLO AGUILAR; EDGARDO JUAN ALBRIEU; JUAN<br \/>\n        AGUSTIN ARTURO; NESTOR RUBEN BELMONTE; JORGE OSCAR BERNARDI;<br \/>\n        EDGARDO ALFONSO BUYAYISQUI; ROSARIO CALA LESINA; HIPOLITO<br \/>\n        ROBERTO CALDELARI; GRACIELA NELVA CAMPANO; EMILIO EUGENIO<br \/>\n        CAROSIO; GUSTAVO FEDERICO CASAS; RUBEN LISARDO CRESPO; OSCAR<br \/>\n        EDMUNDO DE LA CANAL; MIGUEL ALBERTO GONZALEZ; MIGUEL ANGEL IRIGOYEN; GREGORIO CESAR ITURBURU;<br \/>\n\t\t WLADIMIRO IWANOW; CARLOS<br \/>\n        ALFREDO LEON; CARLOS ALFREDO LEON; ANTONIO MANZANO; ROBERTO<br \/>\n        MARIANI; GUSTAVO ADRIAN MARTINEZ; SALVADOR LEON MATUS; MARTA<br \/>\n        ESTER MAYO; CARLOS OLIVIERI; HORACIO NELLO PAGLIARICCI;<br \/>\n        RODOLFO OSCAR PONCE DE LEON; ERNESTO OSCAR REYES; RODOLFO<br \/>\n        LAUREANO RODRIGO; JORGE FRANCISCO SCHIERONI; DANIEL ALEJANDRO<br \/>\n        SEDE; RICARDO JOSE SOTOMAYOR; MIGUEL ANTONIO SRUR; ENRIQUE<br \/>\n        ALBERTO URANGA.<\/p>\n\n\n\n\n<p >&nbsp;<\/p>\n\n\n\n\n<p >Secretarios<\/p>\n\n\n\n\n<p >OVIDIO NAZARIO CASTELLO; OSCAR JORGE RODRIGUEZ; HECTOR<br \/>\n        ABEL<\/p>\n\n\n\n\n<p >SANCHEZ; RAMON ADEMAR SICARDI; JUAN CARLOS VASSELLATI.<\/p>\n\n\n\n\n<p >&nbsp;<\/p>\n\n\n\n\n<p >&nbsp;<\/p>\n\n\n\n\n<p ><b>Informe Final de la Comisi\u00f3n Redactora<\/b><\/p>\n\n\n\n\n<p >&nbsp;<\/p>\n\n\n\n\n<p >&nbsp;<\/p>\n\n\n\n\n<p >Sr. Presidente:<\/p>\n\n\n\n\n<p >&nbsp;<\/p>\n\n\n\n\n<p >La Comisi\u00f3n Redactora y Pre\u00e1mbulo tiene el honor de<br \/>\n\t   entregar a Ud. el texto completo y definitivo de<br \/>\n        la Constituci\u00f3n de la Provincia de R\u00edo Negro, sancionado en<br \/>\n        la ciudad de Viedma el d\u00eda tres de junio de mil novecientos ochenta<br \/>\n        y ocho.<\/p>\n\n\n\n\n<p >El presente constituye el Registro Especial previsto<br \/>\n\t  en el Art. 95o del Reglamento Interno.<\/p>\n\n\n\n\n<p >La Reforma Constitucional insertada contiene 241 art\u00edculos<br \/>\n\t   en su texto permanente y un \u00faltimo apartado<br \/>\n        de Normas Complementarias que contiene veintiseis art\u00edculos.<\/p>\n\n\n\n\n<p >La Comisi\u00f3n Redactora dictamina, por unanimidad,<br \/>\n\t   que el texto precedente es el que debe publicarse<br \/>\n        como versi\u00f3n oficial de la Constituci\u00f3n. Corresponde notificar<br \/>\n        al Bolet\u00edn Oficial que ordene la publicaci\u00f3n de acuerdo al Art.<br \/>\n        23o de las Normas Complementarias y que se autoriza a sus miembros<br \/>\n        a la correcci\u00f3n final y cuidado de la misma. Cumplido lo<br \/>\n        cual, se cierra la labor y el presente Registro Especial, le\u00eddo<br \/>\n        y firmado en su totalidad, en San Carlos de Bariloche a ocho<br \/>\n        d\u00edas de junio de mil novecientos ochenta y ocho.<\/p>\n\n\n\n\n<p >&nbsp;<\/p>\n\n\n\n\n<p >MIGUEL ANTONIO SRUR RUBEN LISARDO CRESPO<\/p>\n\n\n\n\n<p >Presidente Vicepresidente<\/p>\n\n\n\n\n<p >&nbsp;<\/p>\n\n\n\n\n<p >GUSTAVO ADRIAN MARTINEZ<\/p>\n\n\n\n\n<p >Secretario<\/p>\n\n\n\n\n<p >&nbsp;<\/p>\n\n\n\n\n<p >EDMUNDO CRISPOLO AGUILAR JORGE OSCAR BERNARDI<\/p>\n\n\n\n\n<p >SALVADOR LEON MATUS ERNESTO OSCAR REYES<\/p>\n\n\n\n\n<p >CARLOS OLIVIERI RODOLFO OSCAR PONCE DE LEON<\/p>\n\n\n\n\n<p >&nbsp;<\/p>\n\n\n\n\n<p >&nbsp;<\/p>\n\n\n<\/td>\n\n\n<\/tr>\n\n\n<\/table>\n\n\n--><\/p>\n","protected":false},"excerpt":{"rendered":"<p>CONSTITUCI&Oacute;N DE LA PROVINCIA DE R&Iacute;O NEGRO PREAMBULO DECLARACIONES GENERALES &#8211; DERECHOS &#8211; GARANTIAS Y RESPONSABILIDADES (Primera parte) DECLARACIONES GENERALES (Secci\u00f3n primera) DECLARACIONES DE FE REPUBLICANA (Cap. I) SISTEMA DE GOBIERNO SOBERANIA POPULAR SUPRESION DE TITULOS PUBLICIDAD JURAMENTO- Manifestaci\u00f3n de bienes ENSE\u00d1ANZA DE LA CONSTITUCION VIGENCIA DE LA CONSTITUCION EL ESTADO PROVINCIAL (Cap. II) NOMBRE &hellip; <\/p>\n<p class=\"link-more\"><a href=\"https:\/\/www.cdcipolletti.gob.ar\/?page_id=39\" class=\"more-link\">more<span class=\"screen-reader-text\"> &#8220;Constituci\u00f3n de R\u00edo Negro&#8221;<\/span><\/a><\/p>\n","protected":false},"author":1,"featured_media":0,"parent":0,"menu_order":0,"comment_status":"closed","ping_status":"closed","template":"","meta":[],"_links":{"self":[{"href":"https:\/\/www.cdcipolletti.gob.ar\/index.php?rest_route=\/wp\/v2\/pages\/39"}],"collection":[{"href":"https:\/\/www.cdcipolletti.gob.ar\/index.php?rest_route=\/wp\/v2\/pages"}],"about":[{"href":"https:\/\/www.cdcipolletti.gob.ar\/index.php?rest_route=\/wp\/v2\/types\/page"}],"author":[{"embeddable":true,"href":"https:\/\/www.cdcipolletti.gob.ar\/index.php?rest_route=\/wp\/v2\/users\/1"}],"replies":[{"embeddable":true,"href":"https:\/\/www.cdcipolletti.gob.ar\/index.php?rest_route=%2Fwp%2Fv2%2Fcomments&post=39"}],"version-history":[{"count":24,"href":"https:\/\/www.cdcipolletti.gob.ar\/index.php?rest_route=\/wp\/v2\/pages\/39\/revisions"}],"predecessor-version":[{"id":77,"href":"https:\/\/www.cdcipolletti.gob.ar\/index.php?rest_route=\/wp\/v2\/pages\/39\/revisions\/77"}],"wp:attachment":[{"href":"https:\/\/www.cdcipolletti.gob.ar\/index.php?rest_route=%2Fwp%2Fv2%2Fmedia&parent=39"}],"curies":[{"name":"wp","href":"https:\/\/api.w.org\/{rel}","templated":true}]}}